{"version":"1.0","provider_name":"Stuttgarti Katolikusok","provider_url":"https:\/\/stuttgarti-katolikusok.de","title":"Nagyb\u00f6jt 2. vas\u00e1rnap - Stuttgarti Katolikusok","type":"rich","width":600,"height":338,"html":"<blockquote class=\"wp-embedded-content\" data-secret=\"Jjmh6X4luV\"><a href=\"https:\/\/stuttgarti-katolikusok.de\/index.php\/nagybojt-2-vasarnap\/\">Nagyb\u00f6jt 2. vas\u00e1rnap<\/a><\/blockquote><iframe sandbox=\"allow-scripts\" security=\"restricted\" src=\"https:\/\/stuttgarti-katolikusok.de\/index.php\/nagybojt-2-vasarnap\/embed\/#?secret=Jjmh6X4luV\" width=\"600\" height=\"338\" title=\"&#8220;Nagyb\u00f6jt 2. vas\u00e1rnap&#8221; &#8212; Stuttgarti Katolikusok\" data-secret=\"Jjmh6X4luV\" frameborder=\"0\" marginwidth=\"0\" marginheight=\"0\" scrolling=\"no\" class=\"wp-embedded-content\"><\/iframe><script type=\"text\/javascript\">\n\/* <![CDATA[ *\/\n\/*! This file is auto-generated *\/\n!function(d,l){\"use strict\";l.querySelector&&d.addEventListener&&\"undefined\"!=typeof URL&&(d.wp=d.wp||{},d.wp.receiveEmbedMessage||(d.wp.receiveEmbedMessage=function(e){var t=e.data;if((t||t.secret||t.message||t.value)&&!\/[^a-zA-Z0-9]\/.test(t.secret)){for(var s,r,n,a=l.querySelectorAll('iframe[data-secret=\"'+t.secret+'\"]'),o=l.querySelectorAll('blockquote[data-secret=\"'+t.secret+'\"]'),c=new RegExp(\"^https?:$\",\"i\"),i=0;i<o.length;i++)o[i].style.display=\"none\";for(i=0;i<a.length;i++)s=a[i],e.source===s.contentWindow&&(s.removeAttribute(\"style\"),\"height\"===t.message?(1e3<(r=parseInt(t.value,10))?r=1e3:~~r<200&&(r=200),s.height=r):\"link\"===t.message&&(r=new URL(s.getAttribute(\"src\")),n=new URL(t.value),c.test(n.protocol))&&n.host===r.host&&l.activeElement===s&&(d.top.location.href=t.value))}},d.addEventListener(\"message\",d.wp.receiveEmbedMessage,!1),l.addEventListener(\"DOMContentLoaded\",function(){for(var e,t,s=l.querySelectorAll(\"iframe.wp-embedded-content\"),r=0;r<s.length;r++)(t=(e=s[r]).getAttribute(\"data-secret\"))||(t=Math.random().toString(36).substring(2,12),e.src+=\"#?secret=\"+t,e.setAttribute(\"data-secret\",t)),e.contentWindow.postMessage({message:\"ready\",secret:t},\"*\")},!1)))}(window,document);\n\/\/# sourceURL=https:\/\/stuttgarti-katolikusok.de\/wp-includes\/js\/wp-embed.min.js\n\/* ]]> *\/\n<\/script>\n","thumbnail_url":"https:\/\/stuttgarti-katolikusok.de\/wp-content\/uploads\/2024\/02\/tabor-hegye-magyar-kurir.jpg","thumbnail_width":1400,"thumbnail_height":929,"description":"Isten\u00e9lm\u00e9nyeink Az isten\u00e9lm\u00e9nyek, a jelen\u00e9sek nagy hat\u00e1ssal voltak az \u00d3sz\u00f6vets\u00e9g embereire, \u00c1brah\u00e1mra, M\u00f3zesre \u00e9s a pr\u00f3f\u00e9t\u00e1kra. A csod\u00e1latos sz\u00ednev\u00e1ltoz\u00e1s az apostolok lelk\u00e9ben er\u0151s\u00edtette meg a hitet. Ez a dics\u0151s\u00e9g v\u00e1r mindazokra, akik h\u0171s\u00e9gesek J\u00e9zushoz \u00e9s vele hordozz\u00e1k keresztj\u00fcket.\u00a0 &#8211; Az olvasm\u00e1nyban \u00c1brah\u00e1m pr\u00f3bat\u00e9tel\u00e9r\u0151l olvashatunk. Igazi dr\u00e1ma, annak minden elem\u00e9vel! K\u00e9sz a legnagyobb \u00e1ldozatra is. Ez a fajta k\u00e9szs\u00e9g v\u00e9g\u00fcl gy\u00fcm\u00f6lcs\u00f6t terem sz\u00e1m\u00e1ra, hiszen neki az Isten akarata volt a d\u00f6nt\u0151.\u00a0 &#8211; A szentlecke a nemzetek apostol\u00e1nak, Szent P\u00e1l apostolnak szem\u00e9lyes tan\u00fas\u00e1gt\u00e9tel\u00e9t tartalmazza. &#8222;Ha Isten vel\u00fcnk, ki ellen\u00fcnk?&#8221;. Egy\u00e9nileg mi is ebb\u0151l a szem\u00e9lyes tan\u00fas\u00e1gtev\u00e9sb\u0151l mer\u00edthet\u00fcnk er\u0151t megannyi, olykor rem\u00e9nytelennek t\u0171n\u0151 k\u00fczdelm\u00fcnkh\u00f6z. Az els\u0151 l\u00e9p\u00e9s mindig az Isten ir\u00e1nti bizalmunk meger\u0151s\u00edt\u00e9se. &#8211; A mai evang\u00e9liumi jelenet mindig visszat\u00e9r\u0151 tan\u00edt\u00e1s a nagyb\u00f6jt kegyelmi idej\u00e9ben. Itt most P\u00e9ter apostol vallom\u00e1s\u00e1t hallhatjuk: &#8222;Mester! Olyan j\u00f3 nek\u00fcnk itt lenn\u00fcnk!&#8221;. Aj\u00e1nd\u00e9k \u00e9s jutalom ez sz\u00e1mukra, hogy J\u00e9zussal v\u00e1llalt\u00e1k mag\u00e1t az utat, annak minden kih\u00edv\u00e1s\u00e1val. &#8211; Nincs ez m\u00e1sk\u00e9nt magunk \u00e9let\u00e9ben sem.\u00a0 Kezd\u0151\u00e9nek: Neked mondta a sz\u00edvem: \u201ea te arcodat keresem, v\u00e1gyakozom a te arcod ut\u00e1n, Uram.\u201d Ne ford\u00edtsd el arcodat t\u0151lem! (V\u00f6. Zsolt 26,8-9) Vagy Eml\u00e9kezz\u00e9l meg, Urunk, k\u00f6ny\u00f6r\u00fcletedr\u0151l \u00e9s irgalmass\u00e1godr\u00f3l, mely \u00f6r\u00f6kt\u0151l val\u00f3! Ne uralkodjanak ellens\u00e9geink f\u00f6l\u00f6tt\u00fcnk; szabad\u00edts meg, Izrael Istene, minden szorongattat\u00e1sunkb\u00f3l! (V\u00f6. Zsolt 24.6.3.22) K\u00f6ny\u00f6rg\u00e9s: Isten\u00fcnk, te megparancsoltad nek\u00fcnk, hogy szeretett Fiadra hallgassunk. K\u00e9r\u00fcnk, t\u00e1pl\u00e1ld lelk\u00fcnket szent ig\u00e9ddel, hogy lelki \u00f6r\u00f6mmel szeml\u00e9lhess\u00fck dics\u0151s\u00e9gedet! A mi Urunk, J\u00e9zus Krisztus, a te Fiad \u00e1ltal, aki veled \u00e9l \u00e9s uralkodik a Szentl\u00e9lekkel egys\u00e9gben, Isten mind\u00f6r\u00f6kk\u00f6n \u00f6r\u00f6kk\u00e9. OLVASM\u00c1NY M\u00f3zes els\u0151 k\u00f6nyv\u00e9b\u0151l (Ter 22,1-2.9a.10-13.15-18) Isten pr\u00f3b\u00e1ra tette \u00c1brah\u00e1mot \u00e9s \u00edgy sz\u00f3lt hozz\u00e1: \u201e\u00c1brah\u00e1m, \u00c1brah\u00e1m!\u201d \u201eItt vagyok\u201d \u2013 felelte. Akkor ezt mondta neki: \u201eVedd egyetlen fiadat, akit szeretsz, Izs\u00e1kot, menj Morija f\u00f6ldj\u00e9re, s ott mutasd be \u00e9g\u0151\u00e1ldozatul azon a helyen, amelyet majd mutatok neked.\u201d Amikor meg\u00e9rkeztek a helyre, amelyet Isten mondott neki, \u00c1brah\u00e1m meg\u00e9p\u00edtette az olt\u00e1rt, r\u00e1rakta a f\u00e1t,... R\u00e9szletek"}