{"version":"1.0","provider_name":"Stuttgarti Katolikusok","provider_url":"https:\/\/stuttgarti-katolikusok.de","title":"Nagyb\u00f6jt 2-4. vas\u00e1rnapja - Stuttgarti Katolikusok","type":"rich","width":600,"height":338,"html":"<blockquote class=\"wp-embedded-content\" data-secret=\"h6cDspqXwx\"><a href=\"https:\/\/stuttgarti-katolikusok.de\/index.php\/nagybojt-2-4-vasarnapja\/\">Nagyb\u00f6jt 2-4. vas\u00e1rnapja<\/a><\/blockquote><iframe sandbox=\"allow-scripts\" security=\"restricted\" src=\"https:\/\/stuttgarti-katolikusok.de\/index.php\/nagybojt-2-4-vasarnapja\/embed\/#?secret=h6cDspqXwx\" width=\"600\" height=\"338\" title=\"&#8220;Nagyb\u00f6jt 2-4. vas\u00e1rnapja&#8221; &#8212; Stuttgarti Katolikusok\" data-secret=\"h6cDspqXwx\" frameborder=\"0\" marginwidth=\"0\" marginheight=\"0\" scrolling=\"no\" class=\"wp-embedded-content\"><\/iframe><script type=\"text\/javascript\">\n\/* <![CDATA[ *\/\n\/*! This file is auto-generated *\/\n!function(d,l){\"use strict\";l.querySelector&&d.addEventListener&&\"undefined\"!=typeof URL&&(d.wp=d.wp||{},d.wp.receiveEmbedMessage||(d.wp.receiveEmbedMessage=function(e){var t=e.data;if((t||t.secret||t.message||t.value)&&!\/[^a-zA-Z0-9]\/.test(t.secret)){for(var s,r,n,a=l.querySelectorAll('iframe[data-secret=\"'+t.secret+'\"]'),o=l.querySelectorAll('blockquote[data-secret=\"'+t.secret+'\"]'),c=new RegExp(\"^https?:$\",\"i\"),i=0;i<o.length;i++)o[i].style.display=\"none\";for(i=0;i<a.length;i++)s=a[i],e.source===s.contentWindow&&(s.removeAttribute(\"style\"),\"height\"===t.message?(1e3<(r=parseInt(t.value,10))?r=1e3:~~r<200&&(r=200),s.height=r):\"link\"===t.message&&(r=new URL(s.getAttribute(\"src\")),n=new URL(t.value),c.test(n.protocol))&&n.host===r.host&&l.activeElement===s&&(d.top.location.href=t.value))}},d.addEventListener(\"message\",d.wp.receiveEmbedMessage,!1),l.addEventListener(\"DOMContentLoaded\",function(){for(var e,t,s=l.querySelectorAll(\"iframe.wp-embedded-content\"),r=0;r<s.length;r++)(t=(e=s[r]).getAttribute(\"data-secret\"))||(t=Math.random().toString(36).substring(2,12),e.src+=\"#?secret=\"+t,e.setAttribute(\"data-secret\",t)),e.contentWindow.postMessage({message:\"ready\",secret:t},\"*\")},!1)))}(window,document);\n\/\/# sourceURL=https:\/\/stuttgarti-katolikusok.de\/wp-includes\/js\/wp-embed.min.js\n\/* ]]> *\/\n<\/script>\n","description":"2019. m\u00e1rcius 31. Nagyb\u00f6jt 4. vas\u00e1rnapja \u00a0 Isten szereti a vil\u00e1got, mert \u0151 teremtette. Szeret minket is, hiszen teremtm\u00e9nyei vagyunk. Mi emberek gyakran pr\u00f3b\u00e1ra tessz\u00fck t\u00fcrelm\u00e9t, mert h\u00e1l\u00e1tlanul szembefordulunk vele: b\u0171n\u00f6kkel b\u00e1ntjuk meg \u0151t. Isten azonban b\u0171neinkben sem hagyott magunkra: szeretetb\u0151l elk\u00fcldte Egysz\u00fcl\u00f6tt Fi\u00e1t a mi megv\u00e1lt\u00e1sunkra. OLVASM\u00c1NY\u00a0\u00a0\u00a0\u00a0\u00a0\u00a0\u00a0\u00a0\u00a0\u00a0\u00a0\u00a0\u00a0\u00a0\u00a0\u00a0\u00a0\u00a0\u00a0\u00a0\u00a0\u00a0\u00a0\u00a0\u00a0\u00a0\u00a0\u00a0\u00a0\u00a0\u00a0\u00a0 \u00a0\u00a0\u00a0\u00a0\u00a0\u00a0\u00a0\u00a0\u00a0\u00a0\u00a0\u00a0\u00a0\u00a0J\u00f3zs 5, 9a. 10\u201312 A v\u00e1lasztott n\u00e9p pusztai v\u00e1ndorl\u00e1sa el\u0151k\u00e9pe volt az Egyh\u00e1z f\u00f6ldi v\u00e1ndorl\u00e1s\u00e1nak, amely az \u00f6r\u00f6k haza fel\u00e9 tart. Isten gondvisel\u0151 szeretet\u00e9vel \u0151rk\u00f6d\u00f6tt n\u00e9pe f\u00f6l\u00f6tt. Ugyanezt megtapasztalhatjuk mi is, ha megtartjuk parancsait. V\u00c1LASZOS ZSOLT\u00c1R \u00a0\u00a0\u00a0\u00a0\u00a0\u00a0\u00a0\u00a0\u00a0\u00a0\u00a0\u00a0\u00a0\u00a0\u00a0\u00a0\u00a0\u00a0\u00a0\u00a0\u00a0\u00a0\u00a0\u00a0\u00a0\u00a0\u00a0\u00a0\u00a0\u00a0\u00a0\u00a0\u00a0\u00a0\u00a0\u00a0\u00a0\u00a053. Zsolt\u00e1r V\u00e1lasz: \u00cdzlelj\u00e9tek \u00e9s l\u00e1ss\u00e1tok, * milyen \u00e9des az \u00dar. SZENTLECKE\u00a0\u00a0 \u00a0\u00a0\u00a0\u00a0\u00a0\u00a0\u00a0\u00a0\u00a0\u00a0\u00a0\u00a0\u00a0\u00a0\u00a0\u00a0\u00a0\u00a0\u00a0\u00a0\u00a0\u00a0\u00a0\u00a0\u00a0\u00a0\u00a0\u00a0\u00a0\u00a0\u00a0\u00a0\u00a0\u00a0\u00a0\u00a0\u00a0\u00a0\u00a0\u00a0\u00a0\u00a02 Kor 5, 17\u201321 A b\u0171n\u00f6s embert Isten v\u00e9gleg nem vetette el, nem hagyta mag\u00e1ra. Szent Fia \u00e1ltal kiengesztel\u0151d\u00f6tt a vil\u00e1ggal. Legy\u00fcnk h\u00e1l\u00e1sak az\u00e9rt, hogy ez a kiengesztel\u0151d\u00e9s az Egyh\u00e1z szolg\u00e1lata \u00e1ltal tov\u00e1bb folytat\u00f3dik a vil\u00e1gon. EVANG\u00c9LIUM EL\u0150TTI VERS\u00a0\u00a0\u00a0\u00a0\u00a0\u00a0\u00a0\u00a0\u00a0\u00a0\u00a0\u00a0\u00a0 \u00a0\u00a0\u00a0\u00a0\u00a0\u00a0\u00a0\u00a0\u00a0\u00a0\u00a0\u00a0\u00a0\u00a0\u00a0\u00a0\u00a0\u00a0Lk 15, 18 F\u00f6lkelek, \u00e9s aty\u00e1mhoz megyek, + azt mondom n\u00e9ki, * \u201eAty\u00e1m, v\u00e9tkeztem az \u00e9g ellen \u00e9s te ellened.\u201d EVANG\u00c9LIUM\u00a0\u00a0\u00a0\u00a0\u00a0\u00a0\u00a0\u00a0\u00a0\u00a0\u00a0\u00a0\u00a0\u00a0\u00a0\u00a0\u00a0\u00a0\u00a0\u00a0\u00a0\u00a0\u00a0\u00a0\u00a0\u00a0\u00a0\u00a0\u00a0\u00a0\u00a0 \u00a0\u00a0\u00a0\u00a0\u00a0\u00a0\u00a0Lk 15, 1\u20133. 11\u201332 A farizeusok zokon veszik J\u00e9zust\u00f3l, hogy gyarl\u00f3, b\u0171n\u00f6s emberekkel bar\u00e1tkozik. J\u00e9zus h\u00e1rom p\u00e9ld\u00e1zattal v\u00e1laszol e v\u00e1daskod\u00e1sokra. Elmondja az elveszett b\u00e1r\u00e1ny, az elgurult drachma \u00e9s a t\u00e9kozl\u00f3 fi\u00fa t\u00f6rt\u00e9net\u00e9t. Ezek a p\u00e9ldabesz\u00e9dek azt bizony\u00edtj\u00e1k, hogy Isten irgalmas: a megt\u00e9r\u0151 b\u0171n\u00f6snek sz\u00edvesen \u00e9s \u00f6r\u00f6mmel megbocs\u00e1t. AZ EUCHARISZT\u00c1HOZ Az eucharisztikus lakoma el\u0151k\u00e9pe a mennyei lakom\u00e1nak. J\u00e9zus mindannyiunkat megh\u00edvott orsz\u00e1g\u00e1ba \u00e9s ott helyet k\u00e9sz\u00edtett sz\u00e1munkra. Rajtunk m\u00falik, hogy hit\u00fcnk \u00e9s h\u0171s\u00e9g\u00fcnk \u00e1ltal biztoss\u00e1 tessz\u00fck-e r\u00e9szv\u00e9tel\u00fcnket. Valljuk hittel: A mi \u00a0lelk\u00fcnk az \u00darra hagyatkozik, \u0151 a mi seg\u00edt\u0151nk, a mi oltalmunk, benne \u00f6rvend a sz\u00edv\u00fcnk. \u00c1LDOZ\u00c1SI \u00c9NEK\u00a0\u00a0\u00a0\u00a0\u00a0\u00a0\u00a0\u00a0\u00a0\u00a0\u00a0\u00a0\u00a0\u00a0\u00a0\u00a0\u00a0\u00a0\u00a0\u00a0\u00a0\u00a0\u00a0\u00a0\u00a0\u00a0\u00a0 \u00a0\u00a0\u00a0\u00a0\u00a0\u00a0\u00a0\u00a0\u00a0\u00a0\u00a0\u00a0\u00a0\u00a0\u00a0\u00a0\u00a0\u00a0Zsolt 121, 3\u20134 A szent v\u00e1ros szil\u00e1rdan \u00e1ll: biztos v\u00e9delmet ny\u00fajt mindenkinek. Oda vonulnak az \u00dar v\u00e1lasztottai, hogy magasztalj\u00e1k az \u00dar nev\u00e9t. ELM\u00c9LKED\u00c9S \u00a0\u00a0\u00a0\u00a0 LAETARE! \u2013 VIGADOZZ\u00c1L! Nagyb\u00f6jt 4. vas\u00e1rnapj\u00e1n \u00f6r\u00f6mtelibben sz\u00f3lhat az orgona, s\u0151t feld\u00edsz\u00edthetj\u00fck az olt\u00e1rt, \u00e9s a viola sz\u00ednt szabad r\u00f3zsasz\u00ednre enyh\u00edteni. Az Egyh\u00e1zhoz, \u201ea... R\u00e9szletek"}