{"version":"1.0","provider_name":"Stuttgarti Katolikusok","provider_url":"https:\/\/stuttgarti-katolikusok.de","title":"\"...MERT A GY\u00d6K\u00c9RBEN VAN AZ \u00c9LET!\" - Stuttgarti Katolikusok","type":"rich","width":600,"height":338,"html":"<blockquote class=\"wp-embedded-content\" data-secret=\"fbUMrHwP2U\"><a href=\"https:\/\/stuttgarti-katolikusok.de\/index.php\/mert-a-gyokerben-van-az-elet\/\">&#8222;&#8230;MERT A GY\u00d6K\u00c9RBEN VAN AZ \u00c9LET!&#8221;<\/a><\/blockquote><iframe sandbox=\"allow-scripts\" security=\"restricted\" src=\"https:\/\/stuttgarti-katolikusok.de\/index.php\/mert-a-gyokerben-van-az-elet\/embed\/#?secret=fbUMrHwP2U\" width=\"600\" height=\"338\" title=\"&#8220;&#8222;&#8230;MERT A GY\u00d6K\u00c9RBEN VAN AZ \u00c9LET!&#8221;&#8221; &#8212; Stuttgarti Katolikusok\" data-secret=\"fbUMrHwP2U\" frameborder=\"0\" marginwidth=\"0\" marginheight=\"0\" scrolling=\"no\" class=\"wp-embedded-content\"><\/iframe><script type=\"text\/javascript\">\n\/* <![CDATA[ *\/\n\/*! This file is auto-generated *\/\n!function(d,l){\"use strict\";l.querySelector&&d.addEventListener&&\"undefined\"!=typeof URL&&(d.wp=d.wp||{},d.wp.receiveEmbedMessage||(d.wp.receiveEmbedMessage=function(e){var t=e.data;if((t||t.secret||t.message||t.value)&&!\/[^a-zA-Z0-9]\/.test(t.secret)){for(var s,r,n,a=l.querySelectorAll('iframe[data-secret=\"'+t.secret+'\"]'),o=l.querySelectorAll('blockquote[data-secret=\"'+t.secret+'\"]'),c=new RegExp(\"^https?:$\",\"i\"),i=0;i<o.length;i++)o[i].style.display=\"none\";for(i=0;i<a.length;i++)s=a[i],e.source===s.contentWindow&&(s.removeAttribute(\"style\"),\"height\"===t.message?(1e3<(r=parseInt(t.value,10))?r=1e3:~~r<200&&(r=200),s.height=r):\"link\"===t.message&&(r=new URL(s.getAttribute(\"src\")),n=new URL(t.value),c.test(n.protocol))&&n.host===r.host&&l.activeElement===s&&(d.top.location.href=t.value))}},d.addEventListener(\"message\",d.wp.receiveEmbedMessage,!1),l.addEventListener(\"DOMContentLoaded\",function(){for(var e,t,s=l.querySelectorAll(\"iframe.wp-embedded-content\"),r=0;r<s.length;r++)(t=(e=s[r]).getAttribute(\"data-secret\"))||(t=Math.random().toString(36).substring(2,12),e.src+=\"#?secret=\"+t,e.setAttribute(\"data-secret\",t)),e.contentWindow.postMessage({message:\"ready\",secret:t},\"*\")},!1)))}(window,document);\n\/\/# sourceURL=https:\/\/stuttgarti-katolikusok.de\/wp-includes\/js\/wp-embed.min.js\n\/* ]]> *\/\n<\/script>\n","description":"\u201e&#8230; MERT A GY\u00d6K\u00c9RBEN VAN AZ \u00c9LET!\u201d \u201eN\u00e9zd ezt a f\u00e1t. L\u00e1tod a sok falevelet rajta? Mindegyiknek, m\u00e9g a legkisebbiknek is van m\u00e9lyen lent a f\u00f6ldben egy kis hajsz\u00e1lgy\u00f6kerecsk\u00e9je, mely \u00e9lettel l\u00e1tja el. \u0150sszel lehull a lev\u00e9l, igaz. Minden \u0151sszel lehull. De annak a kis hajsz\u00e1lgy\u00f6kerecsk\u00e9nek a j\u00f3volt\u00e1b\u00f3l visszat\u00e9r \u00fajra minden tavasszal. Ha azonban a gy\u00f6k\u00e9rsz\u00e1l pusztul el ott a f\u00f6ld alatt, a levelecske nem t\u00e9r vissza t\u00f6bb\u00e9, s id\u0151 m\u00falt\u00e1val elpusztul a fa is. Mert a gy\u00f6k\u00e9rben van az \u00e9let, \u00e9rted?\u201c (Wass Albert &#8211; 1908. janu\u00e1r 8. \u2014 1998. febru\u00e1r 17. &#8211; erd\u00e9lyi magyar \u00edr\u00f3 \u00e9s k\u00f6lt\u0151) Kedves H\u00edveink \u00e9s Bar\u00e1taink! A Stuttgarti Magyar Katolikus Egyh\u00e1zk\u00f6zs\u00e9g \u00e9s a Stuttgarti Magyarok Sz\u00f6vets\u00e9ge (SMSz) j\u00fanius 5-\u00e9n tartja \u2013 a fenti id\u00e9zet \u00e9rtelm\u00e9ben \u2013 a Magyar \u00d6sszetartoz\u00e1s Napj\u00e1t. Ez\u00fattal az \u0151rs\u00e9gi (Burgenland) magyarok k\u00e9pviselet\u00e9ben Dr. P\u00e1l L\u00e1szl\u00f3 p\u00fcsp\u00f6ki helyn\u00f6k l\u00e1togat meg benn\u00fcnket. Programunk: 11.45 \u00f3rakor z\u00e1szl\u00f3felh\u00faz\u00e1ssal kezd\u0151dik a templom el\u0151tti t\u00e9ren. 12.00 \u00f3rakor \u00fcnnepi szentmise. 13.30 \u00f3rakor k\u00f6z\u00f6s eb\u00e9d a templom el\u0151tti t\u00e9ren. Ter\u00edt\u00e9ken r\u00e1ntott szelet h\u00e1zi k\u00e9sz\u00edt\u00e9s\u0171 krumpli sal\u00e1t\u00e1val, desszertnek cukr\u00e1szaink h\u00e1zilag k\u00e9sz\u00edtett s\u00fctem\u00e9nyeiben v\u00e1logathatunk. Mindehhez &#8211; Stuttgartban el\u0151sz\u00f6r! \u2013 \u201eCs\u00edki s\u00f6r\u201c. 15.00 \u00f3rakor besz\u00e1mol\u00f3 az \u0151rs\u00e9gi magyar testv\u00e9reink helyzet\u00e9r\u0151l. 15.30 \u00f3r\u00e1t\u00f3l P\u00f3t\u00e1pi \u00c1rp\u00e1d nemzetpolitik\u00e1\u00e9rt felel\u0151s \u00e1llamtitk\u00e1r sz\u00f3l hozz\u00e1nk. \u00c9s m\u00edg \u0151 ut\u00e1na a Stuttgarti Magyarok Sz\u00f6vets\u00e9g\u00e9nek tagjaival tal\u00e1lkozik, mi 16.30 \u00f3r\u00e1t\u00f3l a s\u00e1rospataki \u201e8kor\u201d Sz\u00ednh\u00e1z m\u0171sor\u00e1nak \u00f6rvendhet\u00fcnk. 17.30 \u00f3rakor z\u00e1szl\u00f3bont\u00e1s. Mindenkit szeretettel v\u00e1runk! 81. Sz. Dob\u00f3 Istv\u00e1n Cserk\u00e9szcsapat Erasmus-Akad\u00e9mia Hunnia Bar\u00e1ti K\u00f6r Magyar \u00d3voda Napvir\u00e1g Kult\u00faregyes\u00fclet Szent Gell\u00e9rt Katolikus Egyh\u00e1zk\u00f6zs\u00e9g Turul &#8211; Baranta"}