{"version":"1.0","provider_name":"Stuttgarti Katolikusok","provider_url":"https:\/\/stuttgarti-katolikusok.de","title":"M\u00e1rton \u00c1ron-Eml\u00e9k\u00e9v Stuttgartban - Stuttgarti Katolikusok","type":"rich","width":600,"height":338,"html":"<blockquote class=\"wp-embedded-content\" data-secret=\"BTD0QBnDe2\"><a href=\"https:\/\/stuttgarti-katolikusok.de\/index.php\/marton-aron-emlekev-stuttgartban-2\/\">M\u00e1rton \u00c1ron-Eml\u00e9k\u00e9v Stuttgartban<\/a><\/blockquote><iframe sandbox=\"allow-scripts\" security=\"restricted\" src=\"https:\/\/stuttgarti-katolikusok.de\/index.php\/marton-aron-emlekev-stuttgartban-2\/embed\/#?secret=BTD0QBnDe2\" width=\"600\" height=\"338\" title=\"&#8220;M\u00e1rton \u00c1ron-Eml\u00e9k\u00e9v Stuttgartban&#8221; &#8212; Stuttgarti Katolikusok\" data-secret=\"BTD0QBnDe2\" frameborder=\"0\" marginwidth=\"0\" marginheight=\"0\" scrolling=\"no\" class=\"wp-embedded-content\"><\/iframe><script type=\"text\/javascript\">\n\/* <![CDATA[ *\/\n\/*! This file is auto-generated *\/\n!function(d,l){\"use strict\";l.querySelector&&d.addEventListener&&\"undefined\"!=typeof URL&&(d.wp=d.wp||{},d.wp.receiveEmbedMessage||(d.wp.receiveEmbedMessage=function(e){var t=e.data;if((t||t.secret||t.message||t.value)&&!\/[^a-zA-Z0-9]\/.test(t.secret)){for(var s,r,n,a=l.querySelectorAll('iframe[data-secret=\"'+t.secret+'\"]'),o=l.querySelectorAll('blockquote[data-secret=\"'+t.secret+'\"]'),c=new RegExp(\"^https?:$\",\"i\"),i=0;i<o.length;i++)o[i].style.display=\"none\";for(i=0;i<a.length;i++)s=a[i],e.source===s.contentWindow&&(s.removeAttribute(\"style\"),\"height\"===t.message?(1e3<(r=parseInt(t.value,10))?r=1e3:~~r<200&&(r=200),s.height=r):\"link\"===t.message&&(r=new URL(s.getAttribute(\"src\")),n=new URL(t.value),c.test(n.protocol))&&n.host===r.host&&l.activeElement===s&&(d.top.location.href=t.value))}},d.addEventListener(\"message\",d.wp.receiveEmbedMessage,!1),l.addEventListener(\"DOMContentLoaded\",function(){for(var e,t,s=l.querySelectorAll(\"iframe.wp-embedded-content\"),r=0;r<s.length;r++)(t=(e=s[r]).getAttribute(\"data-secret\"))||(t=Math.random().toString(36).substring(2,12),e.src+=\"#?secret=\"+t,e.setAttribute(\"data-secret\",t)),e.contentWindow.postMessage({message:\"ready\",secret:t},\"*\")},!1)))}(window,document);\n\/\/# sourceURL=https:\/\/stuttgarti-katolikusok.de\/wp-includes\/js\/wp-embed.min.js\n\/* ]]> *\/\n<\/script>\n","thumbnail_url":"https:\/\/stuttgarti-katolikusok.de\/wp-content\/uploads\/2016\/10\/ma-stg.jpg","thumbnail_width":800,"thumbnail_height":533,"description":"2016 okt\u00f3ber 2- \u00e1n Stuttg\u00e1rtban, \u00fcnnepi szentmise keret\u00e9ben megeml\u00e9kezt\u00fcnk M\u00e1rton \u00c1ronr\u00f3l, Erd\u00e9ly szent\u00e9let\u0171 p\u00fcsp\u00f6k\u00e9r\u0151l. Magyarorsz\u00e1g Minisztereln\u00f6ks\u00e9g\u00e9nek Nemzetpolitikai \u00c1llamtitk\u00e1rs\u00e1ga M\u00e1rton \u00c1ron-Eml\u00e9k\u00e9vet hirdetett a 2016-os \u00e9vre azzal a c\u00e9llal, hogy sz\u00fclet\u00e9s\u00e9nek 120. \u00e9vfordul\u00f3ja alkalm\u00e1b\u00f3l az erd\u00e9lyi p\u00fcsp\u00f6k \u00e9let\u00e9t \u00e9s munk\u00e1ss\u00e1g\u00e1t p\u00e9ldak\u00e9nt \u00e1ll\u00edtsa a vil\u00e1g magyarjai el\u00e9. Stuttgartban a szentmis\u00e9t k\u00f6vet\u0151en Nagy Zolt\u00e1n, sz\u00e9kelyudvarhelyi tan\u00e1r egy filmr\u00e9szletekkel gazdag\u00edtott el\u0151ad\u00e1st tartott M\u00e1rton \u00c1ron p\u00fcsp\u00f6k \u00e9let\u00e9r\u0151l. A szentmise keret\u00e9ben Tempfli Imre atya pr\u00e9dik\u00e1ci\u00f3j\u00e1ban felfedte nek\u00fcnk, hogy a p\u00fcsp\u00f6k \u00e9lete \u00e9s p\u00e9ld\u00e1ja az evang\u00e9lium minden r\u00e9sz\u00e9ben megtal\u00e1lhat\u00f3. Az olvasm\u00e1nyt Habakuk pr\u00f3f\u00e9ta k\u00f6nyv\u00e9b\u0151l hallottuk \u00e9s azt foglalta \u00f6ssze, hogy az igaz ember a hitb\u0151l \u00e9l; hiszen, ha n\u00e9ha \u00fagy is \u00e9rezz\u00fck, hogy az Isten elfelejtett minket, mert m\u00e1sk\u00e9p nem engedn\u00e9, hogy szenved\u00e9s\u00fcnk ily sokk\u00e1 tartson \u00e9s megb\u00fcntetn\u00e9 a gonoszt; m\u00e9gis van Istennek egy c\u00e9lja: id\u0151t ad a t\u00e9vedteknek, hogy visszat\u00e9rjenek hozz\u00e1 \u00e9s alkalmat ad az igazaknak, hogy gyakorolj\u00e1k a t\u00fcrelmet. Habakuk pr\u00f3f\u00e9ta azt j\u00f6vend\u00f6li \u201eAkinek nem igaz a lelke, az elbukik, de az igaz \u00e9lni fog h\u0171s\u00e9g\u00e9\u00e9rt.\u201d Imre atya kihangs\u00falyozta, hogy mennyire fontos a hit \u00e9s, hogy ezt M\u00e1rton \u00c1ron is mindig az \u00faj papn\u00f6vend\u00e9keknek a lelk\u00e9re k\u00f6t\u00f6tte, hogy a hit az a fundamentum, amelyre \u00e9p\u00edteni kell \u00e9s \u00e9p\u00edteni \u00e9rdemes. A Szentlecke Szent P\u00e1l apostolnak Tim\u00f3teushoz \u00edrt m\u00e1sodik level\u00e9b\u0151l val\u00f3 r\u00e9szlet volt, melyben \u00f6szt\u00f6nzi, hogy b\u00e1tor sz\u00edvvel tegyen tan\u00fas\u00e1got J\u00e9zus Krisztus mellett! M\u00e1rton \u00c1ron is sok ifj\u00fa pap \u00e9let\u00e9re befoly\u00e1ssal volt. Imre atya b\u00fcszk\u00e9n dicsekedte el, hogy neki alkalma volt \u0151t megismerni \u00e9s t\u0151le tanulni. Nagy tisztelettel \u00e9s csod\u00e1lattal mondta el nek\u00fcnk, hogy milyen nagy befoly\u00e1ssal volt az emberek ir\u00e1nt egy tal\u00e1lkoz\u00e1s, egy sz\u00f3v\u00e1lt\u00e1s a p\u00fcsp\u00f6k \u00farral. Az \u00e9let\u00e9vel tan\u00fas\u00edtott helyt\u00e1ll\u00e1st \u00e9s tan\u00fabizonys\u00e1got semmi m\u00e1s jelz\u0151 nem jellemez jobban, mit az ut\u00f3dj\u00e1nak, Jakab Antalnak a szavai: \u201eMost m\u00e1r szem\u00fcnkben \u0151 lett a hegy, s\u0151t, szikla.\u201d Az Evang\u00e9liumot Szent Luk\u00e1cs k\u00f6nyv\u00e9b\u0151l hallottuk \u00e9s a j\u00f3 szolg\u00e1r\u00f3l sz\u00f3lt, aki... R\u00e9szletek"}