{"version":"1.0","provider_name":"Stuttgarti Katolikusok","provider_url":"https:\/\/stuttgarti-katolikusok.de","title":"Magyarok Nagyasszonya templomb\u00facs\u00fa Ulmban - Stuttgarti Katolikusok","type":"rich","width":600,"height":338,"html":"<blockquote class=\"wp-embedded-content\" data-secret=\"oH45mcmIHt\"><a href=\"https:\/\/stuttgarti-katolikusok.de\/index.php\/magyarok-nagyasszonya-templombucsu-ulmban-2\/\">Magyarok Nagyasszonya templomb\u00facs\u00fa Ulmban<\/a><\/blockquote><iframe sandbox=\"allow-scripts\" security=\"restricted\" src=\"https:\/\/stuttgarti-katolikusok.de\/index.php\/magyarok-nagyasszonya-templombucsu-ulmban-2\/embed\/#?secret=oH45mcmIHt\" width=\"600\" height=\"338\" title=\"&#8220;Magyarok Nagyasszonya templomb\u00facs\u00fa Ulmban&#8221; &#8212; Stuttgarti Katolikusok\" data-secret=\"oH45mcmIHt\" frameborder=\"0\" marginwidth=\"0\" marginheight=\"0\" scrolling=\"no\" class=\"wp-embedded-content\"><\/iframe><script type=\"text\/javascript\">\n\/* <![CDATA[ *\/\n\/*! This file is auto-generated *\/\n!function(d,l){\"use strict\";l.querySelector&&d.addEventListener&&\"undefined\"!=typeof URL&&(d.wp=d.wp||{},d.wp.receiveEmbedMessage||(d.wp.receiveEmbedMessage=function(e){var t=e.data;if((t||t.secret||t.message||t.value)&&!\/[^a-zA-Z0-9]\/.test(t.secret)){for(var s,r,n,a=l.querySelectorAll('iframe[data-secret=\"'+t.secret+'\"]'),o=l.querySelectorAll('blockquote[data-secret=\"'+t.secret+'\"]'),c=new RegExp(\"^https?:$\",\"i\"),i=0;i<o.length;i++)o[i].style.display=\"none\";for(i=0;i<a.length;i++)s=a[i],e.source===s.contentWindow&&(s.removeAttribute(\"style\"),\"height\"===t.message?(1e3<(r=parseInt(t.value,10))?r=1e3:~~r<200&&(r=200),s.height=r):\"link\"===t.message&&(r=new URL(s.getAttribute(\"src\")),n=new URL(t.value),c.test(n.protocol))&&n.host===r.host&&l.activeElement===s&&(d.top.location.href=t.value))}},d.addEventListener(\"message\",d.wp.receiveEmbedMessage,!1),l.addEventListener(\"DOMContentLoaded\",function(){for(var e,t,s=l.querySelectorAll(\"iframe.wp-embedded-content\"),r=0;r<s.length;r++)(t=(e=s[r]).getAttribute(\"data-secret\"))||(t=Math.random().toString(36).substring(2,12),e.src+=\"#?secret=\"+t,e.setAttribute(\"data-secret\",t)),e.contentWindow.postMessage({message:\"ready\",secret:t},\"*\")},!1)))}(window,document);\n\/\/# sourceURL=https:\/\/stuttgarti-katolikusok.de\/wp-includes\/js\/wp-embed.min.js\n\/* ]]> *\/\n<\/script>\n","description":"K\u00fcl\u00f6n\u00f6s h\u00e9tv\u00e9ge volt Ulmban okt\u00f3ber 12-e (szombat) \u00e9s 13-a (vas\u00e1rnap), ugyanis szombat este nemzetk\u00f6zi szentmis\u00e9nk volt, vas\u00e1rnap pedig a mi templomb\u00facs\u00fank. Nos, a k\u00fcl\u00f6n\u00f6s benne az, hab\u00e1r a nemzetk\u00f6zi szentmis\u00e9ket m\u00e1r\u00a0 egy ideje \u00e9venk\u00e9nt megtartj\u00e1k Ulmban, ahol t\u00f6bb nemzetis\u00e9g (n\u00e9met, lengyel, magyar, horv\u00e1t, szlov\u00e9n, olasz, portug\u00e1l, eritrea) k\u00e9pviselteti mag\u00e1t, \u00e9s valamilyen form\u00e1ban mindenki r\u00e9szt vesz a szentmis\u00e9ben, valamint az ut\u00e1na k\u00f6vetkez\u0151 kultur\u00e1lis m\u0171sorokban, de ez alkalommal a magyarokra ker\u00fclt sor az \u00fcnnep megszervez\u00e9sre. Bizony megijedt\u00fcnk. 300 szem\u00e9lynek magyaros vacsor\u00e1t k\u00e9sz\u00edteni nem \u00e9ppen gyerekj\u00e1t\u00e9k, r\u00e1ad\u00e1sul m\u00e1snap van mi b\u00facs\u00fank, ahol ism\u00e9t sok (200) szem\u00e9lyre kehet sz\u00e1m\u00edtani. Ekkora m\u00e9ret\u0171 megvend\u00e9gel\u00e9s a mi egyh\u00e1zk\u00f6zs\u00e9g\u00fcnkben m\u00e9g nem volt. Teh\u00e1t semmi tapasztalat. Mit k\u00e9sz\u00edts\u00fcnk \u00e9s ki vesz r\u00e9szt a s\u00fct\u00e9s-f\u0151z\u00e9sben? Ez nagy gondot okozott nek\u00fcnk, f\u0151leg Sz\u00e9kely Enik\u0151nek, aki egyb\u0151l saj\u00e1t feladat\u00e1nak \u00e9rezte az \u00fcnnep megszervez\u00e9s\u00e9t. S a megbesz\u00e9l\u00e9s k\u00f6zben Tibor atya felh\u00edvta telefonon Kinzel L\u00e1szl\u00f3t, aki m\u00e1r ezen a t\u00e9ren t\u00f6bbsz\u00f6r is bizony\u00edtotta hozz\u00e1\u00e9rt\u00e9s\u00e9t, hogy nem e v\u00e1llaln\u00e1 Ulmban is ez alkalommal a \u201ef\u0151szak\u00e1csi\u201c teend\u0151ket. Laci azonnal igent mondott. Ezut\u00e1n Enik\u0151 fogta kez\u00e9be a gyepl\u0151t. Rengeteget telefon\u00e1lt. T\u00f6bb szem\u00e9lyt mozg\u00f3s\u00edtott \u00e9s val\u00f3ban siker\u00fclt egy komoly l\u00e9tsz\u00e1m\u00fa csapatot \u00f6sszehozni a \u201ekonyha\u201c r\u00e9sz\u00e9re. Nos elj\u00f6tt a szombat este. Telth\u00e1z volt a Wengen templomban. A szentmis\u00e9t 9 pap celebr\u00e1lta. Amint bevonultak a ministr\u00e1nsok \u00e9s a papok, mi magyar sz\u00edv\u0171ek, nagy \u00f6r\u00f6mmel \u00e9s k\u00f6nnyes szemekkel l\u00e1ttuk els\u0151k\u00e9nt a magyar z\u00e1szl\u00f3 megjelen\u00e9s\u00e9t. A predik\u00e1ci\u00f3 az\u00e9rt n\u00e9met nyelven volt, de a szentlecke \u00e9s az evang\u00e9lium magyarul is elhangzott. M\u00e1r a szentmis\u00e9n is jelen voltak \u00e9s fell\u00e9ptek a Szatm\u00e1rn\u00e9metib\u0151l megh\u00edvott magyar\u00a0 Gyermekkar tagjai. Ezek 11-17 \u00e9ves gyerekek, illetve fiatalok voltak 22-en, Schmidt M\u00e1ria \u00e9s Nevezi Dobosi Csilla vezet\u00e9s\u00e9vel. Gy\u00f6ny\u00f6r\u0171en \u00e9nekeltek, f\u0151leg Kod\u00e1ly dalokat. A szentmise ut\u00e1n lement\u00fcnk\u00a0 a templom k\u00f6z\u00f6ss\u00e9gi term\u00e9be, ahol \u201emagyar\u201c vacsora v\u00e1rta a kb. 300 szem\u00e9lyt. \u00c9spedig az igazi magyar t\u00f6lt\u00f6ttk\u00e1poszta, amely Kinzel Laci receptje, valamint ir\u00e1ny\u00edt\u00e1sa\u00a0 alapj\u00e1n... R\u00e9szletek"}