{"version":"1.0","provider_name":"Stuttgarti Katolikusok","provider_url":"https:\/\/stuttgarti-katolikusok.de","title":"\"Magyarnak lenni, b\u00fcszke gy\u00f6ny\u00f6r\u0171s\u00e9g\" (Bakay Korn\u00e9l) - Stuttgarti Katolikusok","type":"rich","width":600,"height":338,"html":"<blockquote class=\"wp-embedded-content\" data-secret=\"Z1Yatk9Qaf\"><a href=\"https:\/\/stuttgarti-katolikusok.de\/index.php\/magyarnak-lenni-buszke-gyonyoruseg-bakay-kornel\/\">&#8222;Magyarnak lenni, b\u00fcszke gy\u00f6ny\u00f6r\u0171s\u00e9g&#8221; (Bakay Korn\u00e9l)<\/a><\/blockquote><iframe sandbox=\"allow-scripts\" security=\"restricted\" src=\"https:\/\/stuttgarti-katolikusok.de\/index.php\/magyarnak-lenni-buszke-gyonyoruseg-bakay-kornel\/embed\/#?secret=Z1Yatk9Qaf\" width=\"600\" height=\"338\" title=\"&#8220;&#8222;Magyarnak lenni, b\u00fcszke gy\u00f6ny\u00f6r\u0171s\u00e9g&#8221; (Bakay Korn\u00e9l)&#8221; &#8212; Stuttgarti Katolikusok\" data-secret=\"Z1Yatk9Qaf\" frameborder=\"0\" marginwidth=\"0\" marginheight=\"0\" scrolling=\"no\" class=\"wp-embedded-content\"><\/iframe><script type=\"text\/javascript\">\n\/* <![CDATA[ *\/\n\/*! This file is auto-generated *\/\n!function(d,l){\"use strict\";l.querySelector&&d.addEventListener&&\"undefined\"!=typeof URL&&(d.wp=d.wp||{},d.wp.receiveEmbedMessage||(d.wp.receiveEmbedMessage=function(e){var t=e.data;if((t||t.secret||t.message||t.value)&&!\/[^a-zA-Z0-9]\/.test(t.secret)){for(var s,r,n,a=l.querySelectorAll('iframe[data-secret=\"'+t.secret+'\"]'),o=l.querySelectorAll('blockquote[data-secret=\"'+t.secret+'\"]'),c=new RegExp(\"^https?:$\",\"i\"),i=0;i<o.length;i++)o[i].style.display=\"none\";for(i=0;i<a.length;i++)s=a[i],e.source===s.contentWindow&&(s.removeAttribute(\"style\"),\"height\"===t.message?(1e3<(r=parseInt(t.value,10))?r=1e3:~~r<200&&(r=200),s.height=r):\"link\"===t.message&&(r=new URL(s.getAttribute(\"src\")),n=new URL(t.value),c.test(n.protocol))&&n.host===r.host&&l.activeElement===s&&(d.top.location.href=t.value))}},d.addEventListener(\"message\",d.wp.receiveEmbedMessage,!1),l.addEventListener(\"DOMContentLoaded\",function(){for(var e,t,s=l.querySelectorAll(\"iframe.wp-embedded-content\"),r=0;r<s.length;r++)(t=(e=s[r]).getAttribute(\"data-secret\"))||(t=Math.random().toString(36).substring(2,12),e.src+=\"#?secret=\"+t,e.setAttribute(\"data-secret\",t)),e.contentWindow.postMessage({message:\"ready\",secret:t},\"*\")},!1)))}(window,document);\n\/\/# sourceURL=https:\/\/stuttgarti-katolikusok.de\/wp-includes\/js\/wp-embed.min.js\n\/* ]]> *\/\n<\/script>\n","thumbnail_url":"https:\/\/stuttgarti-katolikusok.de\/wp-content\/uploads\/2016\/06\/27411343391_d5215a2de8_b.jpg","thumbnail_width":1024,"thumbnail_height":683,"description":"J\u00fanius 4-\u00e9t, a trianoni b\u00e9keszerz\u0151d\u00e9s al\u00e1\u00edr\u00e1s\u00e1nak napj\u00e1t \u00f6t \u00e9ve nyilv\u00e1n\u00edtotta a Fidesz a nemzeti \u00f6sszetartoz\u00e1s napj\u00e1nak, amely a 2010. \u00e9vi XLV. t\u00f6rv\u00e9nybe foglalt hivatalos nev\u00e9n: Nemzeti \u00d6sszetartoz\u00e1s. Vas\u00e1rnap, j\u00fanius 5-\u00e9n \u00fclt\u00fck meg annak a napnak 96 \u00e9ves \u00e9vfordul\u00f3j\u00e1t, hogy az els\u0151 Vil\u00e1gh\u00e1bor\u00fa elveszt\u00e9se ut\u00e1n 1920. j\u00fanius 4-\u00e9n a Versailles-ben a Trianoni B\u00e9kedikt\u00e1tum alatt sz\u00e9tdarabolt\u00e1k a t\u00f6bb mint ezer\u00e9ves haz\u00e1nkat, a T\u00f6rt\u00e9nelmi Magyarorsz\u00e1got. Megeml\u00e9kez\u00e9s\u00fcnknek t\u00e1volr\u00f3l s k\u00f6zelr\u0151l \u00e9rkezett d\u00edszvend\u00e9gei is voltak, \u00edgy megtisztelt benn\u00fcnket jelenl\u00e9t\u00e9vel az \u0151rvid\u00e9ki (Burgenland) magyarok k\u00e9pviselet\u00e9ben Exc. Dr. P\u00e1l L\u00e1szl\u00f3 p\u00fcsp\u00f6ki helyn\u00f6k \u00far, valamint Exc. Pot\u00e1pi \u00c1rp\u00e1d J\u00e1nos nemzetpolitik\u00e1\u00e9rt felel\u0151s \u00e1llamtitk\u00e1r \u00far! Rajtuk k\u00edv\u00fcl jelen voltak m\u00e9g: Stuttgart f\u0151konzulja, Dr. Ber\u00e9nyi J\u00e1nos, valamint Dr. Szalay Tam\u00e1s, a Magyar Kult\u00farint\u00e9zet igazgat\u00f3ja. Mint ahogy Imre atya a bevezet\u0151j\u00e9ben elmondta, Magyarorsz\u00e1g megcsonk\u00edt\u00e1sa ut\u00e1n nehezen ocs\u00fadott f\u00f6l sz\u00f6rny\u0171 lelki traum\u00e1b\u00f3l az \u00f6sszmagyars\u00e1g, \u00e9s ajkukr\u00f3l nap mint nap felr\u00f6ppent az \u00e9g fel\u00e9 Papp-V\u00e1ry Elem\u00e9rn\u00e9 Sziklay Szer\u00e9na \u00e1ltal megfogalmazott rem\u00e9nyteli im\u00e1ds\u00e1g: &#8222;Hiszek egy Istenben, hiszek egy haz\u00e1ban , hiszek egy isteni \u00f6r\u00f6k igazs\u00e1gban, hiszek Magyarorsz\u00e1g felt\u00e1mad\u00e1s\u00e1ban&#8221;, \u00e9s ezt a r\u00f6vid h\u00e1romsoros im\u00e1ds\u00e1got ism\u00e9telgette m\u00e9g a kisdi\u00e1k is, b\u00edzva az ima erej\u00e9ben\u202f1920-tol kezdve, s\u0151t \u00e9nekelte is az 1921-re m\u00e1r 15 versszakoss\u00e1 b\u0151v\u00fclt, \u00e9s Szabados B\u00e9la \u00e1ltal megzen\u00e9s\u00edtett \u00e9neket. De ez csak addig a napig tartott, ameddig a II. Vil\u00e1gh\u00e1bor\u00fa fordulatai meg nem hozt\u00e1k sz\u00e1mukra a megv\u00e1ltoztathatatlan t\u00e9nyek tudom\u00e1sul v\u00e9tel\u00e9t, amelynek hat\u00e1sa sokkol\u00f3n \u00a0elemi er\u0151vel r\u00e1zta meg a nemzetet, \u00e9s \u00e9bresztette f\u00f6l a bizakod\u00f3 k\u00e1bulatb\u00f3l, hogy ez id\u0151t\u0151l kezdve m\u00e1r bef\u00e9szkelje mag\u00e1t lelk\u00fckbe a &#8222;nagyl\u00e1szl\u00f3i&#8221; verssorok \u00e9let\u00e9rz\u00e9se: &#8222;Nincs menekv\u00e9s, neked igaz\u00e1n nincs menekv\u00e9s \u2013 suttogom a kem\u00e9ny leck\u00e9t, s elmosolyodni magamban m\u00e9gis szeretn\u00e9k&#8221; \u202fs ill\u00fazi\u00f3ik f\u00f6lad\u00e1s\u00e1val, a j\u00f6v\u0151k\u00e9p keser\u0171 pirul\u00e1j\u00e1nak lenyel\u00e9se ut\u00e1n lassan beles\u00fcppedtek a mindennapok rezign\u00e1ci\u00f3j\u00e1ba, \u00e9s nem hittek r\u00f6geszm\u00e9sen tov\u00e1bb abban, hogy &#8222;\u00f6sszen\u0151 ami \u00f6sszetartozik&#8221;, \u00e9s kis epigramm\u00e1jukat sem skand\u00e1lt\u00e1k m\u00e1r t\u00f6bb\u00e9 : &#8222;Csonka-Magyarorsz\u00e1g nem orsz\u00e1g, Nagy- Magyarorsz\u00e1g mennyorsz\u00e1g&#8221; \u00a0Dantei sorokat \u00e9lte \u00e1t,... R\u00e9szletek"}