{"version":"1.0","provider_name":"Stuttgarti Katolikusok","provider_url":"https:\/\/stuttgarti-katolikusok.de","title":"Stuttgart - 41. J\u00f3t\u00e9konys\u00e1gi Magyar B\u00e1l - Gal\u00e9ria - Stuttgarti Katolikusok","type":"rich","width":600,"height":338,"html":"<blockquote class=\"wp-embedded-content\" data-secret=\"VeAHaqIH3W\"><a href=\"https:\/\/stuttgarti-katolikusok.de\/index.php\/magyar-bal-kepekben\/\">Stuttgart &#8211; 41. J\u00f3t\u00e9konys\u00e1gi Magyar B\u00e1l &#8211; Gal\u00e9ria<\/a><\/blockquote><iframe sandbox=\"allow-scripts\" security=\"restricted\" src=\"https:\/\/stuttgarti-katolikusok.de\/index.php\/magyar-bal-kepekben\/embed\/#?secret=VeAHaqIH3W\" width=\"600\" height=\"338\" title=\"&#8220;Stuttgart &#8211; 41. J\u00f3t\u00e9konys\u00e1gi Magyar B\u00e1l &#8211; Gal\u00e9ria&#8221; &#8212; Stuttgarti Katolikusok\" data-secret=\"VeAHaqIH3W\" frameborder=\"0\" marginwidth=\"0\" marginheight=\"0\" scrolling=\"no\" class=\"wp-embedded-content\"><\/iframe><script type=\"text\/javascript\">\n\/* <![CDATA[ *\/\n\/*! This file is auto-generated *\/\n!function(d,l){\"use strict\";l.querySelector&&d.addEventListener&&\"undefined\"!=typeof URL&&(d.wp=d.wp||{},d.wp.receiveEmbedMessage||(d.wp.receiveEmbedMessage=function(e){var t=e.data;if((t||t.secret||t.message||t.value)&&!\/[^a-zA-Z0-9]\/.test(t.secret)){for(var s,r,n,a=l.querySelectorAll('iframe[data-secret=\"'+t.secret+'\"]'),o=l.querySelectorAll('blockquote[data-secret=\"'+t.secret+'\"]'),c=new RegExp(\"^https?:$\",\"i\"),i=0;i<o.length;i++)o[i].style.display=\"none\";for(i=0;i<a.length;i++)s=a[i],e.source===s.contentWindow&&(s.removeAttribute(\"style\"),\"height\"===t.message?(1e3<(r=parseInt(t.value,10))?r=1e3:~~r<200&&(r=200),s.height=r):\"link\"===t.message&&(r=new URL(s.getAttribute(\"src\")),n=new URL(t.value),c.test(n.protocol))&&n.host===r.host&&l.activeElement===s&&(d.top.location.href=t.value))}},d.addEventListener(\"message\",d.wp.receiveEmbedMessage,!1),l.addEventListener(\"DOMContentLoaded\",function(){for(var e,t,s=l.querySelectorAll(\"iframe.wp-embedded-content\"),r=0;r<s.length;r++)(t=(e=s[r]).getAttribute(\"data-secret\"))||(t=Math.random().toString(36).substring(2,12),e.src+=\"#?secret=\"+t,e.setAttribute(\"data-secret\",t)),e.contentWindow.postMessage({message:\"ready\",secret:t},\"*\")},!1)))}(window,document);\n\/\/# sourceURL=https:\/\/stuttgarti-katolikusok.de\/wp-includes\/js\/wp-embed.min.js\n\/* ]]> *\/\n<\/script>\n","description":"Dr. Tempfli Imre atya k\u00f6sz\u00f6nt\u0151 besz\u00e9de: A 41. Stuttgarti Magyar J\u00f3t\u00e9konys\u00e1gi B\u00e1l megnyit\u00f3j\u00e1ra Szeretettel k\u00f6sz\u00f6nt\u00f6m \u00d6n\u00f6ket a 41. Stuttgarti Magyar J\u00f3t\u00e9-konys\u00e1gi B\u00e1lon. Rem\u00e9lem, hogy elm\u00falt\u00e1val azt mondj\u00e1k majd: \u201eMeg\u00e9rte, hogy elj\u00f6tt\u00fcnk! J\u00f6v\u0151re ism\u00e9t itt lesz\u00fcnk!\u201c Mint minden esztend\u0151ben, most is mott\u00f3t kerestem e nagyszer\u0171 rendezv\u00e9ny sz\u00e1m\u00e1ra. Ez\u00fattal az embers\u00e9get v\u00e1lasztottam. Tettem ezt ann\u00e1l is ink\u00e1bb, mert el\u0151deink is, miut\u00e1n \u0151ket Isten ar\u00e1nylagos j\u00f3l\u00e9ttel aj\u00e1nd\u00e9kozta meg, nem utols\u00f3 sorban att\u00f3l a gondolatt\u00f3l vez\u00e9relve hozt\u00e1k l\u00e9tre ezt a B\u00e1lt, hogy bev\u00e9tel\u00e9b\u0151l a Vasf\u00fcgg\u00f6ny m\u00f6g\u00f6tt \u00e9l\u0151 testv\u00e9reiken seg\u00edtsenek. A felvil\u00e1gosod\u00e1s egyik alakja, Helvetius Claude-Adrian (1715-1771) francia filoz\u00f3fus, azt \u00edrja: \u201eEmbers\u00e9ges az, akinek m\u00e1sok nyomora f\u00e1j, \u00e9s val\u00f3s\u00e1gos k\u00e9nyszert \u00e9rez arra, hogy rajtuk seg\u00edtsen.\u201c \u00a01.\u201eEmbers\u00e9ges az\u2026\u201c \u2013 mondja Helvetius. Az els\u0151, amit t\u0151le megtanulhatunk: Nem arra sz\u00fclett\u00fcnk, hogy \u00e9let\u00fcnket j\u00f3l vagy rosszul le\u00e9lj\u00fck. M\u00e9g csak arra sem, hogy csup\u00e1n \u00f6szt\u00f6neinket \u00e9s v\u00e1gyainkat kiel\u00e9g\u00edts\u00fck. Hanem arra sz\u00fclett\u00fcnk, hogy minden nappal teljesebb \u00e9rt\u00e9k\u0171, azaz jobb, nemesebb, kedvesebb \u00e9s embers\u00e9gesebb emberekk\u00e9 v\u00e1ljunk. Ahogyan ezt Arany J\u00e1nos (1817-1882) is olyan tal\u00e1l\u00f3an \u00edrja \u00a0 \u00a0 \u00a0 \u00a0 \u00a0 \u00a0 \u00a0 \u00a0 \u00a0 \u00a0 \u00a0 \u00a0 \u00a0 \u00a0 \u00a0 \u00a0 \u00a0 \u00a0 \u00a0 \u00a0 \u00a0 \u00a0 \u00a0 \u00a0 \u00a0 \u00a0 \u00a0 \u00a0 \u00a0 \u00a0 \u00a0 \u00a0 \u00a0 \u00a0 \u00a0 \u00a0 \u00a0 \u00a0 \u00a0Domonkos napra c\u00edm\u0171 vers\u00e9ben: \u201eLegnagyobb c\u00e9l pedig, itt, e f\u00f6ldi l\u00e9tben, \/ ember lenni mind\u00e9g, minden k\u00f6r\u00fclm\u00e9nyben.\u201c\u00a0 Nincs teh\u00e1t igaza Franz Kafka (1883-1924) osztr\u00e1k \u00edr\u00f3nak, amikor azt \u00edrja: \u201eItt vagyok, egyebet nem tehetek. Cs\u00f3nakomnak nincs korm\u00e1nya, sodorja a sz\u00e9l, mely a hal\u00e1l legm\u00e9lyebb r\u00e9gi\u00f3iban f\u00faj.\u201c Igenis, \u00e9let\u00fcnknek van korm\u00e1nya, \u00e9s azt Isten a kez\u00fcnkbe adta. \u00c9let\u00fcnket nem a sors szele sodorja ide-oda, hanem mi szabjuk meg ir\u00e1ny\u00e1t, mi vagyunk azok, akik bel\u0151le visk\u00f3t vagy palot\u00e1t \u00e9p\u00edt\u00fcnk. \u00c9s nem csak az\u00e9rt vagyunk, hogy a hal\u00e1l r\u00e9gi\u00f3iban f\u00faj\u00f3 szelekre meredj\u00fcnk, hanem hogy mindig f\u00f6lfel\u00e9 l\u00e9pegess\u00fcnk az embers\u00e9g l\u00e9tr\u00e1j\u00e1n\u2026 Persze embers\u00e9g\u00fcnket... R\u00e9szletek"}