{"version":"1.0","provider_name":"Stuttgarti Katolikusok","provider_url":"https:\/\/stuttgarti-katolikusok.de","title":"Lelkigyakorlatok m\u00e1rcius 31 \u00e9s \u00e1prilis 2 k\u00f6z\u00f6tt - Stuttgarti Katolikusok","type":"rich","width":600,"height":338,"html":"<blockquote class=\"wp-embedded-content\" data-secret=\"mqWeEIu0ex\"><a href=\"https:\/\/stuttgarti-katolikusok.de\/index.php\/lelkigyakorlatok-marcius-31-es-aprilis-2-kozott\/\">Lelkigyakorlatok m\u00e1rcius 31 \u00e9s \u00e1prilis 2 k\u00f6z\u00f6tt<\/a><\/blockquote><iframe sandbox=\"allow-scripts\" security=\"restricted\" src=\"https:\/\/stuttgarti-katolikusok.de\/index.php\/lelkigyakorlatok-marcius-31-es-aprilis-2-kozott\/embed\/#?secret=mqWeEIu0ex\" width=\"600\" height=\"338\" title=\"&#8220;Lelkigyakorlatok m\u00e1rcius 31 \u00e9s \u00e1prilis 2 k\u00f6z\u00f6tt&#8221; &#8212; Stuttgarti Katolikusok\" data-secret=\"mqWeEIu0ex\" frameborder=\"0\" marginwidth=\"0\" marginheight=\"0\" scrolling=\"no\" class=\"wp-embedded-content\"><\/iframe><script type=\"text\/javascript\">\n\/* <![CDATA[ *\/\n\/*! This file is auto-generated *\/\n!function(d,l){\"use strict\";l.querySelector&&d.addEventListener&&\"undefined\"!=typeof URL&&(d.wp=d.wp||{},d.wp.receiveEmbedMessage||(d.wp.receiveEmbedMessage=function(e){var t=e.data;if((t||t.secret||t.message||t.value)&&!\/[^a-zA-Z0-9]\/.test(t.secret)){for(var s,r,n,a=l.querySelectorAll('iframe[data-secret=\"'+t.secret+'\"]'),o=l.querySelectorAll('blockquote[data-secret=\"'+t.secret+'\"]'),c=new RegExp(\"^https?:$\",\"i\"),i=0;i<o.length;i++)o[i].style.display=\"none\";for(i=0;i<a.length;i++)s=a[i],e.source===s.contentWindow&&(s.removeAttribute(\"style\"),\"height\"===t.message?(1e3<(r=parseInt(t.value,10))?r=1e3:~~r<200&&(r=200),s.height=r):\"link\"===t.message&&(r=new URL(s.getAttribute(\"src\")),n=new URL(t.value),c.test(n.protocol))&&n.host===r.host&&l.activeElement===s&&(d.top.location.href=t.value))}},d.addEventListener(\"message\",d.wp.receiveEmbedMessage,!1),l.addEventListener(\"DOMContentLoaded\",function(){for(var e,t,s=l.querySelectorAll(\"iframe.wp-embedded-content\"),r=0;r<s.length;r++)(t=(e=s[r]).getAttribute(\"data-secret\"))||(t=Math.random().toString(36).substring(2,12),e.src+=\"#?secret=\"+t,e.setAttribute(\"data-secret\",t)),e.contentWindow.postMessage({message:\"ready\",secret:t},\"*\")},!1)))}(window,document);\n\/\/# sourceURL=https:\/\/stuttgarti-katolikusok.de\/wp-includes\/js\/wp-embed.min.js\n\/* ]]> *\/\n<\/script>\n","description":"Kedves H\u00edveink \u00e9s Bar\u00e1taink, szeretettel h\u00edvunk Titeket az idei lelkigyakorlatra. Jelentkez\u00e9seteket v\u00e1rjuk az Irod\u00e1n. Szeretettel, Imre atya &nbsp; LELKIGYAKORLATOS PROGRAM Stuttgart, 2017. m\u00e1rcius 31 \u2013 \u00e1prilis 2. F\u0150CZE BONAVENTURA D\u00c9VAI FERENCES ATYA NAGYB\u00d6JT PUSZT\u00c1J\u00c1BAN &nbsp; P \u00c9 N T E K 18.00 \u00a0\u00a0\u00a0\u00a0\u00a0\u00a0\u00a0\u00a0\u00a0 Kereszt\u00fati \u00e1jtatoss\u00e1g, szentmise \u00e9s bevezet\u0151 elm\u00e9lked\u00e9s:\u00a0 Puszta, csend (ut\u00e1na gy\u00f3ntat\u00e1s) &nbsp; S Z O M B A T 9.00\u00a0 \u00a0\u00a0\u00a0\u00a0\u00a0\u00a0\u00a0\u00a0\u00a0 Gy\u00fclekez\u0151 \u00e9s k\u00f6z\u00f6s reggeli 10.00 \u00a0\u00a0\u00a0\u00a0\u00a0\u00a0\u00a0\u00a0\u00a0 I. elm\u00e9lked\u00e9s: Mag\u00e1nyoss\u00e1g (ut\u00e1na gy\u00f3ntat\u00e1s) 11.00 \u00a0\u00a0\u00a0\u00a0\u00a0\u00a0\u00a0\u00a0\u00a0 II. elm\u00e9lked\u00e9s: K\u00eds\u00e9rt\u00e9s (ut\u00e1na gy\u00f3ntat\u00e1s) &nbsp; 12.30 K\u00d6Z\u00d6S EB\u00c9D &nbsp; 13.30 \u00a0\u00a0\u00a0\u00a0\u00a0\u00a0\u00a0\u00a0\u00a0 Kereszt\u00fati \u00e1jtatoss\u00e1g\u00a0 (alatta gy\u00f3ntat\u00e1s) 14.30 \u00a0\u00a0\u00a0\u00a0\u00a0\u00a0\u00a0\u00a0\u00a0 III. elm\u00e9lked\u00e9s: A puszt\u00e1ban &#8211; mag\u00e1nyomban &#8211; Istennel val\u00f3 tal\u00e1lkoz\u00e1saim 15.30 \u00a0\u00a0\u00a0\u00a0\u00a0\u00a0\u00a0\u00a0\u00a0 IV. elm\u00e9lked\u00e9s (szentmise keret\u00e9ben): B\u0171nb\u00e1nat &nbsp; V A S \u00c1 R N A P 9.30\u00a0\u00a0\u00a0\u00a0\u00a0\u00a0\u00a0\u00a0\u00a0\u00a0\u00a0 Schw\u00e4bisch-Gm\u00fcnd szentmise \u00e9s z\u00e1r\u00f3elm\u00e9lked\u00e9s 15.00\u00a0\u00a0\u00a0\u00a0\u00a0\u00a0\u00a0\u00a0\u00a0\u00a0 Stuttgart szentmise \u00e9s z\u00e1r\u00f3elm\u00e9lked\u00e9s &nbsp;"}