{"version":"1.0","provider_name":"Stuttgarti Katolikusok","provider_url":"https:\/\/stuttgarti-katolikusok.de","title":"L\u00e1togat\u00e1s a Jezid\u00e1kn\u00e1l - Stuttgarti Katolikusok","type":"rich","width":600,"height":338,"html":"<blockquote class=\"wp-embedded-content\" data-secret=\"tjYYLtDtNM\"><a href=\"https:\/\/stuttgarti-katolikusok.de\/index.php\/latogatas-a-jezidaknal\/\">L\u00e1togat\u00e1s a Jezid\u00e1kn\u00e1l<\/a><\/blockquote><iframe sandbox=\"allow-scripts\" security=\"restricted\" src=\"https:\/\/stuttgarti-katolikusok.de\/index.php\/latogatas-a-jezidaknal\/embed\/#?secret=tjYYLtDtNM\" width=\"600\" height=\"338\" title=\"&#8220;L\u00e1togat\u00e1s a Jezid\u00e1kn\u00e1l&#8221; &#8212; Stuttgarti Katolikusok\" data-secret=\"tjYYLtDtNM\" frameborder=\"0\" marginwidth=\"0\" marginheight=\"0\" scrolling=\"no\" class=\"wp-embedded-content\"><\/iframe><script type=\"text\/javascript\">\n\/* <![CDATA[ *\/\n\/*! This file is auto-generated *\/\n!function(d,l){\"use strict\";l.querySelector&&d.addEventListener&&\"undefined\"!=typeof URL&&(d.wp=d.wp||{},d.wp.receiveEmbedMessage||(d.wp.receiveEmbedMessage=function(e){var t=e.data;if((t||t.secret||t.message||t.value)&&!\/[^a-zA-Z0-9]\/.test(t.secret)){for(var s,r,n,a=l.querySelectorAll('iframe[data-secret=\"'+t.secret+'\"]'),o=l.querySelectorAll('blockquote[data-secret=\"'+t.secret+'\"]'),c=new RegExp(\"^https?:$\",\"i\"),i=0;i<o.length;i++)o[i].style.display=\"none\";for(i=0;i<a.length;i++)s=a[i],e.source===s.contentWindow&&(s.removeAttribute(\"style\"),\"height\"===t.message?(1e3<(r=parseInt(t.value,10))?r=1e3:~~r<200&&(r=200),s.height=r):\"link\"===t.message&&(r=new URL(s.getAttribute(\"src\")),n=new URL(t.value),c.test(n.protocol))&&n.host===r.host&&l.activeElement===s&&(d.top.location.href=t.value))}},d.addEventListener(\"message\",d.wp.receiveEmbedMessage,!1),l.addEventListener(\"DOMContentLoaded\",function(){for(var e,t,s=l.querySelectorAll(\"iframe.wp-embedded-content\"),r=0;r<s.length;r++)(t=(e=s[r]).getAttribute(\"data-secret\"))||(t=Math.random().toString(36).substring(2,12),e.src+=\"#?secret=\"+t,e.setAttribute(\"data-secret\",t)),e.contentWindow.postMessage({message:\"ready\",secret:t},\"*\")},!1)))}(window,document);\n\/\/# sourceURL=https:\/\/stuttgarti-katolikusok.de\/wp-includes\/js\/wp-embed.min.js\n\/* ]]> *\/\n<\/script>\n","thumbnail_url":"https:\/\/stuttgarti-katolikusok.de\/wp-content\/uploads\/2016\/04\/img_4412-2.jpg","thumbnail_width":800,"thumbnail_height":600,"description":"&nbsp; L\u00e1togat\u00e1s a Jezid\u00e1kn\u00e1l \u00c1prilis 16-\u00e1n a Stuttgarti Magyar Katolikus Egyh\u00e1zk\u00f6zs\u00e9g egyh\u00e1ztan\u00e1csosainak \u00e9s h\u00edveinek egy kis csoportja megl\u00e1togatta a Caritas \u00e1ltal a jezid asszonyok r\u00e9sz\u00e9re fenntartott otthont. Az egyh\u00e1zk\u00f6zs\u00e9g \u2013 azon t\u00fal, hogy egy szoci\u00e1lis projektet szeretne t\u00e1mogatni \u2013 szeretn\u00e9 kifejezni szolidar\u00edt\u00e1s\u00e1t e sokat szenvedett emberek ir\u00e1nt, \u00e9s \u00faj kapcsolatokat teremteni a magyar \u00e9s a jezid n\u00e9pcsoport k\u00f6z\u00f6tt. A jezid\u00e1k n\u00e9pe Irakban kisebbs\u00e9gben \u00e9l, a kurd nemzets\u00e9gnek egy k\u00fcl\u00f6n\u00e1ll\u00f3 n\u00e9pcsoportja. A n\u00e9pcsoport egyben vall\u00e1si k\u00f6z\u00f6ss\u00e9g is.\u00a0 Az ISIS \u00e1ltal, a kereszt\u00e9nyek mellett, a legink\u00e1bb \u00fcld\u00f6z\u00f6tt n\u00e9p, \u00e9s az iszl\u00e1mt\u00f3l elt\u00e9r\u0151 vall\u00e1suk miatt \u00e9letvesz\u00e9lyben vannak. A jezid l\u00e1nyokat \u00e9s asszonyokat leggyakrabban meger\u0151szakolj\u00e1k vagy elviszik \u0151ket szex-rabszolg\u00e1nak, a f\u00e9rfiakat pedig\u00a0 kiv\u00e9gzik. A Stuttgarti Caritas t\u00e1mogatja, gondozza \u00e9s seg\u00edti a jezid n\u0151ket, hogy feldolgozhass\u00e1k rossz \u00e9lm\u00e9nyeiket, \u00e9s \u00faj \u00e9letet kezdjenek.\u00a0 A szoci\u00e1lis tan\u00e1csad\u00e1s \u00e9s a pszichologiai t\u00e1mogat\u00e1s mellett, szabad programok szervez\u00e9s\u00e9vel\u00a0 \u00e9s lehet\u0151s\u00e9gek aj\u00e1nl\u00e1s\u00e1val pr\u00f3b\u00e1lja t\u00e1mogatni \u0151ket. Egyh\u00e1zk\u00f6z\u00f6ss\u00e9g\u00fcnk egy \u00fan. \u201ckerti\u201d projektet t\u00e1mogat: megaj\u00e1nd\u00e9koztuk \u0151ket kerti szersz\u00e1mokkal, gy\u00f3gyn\u00f6v\u00e9ny pal\u00e1ntakkal \u00e9s egy almaf\u00e1val. Tudatosan v\u00e1lasztottuk a f\u00e1t, mert az az \u00e9let, az \u00fajra kezd\u00e9s, a fejl\u0151d\u00e9s szimb\u00f3luma. Egy \u00e9rdekess\u00e9g: a magyar \u00e9s\u00a0 a kurd z\u00e1szl\u00f3 sz\u00ednei majdnem ugyanazok, csak kiss\u00e9 m\u00e1s \u00e1rnyalattal, piros \u2013 feh\u00e9r \u2013 z\u00f6ld. A piros \u00a0a n\u00e9p m\u00e1rtirjainak a v\u00e9re, feh\u00e9r a b\u00e9kess\u00e9gg\u00e9, a z\u00f6ld pedig a term\u00e9szet sz\u00edne. A kurd z\u00e1szl\u00f3 k\u00f6zep\u00e9ben m\u00e9g ott van a s\u00e1rga napkorong, amely a jezid vall\u00e1st jelk\u00e9pezi. Egy\u00fctt\u00e9rezni vel\u00fck \u00e9s lehet\u0151s\u00e9geink szerint t\u00e1mogatni \u0151ket, ez kereszt\u00e9ny k\u00f6teless\u00e9g\u00fcnk. Aki tev\u00e9kenyen is szeretne bekapcsol\u00f3dni (egyszer egy h\u00f3napban elmegy\u00fcnk \u00e9s megl\u00e1togatjuk \u0151ket) vagy ak\u00e1rmilyen m\u00e1s form\u00e1ban t\u00e1mogatni akarja \u0151ket, az jelentkezhet egyh\u00e1zk\u00f6z\u00f6s\u00e9g\u00fcnk irod\u00e1j\u00e1n vagy Benedek Annik\u00f3n\u00e1l. &nbsp; Stuttgart, 2016. \u00e1prilis 21. \u00a0 Benedek Annik\u00f3"}