{"version":"1.0","provider_name":"Stuttgarti Katolikusok","provider_url":"https:\/\/stuttgarti-katolikusok.de","title":"Krisztus Szent Teste \u00e9s V\u00e9re \u2013 \u00darnapja - Stuttgarti Katolikusok","type":"rich","width":600,"height":338,"html":"<blockquote class=\"wp-embedded-content\" data-secret=\"2bJTareEP7\"><a href=\"https:\/\/stuttgarti-katolikusok.de\/index.php\/krisztus-szent-teste-es-vere-urnapja-3\/\">Krisztus Szent Teste \u00e9s V\u00e9re \u2013 \u00darnapja<\/a><\/blockquote><iframe sandbox=\"allow-scripts\" security=\"restricted\" src=\"https:\/\/stuttgarti-katolikusok.de\/index.php\/krisztus-szent-teste-es-vere-urnapja-3\/embed\/#?secret=2bJTareEP7\" width=\"600\" height=\"338\" title=\"&#8220;Krisztus Szent Teste \u00e9s V\u00e9re \u2013 \u00darnapja&#8221; &#8212; Stuttgarti Katolikusok\" data-secret=\"2bJTareEP7\" frameborder=\"0\" marginwidth=\"0\" marginheight=\"0\" scrolling=\"no\" class=\"wp-embedded-content\"><\/iframe><script type=\"text\/javascript\">\n\/* <![CDATA[ *\/\n\/*! This file is auto-generated *\/\n!function(d,l){\"use strict\";l.querySelector&&d.addEventListener&&\"undefined\"!=typeof URL&&(d.wp=d.wp||{},d.wp.receiveEmbedMessage||(d.wp.receiveEmbedMessage=function(e){var t=e.data;if((t||t.secret||t.message||t.value)&&!\/[^a-zA-Z0-9]\/.test(t.secret)){for(var s,r,n,a=l.querySelectorAll('iframe[data-secret=\"'+t.secret+'\"]'),o=l.querySelectorAll('blockquote[data-secret=\"'+t.secret+'\"]'),c=new RegExp(\"^https?:$\",\"i\"),i=0;i<o.length;i++)o[i].style.display=\"none\";for(i=0;i<a.length;i++)s=a[i],e.source===s.contentWindow&&(s.removeAttribute(\"style\"),\"height\"===t.message?(1e3<(r=parseInt(t.value,10))?r=1e3:~~r<200&&(r=200),s.height=r):\"link\"===t.message&&(r=new URL(s.getAttribute(\"src\")),n=new URL(t.value),c.test(n.protocol))&&n.host===r.host&&l.activeElement===s&&(d.top.location.href=t.value))}},d.addEventListener(\"message\",d.wp.receiveEmbedMessage,!1),l.addEventListener(\"DOMContentLoaded\",function(){for(var e,t,s=l.querySelectorAll(\"iframe.wp-embedded-content\"),r=0;r<s.length;r++)(t=(e=s[r]).getAttribute(\"data-secret\"))||(t=Math.random().toString(36).substring(2,12),e.src+=\"#?secret=\"+t,e.setAttribute(\"data-secret\",t)),e.contentWindow.postMessage({message:\"ready\",secret:t},\"*\")},!1)))}(window,document);\n\/\/# sourceURL=https:\/\/stuttgarti-katolikusok.de\/wp-includes\/js\/wp-embed.min.js\n\/* ]]> *\/\n<\/script>\n","thumbnail_url":"https:\/\/stuttgarti-katolikusok.de\/wp-content\/uploads\/2023\/06\/urnapja-weingarten-1.jpg","thumbnail_width":1530,"thumbnail_height":2040,"description":"Tisztelj\u00fck \u00e9s im\u00e1djuk Mivel az Eukarisztia titka a v\u00e9gtelen Szeretetnek k\u00f6sz\u00f6nheti l\u00e9trej\u00f6tt\u00e9t \u00e9s sz\u00e1munkra Krisztust teszi jelenval\u00f3v\u00e1 szents\u00e9gi m\u00f3don, az\u00e9rt m\u00e9lt\u00f3 h\u00e1l\u00e1nkra \u00e9s tisztelet\u00fcnkre. Ennek a tiszteletnek a Legszentebb Szents\u00e9ggel val\u00f3 minden tal\u00e1lkoz\u00e1sunkkor meg kell mutatkoznia, ak\u00e1r templomba l\u00e1togatunk, ak\u00e1r a betegekhez vissz\u00fck a Szent \u00datraval\u00f3t, hogy nekik kiszolg\u00e1ltassuk. Krisztus im\u00e1d\u00e1sa az \u0151 szeretet\u00e9nek ebben a szents\u00e9g\u00e9ben kell, hogy kifejez\u00e9sre jusson az eucharisztikus \u00e1h\u00edtat sokf\u00e9le form\u00e1j\u00e1ban: a szem\u00e9lyes im\u00e1d\u00e1sban a Legfels\u00e9gesebb el\u0151tt, az ima\u00f3r\u00e1kban a szents\u00e9gkit\u00e9tel r\u00f6videbb vagy hosszabb ideje alatt, az \u00e9vi negyven\u00f3r\u00e1s szents\u00e9gim\u00e1d\u00e1sban, a szents\u00e9gi \u00e1ld\u00e1sban, az eucharisztikus k\u00f6rmenetben, az eucharisztikus kongresszusokon. K\u00fcl\u00f6n\u00f6s szerepet visz ebben a vonatkoz\u00e1sban az \u00darnap \u00fcnnepe, mint a tisztelet nyilv\u00e1nos megvall\u00e1sa. (Szent II. J\u00e1nos P\u00e1l p\u00e1pa) Kezd\u0151\u00e9nek: T\u00e1pl\u00e1lta \u0151ket a gabona jav\u00e1val, \u00e9s j\u00f3llakatta \u0151ket m\u00e9zzel a k\u0151szikl\u00e1b\u00f3l. (V\u00f6. Zsolt 80,17) K\u00f6ny\u00f6rg\u00e9s: Urunk, J\u00e9zus Krisztus, te ebben a csod\u00e1latos szents\u00e9gben k\u00ednszenved\u00e9sed eml\u00e9k\u00e9t hagytad r\u00e1nk. Add, k\u00e9r\u00fcnk, Tested \u00e9s V\u00e9red szent titk\u00e1t \u00fagy tiszteln\u00fcnk, hogy megv\u00e1lt\u00e1sod gy\u00fcm\u00f6lcs\u00e9t sz\u00fcntelen\u00fcl \u00e9lvezz\u00fck. Aki \u00e9lsz \u00e9s uralkodol az Aty\u00e1val \u00e9s a Szentl\u00e9lekkel egys\u00e9gben Isten mind\u00f6r\u00f6kk\u00f6n \u00f6r\u00f6kk\u00e9. OLVASM\u00c1NY M\u00f3zes els\u0151 k\u00f6nyv\u00e9b\u0151l (Ter 14,18-20) \u00c1brah\u00e1m kenyeret \u00e9s bort aj\u00e1nlott fel. Amikor \u00c1brah\u00e1m gy\u0151zelmet aratott az ellens\u00e9g f\u00f6l\u00f6tt, \u00e9s sereg\u00e9vel visszat\u00e9rt, el\u00e9je j\u00f6tt Melkizedek, S\u00e1lem kir\u00e1lya. Kenyeret \u00e9s bort hozott. \u0150 ugyanis a magass\u00e1gbeli Isten papja volt. Melkizedek meg\u00e1ldotta \u0151t, \u00e9s \u00edgy sz\u00f3lt hozz\u00e1: \u201e\u00c1ldott legyen \u00c1brah\u00e1m a magass\u00e1gbeli Isten el\u0151tt, aki az eget \u00e9s a f\u00f6ldet teremtette. \u00c9s \u00e1ldott legyen a magass\u00e1gbeli Isten, aki kezedbe adta ellens\u00e9geidet.\u201d \u00c1brah\u00e1m pedig tizedet adott neki mindenb\u0151l. Ez az Isten ig\u00e9je. V\u00c1LASZOS ZSOLT\u00c1R (Zsolt 109,1.2.3.4) V\u00e1lasz:\u00a0Pap vagy te mind\u00f6r\u00f6kk\u00e9, * Melkizedek rendje szerint.\u00a04bc. vers. (6. t\u00f3nus) El\u0151\u00e9nekes: \u00cdgy sz\u00f3lt az \u00dar az \u00e9n Uramhoz, \u2020\u201dJobbom fel\u0151l foglalj helyet, * m\u00edg minden ellens\u00e9gedet l\u00e1bad al\u00e1 vetem zs\u00e1molyul.\u201d H\u00edvek: Pap vagy te mind\u00f6r\u00f6kk\u00e9, * Melkizedek rendje szerint. E: Kiny\u00fajtja az \u00dar Sionb\u00f3l hatalmad vesszej\u00e9t: * \u201eEllens\u00e9geid... R\u00e9szletek"}