{"version":"1.0","provider_name":"Stuttgarti Katolikusok","provider_url":"https:\/\/stuttgarti-katolikusok.de","title":"Kreat\u00edv, k\u00e9zm\u0171ves d\u00e9lut\u00e1n a Bar\u00e1ts\u00e1gklubban - Stuttgarti Katolikusok","type":"rich","width":600,"height":338,"html":"<blockquote class=\"wp-embedded-content\" data-secret=\"5SdEvilAu5\"><a href=\"https:\/\/stuttgarti-katolikusok.de\/index.php\/kreativ-kezmuves-delutan-a-baratsagklubban\/\">Kreat\u00edv, k\u00e9zm\u0171ves d\u00e9lut\u00e1n a Bar\u00e1ts\u00e1gklubban<\/a><\/blockquote><iframe sandbox=\"allow-scripts\" security=\"restricted\" src=\"https:\/\/stuttgarti-katolikusok.de\/index.php\/kreativ-kezmuves-delutan-a-baratsagklubban\/embed\/#?secret=5SdEvilAu5\" width=\"600\" height=\"338\" title=\"&#8220;Kreat\u00edv, k\u00e9zm\u0171ves d\u00e9lut\u00e1n a Bar\u00e1ts\u00e1gklubban&#8221; &#8212; Stuttgarti Katolikusok\" data-secret=\"5SdEvilAu5\" frameborder=\"0\" marginwidth=\"0\" marginheight=\"0\" scrolling=\"no\" class=\"wp-embedded-content\"><\/iframe><script type=\"text\/javascript\">\n\/* <![CDATA[ *\/\n\/*! This file is auto-generated *\/\n!function(d,l){\"use strict\";l.querySelector&&d.addEventListener&&\"undefined\"!=typeof URL&&(d.wp=d.wp||{},d.wp.receiveEmbedMessage||(d.wp.receiveEmbedMessage=function(e){var t=e.data;if((t||t.secret||t.message||t.value)&&!\/[^a-zA-Z0-9]\/.test(t.secret)){for(var s,r,n,a=l.querySelectorAll('iframe[data-secret=\"'+t.secret+'\"]'),o=l.querySelectorAll('blockquote[data-secret=\"'+t.secret+'\"]'),c=new RegExp(\"^https?:$\",\"i\"),i=0;i<o.length;i++)o[i].style.display=\"none\";for(i=0;i<a.length;i++)s=a[i],e.source===s.contentWindow&&(s.removeAttribute(\"style\"),\"height\"===t.message?(1e3<(r=parseInt(t.value,10))?r=1e3:~~r<200&&(r=200),s.height=r):\"link\"===t.message&&(r=new URL(s.getAttribute(\"src\")),n=new URL(t.value),c.test(n.protocol))&&n.host===r.host&&l.activeElement===s&&(d.top.location.href=t.value))}},d.addEventListener(\"message\",d.wp.receiveEmbedMessage,!1),l.addEventListener(\"DOMContentLoaded\",function(){for(var e,t,s=l.querySelectorAll(\"iframe.wp-embedded-content\"),r=0;r<s.length;r++)(t=(e=s[r]).getAttribute(\"data-secret\"))||(t=Math.random().toString(36).substring(2,12),e.src+=\"#?secret=\"+t,e.setAttribute(\"data-secret\",t)),e.contentWindow.postMessage({message:\"ready\",secret:t},\"*\")},!1)))}(window,document);\n\/\/# sourceURL=https:\/\/stuttgarti-katolikusok.de\/wp-includes\/js\/wp-embed.min.js\n\/* ]]> *\/\n<\/script>\n","thumbnail_url":"https:\/\/stuttgarti-katolikusok.de\/wp-content\/uploads\/2025\/02\/baratsagklub-december.jpg","thumbnail_width":1530,"thumbnail_height":2040,"description":"R\u00e9gi ad\u00f3ss\u00e1gomat t\u00f6rlesztem a mostani \u00edr\u00e1s megjelentet\u00e9s\u00e9vel. Stauder Marika tal\u00e1lkoz\u00f3nkat k\u00f6vet\u0151en nagyon hamar elk\u00e9sz\u00edtette besz\u00e1mol\u00f3j\u00e1t. Az igazs\u00e1g pedig az, hogy egyszer\u0171en elfeledkeztem r\u00f3la. Ennek ellen\u00e9re, b\u00e1r most ker\u00fcl k\u00f6zl\u00e9sre a besz\u00e1mol\u00f3, sokunk \u00f6r\u00f6m\u00e9t szolg\u00e1lja. Fogadj\u00e1tok szeretettel: Az id\u0151 kereke forog, forog. Nem tudom mi\u00e9rt, de nekem \u00fagy t\u0171nik, hogy az id\u0151 m\u00fal\u00e1sa felgyorsult! Vagy \u00e9n lettem tal\u00e1n lassabb? \u00dagy t\u0171nik most volt \u00e9v eleje \u00e9s m\u00e1r az \u00e9v utols\u00f3 h\u00f3napj\u00e1ban, decemberben vagyunk. Decembernek is meg van \u00e1m a maga var\u00e1zsa. Megkezd\u0151d\u00f6tt az Advent. A v\u00e1rakoz\u00e1s id\u0151szak\u00e1ban vagyunk, amelynek szimb\u00f3luma: az adventi koszor\u00fa gyerty\u00e1i, amelyek az adventi id\u0151szak n\u00e9gy het\u00e9t jelk\u00e9pezik. Az adventi koszor\u00fa \u00f6r\u00f6kz\u00f6ld \u00e1gai a rem\u00e9nyt \u00e9s az \u00e9letet jelk\u00e9pezik, a gyerty\u00e1k pedig az er\u0151s\u00f6d\u0151 f\u00e9nyt, J\u00e9zus elj\u00f6vetel\u00e9nek k\u00f6zeledt\u00e9t. A n\u00e9gy gyertya a h\u00e1rom isteni er\u00e9nyt \u2013 hit, rem\u00e9ny, szeretet -, \u00e9s a kereszt\u00e9ny \u00e9let alappill\u00e9r\u00e9t, az \u00f6r\u00f6m\u00f6t jelk\u00e9pezi. Sz\u00e1momra advent egy nagyon sz\u00e9p id\u0151szaka az \u00e9vnek. Misszi\u00f3nkban is pezsg\u0151bb az \u00e9let. A p\u00e9ntek d\u00e9lut\u00e1ni szentmis\u00e9ket, rorat\u00e9-mis\u00e9k helyettes\u00edtik, amelyek k\u00f6z\u00f6s reggelivel fejez\u0151dnek be. Nagyon kellemes, sz\u00e9p egy\u00fcttl\u00e9t a h\u00edveknek. Misszi\u00f3 keret\u00e9ben m\u0171k\u00f6d\u0151 k\u00fcl\u00f6nb\u00f6z\u0151 csoportok is adventi \u00fcnneps\u00e9get tartanak. A bar\u00e1ts\u00e1gklub tagjainak is \u00e9rkezett megh\u00edv\u00f3 ebben az \u00e9vben az utols\u00f3 tal\u00e1lkoz\u00e1sukra. \u00d6r\u00f6mmel olvastuk a kedvesen fogalmazott megh\u00edv\u00f3t, ami, mint mindig, tartalm\u00e1val, sz\u00fcrke napjainkat megsz\u00ednes\u00edti. December 6-\u00e1n tal\u00e1lkoztunk. Gy\u00f6ny\u00f6r\u0171en d\u00edsz\u00edtett asztal, forralt bor illata v\u00e1rta a tagokat. Erika, kedves bar\u00e1tn\u0151j\u00e9nek, T\u00fcnd\u00e9nek \u00edzl\u00e9ses, sz\u00e9p asztald\u00edsz\u00edt\u00e9se \u00fcnnepi hangulatot teremtett a teremben. K\u00f6sz\u00f6nj\u00fck sz\u00e9pen, kedves T\u00fcnde! \u00d6r\u00f6m\u00fcnkre gyereksereg \u00e9rkezett sz\u00fcl\u0151k k\u00eds\u00e9ret\u00e9ben. \u00cdgy azt\u00e1n sz\u00ednes lett a t\u00e1rsas\u00e1g, gyerekekkel \u00e9s \u00fagymond, a &#8222;m\u00e1sodik gyerekkorukhoz k\u00f6zeled\u0151k&#8221;-kel telt meg a terem. Tibor atya \u00e9s Erika \u00fcdv\u00f6z\u00f6ltek benn\u00fcnket. Erika bemutatta k\u00e9t nagyon kedves vend\u00e9g\u00fcnket: Szamosi Madar\u00e1sz Erzs\u00e9betet, aki a m\u00e9zeskal\u00e1csok d\u00edsz\u00edt\u00e9s\u00e9vel, \u00e9s Benke M\u00e1ri\u00e1t, aki kar\u00e1csonyi d\u00edszek k\u00e9sz\u00edt\u00e9s\u00e9vel is foglalkoznak. Egyszer csak cseng\u0151 csilingel\u00e9sre lett\u00fcnk figyelmesek. Meglepet\u00e9s\u00fcnkre a dr\u00e1ga j\u00f3 Mikul\u00e1s k\u00eds\u00e9r\u0151j\u00e9vel, a krampusszal elj\u00f6tt hozz\u00e1nk, gyerekek, feln\u0151ttek... R\u00e9szletek"}