{"version":"1.0","provider_name":"Stuttgarti Katolikusok","provider_url":"https:\/\/stuttgarti-katolikusok.de","title":"Kompasz No\u00e9mi: Ha a k\u00f6vek besz\u00e9lni tudn\u00e1nak... - Stuttgarti Katolikusok","type":"rich","width":600,"height":338,"html":"<blockquote class=\"wp-embedded-content\" data-secret=\"ElFTrY0E5e\"><a href=\"https:\/\/stuttgarti-katolikusok.de\/index.php\/kompasz-noemi-ha-a-kovek-beszelni-tudnanak\/\">Kompasz No\u00e9mi: Ha a k\u00f6vek besz\u00e9lni tudn\u00e1nak&#8230;<\/a><\/blockquote><iframe sandbox=\"allow-scripts\" security=\"restricted\" src=\"https:\/\/stuttgarti-katolikusok.de\/index.php\/kompasz-noemi-ha-a-kovek-beszelni-tudnanak\/embed\/#?secret=ElFTrY0E5e\" width=\"600\" height=\"338\" title=\"&#8220;Kompasz No\u00e9mi: Ha a k\u00f6vek besz\u00e9lni tudn\u00e1nak&#8230;&#8221; &#8212; Stuttgarti Katolikusok\" data-secret=\"ElFTrY0E5e\" frameborder=\"0\" marginwidth=\"0\" marginheight=\"0\" scrolling=\"no\" class=\"wp-embedded-content\"><\/iframe><script type=\"text\/javascript\">\n\/* <![CDATA[ *\/\n\/*! This file is auto-generated *\/\n!function(d,l){\"use strict\";l.querySelector&&d.addEventListener&&\"undefined\"!=typeof URL&&(d.wp=d.wp||{},d.wp.receiveEmbedMessage||(d.wp.receiveEmbedMessage=function(e){var t=e.data;if((t||t.secret||t.message||t.value)&&!\/[^a-zA-Z0-9]\/.test(t.secret)){for(var s,r,n,a=l.querySelectorAll('iframe[data-secret=\"'+t.secret+'\"]'),o=l.querySelectorAll('blockquote[data-secret=\"'+t.secret+'\"]'),c=new RegExp(\"^https?:$\",\"i\"),i=0;i<o.length;i++)o[i].style.display=\"none\";for(i=0;i<a.length;i++)s=a[i],e.source===s.contentWindow&&(s.removeAttribute(\"style\"),\"height\"===t.message?(1e3<(r=parseInt(t.value,10))?r=1e3:~~r<200&&(r=200),s.height=r):\"link\"===t.message&&(r=new URL(s.getAttribute(\"src\")),n=new URL(t.value),c.test(n.protocol))&&n.host===r.host&&l.activeElement===s&&(d.top.location.href=t.value))}},d.addEventListener(\"message\",d.wp.receiveEmbedMessage,!1),l.addEventListener(\"DOMContentLoaded\",function(){for(var e,t,s=l.querySelectorAll(\"iframe.wp-embedded-content\"),r=0;r<s.length;r++)(t=(e=s[r]).getAttribute(\"data-secret\"))||(t=Math.random().toString(36).substring(2,12),e.src+=\"#?secret=\"+t,e.setAttribute(\"data-secret\",t)),e.contentWindow.postMessage({message:\"ready\",secret:t},\"*\")},!1)))}(window,document);\n\/\/# sourceURL=https:\/\/stuttgarti-katolikusok.de\/wp-includes\/js\/wp-embed.min.js\n\/* ]]> *\/\n<\/script>\n","thumbnail_url":"https:\/\/stuttgarti-katolikusok.de\/wp-content\/uploads\/2020\/05\/rafael2.jpeg","thumbnail_width":1600,"thumbnail_height":1200,"description":"+! Kedves H\u00edveink! Rafael, akir\u0151l ez az \u00edr\u00e1s sz\u00f3l k\u00fcl\u00f6n\u00f6sen is hozz\u00e1m n\u0151tt. Ez csak term\u00e9szetes, hiszen sz\u00fcleit, No\u00e9mit \u00e9s Tam\u00e1st hossz\u00fa ideje ismerem. P\u00e9ntek est\u00e9nk\u00e9nt a szentmis\u00e9ken m\u00e1r seg\u00e9dkezik nekem, kiosztja a Hozsann\u00e1kat, mise v\u00e9g\u00e9n \u00f6sszegy\u0171jti. R\u00f6vid id\u0151re az olt\u00e1r mell\u00e9 is \u00e1ll. Terike n\u00e9ni, \u00c1gi \u00e9s sokak kedvence a weingarteni k\u00f6z\u00f6ss\u00e9gben. K\u00f6sz\u00f6n\u00f6m sz\u00e9pen No\u00e9mi \u00edr\u00e1s\u00e1t, amely bepillant\u00e1st enged abba, hogy is \u00e9ltek \u0151k \u00e9s k\u00e9sz\u00fcltek H\u00fasv\u00e9t \u00fcnnep\u00e9re ebben az esztend\u0151ben.\u00a0 Fogadj\u00e1tok szeretettel No\u00e9mi \u00edr\u00e1s\u00e1t! Tibor atya (a nyit\u00f3k\u00e9pen az utols\u00f3 vacsora \u00e1br\u00e1zol\u00e1sa) Ha a k\u00f6vek besz\u00e9lni tudn\u00e1nak&#8230; Aki legal\u00e1bb egy kicsit is ismer, tudja r\u00f3lam, hogy nem vagyok a szavak embere s nem szeretek a k\u00f6z\u00e9ppontban lenni. Most m\u00e9gis sz\u00edvesen teszek eleget a k\u00e9r\u00e9snek, hogy \u00edrjak arr\u00f3l, hogyan is \u00e9lj\u00fck mi meg a mostani megpr\u00f3b\u00e1ltat\u00e1sokkal teli id\u0151t, hogyan k\u00e9sz\u00fclt\u00fcnk H\u00fasv\u00e9t \u00fcnnep\u00e9re. El\u00f6lj\u00e1r\u00f3ban csup\u00e1n annyit r\u00f3lunk, hogy a k\u00e9t \u00e9s f\u00e9l \u00e9ves kisfiunkkal \u00e9l\u00fcnk mi \u00e9des h\u00e1rmasban Ravensburgban egy lak\u00e1sban. A f\u00e9rjem fogorvosk\u00e9nt dolgozik, \u00e9n jelenleg gyermeknevel\u00e9sen vagyok, \u00edgy h\u00e1t az id\u0151 legnagyobb r\u00e9sz\u00e9t itthon t\u00f6lt\u00f6m a gyermek\u00fcnkkel. Minden rendben zajlott addig, m\u00edg nem febru\u00e1r v\u00e9g\u00e9n egy f\u00fclgyullad\u00e1s miatt Rafael h\u00e1rom hetet kimaradt az \u00f3vod\u00e1b\u00f3l. Akkor m\u00e9g nem is sejtett\u00fck, hogy ut\u00e1na nemsok\u00e1ra azt a h\u00edrt kapjuk, hogy az \u00f3vod\u00e1kat is bez\u00e1rj\u00e1k a gyermekekre tekintettel, el\u0151vigy\u00e1zatoss\u00e1gb\u00f3l. Nem sok mindent \u00e9rtett\u00fcnk abb\u00f3l, ami a nagyvil\u00e1gban zajlott. \u00cdgy h\u00e1t begub\u00f3ztunk a mi kis lak\u00e1son bel\u00fcli vil\u00e1gunkba. Volt, hogy nagyon lassan teltek a napok, \u00f3r\u00e1k. Azt\u00e1n olyan is volt, amikor \u00e9szre sem vett\u00fck \u00e9s elszaladt egy h\u00e9t. Ha n\u00e9ha este f\u00e1radtan, inger\u00fclten roskadtam be az \u00e1gyba \u00e9s neh\u00e9znek \u00e9reztem mindent, a gyerek is cs\u00edntalan volt aznap, semmi id\u0151 nem jutott magamra, egy ifj\u00fas\u00e1gi \u00e9nek els\u0151 sora jutott eszembe: \u201eAhogy a felh\u0151k f\u00f6l\u00f6tt mindig s\u00fct a nap&#8230;\u201d K\u00e9rtem a J\u00f3istent, hogy adjon el\u00e9g t\u00fcrelmet, er\u0151t, rem\u00e9nyt, hogy meg\u00e9rtsem a felh\u0151s napok ut\u00e1n ism\u00e9t... R\u00e9szletek"}