{"version":"1.0","provider_name":"Stuttgarti Katolikusok","provider_url":"https:\/\/stuttgarti-katolikusok.de","title":"Kis-zar\u00e1ndoklat Bad Wimpfenbe - Stuttgarti Katolikusok","type":"rich","width":600,"height":338,"html":"<blockquote class=\"wp-embedded-content\" data-secret=\"TPAXGcoBa4\"><a href=\"https:\/\/stuttgarti-katolikusok.de\/index.php\/kis-zarandoklat-bad-wimpfen-be\/\">Kis-zar\u00e1ndoklat Bad Wimpfenbe<\/a><\/blockquote><iframe sandbox=\"allow-scripts\" security=\"restricted\" src=\"https:\/\/stuttgarti-katolikusok.de\/index.php\/kis-zarandoklat-bad-wimpfen-be\/embed\/#?secret=TPAXGcoBa4\" width=\"600\" height=\"338\" title=\"&#8220;Kis-zar\u00e1ndoklat Bad Wimpfenbe&#8221; &#8212; Stuttgarti Katolikusok\" data-secret=\"TPAXGcoBa4\" frameborder=\"0\" marginwidth=\"0\" marginheight=\"0\" scrolling=\"no\" class=\"wp-embedded-content\"><\/iframe><script type=\"text\/javascript\">\n\/* <![CDATA[ *\/\n\/*! This file is auto-generated *\/\n!function(d,l){\"use strict\";l.querySelector&&d.addEventListener&&\"undefined\"!=typeof URL&&(d.wp=d.wp||{},d.wp.receiveEmbedMessage||(d.wp.receiveEmbedMessage=function(e){var t=e.data;if((t||t.secret||t.message||t.value)&&!\/[^a-zA-Z0-9]\/.test(t.secret)){for(var s,r,n,a=l.querySelectorAll('iframe[data-secret=\"'+t.secret+'\"]'),o=l.querySelectorAll('blockquote[data-secret=\"'+t.secret+'\"]'),c=new RegExp(\"^https?:$\",\"i\"),i=0;i<o.length;i++)o[i].style.display=\"none\";for(i=0;i<a.length;i++)s=a[i],e.source===s.contentWindow&&(s.removeAttribute(\"style\"),\"height\"===t.message?(1e3<(r=parseInt(t.value,10))?r=1e3:~~r<200&&(r=200),s.height=r):\"link\"===t.message&&(r=new URL(s.getAttribute(\"src\")),n=new URL(t.value),c.test(n.protocol))&&n.host===r.host&&l.activeElement===s&&(d.top.location.href=t.value))}},d.addEventListener(\"message\",d.wp.receiveEmbedMessage,!1),l.addEventListener(\"DOMContentLoaded\",function(){for(var e,t,s=l.querySelectorAll(\"iframe.wp-embedded-content\"),r=0;r<s.length;r++)(t=(e=s[r]).getAttribute(\"data-secret\"))||(t=Math.random().toString(36).substring(2,12),e.src+=\"#?secret=\"+t,e.setAttribute(\"data-secret\",t)),e.contentWindow.postMessage({message:\"ready\",secret:t},\"*\")},!1)))}(window,document);\n\/\/# sourceURL=https:\/\/stuttgarti-katolikusok.de\/wp-includes\/js\/wp-embed.min.js\n\/* ]]> *\/\n<\/script>\n","thumbnail_url":"https:\/\/stuttgarti-katolikusok.de\/wp-content\/uploads\/2023\/07\/bad-wimpfen-st-peter.jpg","thumbnail_width":1000,"thumbnail_height":741,"description":"Kedves H\u00edveink \u00e9s Bar\u00e1taink! Egyh\u00e1zk\u00f6zs\u00e9g\u00fcnk hagyom\u00e1nyos m\u00f3don minden \u00e9veben, j\u00faliusban, kis-zar\u00e1ndoklatot szervez Baden-W\u00fcrttemberg egyik nevezetes zar\u00e1ndokhely\u00e9re. Ez alkalommal Bad Wimpfen-be zar\u00e1ndokolunk el. Id\u0151pont: 2023. j\u00falius 23-a, vas\u00e1rnap. Program: 10:00 \u00f3rakor szentmise a St. Peter Ritterstiftskirche-ben 11:00 \u00f3rakor vezet\u00e9s a templomban \u00e9s a kolostorban 12:00 \u00f3r\u00e1t\u00f3l s\u00e9ta az \u00f3v\u00e1rosban \u00e9s eb\u00e9d, majd vissza\u00fat Amit \u00e9rdemes tudnunk zar\u00e1ndokhely\u00fcnkr\u0151l: Bad Wimpfen l\u00e9gvonalban 10 km t\u00e1vols\u00e1gra van Heilbronn-t\u00f3l Baden-W\u00fcrttemberg tartom\u00e1nyban. A Neckar partj\u00e1n fekv\u0151 v\u00e1rost el\u0151sz\u00f6r kelt\u00e1k lakt\u00e1k, majd 98 k\u00f6r\u00fcl Domitianus cs\u00e1sz\u00e1r elfoglalta a ter\u00fcletet. I. Ott\u00f3 n\u00e9met-r\u00f3mai cs\u00e1sz\u00e1r (936 &#8211; 962) \u00e9p\u00edtette ki a v\u00e1ros piacter\u00e9t. Barbarossa Frigyes (1147 1152) \u00e9p\u00edtette a cs\u00e1sz\u00e1ri palot\u00e1t (Staufer Platz Wimpfen), ami a legnagyobb cs\u00e1sz\u00e1ri palota az Alpokt\u00f3l \u00e9szakra. Az 58 m magas k\u00e9k torony a v\u00e1ros jelk\u00e9pe. A kereszt\u00e9ny vall\u00e1s Kr. u. 500-ban \u00e9rte el a Neckar v\u00f6lgy\u00e9t. A St. Peter ap\u00e1ts\u00e1gi templom a 600-as \u00e9vekben lett fel\u00e9p\u00edtve, majd XIII. sz\u00e1zadban Richard Deidesheim vezet\u00e9se \u00e1ltal helyre\u00e1ll\u00edtott\u00e1k az ap\u00e1ts\u00e1gi templomot, az akkori g\u00f3tikus st\u00edlusban. Ezzel egy id\u0151ben domonkos kolostort is alap\u00edtottak a v\u00e1rosban. Az ap\u00e1ts\u00e1gi templom a templom\u00e9p\u00edt\u00e9szet egyik mesterm\u0171ve. V\u00e1rjuk azok jelentkez\u00e9s\u00e9t irod\u00e1nkon , akik szeretn\u00e9nek r\u00e9szt venni e zar\u00e1ndoklaton. Erre az\u00e9rt van sz\u00fcks\u00e9g\u00fcnk, hogy tudjuk, h\u00e1nyan vesz\u00fcnk r\u00e9szt. Ezt k\u00f6vet\u0151en pedig igyeksz\u00fcnk megszervezni az utaz\u00e1st. Lehet\u0151s\u00e9gek: vonattal, szem\u00e9lyg\u00e9pkocsikkal, illetve kisbuszokkal a helyi k\u00f6z\u00f6ss\u00e9gek szervez\u00e9s\u00e9ben. C\u00edm: 74206 Bad Wimpfen, Lindenplatz 8 St. Peter Ritterstiftskirche A vas\u00fat\u00e1llom\u00e1son van parkol\u00e1si lehet\u0151s\u00e9g szem\u00e9lyg\u00e9pkocsiknak (Parkplatz Bahnhof, Parkplatz, Carl-Ulrich-Stra\u00dfe 1, 74206 Bad Wimpfen). Innen gyalog lehet megtenni a mintegy 1 km-es t\u00e1vols\u00e1got. Parkplatz Bahhnhof B\u00edzom kedves H\u00edveim \u00e9s Bar\u00e1taim lelem\u00e9nyess\u00e9g\u00e9ben, amely lehet\u0151s\u00e9get k\u00edn\u00e1l abban, hogy helyi szinten megsz\u00f3l\u00edtsuk egym\u00e1st \u00e9s eljussunk a zar\u00e1ndokhelyre. Mindez csak rajtunk m\u00falik! Bar\u00e1ts\u00e1ggal, Merl\u00e1s Tibor, pl\u00e9b\u00e1nos \u00e9s\u00a0D\u00e1vid Melinda, titk\u00e1rn\u0151 (K\u00e9p forr\u00e1sa: Wikip\u00e9dia)"}