{"version":"1.0","provider_name":"Stuttgarti Katolikusok","provider_url":"https:\/\/stuttgarti-katolikusok.de","title":"Kik is vagyunk? - Stuttgarti Katolikusok","type":"rich","width":600,"height":338,"html":"<blockquote class=\"wp-embedded-content\" data-secret=\"IEux0iwWw1\"><a href=\"https:\/\/stuttgarti-katolikusok.de\/index.php\/kik-is-vagyunk\/\">Kik is vagyunk?<\/a><\/blockquote><iframe sandbox=\"allow-scripts\" security=\"restricted\" src=\"https:\/\/stuttgarti-katolikusok.de\/index.php\/kik-is-vagyunk\/embed\/#?secret=IEux0iwWw1\" width=\"600\" height=\"338\" title=\"&#8220;Kik is vagyunk?&#8221; &#8212; Stuttgarti Katolikusok\" data-secret=\"IEux0iwWw1\" frameborder=\"0\" marginwidth=\"0\" marginheight=\"0\" scrolling=\"no\" class=\"wp-embedded-content\"><\/iframe><script type=\"text\/javascript\">\n\/* <![CDATA[ *\/\n\/*! This file is auto-generated *\/\n!function(d,l){\"use strict\";l.querySelector&&d.addEventListener&&\"undefined\"!=typeof URL&&(d.wp=d.wp||{},d.wp.receiveEmbedMessage||(d.wp.receiveEmbedMessage=function(e){var t=e.data;if((t||t.secret||t.message||t.value)&&!\/[^a-zA-Z0-9]\/.test(t.secret)){for(var s,r,n,a=l.querySelectorAll('iframe[data-secret=\"'+t.secret+'\"]'),o=l.querySelectorAll('blockquote[data-secret=\"'+t.secret+'\"]'),c=new RegExp(\"^https?:$\",\"i\"),i=0;i<o.length;i++)o[i].style.display=\"none\";for(i=0;i<a.length;i++)s=a[i],e.source===s.contentWindow&&(s.removeAttribute(\"style\"),\"height\"===t.message?(1e3<(r=parseInt(t.value,10))?r=1e3:~~r<200&&(r=200),s.height=r):\"link\"===t.message&&(r=new URL(s.getAttribute(\"src\")),n=new URL(t.value),c.test(n.protocol))&&n.host===r.host&&l.activeElement===s&&(d.top.location.href=t.value))}},d.addEventListener(\"message\",d.wp.receiveEmbedMessage,!1),l.addEventListener(\"DOMContentLoaded\",function(){for(var e,t,s=l.querySelectorAll(\"iframe.wp-embedded-content\"),r=0;r<s.length;r++)(t=(e=s[r]).getAttribute(\"data-secret\"))||(t=Math.random().toString(36).substring(2,12),e.src+=\"#?secret=\"+t,e.setAttribute(\"data-secret\",t)),e.contentWindow.postMessage({message:\"ready\",secret:t},\"*\")},!1)))}(window,document);\n\/\/# sourceURL=https:\/\/stuttgarti-katolikusok.de\/wp-includes\/js\/wp-embed.min.js\n\/* ]]> *\/\n<\/script>\n","description":"Ahogyan \u00edgy visszan\u00e9zek az els\u0151 f\u00e9l\u00e9vi programokra, h\u00e1t bizony mozgalmas id\u0151szak volt. Egyeseknek tal\u00e1n m\u00e9g t\u00fal mozgalmas is. Szinte minden vas\u00e1rnap tal\u00e1lkoztunk a templomban. Kezd\u0151d\u00f6tt janu\u00e1rban V\u00edzkeresztkor, azt\u00e1n k\u00f6vetkezett a Gyertyaszentel\u0151, majd a Stuttgarti Csendes Napok, azt\u00e1n H\u00fasv\u00e9t, J\u00f3t\u00e9konys\u00e1gi Baz\u00e1r, Any\u00e1k Napi koncert, Magyar \u00d6sszefog\u00e1s Vas\u00e1rnapja, Csal\u00e1di Nap, Nagy- \u00e9s Kis-zar\u00e1ndoklat, \u00e9s m\u00e9g sorolhatn\u00e1m napestig. Nem is besz\u00e9lve arr\u00f3l, hogy p\u00e9ntek est\u00e9nk\u00e9nt r\u00f3zsaf\u0171z\u00e9r\u00e1jtatoss\u00e1g, P\u00e9nteki Egyetem, Ima- \u00e9s Bibliak\u00f6r, Bar\u00e1ts\u00e1g- \u00e9s Sportklub&#8230; &nbsp; Megvallom \u0151szint\u00e9n, nekem a vas\u00e1rnapi tal\u00e1lkoz\u00e1sok tetszenek a legjobban. Nemcsak az\u00e9rt, mert rengeteg ismer\u0151ssel tal\u00e1lkozhatom \u00e9s besz\u00e9lgethetek \u00fajra, de az\u00e9rt is, mert ezek a szentmis\u00e9k \u00e9s ut\u00e1na az \u00e1g\u00e1p\u00e9k egyre m\u00e9lyebben tudatos\u00edtj\u00e1k bennem: egy\u00fcv\u00e9 tartozunk! Mi vagyunk a Szent Gell\u00e9rt Katolikus Magyar Egyh\u00e1zk\u00f6zs\u00e9g tagjai. K\u00f6z\u00f6ss\u00e9g\u00fcnk \u00f6regb\u0151l \u00e9s fiatalb\u00f3l, f\u00e9rfib\u00f3l \u00e9s n\u0151b\u0151l, feln\u0151ttb\u0151l \u00e9s gyermekb\u0151l, elk\u00f6telezettb\u0151l \u00e9s t\u00e1vols\u00e1gtart\u00f3b\u00f3l, laikusb\u00f3l \u00e9s papokb\u00f3l \u00e1ll. Odahaza egy pl\u00e9b\u00e1nia (pl. egy budapesti vagy egy cs\u00edkszeredai) t\u00f6bbsz\u00f6r\u00f6sen meghaladja a sz\u00e1munkat. De m\u00e9gis: mi is r\u00e9sze vagyunk a vil\u00e1gegyh\u00e1znak. Ha csak egy apr\u00f3 kis k\u00f6vecske vagyunk a nagy mozaikk\u00e9pben, ha csak egy jelent\u00e9ktelen kis sz\u00ednfolt a gy\u00f6ny\u00f6r\u0171 sz\u0151nyegen, ha csak egy apr\u00f3 kis \u00e1gacska a Vil\u00e1gegyh\u00e1z nagy f\u00e1j\u00e1n, de m\u00e9gis annak alkot\u00f3 r\u00e9sze vagyunk! &nbsp; Igen, ebben a kis, apr\u00f3, eleny\u00e9sz\u0151 r\u00e9szben jelen van a nagy Eg\u00e9sz. Itt, k\u00f6zt\u00fcnk, benn\u00fcnk jelen van a nagy Egyh\u00e1z. Itt, k\u00f6zt\u00fcnk jelen van Isten Szava, itt is megt\u00f6retik J\u00e9zus Teste, itt is egym\u00e1snak ny\u00fajtjuk V\u00e9r\u00e9nek Kelyh\u00e9t. Itt, k\u00f6zt\u00fcnk \u00e9s \u00e1ltalunk folytatja J\u00e9zus \u00fcdv\u00f6ss\u00e9gszerz\u0151 \u00e9s megszentel\u0151 m\u0171v\u00e9t. Mi vagyunk a helyi Egyh\u00e1z! Mi vagyunk a Stuttgarti Magyar Katolikus Egyh\u00e1z! &nbsp; De l\u00e1ssuk, hogy mi is az Egyh\u00e1z? Most nem a nagy teol\u00f3giai \u00e9s dogmatikai meghat\u00e1roz\u00e1sokra gondolok, hanem azokra a v\u00e1laszokra, amelyeket az evang\u00e9liumban tal\u00e1lunk. Helyesebben nem is annyira szavakra, mint ink\u00e1bb k\u00e9pekre, amelyek egym\u00e1st k\u00f6lcs\u00f6n\u00f6sen kieg\u00e9sz\u00edtik. Most h\u00e1rom jut eszembe, l\u00e1ssuk ezeket! &nbsp; Az Egyh\u00e1z \u2013 mondja az evang\u00e9lium \u2013... R\u00e9szletek"}