{"version":"1.0","provider_name":"Stuttgarti Katolikusok","provider_url":"https:\/\/stuttgarti-katolikusok.de","title":"Keresztel\u0151 Szent J\u00e1nos sz\u00fclet\u00e9se - Stuttgarti Katolikusok","type":"rich","width":600,"height":338,"html":"<blockquote class=\"wp-embedded-content\" data-secret=\"G1WckTW5LT\"><a href=\"https:\/\/stuttgarti-katolikusok.de\/index.php\/keresztelo-szent-janos-szuletese\/\">Keresztel\u0151 Szent J\u00e1nos sz\u00fclet\u00e9se<\/a><\/blockquote><iframe sandbox=\"allow-scripts\" security=\"restricted\" src=\"https:\/\/stuttgarti-katolikusok.de\/index.php\/keresztelo-szent-janos-szuletese\/embed\/#?secret=G1WckTW5LT\" width=\"600\" height=\"338\" title=\"&#8220;Keresztel\u0151 Szent J\u00e1nos sz\u00fclet\u00e9se&#8221; &#8212; Stuttgarti Katolikusok\" data-secret=\"G1WckTW5LT\" frameborder=\"0\" marginwidth=\"0\" marginheight=\"0\" scrolling=\"no\" class=\"wp-embedded-content\"><\/iframe><script type=\"text\/javascript\">\n\/* <![CDATA[ *\/\n\/*! This file is auto-generated *\/\n!function(d,l){\"use strict\";l.querySelector&&d.addEventListener&&\"undefined\"!=typeof URL&&(d.wp=d.wp||{},d.wp.receiveEmbedMessage||(d.wp.receiveEmbedMessage=function(e){var t=e.data;if((t||t.secret||t.message||t.value)&&!\/[^a-zA-Z0-9]\/.test(t.secret)){for(var s,r,n,a=l.querySelectorAll('iframe[data-secret=\"'+t.secret+'\"]'),o=l.querySelectorAll('blockquote[data-secret=\"'+t.secret+'\"]'),c=new RegExp(\"^https?:$\",\"i\"),i=0;i<o.length;i++)o[i].style.display=\"none\";for(i=0;i<a.length;i++)s=a[i],e.source===s.contentWindow&&(s.removeAttribute(\"style\"),\"height\"===t.message?(1e3<(r=parseInt(t.value,10))?r=1e3:~~r<200&&(r=200),s.height=r):\"link\"===t.message&&(r=new URL(s.getAttribute(\"src\")),n=new URL(t.value),c.test(n.protocol))&&n.host===r.host&&l.activeElement===s&&(d.top.location.href=t.value))}},d.addEventListener(\"message\",d.wp.receiveEmbedMessage,!1),l.addEventListener(\"DOMContentLoaded\",function(){for(var e,t,s=l.querySelectorAll(\"iframe.wp-embedded-content\"),r=0;r<s.length;r++)(t=(e=s[r]).getAttribute(\"data-secret\"))||(t=Math.random().toString(36).substring(2,12),e.src+=\"#?secret=\"+t,e.setAttribute(\"data-secret\",t)),e.contentWindow.postMessage({message:\"ready\",secret:t},\"*\")},!1)))}(window,document);\n\/\/# sourceURL=https:\/\/stuttgarti-katolikusok.de\/wp-includes\/js\/wp-embed.min.js\n\/* ]]> *\/\n<\/script>\n","description":"2018. J\u00daNIUS 24. KERESZTEL\u0150 SZENT J\u00c1NOS SZ\u00dcLET\u00c9SE Ma \u00fcnnepelj\u00fck ezt a sz\u00e9p napot. A legszentebb Istenanya ut\u00e1n mindj\u00e1rt Keresztel\u0151 Szent J\u00e1nos\u00e9 az els\u0151 hely a vil\u00e1g megv\u00e1lt\u00e1s\u00e1nak t\u00f6rt\u00e9net\u00e9ben. Az \u0151 nagys\u00e1ga az Istenember visszavert f\u00e9nye, mert k\u00f6zvetlen\u00fcl el\u0151tte j\u00e1rt, \u00e9s az utat k\u00e9sz\u00edtette sz\u00e1m\u00e1ra. Sz\u00fclet\u00e9s\u00e9t angyal hirdette, \u00e9s Krisztus m\u00e1r anyja m\u00e9h\u00e9ben megszentelte J\u00e1nost \u00e1ldott l\u00e1togat\u00e1s\u00e1val. B\u0171nb\u00e1natot hirdet, s az a m\u00e9lt\u00f3s\u00e1g \u00e9ri, hogy \u0151 mutatja be Krisztust a vil\u00e1gnak: \u00cdme, az Isten B\u00e1r\u00e1nya! M\u00edg a t\u00f6bbi szentnek csak hal\u00e1la (vagyis mennyei sz\u00fclet\u00e9se) napj\u00e1t \u00fcnnepelj\u00fck, J\u00e1nosnak f\u00f6ldi sz\u00fclet\u00e9snapj\u00e1t is teljes liturgikus f\u00e9nnyel \u00fclj\u00fck, \u00e9pp\u00fagy, mint a Megv\u00e1lt\u00f3\u00e9t \u00e9s M\u00e1ri\u00e1\u00e9t. \u00dcnnep\u00e9n sokfel\u00e9 t\u00fczet gy\u00fajtanak, minthogy maga Krisztus mondta r\u00f3la: J\u00e1nos vil\u00e1g\u00edt\u00f3 f\u00e1klya volt. Olvasm\u00e1ny: Iz 49, 1-6 V\u00e1laszos zsolt\u00e1r: 138, 1\u20133. 13\u201314b. 14c\u201315 V\u00e1lasz: H\u00e1l\u00e1t adok neked, * hogy oly csod\u00e1san Alkott\u00e1l! Szentlecke: ApCsel 13, 22\u2013 26 Evang\u00e9lium: Lk 1, 53\u201366. 80 KERESZTEL\u0150 SZENT J\u00c1NOS Amikor egy szentet \u00fcnnepl\u00fcnk, a hal\u00e1la napj\u00e1r\u00f3l szoktunk megeml\u00e9kezni. Ugyanis a hal\u00e1l napja, az illet\u0151 szent megdics\u0151\u00fcl\u00e9s\u00e9nek az \u00fcnnepe, a mennyorsz\u00e1gi \u00f6r\u00f6k \u00e9let kezdete. Keresztel\u0151 J\u00e1nossal kiv\u00e9telt tesz az Egyh\u00e1z. Az \u0151 nagys\u00e1g\u00e1t az is kiemeli, hogy nem csak a v\u00e9rtan\u00fas\u00e1ga napj\u00e1t, hanem a sz\u00fclet\u00e9s\u00e9t is meg\u00fcnnepelj\u00fck. A szentek \u00e9let\u00e9r\u0151l k\u00f6nyveket szoktak \u00edrni, t\u00f6rt\u00e9neteket, legend\u00e1kat mes\u00e9lnek el. Keresztel\u0151 J\u00e1nosr\u00f3l a K\u00f6nyvek K\u00f6nyve, a Szent\u00edr\u00e1s eml\u00e9kezik meg, \u00e9s az \u00dar J\u00e9zus el\u0151fut\u00e1rak\u00e9nt mutatja be. Legf\u0151bb jellemvon\u00e1sak\u00e9nt ezt emelhetj\u00fck ki, hogy \u00e9let\u00e9nek minden mozzanata az \u00dar J\u00e9zusra mutat. Keresztel\u0151 J\u00e1nos sz\u00fclet\u00e9s\u00e9nek h\u00edr\u00e9re \u00f6sszegy\u0171ltek a rokonok, szomsz\u00e9dok. Az \u0151 \u00fcnnep\u00e9n hasonl\u00f3k\u00e9ppen gy\u0171l\u00fcnk \u00f6ssze mi is a szentmis\u00e9re, hogy tanuljunk t\u0151le. Nagyon sz\u00e9pen alkalmazhat\u00f3 r\u00e1 Izai\u00e1s pr\u00f3f\u00e9ta szava, az \u00d3sz\u00f6vets\u00e9gi olvasm\u00e1nyb\u00f3l, amelyet a pr\u00f3f\u00e9tai hivat\u00e1sr\u00f3l mond: \u201eAz \u00dar h\u00edvott meg, miel\u0151tt m\u00e9g megsz\u00fclettem; any\u00e1m m\u00e9h\u00e9t\u0151l fogva eml\u00e9kezet\u00e9ben \u00e9l nevem\u2026 A nemzetek vil\u00e1goss\u00e1g\u00e1v\u00e1 teszlek, hogy \u00fcdv\u00f6ss\u00e9gem eljusson a f\u00f6ld hat\u00e1r\u00e1ig.\u201d Mindezek olyan pr\u00f3f\u00e9tai szavak, amelyek Keresztel\u0151 J\u00e1nosban beteljesedtek. Amikor megsz\u00fcletett, a... R\u00e9szletek"}