{"version":"1.0","provider_name":"Stuttgarti Katolikusok","provider_url":"https:\/\/stuttgarti-katolikusok.de","title":"Kelj\u00fcnk \u00fajra egy\u00fctt \u00fatra! - Stuttgarti Katolikusok","type":"rich","width":600,"height":338,"html":"<blockquote class=\"wp-embedded-content\" data-secret=\"5COvzN2cAx\"><a href=\"https:\/\/stuttgarti-katolikusok.de\/index.php\/keljunk-ujra-egyutt-utra\/\">Kelj\u00fcnk \u00fajra egy\u00fctt \u00fatra!<\/a><\/blockquote><iframe sandbox=\"allow-scripts\" security=\"restricted\" src=\"https:\/\/stuttgarti-katolikusok.de\/index.php\/keljunk-ujra-egyutt-utra\/embed\/#?secret=5COvzN2cAx\" width=\"600\" height=\"338\" title=\"&#8220;Kelj\u00fcnk \u00fajra egy\u00fctt \u00fatra!&#8221; &#8212; Stuttgarti Katolikusok\" data-secret=\"5COvzN2cAx\" frameborder=\"0\" marginwidth=\"0\" marginheight=\"0\" scrolling=\"no\" class=\"wp-embedded-content\"><\/iframe><script type=\"text\/javascript\">\n\/* <![CDATA[ *\/\n\/*! This file is auto-generated *\/\n!function(d,l){\"use strict\";l.querySelector&&d.addEventListener&&\"undefined\"!=typeof URL&&(d.wp=d.wp||{},d.wp.receiveEmbedMessage||(d.wp.receiveEmbedMessage=function(e){var t=e.data;if((t||t.secret||t.message||t.value)&&!\/[^a-zA-Z0-9]\/.test(t.secret)){for(var s,r,n,a=l.querySelectorAll('iframe[data-secret=\"'+t.secret+'\"]'),o=l.querySelectorAll('blockquote[data-secret=\"'+t.secret+'\"]'),c=new RegExp(\"^https?:$\",\"i\"),i=0;i<o.length;i++)o[i].style.display=\"none\";for(i=0;i<a.length;i++)s=a[i],e.source===s.contentWindow&&(s.removeAttribute(\"style\"),\"height\"===t.message?(1e3<(r=parseInt(t.value,10))?r=1e3:~~r<200&&(r=200),s.height=r):\"link\"===t.message&&(r=new URL(s.getAttribute(\"src\")),n=new URL(t.value),c.test(n.protocol))&&n.host===r.host&&l.activeElement===s&&(d.top.location.href=t.value))}},d.addEventListener(\"message\",d.wp.receiveEmbedMessage,!1),l.addEventListener(\"DOMContentLoaded\",function(){for(var e,t,s=l.querySelectorAll(\"iframe.wp-embedded-content\"),r=0;r<s.length;r++)(t=(e=s[r]).getAttribute(\"data-secret\"))||(t=Math.random().toString(36).substring(2,12),e.src+=\"#?secret=\"+t,e.setAttribute(\"data-secret\",t)),e.contentWindow.postMessage({message:\"ready\",secret:t},\"*\")},!1)))}(window,document);\n\/\/# sourceURL=https:\/\/stuttgarti-katolikusok.de\/wp-includes\/js\/wp-embed.min.js\n\/* ]]> *\/\n<\/script>\n","description":"Kelj\u00fcnk \u00fajra egy\u00fctt \u00fatra! H\u00e1rom esztend\u0151 ut\u00e1n Isten ism\u00e9t megadta nekem azt a lehet\u0151s\u00e9get, hogy \u2013 r\u00e9gi szenved\u00e9lyemnek h\u00f3dolva \u2013 egy hosszabb biciklit\u00far\u00e1ra keljek. Ezek a t\u00far\u00e1k nem csak felejthetetlen k\u00e1pl\u00e1n\u00e9veimre eml\u00e9keztetnek, amikor nem egyszer t\u00f6bb tucat fiatalt\u00f3l k\u00eds\u00e9rve biciklivel j\u00e1rtam a messze es\u0151 fili\u00e1kat. Hanem id\u0151k\u00f6zben l\u00e9tsz\u00fcks\u00e9gletemm\u00e9 v\u00e1ltak, mert mik\u00f6zben tekerem a kilom\u00e9tereket, f\u00e1rad ugyan a testem, de parttalann\u00e1 t\u00e1gul a lelkem, \u00e9s mindig kiv\u00e1ncsi szellememmel ezer \u00e9s ezer \u00faj, soha nem l\u00e1tott arculat\u00e1t fedezem fel az \u00fat sor\u00e1n el\u00e9m t\u00e1rul\u00f3 vil\u00e1gnak. Az id\u00e9n a Neckar \u00e9s a Rajna-mente volt soron. Indul\u00e1s el\u0151tt bar\u00e1tommal el\u0151bb j\u00f3l \u00e1ttanulm\u00e1nyoztuk a t\u00e9rk\u00e9pet \u00e9s minden sz\u00fcks\u00e9ges tudnival\u00f3t a fej\u00fcnkbe v\u00e9st\u00fcnk, hogy a kit\u0171z\u00f6tt utic\u00e9ljainkat sorra el\u00e9rhess\u00fck. Ut\u00e1na minden \u2013 kev\u00e9s \u2013 c\u00f3km\u00f3kunkat bepakoltuk, hogy a legsz\u00fcks\u00e9gesebb ruh\u00e1zattal \u00e9s \u00e9lelemmel el legy\u00fcnk l\u00e1tva. V\u00e9g\u00fcl ellen\u0151rizt\u00fck a j\u00e1rg\u00e1nyainkat, hogy b\u00edrj\u00e1k a hossz\u00fa utat. Azt\u00e1n \u00fatra kelt\u00fcnk&#8230; Az ember \u00e1ltal\u00e1ban az\u00e9rt kel \u00fatra, hogy vil\u00e1got l\u00e1sson. M\u00e1s v\u00e1rosokat, m\u00e1s falvakat, m\u00e1s vid\u00e9keket, m\u00e1s term\u00e9szeti sz\u00e9ps\u00e9geket, mint amikkel nap, mint nap k\u00f6rbe van v\u00e9ve&#8230; Ugyanakkor tal\u00e1n nem is tudja, hogy ez az \u00fatra k\u00e9sztet\u0151 nyugtalans\u00e1g egy m\u00e1sik vil\u00e1g szir\u00e9nhangja a lelk\u00e9ben, amely \u0151t arra k\u00e9szteti, hogy \u00e9let\u00e9nek \u00e9rtelm\u00e9t keresse \u00e9s bel\u00fcl \u00e9get\u0151 k\u00e9rd\u00e9seire v\u00e1laszt tal\u00e1ljon. \u00datrakel\u00e9s\u00e9vel bels\u0151 nyugtalans\u00e1g\u00e1ra keres megnyugv\u00e1st. Andrea Schwarz \u00edr\u00f3n\u0151 szavaival: \u201eHa a l\u00e9lek keres \u00e9s az \u00e9rtelem k\u00e9rdez, akkor sz\u00e1rnyra k\u00e9l a sz\u00edv, \u00e9s\u00a0 \u00fatnak indul az ember&#8230;\u201d \u00c9s mik\u00f6zben vil\u00e1got l\u00e1t, lelk\u00e9ben minden sz\u00e9pen, lassan elrendez\u0151dik&#8230; Az ember az\u00e9rt is kel \u00fatra, hogy \u00faj tapasztalatokra tegyen szert. M\u00e1s \u00e9lm\u00e9nyek, m\u00e1s helyzetek, m\u00e1s k\u00f6r\u00fclm\u00e9nyek, m\u00e1s kih\u00edv\u00e1sok el\u00e9 siet. Van, amelyikt\u0151l lelke t\u00falcsordul az \u00f6r\u00f6mt\u0151l, de van olyan is, amely megr\u00e1z\u00f3, kellemetlen&#8230; Viszont, \u00e9s milyen csod\u00e1latos, mindegyik \u00e9lm\u00e9ny gazdag\u00edtja tapasztalat\u00e1t, t\u00e1g\u00edtja horizontj\u00e1t! \u00c9s mik\u00f6zben az ember elhagyja megszokott k\u00f6rnyezet\u00e9t, amely neki biztons\u00e1got \u00e9s v\u00e9delmet ny\u00fajt, kev\u00e9s elem\u00f3zsi\u00e1val \u00e9s csomaggal \u00fatra k\u00e9l, megtapasztalja azt is,... R\u00e9szletek"}