{"version":"1.0","provider_name":"Stuttgarti Katolikusok","provider_url":"https:\/\/stuttgarti-katolikusok.de","title":"J\u00fanius 15 \u00e9s 21 k\u00f6z\u00f6tt - Stuttgarti Katolikusok","type":"rich","width":600,"height":338,"html":"<blockquote class=\"wp-embedded-content\" data-secret=\"O5i4HmLdxM\"><a href=\"https:\/\/stuttgarti-katolikusok.de\/index.php\/junius-15-es-21-kozott\/\">J\u00fanius 15 \u00e9s 21 k\u00f6z\u00f6tt<\/a><\/blockquote><iframe sandbox=\"allow-scripts\" security=\"restricted\" src=\"https:\/\/stuttgarti-katolikusok.de\/index.php\/junius-15-es-21-kozott\/embed\/#?secret=O5i4HmLdxM\" width=\"600\" height=\"338\" title=\"&#8220;J\u00fanius 15 \u00e9s 21 k\u00f6z\u00f6tt&#8221; &#8212; Stuttgarti Katolikusok\" data-secret=\"O5i4HmLdxM\" frameborder=\"0\" marginwidth=\"0\" marginheight=\"0\" scrolling=\"no\" class=\"wp-embedded-content\"><\/iframe><script type=\"text\/javascript\">\n\/* <![CDATA[ *\/\n\/*! This file is auto-generated *\/\n!function(d,l){\"use strict\";l.querySelector&&d.addEventListener&&\"undefined\"!=typeof URL&&(d.wp=d.wp||{},d.wp.receiveEmbedMessage||(d.wp.receiveEmbedMessage=function(e){var t=e.data;if((t||t.secret||t.message||t.value)&&!\/[^a-zA-Z0-9]\/.test(t.secret)){for(var s,r,n,a=l.querySelectorAll('iframe[data-secret=\"'+t.secret+'\"]'),o=l.querySelectorAll('blockquote[data-secret=\"'+t.secret+'\"]'),c=new RegExp(\"^https?:$\",\"i\"),i=0;i<o.length;i++)o[i].style.display=\"none\";for(i=0;i<a.length;i++)s=a[i],e.source===s.contentWindow&&(s.removeAttribute(\"style\"),\"height\"===t.message?(1e3<(r=parseInt(t.value,10))?r=1e3:~~r<200&&(r=200),s.height=r):\"link\"===t.message&&(r=new URL(s.getAttribute(\"src\")),n=new URL(t.value),c.test(n.protocol))&&n.host===r.host&&l.activeElement===s&&(d.top.location.href=t.value))}},d.addEventListener(\"message\",d.wp.receiveEmbedMessage,!1),l.addEventListener(\"DOMContentLoaded\",function(){for(var e,t,s=l.querySelectorAll(\"iframe.wp-embedded-content\"),r=0;r<s.length;r++)(t=(e=s[r]).getAttribute(\"data-secret\"))||(t=Math.random().toString(36).substring(2,12),e.src+=\"#?secret=\"+t,e.setAttribute(\"data-secret\",t)),e.contentWindow.postMessage({message:\"ready\",secret:t},\"*\")},!1)))}(window,document);\n\/\/# sourceURL=https:\/\/stuttgarti-katolikusok.de\/wp-includes\/js\/wp-embed.min.js\n\/* ]]> *\/\n<\/script>\n","thumbnail_url":"https:\/\/stuttgarti-katolikusok.de\/wp-content\/uploads\/2020\/06\/csakmertadolgok.jpg","thumbnail_width":1080,"thumbnail_height":1080,"description":"Programel\u0151zetes \u00a0 A jelenlegi egyh\u00e1zi rendelkez\u00e9sek \u00e9rtelm\u00e9ben a szentmise ut\u00e1ni \u00e1g\u00e1p\u00e9 valamint egy\u00e9b rendezv\u00e9nyek elmaradnak! Csak a szentmis\u00e9ket tarthatjuk meg! Ne feledj\u00e9tek: minden szentmis\u00e9re BE KELL JELENTKEZNETEK az Egyh\u00e1zk\u00f6zs\u00e9g Irod\u00e1j\u00e1n! &nbsp; J\u00fanius 17-\u00e9n, szerd\u00e1n, Stuttgartban 10.15 \u00f3rakor n\u00e9metnyelv\u0171 szentmise. * J\u00fanius 18-\u00e1n, cs\u00fct\u00f6rt\u00f6k\u00f6n, Ulmi d\u00e9lut\u00e1n, 18.00 \u00f3rakor szentmise. * J\u00fanius 19-\u00e9n, p\u00e9nteken, Stuttgartban 18.00 \u00f3rakor J\u00e9zus-Sz\u00edve-\u00e1jtatoss\u00e1g, ut\u00e1na szentmise. 19.00 \u00f3r\u00e1t\u00f3l Bibliak\u00f6r. Weingarteni d\u00e9lut\u00e1n, a Nothelfer Kapelle-ben 18.00 \u00f3rakor r\u00f3zsaf\u00fcz\u00e9r im\u00e1ds\u00e1g, ut\u00e1na szentmise. * J\u00fanius 21-\u00e9n, \u00e9vk\u00f6zi 12. vas\u00e1rnap, Ludwigsburgban Szent L\u00e1szl\u00f3 kir\u00e1ly \u00fcnnepe: templomb\u00facs\u00fa. 9.30 \u00f3rakor szentmise. Stuttgartban 12.00 \u00f3rakor szentmise. Keret\u00e9ben az \u00faj Egyh\u00e1ztan\u00e1cs esk\u00fct\u00e9tele. * Minden helyen mindenkit szeretettel v\u00e1r a k\u00f6z\u00f6ss\u00e9g, Imre atya \u00e9s Tibor atya! \u00a0 \u201eCsak mert a dolgok nem \u00fagy alakultak, ahogyan szeretted volna, nem azt jelenti, hogy nem \u00fagy t\u00f6rt\u00e9nt minden, ahogyan Isten tervezte.\u201d (Ismeretlen) \u00a0 Sz\u00e9p napokat, j\u00f3 munk\u00e1t, tartalmas besz\u00e9lget\u00e9seket \u00e9s \u00f6r\u00f6mteli tal\u00e1lkoz\u00e1sokat k\u00edv\u00e1nunk minden Kedves H\u00edv\u00fcnknek! \u00a0"}