{"version":"1.0","provider_name":"Stuttgarti Katolikusok","provider_url":"https:\/\/stuttgarti-katolikusok.de","title":"\"J\u00f6jjetek, Aty\u00e1m \u00e1ldottai!\" - Stuttgarti Katolikusok","type":"rich","width":600,"height":338,"html":"<blockquote class=\"wp-embedded-content\" data-secret=\"rL29O2cIZZ\"><a href=\"https:\/\/stuttgarti-katolikusok.de\/index.php\/jojjetek-atyam-aldottai\/\">&#8222;J\u00f6jjetek, Aty\u00e1m \u00e1ldottai!&#8221;<\/a><\/blockquote><iframe sandbox=\"allow-scripts\" security=\"restricted\" src=\"https:\/\/stuttgarti-katolikusok.de\/index.php\/jojjetek-atyam-aldottai\/embed\/#?secret=rL29O2cIZZ\" width=\"600\" height=\"338\" title=\"&#8220;&#8222;J\u00f6jjetek, Aty\u00e1m \u00e1ldottai!&#8221;&#8221; &#8212; Stuttgarti Katolikusok\" data-secret=\"rL29O2cIZZ\" frameborder=\"0\" marginwidth=\"0\" marginheight=\"0\" scrolling=\"no\" class=\"wp-embedded-content\"><\/iframe><script type=\"text\/javascript\">\n\/* <![CDATA[ *\/\n\/*! This file is auto-generated *\/\n!function(d,l){\"use strict\";l.querySelector&&d.addEventListener&&\"undefined\"!=typeof URL&&(d.wp=d.wp||{},d.wp.receiveEmbedMessage||(d.wp.receiveEmbedMessage=function(e){var t=e.data;if((t||t.secret||t.message||t.value)&&!\/[^a-zA-Z0-9]\/.test(t.secret)){for(var s,r,n,a=l.querySelectorAll('iframe[data-secret=\"'+t.secret+'\"]'),o=l.querySelectorAll('blockquote[data-secret=\"'+t.secret+'\"]'),c=new RegExp(\"^https?:$\",\"i\"),i=0;i<o.length;i++)o[i].style.display=\"none\";for(i=0;i<a.length;i++)s=a[i],e.source===s.contentWindow&&(s.removeAttribute(\"style\"),\"height\"===t.message?(1e3<(r=parseInt(t.value,10))?r=1e3:~~r<200&&(r=200),s.height=r):\"link\"===t.message&&(r=new URL(s.getAttribute(\"src\")),n=new URL(t.value),c.test(n.protocol))&&n.host===r.host&&l.activeElement===s&&(d.top.location.href=t.value))}},d.addEventListener(\"message\",d.wp.receiveEmbedMessage,!1),l.addEventListener(\"DOMContentLoaded\",function(){for(var e,t,s=l.querySelectorAll(\"iframe.wp-embedded-content\"),r=0;r<s.length;r++)(t=(e=s[r]).getAttribute(\"data-secret\"))||(t=Math.random().toString(36).substring(2,12),e.src+=\"#?secret=\"+t,e.setAttribute(\"data-secret\",t)),e.contentWindow.postMessage({message:\"ready\",secret:t},\"*\")},!1)))}(window,document);\n\/\/# sourceURL=https:\/\/stuttgarti-katolikusok.de\/wp-includes\/js\/wp-embed.min.js\n\/* ]]> *\/\n<\/script>\n","thumbnail_url":"https:\/\/stuttgarti-katolikusok.de\/wp-content\/uploads\/2020\/11\/krisztuskiraly.jpg","thumbnail_width":772,"thumbnail_height":403,"description":"Kedves H\u00edveink \u00e9s Bar\u00e1taink! A Nemzetk\u00f6zi Eukarisztikus Kongresszus ism\u00e9t vil\u00e1gm\u00e9ret\u0171 szents\u00e9gim\u00e1d\u00e1st szervez. Egyh\u00e1zk\u00f6zs\u00e9g\u00fcnk is csatlakozik a NEK felh\u00edv\u00e1s\u00e1hoz. Szombaton, 2020. november 21-\u00e9n, 17.00 \u00f3rakor, Krisztus Kir\u00e1ly \u00fcnnep\u00e9nek el\u0151est\u00e9j\u00e9n, szents\u00e9gim\u00e1d\u00e1sra h\u00edvunk Benneteket: a Bruder Klaus templomba, Albert-Sch\u00e4ffle-Str. 20, 70186 Stuttgart. A szents\u00e9gim\u00e1d\u00e1s megtart\u00e1s\u00e1ban seg\u00e9dkezik Josef Laupheimer pl\u00e9b\u00e1nos atya, a n\u00e9met k\u00f6z\u00f6ss\u00e9g pl\u00e9b\u00e1nosa, el\u0151k\u00e9sz\u00edtik \u00e9s megtartj\u00e1k k\u00f6z\u00f6ss\u00e9g\u00fcnk tagjai. Ulmban, szint\u00e9n 17.00 \u00f3rakor kezd\u0151dik a szents\u00e9gim\u00e1d\u00e1s a Wengen Kirche-ben (89073 Ulm, Wengengasse 6). Itt is a k\u00f6z\u00f6ss\u00e9g tagjai k\u00e9sz\u00edtik el\u0151 a szents\u00e9gim\u00e1d\u00e1st. Tibor atya pedig a 15.30 \u00f3rakor Heidenheimban (Dreifaltigkeitskirche, Verdistr. 13, 89518 Heidenheim an der Brenz) kezd\u0151d\u0151 szentmis\u00e9t k\u00f6vet\u0151en tartja meg a h\u00edvekkel a szents\u00e9gim\u00e1d\u00e1st. Online form\u00e1ban is k\u00edn\u00e1lunk lehet\u0151s\u00e9get a szents\u00e9gim\u00e1d\u00e1sba t\u00f6rt\u00e9n\u0151 bekapcsol\u00f3d\u00e1sra. A m\u00e1ramarosszigeti Borromeo Szent K\u00e1roly pl\u00e9b\u00e1nia facebook-os oldal\u00e1n k\u00edn\u00e1lkozik erre lehet\u0151s\u00e9g: https:\/\/www.facebook.com\/maramarosszigetiplebania A kezd\u00e9si id\u0151 16.00 \u00f3ra (rom\u00e1niai id\u0151 szerint 17.00 \u00f3ra)!!! \u00cdgy lehet\u0151s\u00e9get k\u00edn\u00e1lunk arra, hogy a Stuttgart, Ulm \u00e9s Heidenheim k\u00f6rny\u00e9k\u00e9n \u00e9l\u0151 h\u00edvek szem\u00e9lyesen is bekapcsol\u00f3djanak a szents\u00e9gim\u00e1d\u00e1sba. Azoknak pedig, akik nem tudnak szem\u00e9lyesen r\u00e9sztvenni a szents\u00e9gim\u00e1d\u00e1son, szeretettel k\u00edn\u00e1ljuk a mell\u00e9kletben csatolt szents\u00e9gim\u00e1d\u00e1si f\u00fczetet. Egyben k\u00f6sz\u00f6nj\u00fck Ft. Reszler Mih\u00e1ly m\u00e1ramarosszigeti f\u0151esperes-pl\u00e9b\u00e1nos aty\u00e1nak, hogy rendelkez\u00e9s\u00fcnkre bocs\u00e1jtotta ezt a kis f\u00fczetet. Szeretettel Merl\u00e1s Tibor\u00a0\u00a0\u00a0 \u00a0\u00a0\u00a0 \u00a0\u00a0\u00a0 \u00a0\u00a0\u00a0 \u00a0\u00a0\u00a0 \u00a0\u00a0\u00a0 \u00a0\u00a0\u00a0 \u00a0\u00a0\u00a0 \u00a0\u00a0\u00a0 \u00a0\u00a0\u00a0 \u00a0\u00a0\u00a0 \u00a0\u00a0\u00a0 \u00a0\u00a0\u00a0 \u00a0\u00a0\u00a0 \u00a0\u00a0\u00a0 \u00a0\u00a0\u00a0 \u00a0\u00a0\u00a0 \u00a0\u00a0\u00a0 \u00a0\u00a0\u00a0 \u00a0\u00a0\u00a0 \u00a0\u00a0\u00a0 \u00a0\u00a0\u00a0 \u00a0\u00a0\u00a0 \u00a0\u00a0\u00a0 \u00a0\u00a0\u00a0 \u00a0\u00a0\u00a0 \u00a0\u00a0\u00a0 \u00a0\u00a0\u00a0 D\u00e1vid Melinda pl\u00e9b\u00e1nos\u00a0\u00a0\u00a0 \u00a0\u00a0\u00a0 \u00a0\u00a0\u00a0 \u00a0\u00a0\u00a0 \u00a0\u00a0\u00a0 \u00a0\u00a0\u00a0 \u00a0\u00a0\u00a0 \u00a0\u00a0\u00a0 \u00a0\u00a0\u00a0 \u00a0\u00a0\u00a0 \u00a0\u00a0\u00a0 \u00a0\u00a0\u00a0 \u00a0\u00a0\u00a0 \u00a0\u00a0\u00a0 \u00a0\u00a0\u00a0 \u00a0\u00a0\u00a0 \u00a0\u00a0\u00a0 \u00a0\u00a0\u00a0 \u00a0\u00a0\u00a0 \u00a0\u00a0\u00a0 \u00a0\u00a0\u00a0 \u00a0\u00a0\u00a0 \u00a0\u00a0\u00a0 \u00a0\u00a0\u00a0 \u00a0\u00a0\u00a0 \u00a0\u00a0\u00a0 \u00a0\u00a0\u00a0 \u00a0\u00a0\u00a0 \u00a0\u00a0\u00a0 \u00a0\u00a0 tik\u00e1rn\u0151"}