{"version":"1.0","provider_name":"Stuttgarti Katolikusok","provider_url":"https:\/\/stuttgarti-katolikusok.de","title":"Janu\u00e1r 24 \u00e9s 30 k\u00f6z\u00f6tt - Stuttgarti Katolikusok","type":"rich","width":600,"height":338,"html":"<blockquote class=\"wp-embedded-content\" data-secret=\"zgWwZBD4QW\"><a href=\"https:\/\/stuttgarti-katolikusok.de\/index.php\/januar-24-es-30-kozott\/\">Janu\u00e1r 24 \u00e9s 30 k\u00f6z\u00f6tt<\/a><\/blockquote><iframe sandbox=\"allow-scripts\" security=\"restricted\" src=\"https:\/\/stuttgarti-katolikusok.de\/index.php\/januar-24-es-30-kozott\/embed\/#?secret=zgWwZBD4QW\" width=\"600\" height=\"338\" title=\"&#8220;Janu\u00e1r 24 \u00e9s 30 k\u00f6z\u00f6tt&#8221; &#8212; Stuttgarti Katolikusok\" data-secret=\"zgWwZBD4QW\" frameborder=\"0\" marginwidth=\"0\" marginheight=\"0\" scrolling=\"no\" class=\"wp-embedded-content\"><\/iframe><script type=\"text\/javascript\">\n\/* <![CDATA[ *\/\n\/*! This file is auto-generated *\/\n!function(d,l){\"use strict\";l.querySelector&&d.addEventListener&&\"undefined\"!=typeof URL&&(d.wp=d.wp||{},d.wp.receiveEmbedMessage||(d.wp.receiveEmbedMessage=function(e){var t=e.data;if((t||t.secret||t.message||t.value)&&!\/[^a-zA-Z0-9]\/.test(t.secret)){for(var s,r,n,a=l.querySelectorAll('iframe[data-secret=\"'+t.secret+'\"]'),o=l.querySelectorAll('blockquote[data-secret=\"'+t.secret+'\"]'),c=new RegExp(\"^https?:$\",\"i\"),i=0;i<o.length;i++)o[i].style.display=\"none\";for(i=0;i<a.length;i++)s=a[i],e.source===s.contentWindow&&(s.removeAttribute(\"style\"),\"height\"===t.message?(1e3<(r=parseInt(t.value,10))?r=1e3:~~r<200&&(r=200),s.height=r):\"link\"===t.message&&(r=new URL(s.getAttribute(\"src\")),n=new URL(t.value),c.test(n.protocol))&&n.host===r.host&&l.activeElement===s&&(d.top.location.href=t.value))}},d.addEventListener(\"message\",d.wp.receiveEmbedMessage,!1),l.addEventListener(\"DOMContentLoaded\",function(){for(var e,t,s=l.querySelectorAll(\"iframe.wp-embedded-content\"),r=0;r<s.length;r++)(t=(e=s[r]).getAttribute(\"data-secret\"))||(t=Math.random().toString(36).substring(2,12),e.src+=\"#?secret=\"+t,e.setAttribute(\"data-secret\",t)),e.contentWindow.postMessage({message:\"ready\",secret:t},\"*\")},!1)))}(window,document);\n\/\/# sourceURL=https:\/\/stuttgarti-katolikusok.de\/wp-includes\/js\/wp-embed.min.js\n\/* ]]> *\/\n<\/script>\n","thumbnail_url":"https:\/\/stuttgarti-katolikusok.de\/wp-content\/uploads\/2021\/01\/kovek.jpg","thumbnail_width":1280,"thumbnail_height":853,"description":"Programel\u0151zetes A jelenlegi egyh\u00e1zi rendelkez\u00e9sek \u00e9rtelm\u00e9ben a szentmise megtarthat\u00f3. Szentmis\u00e9n k\u00f6telez\u0151 az FFP2 maszk haszn\u00e1lata a 18 \u00e9v felettiek sz\u00e1m\u00e1ra!!!\u00a0 Tov\u00e1bb\u00e1 jelenl\u00e9ti lista n\u00e9vvel \u00e9s el\u00e9rhet\u0151s\u00e9ggel, kezek fert\u0151tlen\u00edt\u00e9se! Akik Stuttgartban vesznek r\u00e9szt a szentmis\u00e9n, azok sz\u00e1m\u00e1ra tov\u00e1bbra is el\u0151zetes bejelentkez\u00e9sre van sz\u00fcks\u00e9g, amelyet a templom korl\u00e1tozott sz\u00e1m\u00fa befogad\u00f3 k\u00e9pess\u00e9ge tesz indokoltt\u00e1. Telefonon kereszt\u00fcl, vagy e-mailben lehet jelentkezni, \u00edgy tudunk felvil\u00e1gos\u00edt\u00e1st adni, hogy van-e m\u00e9g hely\u00fcnk. Amennyiben el\u0151zetes bejelentkez\u00e9s n\u00e9lk\u00fcl j\u00f6n valaki, el\u0151fordulhat, hogy m\u00e1r nem lesz hely. Ekkor is igyeksz\u00fcnk megold\u00e1st tal\u00e1lni. Jelen helyzetben a legfontosabb sz\u00e1munkra, hogy a szentmis\u00e9ken mindenki r\u00e9szt vehet. \u00a0\u00a0* Janu\u00e1r 27-\u00e9n, cs\u00fct\u00f6rt\u00f6k\u00f6n, Ulmi d\u00e9lut\u00e1n. 18.00 \u00f3rakor szentmise, el\u0151tte r\u00f3zsaf\u00fcz\u00e9rt im\u00e1dkozunk, szentmise keret\u00e9ben katek\u00e9zis. \u00a0* Janu\u00e1r 28-\u00e1n, p\u00e9nteken, Stuttgarti d\u00e9lut\u00e1n. 18 \u00f3rakor szentmise, el\u0151tte r\u00f3zsaf\u00fcz\u00e9rt im\u00e1dkozunk, szentmise keret\u00e9ben katek\u00e9zis. \u00a0* Janu\u00e1r 30-\u00e1n, \u00c9vk\u00f6zi 4. vas\u00e1rnap, Mundekingenben 9.00 \u00f3rakor szentmise (St. Dionysius Kirche, 89597 Munderkingen, Kirchhof 2), Reutlingenben 16.30 \u00f3rakor szentmise. * Minden helyen mindenkit szeretettel v\u00e1r a k\u00f6z\u00f6ss\u00e9g \u00e9s Tibor atya! * Bens\u0151s\u00e9ges \u00e9s kellemes \u00faj\u00e9vi napokat, j\u00f3 tal\u00e1lkoz\u00e1sokat \u00e9s sok \u00f6r\u00f6met k\u00edv\u00e1nok minden kedves H\u00edvemnek. * &#8222;Az \u00e9rzelmek nem a l\u00e9lekben zajlanak le. M\u00e1s p\u00e1ly\u00e1juk van. De \u00e1thaladnak a lelken is, mint az \u00e1rad\u00e1s az \u00e1rter\u00fcleten.&#8221; (M\u00e1rai S\u00e1ndor &#8211; 1900-1989) (K\u00e9pek forr\u00e1sa: pixabay.com)"}