{"version":"1.0","provider_name":"Stuttgarti Katolikusok","provider_url":"https:\/\/stuttgarti-katolikusok.de","title":"Jakab T\u00fcnde: Els\u0151\u00e1ldoz\u00e1s Schw\u00e4bisch Gm\u00fcndben - Stuttgarti Katolikusok","type":"rich","width":600,"height":338,"html":"<blockquote class=\"wp-embedded-content\" data-secret=\"n1EhZRYsk9\"><a href=\"https:\/\/stuttgarti-katolikusok.de\/index.php\/jakab-tunde-elsoaldozas-schwabisch-gmundben\/\">Jakab T\u00fcnde: Els\u0151\u00e1ldoz\u00e1s Schw\u00e4bisch Gm\u00fcndben<\/a><\/blockquote><iframe sandbox=\"allow-scripts\" security=\"restricted\" src=\"https:\/\/stuttgarti-katolikusok.de\/index.php\/jakab-tunde-elsoaldozas-schwabisch-gmundben\/embed\/#?secret=n1EhZRYsk9\" width=\"600\" height=\"338\" title=\"&#8220;Jakab T\u00fcnde: Els\u0151\u00e1ldoz\u00e1s Schw\u00e4bisch Gm\u00fcndben&#8221; &#8212; Stuttgarti Katolikusok\" data-secret=\"n1EhZRYsk9\" frameborder=\"0\" marginwidth=\"0\" marginheight=\"0\" scrolling=\"no\" class=\"wp-embedded-content\"><\/iframe><script type=\"text\/javascript\">\n\/* <![CDATA[ *\/\n\/*! This file is auto-generated *\/\n!function(d,l){\"use strict\";l.querySelector&&d.addEventListener&&\"undefined\"!=typeof URL&&(d.wp=d.wp||{},d.wp.receiveEmbedMessage||(d.wp.receiveEmbedMessage=function(e){var t=e.data;if((t||t.secret||t.message||t.value)&&!\/[^a-zA-Z0-9]\/.test(t.secret)){for(var s,r,n,a=l.querySelectorAll('iframe[data-secret=\"'+t.secret+'\"]'),o=l.querySelectorAll('blockquote[data-secret=\"'+t.secret+'\"]'),c=new RegExp(\"^https?:$\",\"i\"),i=0;i<o.length;i++)o[i].style.display=\"none\";for(i=0;i<a.length;i++)s=a[i],e.source===s.contentWindow&&(s.removeAttribute(\"style\"),\"height\"===t.message?(1e3<(r=parseInt(t.value,10))?r=1e3:~~r<200&&(r=200),s.height=r):\"link\"===t.message&&(r=new URL(s.getAttribute(\"src\")),n=new URL(t.value),c.test(n.protocol))&&n.host===r.host&&l.activeElement===s&&(d.top.location.href=t.value))}},d.addEventListener(\"message\",d.wp.receiveEmbedMessage,!1),l.addEventListener(\"DOMContentLoaded\",function(){for(var e,t,s=l.querySelectorAll(\"iframe.wp-embedded-content\"),r=0;r<s.length;r++)(t=(e=s[r]).getAttribute(\"data-secret\"))||(t=Math.random().toString(36).substring(2,12),e.src+=\"#?secret=\"+t,e.setAttribute(\"data-secret\",t)),e.contentWindow.postMessage({message:\"ready\",secret:t},\"*\")},!1)))}(window,document);\n\/\/# sourceURL=https:\/\/stuttgarti-katolikusok.de\/wp-includes\/js\/wp-embed.min.js\n\/* ]]> *\/\n<\/script>\n","thumbnail_url":"https:\/\/stuttgarti-katolikusok.de\/wp-content\/uploads\/2018\/05\/gmundi3.jpg","thumbnail_width":1032,"thumbnail_height":774,"description":"Jakab T\u00fcnde: Els\u0151\u00e1ldoz\u00e1s Schw\u00e4bisch Gm\u00fcndben S\u00edk S\u00e1ndor: Feh\u00e9r nap \u00dcdv\u00f6z\u00f6lt l\u00e9gy kedves \u00fcnnep Tiszta sz\u00edvek \u00fcnnepe! Ragyogjon be feh\u00e9r f\u00e9nyed Sz\u00edv\u00fcnk-lelk\u00fcnk m\u00e9ly\u00e9be. M\u00e1jus 6-\u00e1n ker\u00fclt sor a Schw\u00e4bisch Gm\u00fcnd-i magyar egyh\u00e1zk\u00f6z\u00f6ss\u00e9g v\u00e9d\u0151szentj\u00e9nek B\u00facs\u00fa \u00fcnnep\u00e9re. Szent Gizella \u00e9letp\u00e9ld\u00e1j\u00e1r\u00f3l, hivat\u00e1studat\u00e1r\u00f3l, a magyars\u00e1g mellett val\u00f3 elk\u00f6telezetts\u00e9g\u00e9r\u0151l, valamint sz\u00fcl\u0151i nevel\u00e9si p\u00e9ld\u00e1j\u00e1r\u00f3l eml\u00e9kezt\u00fcnk meg a szent besz\u00e9d alatt. A szentmise keret\u00e9n bel\u00fcl k\u00e9t els\u0151\u00e1ldoz\u00f3nk j\u00e1rult el\u0151sz\u0151r az \u00dar asztal\u00e1hoz. Jakab D\u00f3ra \u00e9s V\u00e1ndor Zs\u00f3fia sz\u00fcleikkel egy\u00fctt \u00faj\u00edtott\u00e1k meg kereszts\u00e9gi fogadalmaikat \u00e9s k\u00e9rt\u00e9k az \u00dar \u00e1ld\u00e1s\u00e1t \u00e9s kegyelm\u00e9t tov\u00e1bbi \u00e9let\u00fatjukra. A szentmise alatt felemel\u0151 zenei \u00e9lm\u00e9nyben volt r\u00e9sze a magyar k\u00f6z\u00f6ss\u00e9gnek. Tim\u00e1r Kinga (\u00e9nek), Kocsis Judit (zongora) \u00e9s Horv\u00e1th Ott\u00f3 (klarin\u00e9t) m\u0171v\u00e9szek egyh\u00e1zi komolyzene m\u0171vekkel tett\u00e9 \u00fcnnep\u00e9lyesebb\u00e9 a szertart\u00e1st . Az els\u0151\u00e1ldoz\u00f3k sz\u00fcleikkel \u00e9s bar\u00e1taikkal egy\u00fctt \u00e9nekeltek ifj\u00fas\u00e1gi \u00e9nekeket. A szentmise v\u00e9g\u00e9n pedig Gyermekbibli\u00e1t kaptak aj\u00e1nd\u00e9kba az Egyh\u00e1zk\u00f6zs\u00e9gt\u0151l. Az \u00fcnnep agap\u00e9val z\u00e1rult, ahol kellemes egy\u00fcttl\u00e9t keret\u00e9ben fogyasztottuk el a k\u00f6z\u00f6sen k\u00e9sz\u00edtett eledeleket. Visszatekintve, h\u00e1l\u00e1t adunk a Mennyei Aty\u00e1nak, hogy kegyelmeiben r\u00e9szes\u00edtett. K\u00f6sz\u00f6nj\u00fck sz\u00e9pen Imre Aty\u00e1nak a lelkes munk\u00e1t \u00e9s t\u00e1mogat\u00e1st a k\u00f6z\u00f6ss\u00e9g \u00e9s az els\u0151\u00e1ldoz\u00f3k nev\u00e9ben. Nem utols\u00f3 sorban h\u00e1l\u00e1val tartozunk k\u00f6z\u00f6ss\u00e9g\u00fcnk azon lelkes tagjaink az odaad\u00f3 munk\u00e1j\u00e1\u00e9rt, akik lehet\u0151v\u00e9 tett\u00e9k a szentmise ut\u00e1ni k\u00f6z\u00f6s \u00fcnnepl\u00e9st. Jakab T\u00fcnde, Schw\u00e4bisch Gm\u00fcnd 2018-05-11."}