{"version":"1.0","provider_name":"Stuttgarti Katolikusok","provider_url":"https:\/\/stuttgarti-katolikusok.de","title":"Schultheis \u00c9va: Isten \u00fatjai - Stuttgarti Katolikusok","type":"rich","width":600,"height":338,"html":"<blockquote class=\"wp-embedded-content\" data-secret=\"rzSaBzxVlo\"><a href=\"https:\/\/stuttgarti-katolikusok.de\/index.php\/isten-utjai\/\">Schultheis \u00c9va: Isten \u00fatjai<\/a><\/blockquote><iframe sandbox=\"allow-scripts\" security=\"restricted\" src=\"https:\/\/stuttgarti-katolikusok.de\/index.php\/isten-utjai\/embed\/#?secret=rzSaBzxVlo\" width=\"600\" height=\"338\" title=\"&#8220;Schultheis \u00c9va: Isten \u00fatjai&#8221; &#8212; Stuttgarti Katolikusok\" data-secret=\"rzSaBzxVlo\" frameborder=\"0\" marginwidth=\"0\" marginheight=\"0\" scrolling=\"no\" class=\"wp-embedded-content\"><\/iframe><script type=\"text\/javascript\">\n\/* <![CDATA[ *\/\n\/*! This file is auto-generated *\/\n!function(d,l){\"use strict\";l.querySelector&&d.addEventListener&&\"undefined\"!=typeof URL&&(d.wp=d.wp||{},d.wp.receiveEmbedMessage||(d.wp.receiveEmbedMessage=function(e){var t=e.data;if((t||t.secret||t.message||t.value)&&!\/[^a-zA-Z0-9]\/.test(t.secret)){for(var s,r,n,a=l.querySelectorAll('iframe[data-secret=\"'+t.secret+'\"]'),o=l.querySelectorAll('blockquote[data-secret=\"'+t.secret+'\"]'),c=new RegExp(\"^https?:$\",\"i\"),i=0;i<o.length;i++)o[i].style.display=\"none\";for(i=0;i<a.length;i++)s=a[i],e.source===s.contentWindow&&(s.removeAttribute(\"style\"),\"height\"===t.message?(1e3<(r=parseInt(t.value,10))?r=1e3:~~r<200&&(r=200),s.height=r):\"link\"===t.message&&(r=new URL(s.getAttribute(\"src\")),n=new URL(t.value),c.test(n.protocol))&&n.host===r.host&&l.activeElement===s&&(d.top.location.href=t.value))}},d.addEventListener(\"message\",d.wp.receiveEmbedMessage,!1),l.addEventListener(\"DOMContentLoaded\",function(){for(var e,t,s=l.querySelectorAll(\"iframe.wp-embedded-content\"),r=0;r<s.length;r++)(t=(e=s[r]).getAttribute(\"data-secret\"))||(t=Math.random().toString(36).substring(2,12),e.src+=\"#?secret=\"+t,e.setAttribute(\"data-secret\",t)),e.contentWindow.postMessage({message:\"ready\",secret:t},\"*\")},!1)))}(window,document);\n\/\/# sourceURL=https:\/\/stuttgarti-katolikusok.de\/wp-includes\/js\/wp-embed.min.js\n\/* ]]> *\/\n<\/script>\n","description":"Isten \u00fatjai Egy majdnem elmaradt bibliak\u00f6r marg\u00f3j\u00e1ra T\u00e9lut\u00f3n megosztott gondolataim kicsit olyanra sikerednek, mint az idei t\u00e9l, gyan\u00fasan enyhe napok, n\u00e9hol egy-egy azonnal olvad\u00e1snak indul\u00f3 h\u00f3z\u00e1por, havas es\u0151, sz\u00e9l, c\u00e9ltalan, latyakos s\u00e9t\u00e1k, sz\u00e9tsz\u00f3rt gondolataim az \u00e1tlagos h\u00e9tk\u00f6znapokban, nem felt\u00e9tlen\u00fcl nagy kih\u00edv\u00e1sok, a t\u00fal korai \u00f6r\u00f6m af\u00f6l\u00f6tt, hogy id\u00e9n meg\u00fasztuk a telet, a bek\u00f6sz\u00f6n\u0151 b\u00f6jti id\u0151szak, febru\u00e1r tizennegyedike felem\u00e1ss\u00e1ga, hamvaz\u00f3szerda \u00e9s Szent B\u00e1lint, itt nyugaton m\u00e1ra m\u00e1r szinte kiz\u00e1r\u00f3lag a szerelmesek Valentin-napja &#8211; b\u00e1r a viszonzatlan \u00e9rzelem olykor val\u00f3ban a lemond\u00e1s \u00e9s a csal\u00f3d\u00e1s keser\u0171 kenyer\u00e9n \u00e9l, &#8211; s h\u00e1t m\u00e9gsem lehet olyan kor\u00e1n tavaszt mondani, m\u00e1rcius kezdetekor a kem\u00e9ny m\u00ednuszok. Hov\u00e1 \u00e9rkezem \u00e9s honnan indulok? Lehet \u00e9s szabad-e az idei b\u00f6jt\u00f6n nagyobb megr\u00e1zk\u00f3dtat\u00e1sok n\u00e9lk\u00fcl \u00e1tesni? Vagy m\u00e9gsem? Hisz &#8222;a maga \u00fatj\u00e1t minden ember j\u00f3nak l\u00e1tja, de az \u00dar a sz\u00edvek vizsg\u00e1l\u00f3ja&#8221; (P\u00e9ld 21,1). Az \u00dar \u00fatjai kif\u00fcrk\u00e9szhetetlenek, mi m\u00e9gsem v\u00e1gyunk m\u00e1sra, minthogy egyszer val\u00f3ban \u00f6sszefusson minden \u00fat, sz\u00e1nd\u00e9k \u00e9s k\u00edv\u00e1ns\u00e1g. Mert \u201eaz Istenkeres\u0151k n\u00e9pe l\u00e1tni k\u00edv\u00e1nja arcodat Uram\u201c (Zsolt 23,6). H\u00e1ny \u00e1lmatlan \u00e9jszaka, mennyi meg\u00e1lmodott \u00e9s f\u00e9lresiker\u00fclt akarat, h\u00e1ny \u00e9letre h\u00edvott k\u00eds\u00e9rt\u00e9s \u00e9s hamis \u00f6n\u00e1lltat\u00e1s ut\u00e1n merem mindezt kimondani? Kit\u00e1rulkozik el\u0151ttem egy k\u00e9p, amelyben a mindenkori ember, ak\u00e1r j\u00f3magam, szabad akaratom teljes tudat\u00e1ban, saj\u00e1t v\u00e1gyaimat \u00e9s c\u00e9ljaimat sokkal ink\u00e1bb kergetem mint k\u00f6vetem. \u00c1tlagos kedvvel, \u00e1tlagos h\u00e9vvel nekiv\u00e1gok a vil\u00e1gnak. B\u00e1rmi motiv\u00e1lhat, bels\u0151 ind\u00edttat\u00e1s, d\u00f6nt\u00e9sk\u00e9nyszer, j\u00f3 \u00e9s kev\u00e9sb\u00e9 j\u00f3 sz\u00e1nd\u00e9kok. Az \u00fat kisebb \u00e9s nagyobb megtorpan\u00e1sok k\u00f6z\u00f6tt halad, legink\u00e1bb csak akkor lass\u00edtok, ha nem vagyok biztos a dolgomban, sokszor hib\u00e1zom, de \u00fagy teszek, mintha mi sem t\u00f6rt\u00e9nt volna. Egyre gyakrabban szor\u00edt az \u00e9rz\u00e9s, a j\u00e1rhat\u00f3 utat elhagytam, m\u00e1r r\u00e9g let\u00e9rtem r\u00f3la, v\u00e1ltoztatni viszont k\u00e9ptelen vagyok. Tal\u00e1n rossz szok\u00e1saim, k\u00f6r\u00fclm\u00e9nyeim akad\u00e1lyoznak. Fogadkoz\u00e1somnak, hogy holnapt\u00f3l minden m\u00e1sk\u00e9nt lesz, legt\u00f6bbsz\u00f6r nincs foganatja, komoly alapja sem. S ha mindent magam m\u00f6g\u00f6tt hagyn\u00e9k is, egyre biztosabb vagyok abban, nem lehet esem\u00e9nyeket meg nem t\u00f6rt\u00e9ntt\u00e9 tenni, m\u00e9g... R\u00e9szletek"}