{"version":"1.0","provider_name":"Stuttgarti Katolikusok","provider_url":"https:\/\/stuttgarti-katolikusok.de","title":"Imak\u00f6r - Stuttgarti Katolikusok","type":"rich","width":600,"height":338,"html":"<blockquote class=\"wp-embedded-content\" data-secret=\"hVQgaemfpi\"><a href=\"https:\/\/stuttgarti-katolikusok.de\/index.php\/imakor\/\">Imak\u00f6r<\/a><\/blockquote><iframe sandbox=\"allow-scripts\" security=\"restricted\" src=\"https:\/\/stuttgarti-katolikusok.de\/index.php\/imakor\/embed\/#?secret=hVQgaemfpi\" width=\"600\" height=\"338\" title=\"&#8220;Imak\u00f6r&#8221; &#8212; Stuttgarti Katolikusok\" data-secret=\"hVQgaemfpi\" frameborder=\"0\" marginwidth=\"0\" marginheight=\"0\" scrolling=\"no\" class=\"wp-embedded-content\"><\/iframe><script type=\"text\/javascript\">\n\/* <![CDATA[ *\/\n\/*! This file is auto-generated *\/\n!function(d,l){\"use strict\";l.querySelector&&d.addEventListener&&\"undefined\"!=typeof URL&&(d.wp=d.wp||{},d.wp.receiveEmbedMessage||(d.wp.receiveEmbedMessage=function(e){var t=e.data;if((t||t.secret||t.message||t.value)&&!\/[^a-zA-Z0-9]\/.test(t.secret)){for(var s,r,n,a=l.querySelectorAll('iframe[data-secret=\"'+t.secret+'\"]'),o=l.querySelectorAll('blockquote[data-secret=\"'+t.secret+'\"]'),c=new RegExp(\"^https?:$\",\"i\"),i=0;i<o.length;i++)o[i].style.display=\"none\";for(i=0;i<a.length;i++)s=a[i],e.source===s.contentWindow&&(s.removeAttribute(\"style\"),\"height\"===t.message?(1e3<(r=parseInt(t.value,10))?r=1e3:~~r<200&&(r=200),s.height=r):\"link\"===t.message&&(r=new URL(s.getAttribute(\"src\")),n=new URL(t.value),c.test(n.protocol))&&n.host===r.host&&l.activeElement===s&&(d.top.location.href=t.value))}},d.addEventListener(\"message\",d.wp.receiveEmbedMessage,!1),l.addEventListener(\"DOMContentLoaded\",function(){for(var e,t,s=l.querySelectorAll(\"iframe.wp-embedded-content\"),r=0;r<s.length;r++)(t=(e=s[r]).getAttribute(\"data-secret\"))||(t=Math.random().toString(36).substring(2,12),e.src+=\"#?secret=\"+t,e.setAttribute(\"data-secret\",t)),e.contentWindow.postMessage({message:\"ready\",secret:t},\"*\")},!1)))}(window,document);\n\/\/# sourceURL=https:\/\/stuttgarti-katolikusok.de\/wp-includes\/js\/wp-embed.min.js\n\/* ]]> *\/\n<\/script>\n","description":"[vc_row][vc_column width=&#8221;3\/4&#8243;][vc_column_text]+! Kedves Tagok! J\u00faniusban az Imaapostols\u00e1g sz\u00e1nd\u00e9kai a k\u00f6vetkez\u0151k: \u00c1ltal\u00e1nos sz\u00e1nd\u00e9k: Hogy a munkan\u00e9lk\u00fcliek kapjanak t\u00e1mogat\u00e1st \u00e9s tal\u00e1ljanak munk\u00e1t ahhoz, hogy emberhez m\u00e9lt\u00f3an tudjanak \u00e9lni. Misszi\u00f3s sz\u00e1nd\u00e9k: Hogy Eur\u00f3pa \u00fajra felfedezze kereszt\u00e9ny gy\u00f6kereit a h\u00edv\u0151k tan\u00fas\u00e1gt\u00e9tele \u00e1ltal. Ez\u00e9rt im\u00e1dkozzatok otthon, ha lehet, naponta, egy-egy tized r\u00f3zsaf\u00fcz\u00e9rt a k\u00f6vetkez\u0151 titkokkal: (1) aki a Jord\u00e1nban viz\u00e9ben megkeresztelkedett; (2) aki a k\u00e1nai menyegz\u0151n kinyilv\u00e1n\u00edtotta isteni erej\u00e9t; (3) aki meghirdette Isten orsz\u00e1g\u00e1t; (4) aki a T\u00e1bor hegy\u00e9n megmutatta isteni dics\u0151s\u00e9g\u00e9t; (5) aki az Eukariszti\u00e1ban nek\u00fcnk adta \u00f6nmag\u00e1t. Ez a gyakorlatban \u00edgy n\u00e9z ki: Nagyszemre: Hiszekegy, Miaty\u00e1nk, Dics\u0151s\u00e9g&#8230; Kisszemekre: \u00dcdv\u00f6zl\u00e9gy M\u00e1ria&#8230; gy\u00fcm\u00f6lcse J\u00e9zus, Akit Keresztel\u0151 J\u00e1nos&#8230; Im\u00e1ds\u00e1gban mindannyi\u00f3tokkal szorosan \u00f6sszekapcsol\u00f3dva Imre atya \u00a0 Stuttgart, 2014-06-02. &nbsp; Kedves Tagok! A k\u00f6vetkez\u0151 t\u00f6rt\u00e9netet m\u00e1r sz\u00e1mtalan alkalommal elmondtam, mert nagyon sz\u00edven \u00fct\u00f6tt. Legut\u00f3bb akkor tettem sz\u00f3v\u00e1, amikor M\u00e1riagy\u0171d\u00f6n lelkigyakorlatot tartottam a p\u00e9csi egyh\u00e1zmegye papjainak. Egy falu mellett \u00e9lt egy remete, aki minden idej\u00e9t im\u00e1ds\u00e1ggal t\u00f6lt\u00f6tte. Mivel nem dolgozott, a falu lak\u00f3i hordt\u00e1k neki minden nap az \u00e9telt. A fiatalok egy id\u0151 ut\u00e1n z\u00fagol\u00f3dni kezdtek: \u201dM\u00e9rt kell egy naplop\u00f3t eltartani? Dolgozzon \u00e9s \u00fagy keresse meg betev\u0151 falatj\u00e1t!\u201d Egy napon meghalt a remete. Hal\u00e1la ut\u00e1n r\u00f6viddel egy sz\u00f6rny\u0171 gyilkoss\u00e1g t\u00f6rt\u00e9nt a faluban. Mikor a fiatalok a b\u0171ntett ok\u00e1t kutatt\u00e1k, az id\u0151sek azt mondt\u00e1k nekik: \u201cAm\u00edg \u00e9lt a remete, im\u00e1ja vigy\u00e1zott r\u00e1nk. Most, hogy meghalt, nincs ki im\u00e1dkozzon \u00e9rt\u00fcnk&#8230;\u201d Georges Bernanos francia katolikus \u00edr\u00f3 mondta egy alkalommal: \u201cMinden csak im\u00e1ds\u00e1g.\u201d \u00c9s igaza volt. H\u00e1nyszor haladja meg emberi er\u0151nket az \u00e9let? Ilyenkor im\u00e1dkoznunk kellene. H\u00e1nyszor l\u00e1togat meg benn\u00fcnket betegs\u00e9g, szerencs\u00e9tlens\u00e9g, hal\u00e1leset? Ilyenkor er\u0151t \u00e9s vigasztal\u00e1st csak az im\u00e1ds\u00e1gban tal\u00e1lhatunk. H\u00e1nyszor \u00e1llunk h\u00e1zast\u00e1rsunk, gyermekeink, rokonaink, bar\u00e1taink, ismer\u0151seink \u00f6sszet\u00f6rt \u00e9lete el\u0151tt. Ilyenkor leghat\u00e9konyabb seg\u00edts\u00e9g\u00fcnk sz\u00e1mukra az im\u00e1ds\u00e1g. Az ima: kapcsolat Istennel, besz\u00e9lget\u00e9s Vele magunkr\u00f3l, szeretteinkr\u0151l \u00e9s a vil\u00e1gr\u00f3l. Az ima: megnyugv\u00e1s Istenben. Az ima v\u00e9gess\u00e9g\u00fcnk \u00e9s teremtetts\u00e9g\u00fcnk elismer\u00e9se, de ugyanakkor abban val\u00f3 hit\u00fcnk... R\u00e9szletek"}