{"version":"1.0","provider_name":"Stuttgarti Katolikusok","provider_url":"https:\/\/stuttgarti-katolikusok.de","title":"H\u00fasv\u00e9ti programel\u0151zetes - Stuttgarti Katolikusok","type":"rich","width":600,"height":338,"html":"<blockquote class=\"wp-embedded-content\" data-secret=\"cwWwwcNJbN\"><a href=\"https:\/\/stuttgarti-katolikusok.de\/index.php\/husveti-programelozetes\/\">H\u00fasv\u00e9ti programel\u0151zetes<\/a><\/blockquote><iframe sandbox=\"allow-scripts\" security=\"restricted\" src=\"https:\/\/stuttgarti-katolikusok.de\/index.php\/husveti-programelozetes\/embed\/#?secret=cwWwwcNJbN\" width=\"600\" height=\"338\" title=\"&#8220;H\u00fasv\u00e9ti programel\u0151zetes&#8221; &#8212; Stuttgarti Katolikusok\" data-secret=\"cwWwwcNJbN\" frameborder=\"0\" marginwidth=\"0\" marginheight=\"0\" scrolling=\"no\" class=\"wp-embedded-content\"><\/iframe><script type=\"text\/javascript\">\n\/* <![CDATA[ *\/\n\/*! This file is auto-generated *\/\n!function(d,l){\"use strict\";l.querySelector&&d.addEventListener&&\"undefined\"!=typeof URL&&(d.wp=d.wp||{},d.wp.receiveEmbedMessage||(d.wp.receiveEmbedMessage=function(e){var t=e.data;if((t||t.secret||t.message||t.value)&&!\/[^a-zA-Z0-9]\/.test(t.secret)){for(var s,r,n,a=l.querySelectorAll('iframe[data-secret=\"'+t.secret+'\"]'),o=l.querySelectorAll('blockquote[data-secret=\"'+t.secret+'\"]'),c=new RegExp(\"^https?:$\",\"i\"),i=0;i<o.length;i++)o[i].style.display=\"none\";for(i=0;i<a.length;i++)s=a[i],e.source===s.contentWindow&&(s.removeAttribute(\"style\"),\"height\"===t.message?(1e3<(r=parseInt(t.value,10))?r=1e3:~~r<200&&(r=200),s.height=r):\"link\"===t.message&&(r=new URL(s.getAttribute(\"src\")),n=new URL(t.value),c.test(n.protocol))&&n.host===r.host&&l.activeElement===s&&(d.top.location.href=t.value))}},d.addEventListener(\"message\",d.wp.receiveEmbedMessage,!1),l.addEventListener(\"DOMContentLoaded\",function(){for(var e,t,s=l.querySelectorAll(\"iframe.wp-embedded-content\"),r=0;r<s.length;r++)(t=(e=s[r]).getAttribute(\"data-secret\"))||(t=Math.random().toString(36).substring(2,12),e.src+=\"#?secret=\"+t,e.setAttribute(\"data-secret\",t)),e.contentWindow.postMessage({message:\"ready\",secret:t},\"*\")},!1)))}(window,document);\n\/\/# sourceURL=https:\/\/stuttgarti-katolikusok.de\/wp-includes\/js\/wp-embed.min.js\n\/* ]]> *\/\n<\/script>\n","description":"Programel\u0151zetes \u00c1prilis 18., Nagycs\u00fct\u00f6rt\u00f6k\u00f6n, Stuttgartban 19.00 \u00f3rakor szentmise az Utols\u00f3 Vacsora eml\u00e9k\u00e9re. Weingartenben 19.00 \u00f3rakor a 14 Nothelfer Kapelle-ben szentmise az Utols\u00f3 Vacsora eml\u00e9k\u00e9re. * \u00c1prilis 19., Nagyp\u00e9nteken, Weingartenben 15.00 \u00f3rakor passi\u00f3, csonkamise, nagyp\u00e9nteki szertart\u00e1s. Stuttgartban 18.00 \u00f3rakor passi\u00f3, csonkamise, nagyp\u00e9nteki szertart\u00e1s. * \u00c1prilis 20., Nagyszombaton, Stuttgartban 20.00 \u00f3rakor H\u00fasv\u00e9ti vig\u00edlia, felt\u00e1mad\u00e1si szertart\u00e1s, ut\u00e1na \u00e9telszentel\u00e9s. Weingartenben 20.00 \u00f3rakor H\u00fasv\u00e9ti vig\u00edlia, felt\u00e1mad\u00e1si szertart\u00e1s, ut\u00e1na \u00e9telszentel\u00e9s. * \u00c1prilis 21., H\u00fasv\u00e9tvas\u00e1rnap, B\u00f6blingenben 9.30 \u00f3rakor \u00fcnnep\u00e9lyes nagymise, ut\u00e1na \u00e9telszentel\u00e9s. Weingartenben 10.00 \u00f3rakor \u00fcnnep\u00e9lyes nagymise, ut\u00e1na \u00e9telszentel\u00e9s. Stuttgartban 12.00 \u00f3rakor \u00fcnnep\u00e9lyes nagymise, ut\u00e1na \u00e9telszentel\u00e9s. Ulmban 15.00 \u00f3rakor \u00fcnnep\u00e9lyes nagymise, ut\u00e1na \u00e9telszentel\u00e9s. Heilbronnban 15.30 \u00f3rakor \u00fcnnep\u00e9lyes nagymise, templomb\u00facs\u00fa, ut\u00e1na \u00e9telszentel\u00e9s. * \u00c1prilis 22., H\u00fasv\u00e9th\u00e9tf\u0151n, Stuttgartban 9.30 \u00f3rakor szentmise, ut\u00e1na locsolkod\u00e1s. Weingartenben 10.00 \u00f3rakor szentmise. * \u00c1prilis 25-\u00e9n, cs\u00fct\u00f6rt\u00f6k\u00f6n, Ulmi d\u00e9lut\u00e1n, 18.30 \u00f3rakor szentmise, ut\u00e1na besz\u00e9lget\u00e9sek a Katekizmusr\u00f3l. * \u00c1prilis 26-\u00e1n, p\u00e9nteken,\u00a0Weingarteni d\u00e9lut\u00e1n, 18.30 \u00f3rakor szentmise a 14 Nothelfer Kapelle-ben, ut\u00e1na besz\u00e9lget\u00e9sek a Katekizmusr\u00f3l. * \u00c1prilis 27-\u00e9n, szombaton, Heidenheimban 15.30 \u00f3rakor szentmise. Ut\u00e1na \u00e1g\u00e1p\u00e9. Reutlingenben 16.30 \u00f3rakor igeistentisztelet. Ut\u00e1na \u00e1g\u00e1p\u00e9. * \u00c1prilis 28-\u00e9n, H\u00fasv\u00e9t 2. vas\u00e1rnapj\u00e1n, Biberachban 8.45 \u00f3rakor szentmise, ut\u00e1na \u00e1g\u00e1p\u00e9. Ulmban a szok\u00e1sosan 12.00 \u00f3rakor kezd\u0151d\u0151 szentmise ELMARAD! Eislingenben 15.00 \u00f3rakor szentmise, ut\u00e1na \u00e1g\u00e1p\u00e9. * Minden helyen mindenkit szeretettel v\u00e1r a k\u00f6z\u00f6ss\u00e9g Imre atya \u00e9s Tibor atya! \u00a0 \u201eA kereszt az egyik oldala annak, aminek a m\u00e1sik oldal\u00e1t felt\u00e1mad\u00e1snak h\u00edvjuk.\u201d (Ismeretlen) Kegyelemteljes H\u00fasv\u00e9tot k\u00edv\u00e1nunk minden Kedves H\u00edv\u00fcnknek! &nbsp;"}