{"version":"1.0","provider_name":"Stuttgarti Katolikusok","provider_url":"https:\/\/stuttgarti-katolikusok.de","title":"H\u00fasv\u00e9t 6. vas\u00e1rnapj\u00e1t\u00f3l P\u00fcnk\u00f6sdig - Stuttgarti Katolikusok","type":"rich","width":600,"height":338,"html":"<blockquote class=\"wp-embedded-content\" data-secret=\"bWBz8BBHbY\"><a href=\"https:\/\/stuttgarti-katolikusok.de\/index.php\/husvet-6-vasarnapjatol-punkosdig\/\">H\u00fasv\u00e9t 6. vas\u00e1rnapj\u00e1t\u00f3l P\u00fcnk\u00f6sdig<\/a><\/blockquote><iframe sandbox=\"allow-scripts\" security=\"restricted\" src=\"https:\/\/stuttgarti-katolikusok.de\/index.php\/husvet-6-vasarnapjatol-punkosdig\/embed\/#?secret=bWBz8BBHbY\" width=\"600\" height=\"338\" title=\"&#8220;H\u00fasv\u00e9t 6. vas\u00e1rnapj\u00e1t\u00f3l P\u00fcnk\u00f6sdig&#8221; &#8212; Stuttgarti Katolikusok\" data-secret=\"bWBz8BBHbY\" frameborder=\"0\" marginwidth=\"0\" marginheight=\"0\" scrolling=\"no\" class=\"wp-embedded-content\"><\/iframe><script type=\"text\/javascript\">\n\/* <![CDATA[ *\/\n\/*! This file is auto-generated *\/\n!function(d,l){\"use strict\";l.querySelector&&d.addEventListener&&\"undefined\"!=typeof URL&&(d.wp=d.wp||{},d.wp.receiveEmbedMessage||(d.wp.receiveEmbedMessage=function(e){var t=e.data;if((t||t.secret||t.message||t.value)&&!\/[^a-zA-Z0-9]\/.test(t.secret)){for(var s,r,n,a=l.querySelectorAll('iframe[data-secret=\"'+t.secret+'\"]'),o=l.querySelectorAll('blockquote[data-secret=\"'+t.secret+'\"]'),c=new RegExp(\"^https?:$\",\"i\"),i=0;i<o.length;i++)o[i].style.display=\"none\";for(i=0;i<a.length;i++)s=a[i],e.source===s.contentWindow&&(s.removeAttribute(\"style\"),\"height\"===t.message?(1e3<(r=parseInt(t.value,10))?r=1e3:~~r<200&&(r=200),s.height=r):\"link\"===t.message&&(r=new URL(s.getAttribute(\"src\")),n=new URL(t.value),c.test(n.protocol))&&n.host===r.host&&l.activeElement===s&&(d.top.location.href=t.value))}},d.addEventListener(\"message\",d.wp.receiveEmbedMessage,!1),l.addEventListener(\"DOMContentLoaded\",function(){for(var e,t,s=l.querySelectorAll(\"iframe.wp-embedded-content\"),r=0;r<s.length;r++)(t=(e=s[r]).getAttribute(\"data-secret\"))||(t=Math.random().toString(36).substring(2,12),e.src+=\"#?secret=\"+t,e.setAttribute(\"data-secret\",t)),e.contentWindow.postMessage({message:\"ready\",secret:t},\"*\")},!1)))}(window,document);\n\/\/# sourceURL=https:\/\/stuttgarti-katolikusok.de\/wp-includes\/js\/wp-embed.min.js\n\/* ]]> *\/\n<\/script>\n","thumbnail_url":"https:\/\/stuttgarti-katolikusok.de\/wp-content\/uploads\/2019\/05\/mindszenty.jpg","thumbnail_width":1704,"thumbnail_height":2272,"description":"m\u00e1jus 26. H\u00daSV\u00c9T 6. VAS\u00c1RNAPJA Alleluja + Alleluja + Alleluja Az egyes emberek \u00e9s az emberi k\u00f6z\u00f6ss\u00e9gek is sok-sok gonddal, neh\u00e9zs\u00e9ggel k\u00fczk\u00f6dnek. Az Egyh\u00e1z az\u00e1ltal ny\u00fajt seg\u00edts\u00e9get emberi probl\u00e9m\u00e1ink megold\u00e1s\u00e1hoz, hogy p\u00e1rbesz\u00e9det kezdem\u00e9nyez a vil\u00e1ggal. R\u00e1vet\u00edti az evang\u00e9lium f\u00e9ny\u00e9t a megold\u00e1sra v\u00e1r\u00f3 k\u00e9rd\u00e9sekre \u00e9s rendelkez\u00e9sre bocs\u00e1tja a kegyelem erej\u00e9t. OLVASM\u00c1NY\u00a0\u00a0\u00a0\u00a0\u00a0\u00a0\u00a0\u00a0\u00a0\u00a0\u00a0\u00a0\u00a0\u00a0\u00a0\u00a0\u00a0\u00a0\u00a0\u00a0\u00a0\u00a0\u00a0\u00a0\u00a0\u00a0\u00a0\u00a0\u00a0\u00a0\u00a0\u00a0\u00a0\u00a0\u00a0\u00a0 ApCsel 15, 1\u20132, 22\u201329 Szent P\u00e1l azt hirdeti, hogy a pog\u00e1nys\u00e1gb\u00f3l megt\u00e9rt h\u00edv\u0151kre nem k\u00f6telez\u0151k a m\u00f3zesi el\u0151\u00edr\u00e1sok. \u00cdgy d\u00f6nt\u00f6tt az apostoli zsinat is. Ugyanekkor a megt\u00e9rt pog\u00e1nyokt\u00f3l azt k\u00e9rte, hogy tartsanak tiszteletben a zsid\u00f3-kereszt\u00e9ny testv\u00e9reik \u00e1ltal megszokott, egyes \u0151si zsid\u00f3 hagyom\u00e1nyokat. &nbsp; V\u00c1LASZOS ZSOLT\u00c1R \u00a0\u00a0\u00a0\u00a0\u00a0\u00a0\u00a0\u00a0\u00a0\u00a0\u00a0\u00a0\u00a0\u00a0\u00a0\u00a0\u00a0\u00a0\u00a0\u00a0\u00a0\u00a0\u00a0\u00a0\u00a0\u00a0\u00a0\u00a0\u00a0\u00a0\u00a0\u00a0\u00a0\u00a0\u00a0\u00a0\u00a066. Zsolt\u00e1r V\u00e1lasz: Magasztaljanak, Isten, a n\u00e9pek, *\u00a0 minden nemzet \u00e1ldjon t\u00e9ged.\u00a0\u00a0\u00a0 Vagy: Alleluja, alleluja, alleluja.\u00a0\u00a0 &nbsp; SZENTLECKE\u00a0 \u00a0\u00a0\u00a0\u00a0\u00a0\u00a0\u00a0\u00a0\u00a0\u00a0\u00a0\u00a0\u00a0\u00a0\u00a0\u00a0\u00a0\u00a0\u00a0\u00a0\u00a0\u00a0\u00a0\u00a0\u00a0\u00a0\u00a0\u00a0\u00a0\u00a0\u00a0\u00a0\u00a0\u00a0Jel 21, 10\u201314. 22\u201323 A h\u00edv\u0151 ember b\u00edzhat abban, hogy \u00e9let\u00e9nek megpr\u00f3b\u00e1ltat\u00e1sait \u00e9rdemes t\u00fcrelmesen elfogadni. Isten ugyanis jutalmul megaj\u00e1nd\u00e9kozza majd \u00f6v\u00e9it az \u00f6r\u00f6k \u00fcdv\u00f6ss\u00e9ggel. Ennek l\u00e9nyege az, hogy r\u00e9szesed\u00fcnk Isten \u00e9let\u00e9ben. S ez biztons\u00e1got, b\u00e9k\u00e9t, nagy \u00f6r\u00f6m\u00f6t \u00e9s boldogs\u00e1got jelent sz\u00e1munkra. ALLELUJA\u00a0\u00a0\u00a0\u00a0\u00a0\u00a0\u00a0\u00a0\u00a0\u00a0\u00a0\u00a0\u00a0\u00a0\u00a0\u00a0\u00a0\u00a0\u00a0\u00a0\u00a0\u00a0\u00a0\u00a0\u00a0\u00a0\u00a0\u00a0\u00a0\u00a0\u00a0\u00a0\u00a0\u00a0\u00a0\u00a0\u00a0\u00a0\u00a0\u00a0\u00a0\u00a0\u00a0\u00a0\u00a0\u00a0\u00a0\u00a0\u00a0\u00a0\u00a0\u00a0\u00a0\u00a0\u00a0\u00a0\u00a0\u00a0\u00a0\u00a0\u00a0\u00a0\u00a0\u00a0\u00a0\u00a0\u00a0 Jn 14, 23 J\u00e9zus mondja: \u201eAki szeret engem, megfogadja szavamat, * Aty\u00e1m is szeretni fogja \u00e9s hozz\u00e1 k\u00f6lt\u00f6z\u00fcnk.\u201d EVANG\u00c9LIUM \u00a0\u00a0\u00a0\u00a0\u00a0\u00a0\u00a0\u00a0\u00a0\u00a0\u00a0\u00a0\u00a0\u00a0\u00a0\u00a0\u00a0\u00a0\u00a0\u00a0\u00a0\u00a0\u00a0\u00a0\u00a0\u00a0\u00a0\u00a0\u00a0\u00a0\u00a0\u00a0\u00a0\u00a0\u00a0\u00a0\u00a0\u00a0\u00a0\u00a0\u00a0\u00a0\u00a0\u00a0\u00a0\u00a0Jn 14, 23\u201329 Az Egyh\u00e1z tagjait J\u00e9zus tan\u00edt\u00e1sa, a k\u00f6z\u00f6s hit tartja \u00f6ssze. A hit eredeti tisztas\u00e1ga f\u00f6l\u00f6tt a Szentl\u00e9lek \u0151rk\u00f6dik majd. A L\u00e9lek jelenl\u00e9te m\u00e1s el\u0151nnyel is j\u00e1r. Igazi lelki b\u00e9k\u00e9t k\u00f6lcs\u00f6n\u00f6z nek\u00fcnk. S ez a f\u00f6ld\u00f6n megkezdett Isten orsz\u00e1ga, majd az \u00f6r\u00f6kk\u00e9val\u00f3s\u00e1gban teljesedik be, amikor elnyerj\u00fck a nek\u00fcnk k\u00e9sz\u00edtett orsz\u00e1got. AZ EUCHARISZTI\u00c1HOZ Most m\u00e9g t\u00fck\u00f6r \u00e1ltal, hom\u00e1lyosan l\u00e1tjuk az Urat. De egykor majd hit\u00fcnk l\u00e1t\u00e1ss\u00e1 v\u00e1ltozik, vagyis l\u00e1tjuk \u0151t \u00fagy, amint van. ELM\u00c9LKED\u00c9S Mire k\u00fcld\u00f6tt az Isten? Arra, hogy gy\u0171l\u00f6ld azt, aki \u00e9pp\u00fagy, mint te, m\u00e1sa, s puszt\u00e1n az\u00e9rt, mert k\u00e1rodat k\u00edv\u00e1nja? Mi\u00e9rt k\u00fcld\u00f6tt? Az\u00e9rt, hogy marakodj s visszaharapd a bel\u00e9d mar\u00f3t, vagy hogy ut\u00e1na menj, \u00e9s hogyha f\u00e1jna szeg\u00e9nynek, a rajtad ejtett mar\u00e1sa, te adj seb\u00e9re egy kis balzsamot? Nyilv\u00e1n nem az\u00e9rt k\u00fcld\u00f6tt,... R\u00e9szletek"}