{"version":"1.0","provider_name":"Stuttgarti Katolikusok","provider_url":"https:\/\/stuttgarti-katolikusok.de","title":"H\u00fasv\u00e9t 6. vas\u00e1rnapja - Stuttgarti Katolikusok","type":"rich","width":600,"height":338,"html":"<blockquote class=\"wp-embedded-content\" data-secret=\"IpRpN138YX\"><a href=\"https:\/\/stuttgarti-katolikusok.de\/index.php\/husvet-6-vasarnapja-3\/\">H\u00fasv\u00e9t 6. vas\u00e1rnapja<\/a><\/blockquote><iframe sandbox=\"allow-scripts\" security=\"restricted\" src=\"https:\/\/stuttgarti-katolikusok.de\/index.php\/husvet-6-vasarnapja-3\/embed\/#?secret=IpRpN138YX\" width=\"600\" height=\"338\" title=\"&#8220;H\u00fasv\u00e9t 6. vas\u00e1rnapja&#8221; &#8212; Stuttgarti Katolikusok\" data-secret=\"IpRpN138YX\" frameborder=\"0\" marginwidth=\"0\" marginheight=\"0\" scrolling=\"no\" class=\"wp-embedded-content\"><\/iframe><script type=\"text\/javascript\">\n\/* <![CDATA[ *\/\n\/*! This file is auto-generated *\/\n!function(d,l){\"use strict\";l.querySelector&&d.addEventListener&&\"undefined\"!=typeof URL&&(d.wp=d.wp||{},d.wp.receiveEmbedMessage||(d.wp.receiveEmbedMessage=function(e){var t=e.data;if((t||t.secret||t.message||t.value)&&!\/[^a-zA-Z0-9]\/.test(t.secret)){for(var s,r,n,a=l.querySelectorAll('iframe[data-secret=\"'+t.secret+'\"]'),o=l.querySelectorAll('blockquote[data-secret=\"'+t.secret+'\"]'),c=new RegExp(\"^https?:$\",\"i\"),i=0;i<o.length;i++)o[i].style.display=\"none\";for(i=0;i<a.length;i++)s=a[i],e.source===s.contentWindow&&(s.removeAttribute(\"style\"),\"height\"===t.message?(1e3<(r=parseInt(t.value,10))?r=1e3:~~r<200&&(r=200),s.height=r):\"link\"===t.message&&(r=new URL(s.getAttribute(\"src\")),n=new URL(t.value),c.test(n.protocol))&&n.host===r.host&&l.activeElement===s&&(d.top.location.href=t.value))}},d.addEventListener(\"message\",d.wp.receiveEmbedMessage,!1),l.addEventListener(\"DOMContentLoaded\",function(){for(var e,t,s=l.querySelectorAll(\"iframe.wp-embedded-content\"),r=0;r<s.length;r++)(t=(e=s[r]).getAttribute(\"data-secret\"))||(t=Math.random().toString(36).substring(2,12),e.src+=\"#?secret=\"+t,e.setAttribute(\"data-secret\",t)),e.contentWindow.postMessage({message:\"ready\",secret:t},\"*\")},!1)))}(window,document);\n\/\/# sourceURL=https:\/\/stuttgarti-katolikusok.de\/wp-includes\/js\/wp-embed.min.js\n\/* ]]> *\/\n<\/script>\n","thumbnail_url":"https:\/\/stuttgarti-katolikusok.de\/wp-content\/uploads\/2024\/05\/novekedes.jpg","thumbnail_width":800,"thumbnail_height":351,"description":"H\u00fasv\u00e9t 6. vas\u00e1rnapja a szeretet els\u0151rend\u0171s\u00e9g\u00e9t hirdeti. A szeretet a legnagyobb a vil\u00e1gon. Egyben pedig a h\u00edv\u0151 embernek a legnagyobb felismer\u00e9s, hogy Isten a szeretet. Magam t\u00f6rekv\u00e9se pedig, hogy az Isten k\u00edn\u00e1lta szeretetet a lehet\u0151 leghitelesebben k\u00f6zvet\u00edtsem m\u00e1sok fel\u00e9, \u00fagy ahogyan \u00e9n meg\u00e9lem. Cselekedeteim\u00a0 legf\u0151bb \u00e9rt\u00e9k\u00e9t is adja egyben, mennyire van \u00e1titatva a magam szeretet\u00e9vel. Az olvasm\u00e1ny fontos \u00fczenete: &#8222;Val\u00f3ban el kell ismernem, hogy Isten nem szem\u00e9lyv\u00e1logat\u00f3.&#8221; Biztat\u00e1s \u00e9s b\u00e1tor\u00edt\u00e1s mindannyiunk sz\u00e1m\u00e1ra, hogy mi magunk is ezen az \u00faton induljunk el. Csakis ez \u0151riz meg az \u00f3ri\u00e1si k\u00eds\u00e9rt\u00e9st\u0151l, amelyet el\u0151\u00edt\u00e9letnek nevez\u00fcnk. A szentlecke a szeret er\u00e9ny\u00e9nek fels\u0151rend\u0171s\u00e9g\u00e9t hirdeti. Alapja \u00e9s forr\u00e1sa az Isten ir\u00e1ntunk val\u00f3 szeretete. A legt\u00f6bb embert a szeretet vezette Istenhez, annak szava \u00e9s gyakorl\u00e1sa. Amennyiben gyakoroljuk a szeretetet, vagyis szeretetben \u00e9l\u00fcnk, \u00fagy m\u00e1sokat is Istenhez vezethet\u00fcnk. Az evang\u00e9liumban Krisztus \u00f6nmaga ir\u00e1ntunk val\u00f3 szeretet\u00e9t \u00e1ll\u00edtotta el\u00e9nk p\u00e9ld\u00e1nak. A Krisztus k\u00edn\u00e1lta szeretet aj\u00e1nd\u00e9ka, hogy bar\u00e1tj\u00e1nak nevez, nem pedig szolg\u00e1nak. A szolga kapcsolatban megjelenik a f\u00f6l\u00e9- \u00e9s al\u00e1rendelts\u00e9g, a birtokl\u00e1s \u00e9s kiszolg\u00e1ltatotts\u00e1g \u00e9rz\u00e9se. A bar\u00e1ti kapcsolatban mindez nincs meg. A bar\u00e1t nem tulajdon, nincs sem f\u00f6l\u00f6ttem, sem alattam. Szeretem \u00e9s elfogadom \u0151t a maga intimit\u00e1s\u00e1ban, felt\u00e9telek n\u00e9lk\u00fcl. Hogyan \u00e9led meg bar\u00e1ti kapcsolataidat?\u00a0 Kezd\u0151\u00e9nek: \u00d6rvendez\u0151 sz\u00f3val hirdess\u00e9tek, hogy mindenki hallja, hirdess\u00e9tek minden\u00fctt a f\u00f6ld v\u00e9gs\u0151 hat\u00e1r\u00e1ig: megszabad\u00edtotta az \u00dar az \u0151 n\u00e9p\u00e9t, alleluja! (V\u00f6. Iz 48,20) K\u00f6ny\u00f6rg\u00e9s: Mindenhat\u00f3 Isten\u00fcnk, add, hogy odaad\u00f3 buzg\u00f3s\u00e1ggal \u00fcnnepelj\u00fck Urunk felt\u00e1mad\u00e1s\u00e1nak \u00f6r\u00f6mnapjait. Engedd, hogy cselekedeteinkkel mindenkor \u00e9letre v\u00e1ltsuk, amit az eml\u00e9kez\u00e9ssel felid\u00e9z\u00fcnk. A mi Urunk, J\u00e9zus Krisztus, a te Fiad \u00e1ltal, aki veled \u00e9l \u00e9s uralkodik a Szentl\u00e9lekkel egys\u00e9gben, Isten mind\u00f6r\u00f6kk\u00f6n \u00f6r\u00f6kk\u00e9. Az olvasm\u00e1ny egy mondat\u00e1t hozom ide: \u201eVal\u00f3ban, el kell ismernem, hogy Isten nem szem\u00e9lyv\u00e1logat\u00f3.&#8221; J\u00f3 ezt tudatos\u00edtanom magam sz\u00e1m\u00e1ra. \u0150 elfogad engem \u00edgy, ahogy vagyok. \u00d6szt\u00f6n\u00f6zz\u00f6n abban, hogy m\u00e1sokat is el tudjak fogadni. T\u00fal kell l\u00e9pnem a magam el\u0151\u00edt\u00e9letein! A szentlecke \u00fczenete: a szeretet... R\u00e9szletek"}