{"version":"1.0","provider_name":"Stuttgarti Katolikusok","provider_url":"https:\/\/stuttgarti-katolikusok.de","title":"H\u00fasv\u00e9t 5. vas\u00e1rnapja - Stuttgarti Katolikusok","type":"rich","width":600,"height":338,"html":"<blockquote class=\"wp-embedded-content\" data-secret=\"117TpUK2ET\"><a href=\"https:\/\/stuttgarti-katolikusok.de\/index.php\/husvet-5-vasarnapja-2\/\">H\u00fasv\u00e9t 5. vas\u00e1rnapja<\/a><\/blockquote><iframe sandbox=\"allow-scripts\" security=\"restricted\" src=\"https:\/\/stuttgarti-katolikusok.de\/index.php\/husvet-5-vasarnapja-2\/embed\/#?secret=117TpUK2ET\" width=\"600\" height=\"338\" title=\"&#8220;H\u00fasv\u00e9t 5. vas\u00e1rnapja&#8221; &#8212; Stuttgarti Katolikusok\" data-secret=\"117TpUK2ET\" frameborder=\"0\" marginwidth=\"0\" marginheight=\"0\" scrolling=\"no\" class=\"wp-embedded-content\"><\/iframe><script type=\"text\/javascript\">\n\/* <![CDATA[ *\/\n\/*! This file is auto-generated *\/\n!function(d,l){\"use strict\";l.querySelector&&d.addEventListener&&\"undefined\"!=typeof URL&&(d.wp=d.wp||{},d.wp.receiveEmbedMessage||(d.wp.receiveEmbedMessage=function(e){var t=e.data;if((t||t.secret||t.message||t.value)&&!\/[^a-zA-Z0-9]\/.test(t.secret)){for(var s,r,n,a=l.querySelectorAll('iframe[data-secret=\"'+t.secret+'\"]'),o=l.querySelectorAll('blockquote[data-secret=\"'+t.secret+'\"]'),c=new RegExp(\"^https?:$\",\"i\"),i=0;i<o.length;i++)o[i].style.display=\"none\";for(i=0;i<a.length;i++)s=a[i],e.source===s.contentWindow&&(s.removeAttribute(\"style\"),\"height\"===t.message?(1e3<(r=parseInt(t.value,10))?r=1e3:~~r<200&&(r=200),s.height=r):\"link\"===t.message&&(r=new URL(s.getAttribute(\"src\")),n=new URL(t.value),c.test(n.protocol))&&n.host===r.host&&l.activeElement===s&&(d.top.location.href=t.value))}},d.addEventListener(\"message\",d.wp.receiveEmbedMessage,!1),l.addEventListener(\"DOMContentLoaded\",function(){for(var e,t,s=l.querySelectorAll(\"iframe.wp-embedded-content\"),r=0;r<s.length;r++)(t=(e=s[r]).getAttribute(\"data-secret\"))||(t=Math.random().toString(36).substring(2,12),e.src+=\"#?secret=\"+t,e.setAttribute(\"data-secret\",t)),e.contentWindow.postMessage({message:\"ready\",secret:t},\"*\")},!1)))}(window,document);\n\/\/# sourceURL=https:\/\/stuttgarti-katolikusok.de\/wp-includes\/js\/wp-embed.min.js\n\/* ]]> *\/\n<\/script>\n","thumbnail_url":"https:\/\/stuttgarti-katolikusok.de\/wp-content\/uploads\/2021\/04\/wine-3657275-1280.jpg","thumbnail_width":1280,"thumbnail_height":853,"description":"H\u00fasv\u00e9t 5. vas\u00e1rnapj\u00e1nak olvasm\u00e1nya Szent P\u00e1l apostol bels\u0151 \u00fatj\u00e1nak fontos \u00e1llom\u00e1s\u00e1t mutatja be megt\u00e9r\u00e9s\u00e9t k\u00f6vet\u0151en. Barnab\u00e1s volt az, aki kezess\u00e9get v\u00e1llalt \u00e9s ki\u00e1llt mellette. A keresztsz\u00fcl\u0151k, b\u00e9rmasz\u00fcl\u0151k egy\u00e9ni felel\u0151ss\u00e9g\u00e9t is megtestes\u00edti ez a t\u00f6rt\u00e9net. Szent J\u00e1nos apostol a szentleck\u00e9ben ism\u00e9telten a szeretet fontoss\u00e1g\u00e1t hangs\u00falyozza. Kereszt\u00e9ny hit\u00fcnk tan\u00edt\u00e1sa szerint a legf\u0151bb parancsolat: szeress\u00fck Istent \u00e9s embert\u00e1rsainkat. Szeretet\u00fcnket els\u0151sorban tetteinkkel igazoljuk. Az evang\u00e9lium J\u00e9zus Krisztus gy\u00f6ny\u00f6r\u0171 tan\u00edt\u00e1s\u00e1t tartalmazza. K\u00f6z\u00f6ss\u00e9gben maradni Krisztussal, a kegyelmi \u00e9let alapja. A hasonlat \u00e9rtelm\u00e9ben olyan sz\u0151l\u0151vessz\u0151h\u00f6z kell hasonl\u00edtanunk, amelyik a sz\u0151l\u0151t\u0151b\u0151l, Krisztusb\u00f3l, sz\u00edvja erej\u00e9t. Egyben Neki k\u00f6sz\u00f6nheti b\u0151s\u00e9ges term\u00e9s\u00e9t. Kezd\u0151\u00e9nek: \u00c9nekeljetek az \u00darnak \u00faj \u00e9neket, mert csod\u00e1latos dolgokat cselekedett; kinyilatkoztatta az \u0151 igazs\u00e1g\u00e1t a nemzetek sz\u00edne el\u0151tt, alleluja! (V\u00f6. Zsolt 97,1-2) K\u00f6ny\u00f6rg\u00e9s: Mindenhat\u00f3, \u00f6r\u00f6k Isten, tedd t\u00f6k\u00e9letess\u00e9 benn\u00fcnk a h\u00fasv\u00e9ti szents\u00e9get, hogy akiket a szent kereszts\u00e9gben meg\u00faj\u00edtott\u00e1l, oltalmad alatt b\u0151 term\u00e9st hozzanak, \u00e9s eljussanak az \u00f6r\u00f6k boldogs\u00e1gra. A mi Urunk, J\u00e9zus Krisztus, a te Fiad \u00e1ltal, aki veled \u00e9l \u00e9s uralkodik a Szentl\u00e9lekkel egys\u00e9gben, Isten mind\u00f6r\u00f6kk\u00f6n \u00f6r\u00f6kk\u00e9. OLVASM\u00c1NY az Apostolok Cselekedeteib\u0151l (ApCsel 9,26-31) Amikor (megt\u00e9r\u00e9se ut\u00e1n) Saul Jeruzs\u00e1lembe \u00e9rt, a tan\u00edtv\u00e1nyokhoz akart csatlakozni, de mind f\u00e9ltek t\u0151le. Nem hitt\u00e9k el, hogy tan\u00edtv\u00e1nny\u00e1 lett. V\u00e9g\u00fcl Barnab\u00e1s m\u00e9gis maga mell\u00e9 vette, \u00e9s elvitte az apostolokhoz. Elmondta nekik, hogy (P\u00e1l) l\u00e1tta az \u00faton az Urat, hogy (az \u00dar) mit mondott neki, \u00e9s hogy \u0151 milyen b\u00e1tran ki\u00e1llt Damaszkuszban J\u00e9zus \u00fcgye mellett. (P\u00e1l) ezent\u00fal vel\u00fck j\u00e1rt-kelt Jeruzs\u00e1lemben, s ny\u00edltan besz\u00e9lt az \u00dar nev\u00e9ben. A g\u00f6r\u00f6g nyelv\u0171 zsid\u00f3khoz is besz\u00e9lt, s\u0151t vit\u00e1ba sz\u00e1llt vel\u00fck. De azok az \u00e9let\u00e9re t\u00f6rtek. Amikor ezt a testv\u00e9rek megtudt\u00e1k, Cez\u00e1re\u00e1ba elk\u00eds\u00e9rt\u00e9k, majd onn\u00e9t Tarzuszba k\u00fcldt\u00e9k. Az Egyh\u00e1z eg\u00e9sz J\u00fade\u00e1ban, Galile\u00e1ban \u00e9s Szamari\u00e1ban b\u00e9k\u00e9t \u00e9lvezett. Meger\u0151s\u00f6d\u00f6tt, az \u00dar f\u00e9lelm\u00e9ben \u00e9lt, \u00e9s a Szentl\u00e9lek seg\u00edts\u00e9g\u00e9vel egyre terjedt. Ez az Isten ig\u00e9je. V\u00c1LASZOS ZSOLT\u00c1R (Zsolt 21,26b-27.28 \u00e9s 30.31-32) V\u00e1lasz:\u00a0Dics\u00e9rlek t\u00e9ged,\u00a0Istenem, * szent n\u00e9ped\u00a0k\u00f6r\u00e9ben.\u00a0(2. t\u00f3nus.) Vagy:\u00a0Alleluja, alleluja, alleluja.\u00a02. sz\u00e1m. El\u0151\u00e9nekes: Az istenf\u00e9l\u0151k\u00a0el\u0151tt,... R\u00e9szletek"}