{"version":"1.0","provider_name":"Stuttgarti Katolikusok","provider_url":"https:\/\/stuttgarti-katolikusok.de","title":"H\u00daSV\u00c9T 5. VAS\u00c1RNAPJA - Stuttgarti Katolikusok","type":"rich","width":600,"height":338,"html":"<blockquote class=\"wp-embedded-content\" data-secret=\"53GhqzDITy\"><a href=\"https:\/\/stuttgarti-katolikusok.de\/index.php\/husvet-5-vasarnapja\/\">H\u00daSV\u00c9T 5. VAS\u00c1RNAPJA<\/a><\/blockquote><iframe sandbox=\"allow-scripts\" security=\"restricted\" src=\"https:\/\/stuttgarti-katolikusok.de\/index.php\/husvet-5-vasarnapja\/embed\/#?secret=53GhqzDITy\" width=\"600\" height=\"338\" title=\"&#8220;H\u00daSV\u00c9T 5. VAS\u00c1RNAPJA&#8221; &#8212; Stuttgarti Katolikusok\" data-secret=\"53GhqzDITy\" frameborder=\"0\" marginwidth=\"0\" marginheight=\"0\" scrolling=\"no\" class=\"wp-embedded-content\"><\/iframe><script type=\"text\/javascript\">\n\/* <![CDATA[ *\/\n\/*! This file is auto-generated *\/\n!function(d,l){\"use strict\";l.querySelector&&d.addEventListener&&\"undefined\"!=typeof URL&&(d.wp=d.wp||{},d.wp.receiveEmbedMessage||(d.wp.receiveEmbedMessage=function(e){var t=e.data;if((t||t.secret||t.message||t.value)&&!\/[^a-zA-Z0-9]\/.test(t.secret)){for(var s,r,n,a=l.querySelectorAll('iframe[data-secret=\"'+t.secret+'\"]'),o=l.querySelectorAll('blockquote[data-secret=\"'+t.secret+'\"]'),c=new RegExp(\"^https?:$\",\"i\"),i=0;i<o.length;i++)o[i].style.display=\"none\";for(i=0;i<a.length;i++)s=a[i],e.source===s.contentWindow&&(s.removeAttribute(\"style\"),\"height\"===t.message?(1e3<(r=parseInt(t.value,10))?r=1e3:~~r<200&&(r=200),s.height=r):\"link\"===t.message&&(r=new URL(s.getAttribute(\"src\")),n=new URL(t.value),c.test(n.protocol))&&n.host===r.host&&l.activeElement===s&&(d.top.location.href=t.value))}},d.addEventListener(\"message\",d.wp.receiveEmbedMessage,!1),l.addEventListener(\"DOMContentLoaded\",function(){for(var e,t,s=l.querySelectorAll(\"iframe.wp-embedded-content\"),r=0;r<s.length;r++)(t=(e=s[r]).getAttribute(\"data-secret\"))||(t=Math.random().toString(36).substring(2,12),e.src+=\"#?secret=\"+t,e.setAttribute(\"data-secret\",t)),e.contentWindow.postMessage({message:\"ready\",secret:t},\"*\")},!1)))}(window,document);\n\/\/# sourceURL=https:\/\/stuttgarti-katolikusok.de\/wp-includes\/js\/wp-embed.min.js\n\/* ]]> *\/\n<\/script>\n","thumbnail_url":"https:\/\/stuttgarti-katolikusok.de\/wp-content\/uploads\/2023\/05\/cq5damthumbnailcropped750422.jpeg","thumbnail_width":750,"thumbnail_height":422,"description":"Kezd\u0151\u00e9nek: Az \u00darnak \u00faj dalt \u00e9nekeljetek, mivelhogy csod\u00e1kat m\u0171velt, tudtul adta h\u0171s\u00e9g\u00e9t a nemzeteknek, alleluja. (Zsolt 97,1-2) K\u00f6ny\u00f6rg\u00e9s: Isten\u00fcnk, te megv\u00e1ltott\u00e1l \u00e9s gyermekeidd\u00e9 fogadt\u00e1l benn\u00fcnket. Tekints j\u00f3s\u00e1gosan szeretett fiaidra, \u00e9s vezess el minket, Krisztusban h\u00edv\u0151ket az igazi szabads\u00e1gra \u00e9s a mennyei dics\u0151s\u00e9gbe. A mi Urunk, J\u00e9zus Krisztus, a te Fiad \u00e1ltal, aki veled \u00e9l \u00e9s uralkodik a Szentl\u00e9lekkel egys\u00e9gben, Isten mind\u00f6r\u00f6kk\u00f6n \u00f6r\u00f6kk\u00e9. OLVASM\u00c1NY az Apostolok Cselekedeteib\u0151l (ApCsel 6,1-7) Kiv\u00e1lasztottak h\u00e9t j\u00f3 h\u00edrben \u00e1ll\u00f3, Szentl\u00e9lekkel eltelt f\u00e9rfit. Azokban a napokban, amikor a tan\u00edtv\u00e1nyok sz\u00e1ma m\u00e1r megn\u00f6vekedett, z\u00fagol\u00f3d\u00e1s t\u00e1madt a g\u00f6r\u00f6g\u00f6k k\u00f6zt a zsid\u00f3k ellen, hogy a mindennapi alamizsnaoszt\u00e1skor az \u0151 \u00f6zvegyeiket h\u00e1tt\u00e9rbe szor\u00edtj\u00e1k. Ez\u00e9rt a Tizenkett\u0151 \u00f6sszeh\u00edvta a tan\u00edtv\u00e1nyokat, \u00e9s \u00edgy sz\u00f3ltak hozz\u00e1juk: \u201eNem volna rendj\u00e9n, hogy elhanyagoljuk Isten ig\u00e9j\u00e9t, s az asztal szolg\u00e1lat\u00e1t l\u00e1ssuk el. Szemeljetek h\u00e1t ki magatok k\u00f6z\u00fcl, testv\u00e9rek, h\u00e9t j\u00f3 h\u00edrben \u00e1ll\u00f3, L\u00e9lekkel eltelt b\u00f6lcs f\u00e9rfit, akiket megb\u00edzhatunk ezzel a feladattal. Mi pedig majd az im\u00e1ds\u00e1gnak \u00e9s az ige szolg\u00e1lat\u00e1nak szentelj\u00fck magunkat.\u201d Tetszett a javaslat az eg\u00e9sz k\u00f6z\u00f6ss\u00e9gnek, \u00e9s kiv\u00e1lasztott\u00e1k Istv\u00e1nt, ezt a hittel \u00e9s Szentl\u00e9lekkel eltelt f\u00e9rfit, azt\u00e1n F\u00fcl\u00f6p\u00f6t \u00e9s Proh\u00f3ruszt, Nik\u00e1nort \u00e9s Timont, Parmen\u00e1szt \u00e9s Mikl\u00f3st, az anti\u00f3chiai prozelit\u00e1t. Az apostolok el\u00e9 \u00e1ll\u00edtott\u00e1k \u0151ket, azok pedig im\u00e1dkoztak felett\u00fck, \u00e9s r\u00e1juk tett\u00e9k kez\u00fcket. \u00c9s az Isten ig\u00e9je tov\u00e1bb terjedt, \u00fagyhogy a tan\u00edtv\u00e1nyok sz\u00e1ma igen megn\u0151tt Jeruzs\u00e1lemben. M\u00e9g a papok k\u00f6z\u00fcl is t\u00f6megesen h\u00f3doltak meg a hitnek. Ez az Isten ig\u00e9je. V\u00c1LASZOS ZSOLT\u00c1R (Zsolt 32,1-2.4-5.18-19) V\u00e1lasz:\u00a0Kegyes szemed legyen\u00a0rajtunk, * tebenned van\u00a0bizodalmunk.\u00a05. t\u00f3nus. Vagy:\u00a0Alleluja.\u00a05. sz\u00e1m. El\u0151\u00e9nekes: \u00d6rvendezzetek, igazak, az \u00darban, * a szentekhez dics\u00e9ret illik. Dics\u00e9rj\u00e9tek az Urat citer\u00e1val, * t\u00edzh\u00far\u00fa h\u00e1rf\u00e1n zengjetek n\u00e9ki. H\u00edvek:\u00a0Kegyes szemed legyen\u00a0rajtunk, * tebenned van\u00a0bizodalmunk. Vagy: Alleluja. E: Sziklaszil\u00e1rd az \u00dar ig\u00e9je, * minden tett\u00e9t h\u0171s\u00e9g vezeti. Az igazlelk\u0171s\u00e9get \u00e9s a t\u00f6rv\u00e9nyt szereti, * telve van a f\u00f6ld az \u00dar irgalm\u00e1val. H:\u00a0Kegyes szemed legyen\u00a0rajtunk, * tebenned van\u00a0bizodalmunk. Vagy: Alleluja. E: Az istenf\u00e9l\u0151kre \u00fcgyel... R\u00e9szletek"}