{"version":"1.0","provider_name":"Stuttgarti Katolikusok","provider_url":"https:\/\/stuttgarti-katolikusok.de","title":"H\u00fasv\u00e9t 4. vas\u00e1rnapja \u2013 K\u00f6ny\u00f6rg\u0151nap papi hivat\u00e1sok\u00e9rt - Stuttgarti Katolikusok","type":"rich","width":600,"height":338,"html":"<blockquote class=\"wp-embedded-content\" data-secret=\"ttFN71IWb0\"><a href=\"https:\/\/stuttgarti-katolikusok.de\/index.php\/husvet-4-vasarnapja-konyorgonap-papi-hivatasokert\/\">H\u00fasv\u00e9t 4. vas\u00e1rnapja \u2013 K\u00f6ny\u00f6rg\u0151nap papi hivat\u00e1sok\u00e9rt<\/a><\/blockquote><iframe sandbox=\"allow-scripts\" security=\"restricted\" src=\"https:\/\/stuttgarti-katolikusok.de\/index.php\/husvet-4-vasarnapja-konyorgonap-papi-hivatasokert\/embed\/#?secret=ttFN71IWb0\" width=\"600\" height=\"338\" title=\"&#8220;H\u00fasv\u00e9t 4. vas\u00e1rnapja \u2013 K\u00f6ny\u00f6rg\u0151nap papi hivat\u00e1sok\u00e9rt&#8221; &#8212; Stuttgarti Katolikusok\" data-secret=\"ttFN71IWb0\" frameborder=\"0\" marginwidth=\"0\" marginheight=\"0\" scrolling=\"no\" class=\"wp-embedded-content\"><\/iframe><script type=\"text\/javascript\">\n\/* <![CDATA[ *\/\n\/*! This file is auto-generated *\/\n!function(d,l){\"use strict\";l.querySelector&&d.addEventListener&&\"undefined\"!=typeof URL&&(d.wp=d.wp||{},d.wp.receiveEmbedMessage||(d.wp.receiveEmbedMessage=function(e){var t=e.data;if((t||t.secret||t.message||t.value)&&!\/[^a-zA-Z0-9]\/.test(t.secret)){for(var s,r,n,a=l.querySelectorAll('iframe[data-secret=\"'+t.secret+'\"]'),o=l.querySelectorAll('blockquote[data-secret=\"'+t.secret+'\"]'),c=new RegExp(\"^https?:$\",\"i\"),i=0;i<o.length;i++)o[i].style.display=\"none\";for(i=0;i<a.length;i++)s=a[i],e.source===s.contentWindow&&(s.removeAttribute(\"style\"),\"height\"===t.message?(1e3<(r=parseInt(t.value,10))?r=1e3:~~r<200&&(r=200),s.height=r):\"link\"===t.message&&(r=new URL(s.getAttribute(\"src\")),n=new URL(t.value),c.test(n.protocol))&&n.host===r.host&&l.activeElement===s&&(d.top.location.href=t.value))}},d.addEventListener(\"message\",d.wp.receiveEmbedMessage,!1),l.addEventListener(\"DOMContentLoaded\",function(){for(var e,t,s=l.querySelectorAll(\"iframe.wp-embedded-content\"),r=0;r<s.length;r++)(t=(e=s[r]).getAttribute(\"data-secret\"))||(t=Math.random().toString(36).substring(2,12),e.src+=\"#?secret=\"+t,e.setAttribute(\"data-secret\",t)),e.contentWindow.postMessage({message:\"ready\",secret:t},\"*\")},!1)))}(window,document);\n\/\/# sourceURL=https:\/\/stuttgarti-katolikusok.de\/wp-includes\/js\/wp-embed.min.js\n\/* ]]> *\/\n<\/script>\n","thumbnail_url":"https:\/\/stuttgarti-katolikusok.de\/wp-content\/uploads\/2025\/05\/xiv-leo-papa-vatican-news.jpg","thumbnail_width":849,"thumbnail_height":560,"description":"&#8222;Habemus Papam!&#8221; XIV. Le\u00f3 p\u00e1pa szem\u00e9ly\u00e9ben \u00faj vezet\u0151je, p\u00e1sztora van Egyh\u00e1zunknak.\u00a0 Bek\u00f6sz\u00f6n\u0151 besz\u00e9d\u00e9ben els\u0151k\u00e9nt a felt\u00e1madt \u00fcdv\u00f6z\u00edt\u0151, J\u00e9zus Krisztus szavaival sz\u00f3l\u00edtotta meg az egybegy\u0171lteket: &#8222;B\u00e9kess\u00e9g veletek!&#8221; Ezzel kijel\u00f6lte f\u0151p\u00e1sztori feladat\u00e1nak legf\u0151bb csap\u00e1svonal\u00e1t. El\u0151dj\u00e9hez, Ferenc p\u00e1p\u00e1hoz hasonl\u00f3an, a b\u00e9ke k\u00f6vetek\u00e9nt teljes\u00edti majd f\u0151p\u00e1sztori k\u00fcldet\u00e9s\u00e9t. N\u00e9vv\u00e1laszt\u00e1sa pedig, XIV. Le\u00f3 p\u00e1pa, egy\u00e9rtelm\u0171 utal\u00e1s, hogy XIII. Le\u00f3 p\u00e1pa szellemi ut\u00f3dja is k\u00edv\u00e1n lenni. XIII. Le\u00f3 p\u00e1pa 1891-ben kiadott &#8222;Rerum novarum&#8221; enciklik\u00e1ja a modern t\u00e1rsadalmi tan\u00edt\u00e1s alapjait fektette le, amely mind a mai napig ir\u00e1nytmutat\u00f3. A munk\u00e1hoz val\u00f3 jog, igazs\u00e1gos b\u00e9rez\u00e9s, megannyi, ma is aktu\u00e1lis k\u00e9rd\u00e9s, amely v\u00e1laszra v\u00e1r. Erd\u0151 P\u00e9ter b\u00edboros \u00far els\u0151 hivatalos interj\u00faj\u00e1ban a p\u00e1pav\u00e1laszt\u00e1si konkl\u00e1v\u00e9t k\u00f6vet\u0151en eml\u00edtette, hogy XIV. Le\u00f3 p\u00e1pa m\u00e1r fel is h\u00edvta figyelm\u00fcket az egyik legnagyobb jelenkori kih\u00edv\u00e1sra, amelyet a mesters\u00e9ges intelligencia jelent korunk embere sz\u00e1m\u00e1ra.\u00a0 Tov\u00e1bb\u00e1 arr\u00f3l sem feledkezhet\u00fcnk meg, hogy sz\u00f3lt Egyh\u00e1zunk egyik fontos k\u00fcldet\u00e9s\u00e9r\u0151l: h\u00eddd\u00e1 v\u00e1lni. Ez az\u00e9rt is \u00e9rdekes gondolat, mert ezt az \u00fczenetet Ferenc p\u00e1pa fogalmazta meg hangs\u00falyos form\u00e1ban 2023-ban, amikor Budapestre l\u00e1togatott. Budapest, mint a hidak v\u00e1rosa, tekinthet\u0151 egyfajta szimb\u00f3lumnak is. Egyh\u00e1zunknak ilyen hidd\u00e1 kell v\u00e1lnia tov\u00e1bbra is jelen vil\u00e1gunkban. Kapcsolatot \u00e9s \u00e1tk\u00f6t\u00e9st jelent a m\u00falt \u00e9rt\u00e9kei \u00e9s hagyom\u00e1nyai, gy\u00f6kerei, tov\u00e1bb\u00e1 a j\u00f6v\u0151re nyitott \u00faj elv\u00e1r\u00e1sok \u00e9s kih\u00edv\u00e1sok k\u00f6z\u00f6tt.\u00a0 Kezd\u0151\u00e9nek: Az \u00dar irgalma bet\u00f6lti a f\u00f6ldet, az \u00dar szav\u00e1ra lettek az egek, alleluja! (V\u00f6. Zsolt 32,5-6) K\u00f6ny\u00f6rg\u00e9s: Mindenhat\u00f3, \u00f6r\u00f6k Isten, vezess minket a mennyorsz\u00e1g boldog k\u00f6z\u00f6ss\u00e9g\u00e9be. Jusson el h\u00edveid gy\u00f6nge ny\u00e1ja oda, ahov\u00e1 el\u0151tt\u00fcnk ment J\u00e9zus, a mi er\u0151s P\u00e1sztorunk. A mi Urunk, J\u00e9zus Krisztus, a te Fiad \u00e1ltal, aki veled \u00e9l \u00e9s uralkodik a Szentl\u00e9lekkel egys\u00e9gben, Isten mind\u00f6r\u00f6kk\u00f6n \u00f6r\u00f6kk\u00e9. OLVASM\u00c1NY az Apostolok Cselekedeteib\u0151l (ApCsel 13,14.43-52) P\u00e1l \u00e9s Barnab\u00e1s a pog\u00e1nyok k\u00f6z\u00f6tt is kezdi hirdetni az evang\u00e9liumot. Abban az id\u0151ben P\u00e1l \u00e9s Barnab\u00e1s Perg\u00e9n kereszt\u00fcl eljutott a pizidiai Antiochi\u00e1ba. Itt egy szombaton bementek a zsinag\u00f3g\u00e1ba, \u00e9s le\u00fcltek. Amikor a gy\u00fclekezet sz\u00e9toszlott, a... R\u00e9szletek"}