{"version":"1.0","provider_name":"Stuttgarti Katolikusok","provider_url":"https:\/\/stuttgarti-katolikusok.de","title":"H\u00fasv\u00e9t 3. vas\u00e1rnapja - Stuttgarti Katolikusok","type":"rich","width":600,"height":338,"html":"<blockquote class=\"wp-embedded-content\" data-secret=\"mMkOmO67JF\"><a href=\"https:\/\/stuttgarti-katolikusok.de\/index.php\/husvet-3-vasarnapja-2\/\">H\u00fasv\u00e9t 3. vas\u00e1rnapja<\/a><\/blockquote><iframe sandbox=\"allow-scripts\" security=\"restricted\" src=\"https:\/\/stuttgarti-katolikusok.de\/index.php\/husvet-3-vasarnapja-2\/embed\/#?secret=mMkOmO67JF\" width=\"600\" height=\"338\" title=\"&#8220;H\u00fasv\u00e9t 3. vas\u00e1rnapja&#8221; &#8212; Stuttgarti Katolikusok\" data-secret=\"mMkOmO67JF\" frameborder=\"0\" marginwidth=\"0\" marginheight=\"0\" scrolling=\"no\" class=\"wp-embedded-content\"><\/iframe><script type=\"text\/javascript\">\n\/* <![CDATA[ *\/\n\/*! This file is auto-generated *\/\n!function(d,l){\"use strict\";l.querySelector&&d.addEventListener&&\"undefined\"!=typeof URL&&(d.wp=d.wp||{},d.wp.receiveEmbedMessage||(d.wp.receiveEmbedMessage=function(e){var t=e.data;if((t||t.secret||t.message||t.value)&&!\/[^a-zA-Z0-9]\/.test(t.secret)){for(var s,r,n,a=l.querySelectorAll('iframe[data-secret=\"'+t.secret+'\"]'),o=l.querySelectorAll('blockquote[data-secret=\"'+t.secret+'\"]'),c=new RegExp(\"^https?:$\",\"i\"),i=0;i<o.length;i++)o[i].style.display=\"none\";for(i=0;i<a.length;i++)s=a[i],e.source===s.contentWindow&&(s.removeAttribute(\"style\"),\"height\"===t.message?(1e3<(r=parseInt(t.value,10))?r=1e3:~~r<200&&(r=200),s.height=r):\"link\"===t.message&&(r=new URL(s.getAttribute(\"src\")),n=new URL(t.value),c.test(n.protocol))&&n.host===r.host&&l.activeElement===s&&(d.top.location.href=t.value))}},d.addEventListener(\"message\",d.wp.receiveEmbedMessage,!1),l.addEventListener(\"DOMContentLoaded\",function(){for(var e,t,s=l.querySelectorAll(\"iframe.wp-embedded-content\"),r=0;r<s.length;r++)(t=(e=s[r]).getAttribute(\"data-secret\"))||(t=Math.random().toString(36).substring(2,12),e.src+=\"#?secret=\"+t,e.setAttribute(\"data-secret\",t)),e.contentWindow.postMessage({message:\"ready\",secret:t},\"*\")},!1)))}(window,document);\n\/\/# sourceURL=https:\/\/stuttgarti-katolikusok.de\/wp-includes\/js\/wp-embed.min.js\n\/* ]]> *\/\n<\/script>\n","thumbnail_url":"https:\/\/stuttgarti-katolikusok.de\/wp-content\/uploads\/2023\/04\/eislingen-emmausz.jpg","thumbnail_width":1976,"thumbnail_height":1100,"description":"A tan\u00fas\u00e1gt\u00e9tel vas\u00e1rnapja A tan\u00fas\u00e1gt\u00e9tel (g\u00f6r\u00f6g: mart\u00fcrion, latin: testimonium) eredetileg jogi fogalom. A Szent\u00edr\u00e1sban pedig ennek vall\u00e1si tartalm\u00e1val ismerkedhet\u00fcnk meg. Az olvasm\u00e1ny annak a P\u00e9ter apostolnak tan\u00fas\u00e1gt\u00e9tel\u00e9r\u0151l sz\u00f3l, aki f\u00e9lelemb\u0151l m\u00e9g megtagadja J\u00e9zus Krisztust. A felt\u00e1madottal val\u00f3 t\u00f6bbsz\u00f6ri tal\u00e1lkoz\u00e1sa mer\u0151ben megv\u00e1ltoztatja \u0151t. Most b\u00e1tran tan\u00fas\u00e1got tesz hit\u00e9r\u0151l. &#8222;\u00c9s ennek mi tan\u00fai vagyunk.&#8221; &#8211; milyen er\u0151 van ebben a mondatban. A szentlecke arr\u00f3l a lehet\u0151s\u00e9gr\u0151l sz\u00f3l, amelyet ki\u00fatnak nevez\u00fcnk. B\u00e1rmilyen m\u00e9lyre ess\u00fcnk is b\u0171neinkben, lehet\u0151s\u00e9g\u00fcnk van \u00fajrakezdeni, talpra \u00e1llni. Ez is h\u00fasv\u00e9t \u00f6r\u00f6mh\u00edr\u00e9nek aj\u00e1nd\u00e9ka sz\u00e1munkra. Az evang\u00e9lium azokr\u00f3l az emmauszi tan\u00edtv\u00e1nyokr\u00f3l sz\u00f3l, akik m\u00e1r tal\u00e1lkoztak a felt\u00e1madt Krisztussal. \u00c9rdemes megfigyelni, hogy f\u00e9lelm\u00fck nem t\u0171nik el egyik pillanatr\u00f3l a m\u00e1sikra. Hiszen a f\u00e9lelem \u00e9rz\u00e9se \u00e9s a benne l\u00e9v\u0151 bizonytalans\u00e1g minden ember \u00e9let\u00e9nek \u00e1lland\u00f3 k\u00eds\u00e9r\u0151je. M\u00e1sr\u00e9szt az ism\u00e9telt tal\u00e1lkoz\u00e1s a felt\u00e1madt Krisztussal k\u00f6rvonalazza feladataikat:\u00a0 \u201eMeg van \u00edrva, hogy a Messi\u00e1snak szenvednie kell, \u00e9s harmadnap fel kell t\u00e1madnia a hal\u00e1lb\u00f3l. Nev\u00e9ben megt\u00e9r\u00e9st \u00e9s b\u0171nbocs\u00e1natot kell hirdetni Jeruzs\u00e1lemt\u0151l kezdve minden n\u00e9pnek. Ti tan\u00fai vagytok ezeknek. \u00c9n meg ki\u00e1rasztom r\u00e1tok Aty\u00e1m \u00edg\u00e9ret\u00e9t.\u201d Kezd\u0151\u00e9nek: Ujjongjatok Istennek, minden f\u00f6ldek, mondjatok nev\u00e9nek \u00e9neket, dics\u0151s\u00e9g\u00e9t dics\u00e9rve zengj\u00e9tek, alleluja! (V\u00f6. Zsolt 65,1-2) K\u00f6ny\u00f6rg\u00e9s: Isten\u00fcnk, te \u00fagy akartad, hogy n\u00e9ped sz\u00fcntelen\u00fcl vigadozz\u00e9k, mert visszaadtad lelke fiatals\u00e1g\u00e1t. Engedd, hogy akik most a fogadott fi\u00fas\u00e1g dics\u0151s\u00e9g\u00e9nek \u00f6rvendeznek, a biztos rem\u00e9ny \u00f6r\u00f6m\u00e9vel v\u00e1rj\u00e1k a felt\u00e1mad\u00e1s napj\u00e1t. A mi Urunk, J\u00e9zus Krisztus, a te Fiad \u00e1ltal, aki veled \u00e9l \u00e9s uralkodik a Szentl\u00e9lekkel egys\u00e9gben, Isten mind\u00f6r\u00f6kk\u00f6n \u00f6r\u00f6kk\u00e9. OLVASM\u00c1NY az Apostolok Cselekedeteib\u0151l (ApCsel 3,13-15.17-19) Azokban a napokban P\u00e9ter \u00edgy besz\u00e9lt a n\u00e9phez: \u00c1brah\u00e1m, Izs\u00e1k \u00e9s J\u00e1kob Istene, aty\u00e1ink Istene megdics\u0151\u00edtette Szolg\u00e1j\u00e1t, J\u00e9zust, akit ti kiszolg\u00e1ltattatok \u00e9s megtagadtatok Pil\u00e1tus sz\u00edne el\u0151tt, noha \u0151 \u00fagy hat\u00e1rozott, hogy szabadon bocs\u00e1tja. Ti azonban megtagadt\u00e1tok a Szentet \u00e9s az Igazat, \u00e9s (Pil\u00e1tust) arra k\u00e9rt\u00e9tek, hogy a gyilkosnak kegyelmezzen, az \u00e9let Fejedelm\u00e9t pedig meg\u00f6lt\u00e9tek. Isten azonban felt\u00e1masztotta \u0151t a hal\u00e1lb\u00f3l, \u00e9s ennek mi... R\u00e9szletek"}