{"version":"1.0","provider_name":"Stuttgarti Katolikusok","provider_url":"https:\/\/stuttgarti-katolikusok.de","title":"H\u00fasv\u00e9t 3., 4. \u00e9s 5. vas\u00e1rnapj\u00e1ra - Stuttgarti Katolikusok","type":"rich","width":600,"height":338,"html":"<blockquote class=\"wp-embedded-content\" data-secret=\"lwtKWPCS16\"><a href=\"https:\/\/stuttgarti-katolikusok.de\/index.php\/husvet-3-4-es-5-vasarnapjara\/\">H\u00fasv\u00e9t 3., 4. \u00e9s 5. vas\u00e1rnapj\u00e1ra<\/a><\/blockquote><iframe sandbox=\"allow-scripts\" security=\"restricted\" src=\"https:\/\/stuttgarti-katolikusok.de\/index.php\/husvet-3-4-es-5-vasarnapjara\/embed\/#?secret=lwtKWPCS16\" width=\"600\" height=\"338\" title=\"&#8220;H\u00fasv\u00e9t 3., 4. \u00e9s 5. vas\u00e1rnapj\u00e1ra&#8221; &#8212; Stuttgarti Katolikusok\" data-secret=\"lwtKWPCS16\" frameborder=\"0\" marginwidth=\"0\" marginheight=\"0\" scrolling=\"no\" class=\"wp-embedded-content\"><\/iframe><script type=\"text\/javascript\">\n\/* <![CDATA[ *\/\n\/*! This file is auto-generated *\/\n!function(d,l){\"use strict\";l.querySelector&&d.addEventListener&&\"undefined\"!=typeof URL&&(d.wp=d.wp||{},d.wp.receiveEmbedMessage||(d.wp.receiveEmbedMessage=function(e){var t=e.data;if((t||t.secret||t.message||t.value)&&!\/[^a-zA-Z0-9]\/.test(t.secret)){for(var s,r,n,a=l.querySelectorAll('iframe[data-secret=\"'+t.secret+'\"]'),o=l.querySelectorAll('blockquote[data-secret=\"'+t.secret+'\"]'),c=new RegExp(\"^https?:$\",\"i\"),i=0;i<o.length;i++)o[i].style.display=\"none\";for(i=0;i<a.length;i++)s=a[i],e.source===s.contentWindow&&(s.removeAttribute(\"style\"),\"height\"===t.message?(1e3<(r=parseInt(t.value,10))?r=1e3:~~r<200&&(r=200),s.height=r):\"link\"===t.message&&(r=new URL(s.getAttribute(\"src\")),n=new URL(t.value),c.test(n.protocol))&&n.host===r.host&&l.activeElement===s&&(d.top.location.href=t.value))}},d.addEventListener(\"message\",d.wp.receiveEmbedMessage,!1),l.addEventListener(\"DOMContentLoaded\",function(){for(var e,t,s=l.querySelectorAll(\"iframe.wp-embedded-content\"),r=0;r<s.length;r++)(t=(e=s[r]).getAttribute(\"data-secret\"))||(t=Math.random().toString(36).substring(2,12),e.src+=\"#?secret=\"+t,e.setAttribute(\"data-secret\",t)),e.contentWindow.postMessage({message:\"ready\",secret:t},\"*\")},!1)))}(window,document);\n\/\/# sourceURL=https:\/\/stuttgarti-katolikusok.de\/wp-includes\/js\/wp-embed.min.js\n\/* ]]> *\/\n<\/script>\n","description":"2019. M\u00c1JUS 5. H\u00daSV\u00c9T 3. VAS\u00c1RNAPJA ANY\u00c1K NAPJA &nbsp; A hit a kereszt\u00e9ny \u00e9let alapja. Mi t\u00f6reksz\u00fcnk arra, hogy becs\u00fcletesen \u00e9lj\u00fcnk, k\u00f6teless\u00e9geinket teljes\u00edts\u00fck, embert\u00e1rsainkat szeress\u00fck, mert hisz\u00fcnk Istenben, aki l\u00e1t minket, sz\u00e1montartja \u00e9s megjutalmazza tetteinket. Mi t\u00fcrelmesen hordozzuk keresztjeinket \u00e9s elfogadjuk a hal\u00e1lt is, mert hissz\u00fck, hogy a f\u00f6ldi \u00e9let csak zar\u00e1ndok\u00fat. A v\u00e9g\u00e1llom\u00e1s oda\u00e1t van, ahol m\u00e1r nem lesz k\u00f6nny \u00e9s szenved\u00e9s, hanem \u00f6r\u00f6kk\u00e9tart\u00f3 \u00f6r\u00f6m \u00e9s boldogs\u00e1g. OLVASM\u00c1NY\u00a0 \u00a0\u00a0\u00a0\u00a0\u00a0\u00a0\u00a0\u00a0\u00a0\u00a0\u00a0\u00a0\u00a0\u00a0\u00a0\u00a0\u00a0\u00a0\u00a0\u00a0\u00a0\u00a0\u00a0\u00a0\u00a0\u00a0\u00a0\u00a0ApCsel 5, 27b\u201332. 40b\u201341 A kereszt\u00e9ny \u00e9let velej\u00e1r\u00f3ja a tan\u00fas\u00e1gt\u00e9tel. Hirdess\u00fck J\u00e9zus \u00e9let\u00e9t, hal\u00e1l\u00e1t \u00e9s felt\u00e1mad\u00e1s\u00e1t. De ne csup\u00e1n szavunkkal, hanem \u00e9let\u00fcnkkel is. S\u0151t ezt a k\u00f6teless\u00e9g\u00fcnket teljes\u00edten\u00fcnk kell akkor is, ha \u00fcld\u00f6ztet\u00e9ssel j\u00e1r. Az apostolok erre sz\u00e9p p\u00e9ld\u00e1t mutattak nek\u00fcnk. V\u00c1LASZOS ZSOLT\u00c1R \u00a0\u00a0\u00a0\u00a0\u00a0\u00a0\u00a0\u00a0\u00a0\u00a0\u00a0\u00a0\u00a0\u00a0\u00a0\u00a0\u00a0\u00a0\u00a0\u00a0\u00a0\u00a0\u00a0\u00a0\u00a0\u00a0\u00a0\u00a0\u00a0\u00a0\u00a0\u00a0\u00a0\u00a0\u00a0\u00a0\u00a029. Zsolt\u00e1r V\u00e1lasz: Magasztallak, Uram, * mivel megmentett\u00e9l engem.\u00a0 \u2013 Vagy: Alleluja, alleluja, alleluja. \u00a0SZENTLECKE \u00a0\u00a0\u00a0\u00a0\u00a0\u00a0\u00a0\u00a0\u00a0\u00a0\u00a0\u00a0\u00a0\u00a0\u00a0\u00a0\u00a0\u00a0\u00a0\u00a0\u00a0\u00a0\u00a0\u00a0\u00a0\u00a0\u00a0\u00a0\u00a0\u00a0\u00a0\u00a0\u00a0\u00a0\u00a0\u00a0\u00a0\u00a0\u00a0\u00a0\u00a0\u00a0\u00a0\u00a0\u00a0\u00a0\u00a0\u00a0Jel 5, 11\u201314 J\u00e1nos apostol l\u00e1tom\u00e1sban ismeri meg azt, aki sz\u00f3l hozz\u00e1, k\u00fcldet\u00e9st ad neki, J\u00e9zust. \u0150 az Isten B\u00e1r\u00e1nya, akit meg\u00f6ltek, de \u00e9l \u00e9s uralkodik az emberek, s\u0151t az eg\u00e9sz kozmikus vil\u00e1g f\u00f6l\u00f6tt is. Szenved\u00e9s\u00e9vel \u00e9s felt\u00e1mad\u00e1s\u00e1val \u00e9rdemelte ki a mindens\u00e9g dics\u00e9ret\u00e9t. ALLELUJA\u00a0\u00a0\u00a0\u00a0\u00a0\u00a0\u00a0\u00a0\u00a0\u00a0\u00a0\u00a0\u00a0\u00a0\u00a0\u00a0\u00a0\u00a0\u00a0\u00a0\u00a0\u00a0\u00a0\u00a0\u00a0\u00a0\u00a0\u00a0\u00a0\u00a0\u00a0\u00a0\u00a0\u00a0\u00a0\u00a0\u00a0\u00a0\u00a0\u00a0\u00a0\u00a0\u00a0\u00a0 Felt\u00e1madt Krisztus, ki mindeneket alkotott, * \u00e9s megk\u00f6ny\u00f6r\u00fclt az emberi nemen. EVANG\u00c9LIUM \u00a0\u00a0\u00a0\u00a0\u00a0\u00a0\u00a0\u00a0\u00a0\u00a0\u00a0\u00a0\u00a0\u00a0\u00a0\u00a0\u00a0\u00a0\u00a0\u00a0\u00a0\u00a0\u00a0\u00a0\u00a0\u00a0\u00a0\u00a0\u00a0\u00a0\u00a0\u00a0\u00a0\u00a0\u00a0\u00a0\u00a0\u00a0\u00a0\u00a0\u00a0\u00a0\u00a0\u00a0\u00a0\u00a0\u00a0\u00a0Jn 21, 1\u201319 A mai evang\u00e9lium is tan\u00fas\u00edtja, hogy az apostolok munk\u00e1j\u00e1nak sikere els\u0151sorban nem az \u0151 er\u0151fesz\u00edt\u00e9s\u00fckt\u0151l f\u00fcgg, hanem J\u00e9zus kegyelmi aj\u00e1nd\u00e9ka. A mai nap evang\u00e9liuma J\u00e9zus megjelen\u00e9seinek sor\u00e1t folytatva elbesz\u00e9li, mik\u00e9nt er\u0151s\u00edtette meg az apostolokat felt\u00e1mad\u00e1sa ut\u00e1n negyven nap alatt, s mik\u00e9nt adta meg utols\u00f3 tan\u00edt\u00e1sait \u00e9s egyh\u00e1zalap\u00edt\u00f3 int\u00e9zked\u00e9seit. J\u00e9zus a t\u00fals\u00f3 partr\u00f3l ma is figyeli, ir\u00e1ny\u00edtja \u00e9s seg\u00edti Egyh\u00e1z\u00e1nak munk\u00e1j\u00e1t. Az Egyh\u00e1z viszont P\u00e9ter ut\u00f3d\u00e1n kereszt\u00fcl tan\u00faskodik a vil\u00e1g v\u00e9g\u00e9ig a Krisztus ir\u00e1nt val\u00f3 szeretet\u00e9r\u0151l \u00e9s h\u00f3dolat\u00e1r\u00f3l. AZ EUCHARISZTI\u00c1HOZ J\u00e9zus a Tib\u00e9ri\u00e1s-t\u00f3n\u00e1l keny\u00e9rrel \u00e9s hallal vend\u00e9geli meg tan\u00edtv\u00e1nyait. Mi az Eucharisztia asztal\u00e1n\u00e1l \u00e9lvezz\u00fck az \u0151 vend\u00e9gszeretet\u00e9t. Fogadjuk mindig \u00f6r\u00f6mmel a lakom\u00e1ra val\u00f3 h\u00edv\u00e1s\u00e1t. EGY GONDOLAT Krisztus felt\u00e1mad\u00e1sa mag\u00e1ban hordja valamennyi\u00fcnk testi felt\u00e1mad\u00e1s\u00e1nak \u00edg\u00e9ret\u00e9t \u00e9s... R\u00e9szletek"}