{"version":"1.0","provider_name":"Stuttgarti Katolikusok","provider_url":"https:\/\/stuttgarti-katolikusok.de","title":"Hirdet\u00e9sek - Stuttgarti Katolikusok","type":"rich","width":600,"height":338,"html":"<blockquote class=\"wp-embedded-content\" data-secret=\"BMp0xijbPU\"><a href=\"https:\/\/stuttgarti-katolikusok.de\/index.php\/hirdetesek-c-ev-27-vasarnapjara\/\">Hirdet\u00e9sek<\/a><\/blockquote><iframe sandbox=\"allow-scripts\" security=\"restricted\" src=\"https:\/\/stuttgarti-katolikusok.de\/index.php\/hirdetesek-c-ev-27-vasarnapjara\/embed\/#?secret=BMp0xijbPU\" width=\"600\" height=\"338\" title=\"&#8220;Hirdet\u00e9sek&#8221; &#8212; Stuttgarti Katolikusok\" data-secret=\"BMp0xijbPU\" frameborder=\"0\" marginwidth=\"0\" marginheight=\"0\" scrolling=\"no\" class=\"wp-embedded-content\"><\/iframe><script type=\"text\/javascript\">\n\/* <![CDATA[ *\/\n\/*! This file is auto-generated *\/\n!function(d,l){\"use strict\";l.querySelector&&d.addEventListener&&\"undefined\"!=typeof URL&&(d.wp=d.wp||{},d.wp.receiveEmbedMessage||(d.wp.receiveEmbedMessage=function(e){var t=e.data;if((t||t.secret||t.message||t.value)&&!\/[^a-zA-Z0-9]\/.test(t.secret)){for(var s,r,n,a=l.querySelectorAll('iframe[data-secret=\"'+t.secret+'\"]'),o=l.querySelectorAll('blockquote[data-secret=\"'+t.secret+'\"]'),c=new RegExp(\"^https?:$\",\"i\"),i=0;i<o.length;i++)o[i].style.display=\"none\";for(i=0;i<a.length;i++)s=a[i],e.source===s.contentWindow&&(s.removeAttribute(\"style\"),\"height\"===t.message?(1e3<(r=parseInt(t.value,10))?r=1e3:~~r<200&&(r=200),s.height=r):\"link\"===t.message&&(r=new URL(s.getAttribute(\"src\")),n=new URL(t.value),c.test(n.protocol))&&n.host===r.host&&l.activeElement===s&&(d.top.location.href=t.value))}},d.addEventListener(\"message\",d.wp.receiveEmbedMessage,!1),l.addEventListener(\"DOMContentLoaded\",function(){for(var e,t,s=l.querySelectorAll(\"iframe.wp-embedded-content\"),r=0;r<s.length;r++)(t=(e=s[r]).getAttribute(\"data-secret\"))||(t=Math.random().toString(36).substring(2,12),e.src+=\"#?secret=\"+t,e.setAttribute(\"data-secret\",t)),e.contentWindow.postMessage({message:\"ready\",secret:t},\"*\")},!1)))}(window,document);\n\/\/# sourceURL=https:\/\/stuttgarti-katolikusok.de\/wp-includes\/js\/wp-embed.min.js\n\/* ]]> *\/\n<\/script>\n","thumbnail_url":"https:\/\/stuttgarti-katolikusok.de\/wp-content\/uploads\/2016\/10\/logo-regi.jpg","thumbnail_width":160,"thumbnail_height":155,"description":"Hirdet\u00e9sek C \u00e9v 27. vas\u00e1rnapj\u00e1ra &#8211; 2017. okt\u00f3ber 2. \u00e9s 9. k\u00f6z\u00f6tt Most a szentmise ut\u00e1n \u00e1g\u00e1p\u00e9. Mindenkit szeretettel v\u00e1runk! (S) Most a szentmise ut\u00e1n Nagy Zolt\u00e1n, sz\u00e9kelyudvarhelyi tan\u00e1r tart filmr\u00e9szletekkel gazdag\u00edtott el\u0151ad\u00e1st Erd\u00e9ly nagy f\u0151p\u00e1sztor\u00e1r\u00f3l, M\u00e1rton \u00c1ronr\u00f3l. Mindenkit szeretettel v\u00e1runk! \u0150szi gy\u0171jt\u00e9st hirdet\u00fcnk a k\u00f6vetkez\u0151 projektek jav\u00e1ra: D\u00e9lvid\u00e9ki tehets\u00e9ges, de szeg\u00e9ny iskol\u00e1s fiatalok sz\u00e1m\u00e1ra. A Vicei \u00c1rvah\u00e1z 50 gyermeke, y Szatm\u00e1ri Szent Rita \u00e1rvah\u00e1z 70 gyermeke, \u00e9s B\u00f6jte atya sz\u00e1mtalan gyermeke sz\u00e1m\u00e1ra, valamint a M\u00e1ria R\u00e1di\u00f3 megseg\u00edt\u00e9s\u00e9re. Seg\u00edts\u00fcnk j\u00f3 sz\u00edvvel \u00e9s egy\u00fctt\u00e9rz\u0151 szeretettel otthon k\u00fczk\u00f6d\u0151 testv\u00e9reinken! A k\u00f6vetkez\u0151 alkalommal erre a c\u00e9lra is hozzatok magatokkal adom\u00e1nyt. El\u0151re is k\u00f6sz\u00f6nj\u00fck! Okt\u00f3ber 8-\u00e1n, szombaton este 19.00 \u00f3rakor Stuttgartban, a Bruder-Klaus templomban Bal\u00e1zs Fec\u00f3 koncert Aki szeretne r\u00e9szt venni rajta, az r\u00e9szv\u00e9teli sz\u00e1nd\u00e9k\u00e1t vagy a Magyar Kult\u00farint\u00e9zet vagy Egyh\u00e1zk\u00f6zs\u00e9g\u00fcnk Irod\u00e1j\u00e1n jelentse be. Okt\u00f3ber 16-\u00e1n, vas\u00e1rnap, Stuttgartban a d\u00e9li szentmise ut\u00e1n 13.00 \u00f3r\u00e1t\u00f3l az Aranykapu zenekar koncertet ad gyermekeink sz\u00e1m\u00e1ra. A bel\u00e9p\u0151 5,-\u20ac, de aki ismeri \u0151ket, tudja: nem fogj\u00e1tok megb\u00e1nni. Mindenkit, de k\u00fcl\u00f6n\u00f6sk\u00e9ppen a gyermekes csal\u00e1dokat szeretettel v\u00e1rjuk! M\u00e1r most szeretn\u00e9m felh\u00edvni kedves figyelmeteket arra, hogy Nemzeti \u00dcnnep\u00fcnket okt\u00f3ber 23-\u00e1n, vas\u00e1rnap tartjuk Stuttgartban, a Bruder Klaus templomban. Az \u00f6kumenikus istentiszteleten G\u00e9mes P\u00e1l hirdet ig\u00e9t. Ut\u00e1na kis \u00fcnnepi m\u0171sor, vend\u00e9gsz\u00f3nokunk Szedl\u00e1k Vikt\u00f3ria konzulasszony. Majd \u00e1g\u00e1p\u00e9val z\u00e1runk. Mindenkit szerettel v\u00e1runk! Amint l\u00e1tj\u00e1tok, Stuttgartban \u00f6rvendetesen megn\u0151tt az \u00e1g\u00e1p\u00e9n r\u00e9sztvev\u0151k sz\u00e1ma. Ez \u00edgy helyes, hisz a szentmise ut\u00e1n az \u00e1g\u00e1p\u00e9 a legfontosabb. Ott besz\u00e9lhetj\u00fck meg dolgainkat, amit h\u00e9tk\u00f6zben m\u00e1ssal vagy m\u00e1s nyelven nem tudunk, illetve nem akarunk. Ott tal\u00e1lkozhatunk, ott t\u00f6lt\u0151dhet\u00fcnk fel a k\u00f6vetkez\u0151 napokra, hetekre, s nem utols\u00f3sorban ott ihatunk meg egy j\u00f3 k\u00e1v\u00e9t, te\u00e1t vagy ehet\u00fcnk meg egy s\u00fctit&#8230; K\u00f6sz\u00f6net e helyen aztoknak, akik benn\u00fcnket ezekkel mindig ell\u00e1tnak! Ezeket azonban fel is kell szolg\u00e1lni. Felszolg\u00e1l\u00f3k, \u00e1g\u00e1p\u00e9-rendez\u0151k azonban \u2013 nagy sz\u00e1munkhoz k\u00e9pest \u2013 kevesen vannak. \u00dajakra van sz\u00fcks\u00e9g\u00fcnk! Mivel egyetlen egy h\u00e1zasp\u00e1rnak ez neh\u00e9z feladat,... R\u00e9szletek"}