{"version":"1.0","provider_name":"Stuttgarti Katolikusok","provider_url":"https:\/\/stuttgarti-katolikusok.de","title":"Hirdet\u00e9sek Adventre - Stuttgarti Katolikusok","type":"rich","width":600,"height":338,"html":"<blockquote class=\"wp-embedded-content\" data-secret=\"4BJrUl4vg4\"><a href=\"https:\/\/stuttgarti-katolikusok.de\/index.php\/hirdetesek-adventre-2\/\">Hirdet\u00e9sek Adventre<\/a><\/blockquote><iframe sandbox=\"allow-scripts\" security=\"restricted\" src=\"https:\/\/stuttgarti-katolikusok.de\/index.php\/hirdetesek-adventre-2\/embed\/#?secret=4BJrUl4vg4\" width=\"600\" height=\"338\" title=\"&#8220;Hirdet\u00e9sek Adventre&#8221; &#8212; Stuttgarti Katolikusok\" data-secret=\"4BJrUl4vg4\" frameborder=\"0\" marginwidth=\"0\" marginheight=\"0\" scrolling=\"no\" class=\"wp-embedded-content\"><\/iframe><script type=\"text\/javascript\">\n\/* <![CDATA[ *\/\n\/*! This file is auto-generated *\/\n!function(d,l){\"use strict\";l.querySelector&&d.addEventListener&&\"undefined\"!=typeof URL&&(d.wp=d.wp||{},d.wp.receiveEmbedMessage||(d.wp.receiveEmbedMessage=function(e){var t=e.data;if((t||t.secret||t.message||t.value)&&!\/[^a-zA-Z0-9]\/.test(t.secret)){for(var s,r,n,a=l.querySelectorAll('iframe[data-secret=\"'+t.secret+'\"]'),o=l.querySelectorAll('blockquote[data-secret=\"'+t.secret+'\"]'),c=new RegExp(\"^https?:$\",\"i\"),i=0;i<o.length;i++)o[i].style.display=\"none\";for(i=0;i<a.length;i++)s=a[i],e.source===s.contentWindow&&(s.removeAttribute(\"style\"),\"height\"===t.message?(1e3<(r=parseInt(t.value,10))?r=1e3:~~r<200&&(r=200),s.height=r):\"link\"===t.message&&(r=new URL(s.getAttribute(\"src\")),n=new URL(t.value),c.test(n.protocol))&&n.host===r.host&&l.activeElement===s&&(d.top.location.href=t.value))}},d.addEventListener(\"message\",d.wp.receiveEmbedMessage,!1),l.addEventListener(\"DOMContentLoaded\",function(){for(var e,t,s=l.querySelectorAll(\"iframe.wp-embedded-content\"),r=0;r<s.length;r++)(t=(e=s[r]).getAttribute(\"data-secret\"))||(t=Math.random().toString(36).substring(2,12),e.src+=\"#?secret=\"+t,e.setAttribute(\"data-secret\",t)),e.contentWindow.postMessage({message:\"ready\",secret:t},\"*\")},!1)))}(window,document);\n\/\/# sourceURL=https:\/\/stuttgarti-katolikusok.de\/wp-includes\/js\/wp-embed.min.js\n\/* ]]> *\/\n<\/script>\n","description":"Hirdet\u00e9sek adventre\u00a0 &nbsp; 1. December 1-j\u00e9n kezd\u0151dik az Adventi \u00fcnnepk\u00f6r! Az advent a latin adventus, \u2018elj\u00f6vetel\u2019 sz\u00f3b\u00f3l ered \u00e9s az Egyh\u00e1zi (Liturgikus) \u00c9v els\u0151 r\u00e9sze, a Kar\u00e1csonyt el\u0151k\u00e9sz\u00edt\u0151 id\u0151szak. Alapgondolata az emberr\u00e9 lett \u00e9s k\u00f6z\u00e9nk \u00e9rkez\u0151 Isten Fi\u00e1nak a v\u00e1r\u00e1sa. Hagyom\u00e1nyos vall\u00e1sos alaphangulat\u00e1t a hajnali szentmise, a ror\u00e1te jelenti. Hogy Urunk megtestes\u00fcl\u00e9s\u00e9nek \u00fcnnep\u00e9re mi is kell\u0151k\u00e9ppen el\u0151k\u00e9sz\u00fclhess\u00fcnk, Stuttgartban p\u00e9ntek reggelente (6-\u00e1n, 13-\u00e1n \u00e9s 20-\u00e1n) 8.00 \u00f3rakor, Weingartenben pedig szombat reggelente (7-\u00e9n, 14-\u00e9n \u00e9s 19-\u00e9n) ror\u00e1t\u00e9-szentmis\u00e9t tartunk. Ut\u00e1na mindk\u00e9t helyen k\u00f6z\u00f6s reggeli! Mindenkit szeretettel v\u00e1runk! &nbsp; 2. Az advent alaphangulata a b\u0171nb\u00e1nat. Ilyen lelk\u00fclettel szeretn\u00e9nk fogadni a hozz\u00e1nk elj\u00f6v\u0151 Isten Fi\u00e1t. Mi, lelkip\u00e1sztoraitok, mindegyik\u0151t\u00f6knek szeretn\u00e9nk megadni a lehet\u0151s\u00e9get arra, hogy kar\u00e1csonyi szentgy\u00f3n\u00e1sotokat elv\u00e9gezz\u00e9tek. Haszn\u00e1lj\u00e1tok ki ezt a lehet\u0151s\u00e9get! &nbsp; 3. Jelents\u00e9tek betegeiteket is, hogy Kar\u00e1csony el\u0151tt hozz\u00e1juk is el tudjunk menni, s el\u0151k\u00e9sz\u00edthess\u00fck \u0151ket is Urunk sz\u00fclet\u00e9s\u00e9nek m\u00e9lt\u00f3 meg\u00fcnnepl\u00e9s\u00e9re. &nbsp; 4. Jav\u00e1ban folyik az \u00fan. \u0151szi gy\u0171jt\u00e9s\u00fcnk. Ilyenkor szoktunk 10 projekt\u00fcnkre (B\u00f6jte atya, Erd\u00e9lyi \u00e1rvah\u00e1zak (Vice, Szatm\u00e1r, Marosv\u00e1s\u00e1rhely), a d\u00e9lvid\u00e9ki KODDE-di\u00e1kegyes\u00fclet, a k\u00e1rp\u00e1taljai munk\u00e1csi egyh\u00e1zmegye, a M\u00e1ria R\u00e1di\u00f3, beteg testv\u00e9reink a K\u00e1rp\u00e1t-medenc\u00e9b\u0151l, stb.) anyagi t\u00e1mogat\u00e1st szerezni. \u201eK\u00e9tszer ad, ki gyorsan ad\u201d \u2013 mondta az \u00dar, ezzel buzd\u00edtva a felebar\u00e1ti szeretet gyakorl\u00e1s\u00e1ra. Szent P\u00e1l pedig ezekkel a szavakkal \u00f6szt\u00f6n\u00f6z a szolidar\u00edt\u00e1sra: \u201eAki sz\u0171ken vet, sz\u0171ken is arat; s aki b\u0151ven vet, b\u0151ven arat. Ne kelletlen\u00fcl vagy k\u00e9nyszer\u0171s\u00e9gb\u0151l adjatok, mert Isten a j\u00f3kedv\u0171 adakoz\u00f3t szereti.\u201d(2Kor 9,6-8) Isten fizesse meg majd sz\u00e1zszorosan adom\u00e1nyaitokat! &nbsp; 5. Meg\u00e9rkezett a Katolikus Falinapt\u00e1r \u00e9s a Kincses Kalend\u00e1rium. A napt\u00e1r 0,50,-\u20ac, a Kincses Kalend\u00e1rium 3,50,-\u20ac. Vegy\u00e9tek \u00e9s vigy\u00e9tek, egyr\u00e9szt hogy tudj\u00e1tok, mikor vannak jelesebb \u00fcnnepeink, m\u00e1sr\u00e9szt, hogy a ma annyira hi\u00e1nyz\u00f3 lelki irodalmat is olvass\u00e1tok. Vigyetek m\u00e1soknak is bel\u0151l\u00fck! K\u00fcl\u00f6n\u00f6sen azokra gondoljatok, akik \u00f6regek, mag\u00e1nyosak, \u00e9s m\u00e1r nem tudnak elj\u00f6nni szentmis\u00e9inkre, illetve rendezv\u00e9nyeinkre! Legal\u00e1bb \u00edgy kapcsol\u00f3djanak bele Egyh\u00e1zk\u00f6zs\u00e9g\u00fcnk v\u00e9rkering\u00e9s\u00e9be! Egy\u00e9bk\u00e9nt m\u00e9g van B\u00f6jte atya hajtogat\u00f3s napt\u00e1r\u00e1b\u00f3l is, amelynek teljes... R\u00e9szletek","thumbnail_url":"https:\/\/stuttgarti-katolikusok.de\/wp-content\/uploads\/2019\/12\/baratom-2019-300x200.jpg"}