{"version":"1.0","provider_name":"Stuttgarti Katolikusok","provider_url":"https:\/\/stuttgarti-katolikusok.de","title":"Hirdet\u00e9sek - Stuttgarti Katolikusok","type":"rich","width":600,"height":338,"html":"<blockquote class=\"wp-embedded-content\" data-secret=\"oWRVoVYyTJ\"><a href=\"https:\/\/stuttgarti-katolikusok.de\/index.php\/hirdetesek\/\">Hirdet\u00e9sek<\/a><\/blockquote><iframe sandbox=\"allow-scripts\" security=\"restricted\" src=\"https:\/\/stuttgarti-katolikusok.de\/index.php\/hirdetesek\/embed\/#?secret=oWRVoVYyTJ\" width=\"600\" height=\"338\" title=\"&#8220;Hirdet\u00e9sek&#8221; &#8212; Stuttgarti Katolikusok\" data-secret=\"oWRVoVYyTJ\" frameborder=\"0\" marginwidth=\"0\" marginheight=\"0\" scrolling=\"no\" class=\"wp-embedded-content\"><\/iframe><script type=\"text\/javascript\">\n\/* <![CDATA[ *\/\n\/*! This file is auto-generated *\/\n!function(d,l){\"use strict\";l.querySelector&&d.addEventListener&&\"undefined\"!=typeof URL&&(d.wp=d.wp||{},d.wp.receiveEmbedMessage||(d.wp.receiveEmbedMessage=function(e){var t=e.data;if((t||t.secret||t.message||t.value)&&!\/[^a-zA-Z0-9]\/.test(t.secret)){for(var s,r,n,a=l.querySelectorAll('iframe[data-secret=\"'+t.secret+'\"]'),o=l.querySelectorAll('blockquote[data-secret=\"'+t.secret+'\"]'),c=new RegExp(\"^https?:$\",\"i\"),i=0;i<o.length;i++)o[i].style.display=\"none\";for(i=0;i<a.length;i++)s=a[i],e.source===s.contentWindow&&(s.removeAttribute(\"style\"),\"height\"===t.message?(1e3<(r=parseInt(t.value,10))?r=1e3:~~r<200&&(r=200),s.height=r):\"link\"===t.message&&(r=new URL(s.getAttribute(\"src\")),n=new URL(t.value),c.test(n.protocol))&&n.host===r.host&&l.activeElement===s&&(d.top.location.href=t.value))}},d.addEventListener(\"message\",d.wp.receiveEmbedMessage,!1),l.addEventListener(\"DOMContentLoaded\",function(){for(var e,t,s=l.querySelectorAll(\"iframe.wp-embedded-content\"),r=0;r<s.length;r++)(t=(e=s[r]).getAttribute(\"data-secret\"))||(t=Math.random().toString(36).substring(2,12),e.src+=\"#?secret=\"+t,e.setAttribute(\"data-secret\",t)),e.contentWindow.postMessage({message:\"ready\",secret:t},\"*\")},!1)))}(window,document);\n\/\/# sourceURL=https:\/\/stuttgarti-katolikusok.de\/wp-includes\/js\/wp-embed.min.js\n\/* ]]> *\/\n<\/script>\n","thumbnail_url":"https:\/\/stuttgarti-katolikusok.de\/wp-content\/uploads\/2016\/10\/logo-regi.jpg","thumbnail_width":160,"thumbnail_height":155,"description":"Hirdet\u00e9sek C \u00e9v 28. vas\u00e1rnapja &#8211; 2017. okt\u00f3ber 9 \u00e9s 16 k\u00f6z\u00f6tt \u0150szi gy\u0171jt\u00e9st hirdetek 4 d\u00e9lvid\u00e9ki szeg\u00e9ny iskol\u00e1s fiatalok, a Vicei \u00c1rvah\u00e1z 50, a Szatm\u00e1ri \u00e1rvah\u00e1z 70, B\u00f6jte atya 2000 gyermeke jav\u00e1ra, valamint a M\u00e1ria R\u00e1di\u00f3nak. K\u00f6vetkez\u0151 szentmis\u00e9nken v\u00e1rom adom\u00e1nyaitokat! Nemzeti \u00dcnnep\u00fcnket okt\u00f3ber 23-\u00e1n, tartjuk Stuttgart-ban, a Bruder Klaus templomban 15. \u00f3rakor. Az \u00f6kumenikus istentiszteleten G\u00e9mes P\u00e1l hirdet ig\u00e9t. Ut\u00e1na kis \u00fcnnepi m\u0171sor, vend\u00e9gsz\u00f3nokunk Szedl\u00e1k Vikt\u00f3ria Majd \u00e1g\u00e1p\u00e9val z\u00e1runk. Mindenkit szerettel v\u00e1runk! Okt\u00f3ber 29-\u00e9n, szombaton 15.00 \u00f3rakor, a Luther-Kirche K\u00f6z\u00f6ss\u00e9gi Term\u00e9ben az ERAK is eml\u00e9kezik. M\u0171sorukra mindenkit szeretettel v\u00e1rnak! November 1-\u00e9n, kedden, Mindenszentek \u00fcnnepe. 10.30 \u00f3rakor tal\u00e1lkozunk a Steinhaldenfeldi temet\u0151 bej\u00e1rat\u00e1n\u00e1l. El\u0151bb szentmise, majd temet\u0151l\u00e1togat\u00e1s. November 6-\u00e1n, vas\u00e1rnap, a 15.00 \u00f3rakor kezd\u0151d\u0151 szentmis\u00e9n a M\u00fcncheni K\u00f3rus szerepel, ut\u00e1na pedig egy r\u00f6vid j\u00f3t\u00e9konys\u00e1gi koncertet ad. Mindenkit szeretettel v\u00e1runk! (S) Amint l\u00e1tj\u00e1tok, \u00f6rvendetesen megn\u0151tt az \u00e1g\u00e1p\u00e9n r\u00e9sztvev\u0151k sz\u00e1ma. Ez \u00edgy helyes, hisz a szentmise ut\u00e1n az \u00e1g\u00e1p\u00e9 a legfontosabb. K\u00f6sz\u00f6net e helyen azoknak, akik benn\u00fcnket mindig ell\u00e1tnak! Ezeket azonban fel is kell szolg\u00e1lni. \u00c1g\u00e1p\u00e9-rendez\u0151k azonban \u2013 nagy sz\u00e1munkhoz k\u00e9pest \u2013 kevesen vannak. \u00dajakra van sz\u00fcks\u00e9g\u00fcnk! Mivel egy h\u00e1zasp\u00e1rnak ez neh\u00e9z, \u00e1lljanak \u00f6ssze ketten-h\u00e1rman a h\u00e1zasp\u00e1rok k\u00f6z\u00fcl, \u00e9s vezessenek le egy-egy vas\u00e1rnap-d\u00e9lut\u00e1nt. Biztosan akadnak k\u00f6ztetek ilyen k\u00f6z\u00f6ss\u00e9g\u00e9rt lelkesed\u0151, azt \u00edgy seg\u00edt\u0151, j\u00f3sz\u00e1nd\u00e9k\u00fa emberek! Jelentkezzenek h\u00e1t vagy n\u00e1lam, vagy az Irod\u00e1n, vagy pedig Zumb\u00fchl Csill\u00e1n\u00e1l \u00e9s Vilin\u00e9l, akik ennek a koordin\u00e1l\u00e1s\u00e1\u00e9rt j\u00f3sz\u00edvvel felel\u0151ss\u00e9get v\u00e1llaltak! El\u0151re is k\u00f6sz\u00f6n\u00f6m! Egyh\u00e1zk\u00f6zs\u00e9g\u00fcnk j\u00f6v\u0151 \u00e9v m\u00e1jus 22-e \u00e9s 28-a k\u00f6z\u00f6tt zar\u00e1ndoklatot szervez a Benelux-\u00e1llamok M\u00e1ria-kegyhelyeire. Aki sz\u00edvesen vel\u00fcnk tartana, jelentkezzen az Irod\u00e1n. Els\u0151\u00e1ldoz\u00e1sra illetve b\u00e9rm\u00e1lkoz\u00e1sra val\u00f3 felk\u00e9sz\u00edt\u0151t hirdetek. Akinek gyermeke vagy unok\u00e1ja ilyen korban van, \u00e9s szeretne ezekhez a szents\u00e9gekhez j\u00e1rulni, az jelentkezzen vagy n\u00e1lam, vagy az Irod\u00e1n. Azon fiatalok sz\u00e1m\u00e1ra, akik p\u00e1rv\u00e1laszt\u00e1s el\u0151tt \u00e1llnak \u00e9s ismerkedni szeretn\u00e9nek, az Egyh\u00e1zk\u00f6zs\u00e9g november 26-\u00e1n, szombaton este 19.00 \u00f3r\u00e1-t\u00f3l \u00fan. Szingli-B\u00e1lt Jelentkez\u00e9s az Irod\u00e1n. Meg\u00e9rkeztek B\u00f6jte-atya napt\u00e1rai&#8230; \u00c1ruk 4,-\u20ac. (FN) Legk\u00f6zelebb... R\u00e9szletek"}