{"version":"1.0","provider_name":"Stuttgarti Katolikusok","provider_url":"https:\/\/stuttgarti-katolikusok.de","title":"Sebesty\u00e9n P\u00e9ter: Hekker a sz\u0151nyeg alatt - Stuttgarti Katolikusok","type":"rich","width":600,"height":338,"html":"<blockquote class=\"wp-embedded-content\" data-secret=\"UNt41jmyJ2\"><a href=\"https:\/\/stuttgarti-katolikusok.de\/index.php\/hekker-a-szonyeg-alatt\/\">Sebesty\u00e9n P\u00e9ter: Hekker a sz\u0151nyeg alatt<\/a><\/blockquote><iframe sandbox=\"allow-scripts\" security=\"restricted\" src=\"https:\/\/stuttgarti-katolikusok.de\/index.php\/hekker-a-szonyeg-alatt\/embed\/#?secret=UNt41jmyJ2\" width=\"600\" height=\"338\" title=\"&#8220;Sebesty\u00e9n P\u00e9ter: Hekker a sz\u0151nyeg alatt&#8221; &#8212; Stuttgarti Katolikusok\" data-secret=\"UNt41jmyJ2\" frameborder=\"0\" marginwidth=\"0\" marginheight=\"0\" scrolling=\"no\" class=\"wp-embedded-content\"><\/iframe><script type=\"text\/javascript\">\n\/* <![CDATA[ *\/\n\/*! This file is auto-generated *\/\n!function(d,l){\"use strict\";l.querySelector&&d.addEventListener&&\"undefined\"!=typeof URL&&(d.wp=d.wp||{},d.wp.receiveEmbedMessage||(d.wp.receiveEmbedMessage=function(e){var t=e.data;if((t||t.secret||t.message||t.value)&&!\/[^a-zA-Z0-9]\/.test(t.secret)){for(var s,r,n,a=l.querySelectorAll('iframe[data-secret=\"'+t.secret+'\"]'),o=l.querySelectorAll('blockquote[data-secret=\"'+t.secret+'\"]'),c=new RegExp(\"^https?:$\",\"i\"),i=0;i<o.length;i++)o[i].style.display=\"none\";for(i=0;i<a.length;i++)s=a[i],e.source===s.contentWindow&&(s.removeAttribute(\"style\"),\"height\"===t.message?(1e3<(r=parseInt(t.value,10))?r=1e3:~~r<200&&(r=200),s.height=r):\"link\"===t.message&&(r=new URL(s.getAttribute(\"src\")),n=new URL(t.value),c.test(n.protocol))&&n.host===r.host&&l.activeElement===s&&(d.top.location.href=t.value))}},d.addEventListener(\"message\",d.wp.receiveEmbedMessage,!1),l.addEventListener(\"DOMContentLoaded\",function(){for(var e,t,s=l.querySelectorAll(\"iframe.wp-embedded-content\"),r=0;r<s.length;r++)(t=(e=s[r]).getAttribute(\"data-secret\"))||(t=Math.random().toString(36).substring(2,12),e.src+=\"#?secret=\"+t,e.setAttribute(\"data-secret\",t)),e.contentWindow.postMessage({message:\"ready\",secret:t},\"*\")},!1)))}(window,document);\n\/\/# sourceURL=https:\/\/stuttgarti-katolikusok.de\/wp-includes\/js\/wp-embed.min.js\n\/* ]]> *\/\n<\/script>\n","description":"Hekker a sz\u0151nyeg alatt Az idei\u00a0 velencei karnev\u00e1l d\u00edszvend\u00e9g\u00e9t\u0151l Magyarorsz\u00e1gt\u00f3l j\u00f6tt az \u00f6tlet, hogy a gyerekeknek egy sz\u00e1m\u00edt\u00f3g\u00e9pes j\u00e1t\u00e9kban egy \u0151r\u00fclt hekkert kell megf\u00e9kezni\u00fck, aki a vil\u00e1got meg akarja b\u00e9n\u00edtani. Emellett fut\u00f3t\u0171zk\u00e9nt megy n\u00e1lunk is a 2&#215;2 annyi, mint huszonkett\u0151, Alternat\u00edv matek c. kisfilm, ahol a csattan\u00f3t a &#8222;konzervat\u00edv&#8221; tan\u00e1rn\u0151 a film v\u00e9g\u00e9n v\u00e1gja a szabadelv\u0171 igazgat\u00f3 k\u00e9p\u00e9be. Mert a g\u00e1tl\u00e1stalan szabds\u00e1gnak m\u00e1r nincsenek hat\u00e1rai. Nincsenek \u00e9rt\u00e9kek, biztos fog\u00f3dz\u00f3k, t\u00f6rv\u00e9nyek, korl\u00e1tok, amelyek \u00e9pp a szabads\u00e1g \u0151r\u00fclt diktat\u00far\u00e1j\u00e1t\u00f3l v\u00e9den\u00e9nek meg. Mert engedt\u00fcnk. Fokozatosan \u00e9s k\u00f6vetkezetesen engedm\u00e9nyeket tett\u00fcnk a s\u00e1t\u00e1nnak: erk\u00f6lcsi d\u00f6nt\u00e9seinkben, t\u00f6rv\u00e9nyhoz\u00e1sainkban, elk\u00e9pzel\u00e9seinkben, egy\u00e9ni \u00e9s t\u00e1rsadalmi szinten egyar\u00e1nt. \u00c9s ebben verg\u0151d\u00fcnk, mint vad a h\u00edn\u00e1rban. S akkor m\u00e9g nem besz\u00e9lt\u00fcnk a legfrissebb egyh\u00e1z- \u00e9s Vatik\u00e1nellenes m\u00e9diat\u00e1mad\u00e1sokr\u00f3l, ahol m\u00e1r nemcsak a pedofilia, a homoszexualit\u00e1s \u00e9s nemi er\u0151szak ker\u00fclt ter\u00edt\u00e9kre, hanem \u00fajfent egy amerikai papcsemet\u00e9b\u0151l lett \u201episz(m)ol\u00f3gus\u201d m\u00e1r azzal riogat, hogy a papok gyermekei minden\u00fctt ott vannak, s ez mekkora vesz\u00e9lyt jelent a vil\u00e1gra. Mik\u00f6zben a gender \u00e9s a transznem\u0171 szabadoss\u00e1g m\u00e1r a franci\u00e1kn\u00e1l sem akar \u00e9desap\u00e1r\u00f3l \u00e9s \u00e9desany\u00e1r\u00f3l besz\u00e9lni, csup\u00e1n sz\u00fcl\u0151 1 \u00e9s sz\u00fcl\u0151 2 -r\u0151l. A sv\u00e9d miniszterasszony pedig az emancip\u00e1lt n\u0151k nehezen kiharcolt \u00e9s most csorbult jogai miatt sir\u00e1nkozik, mert \u201ek\u00f6telez\u0151 sz\u00fclni\u201d a nemzetnek. Micsoda aljass\u00e1g, ugye? Tan\u00e1r ismer\u0151s\u00f6m mes\u00e9li, hogy di\u00e1kjainak k\u00e9tharmada nem v\u00e1gyik egy\u00e9bre, csak sok p\u00e9nzre, s el innen. Ir\u00e1ny Hollandia, ahol majd j\u00f3l bek\u00e1b\u00edt\u00f3szereznek, azt\u00e1n \u00e9vekig kuksolsz a b\u00f6rt\u00f6nben, s mire hazaj\u00f6ssz megkopaszodva, ki\u00e9gve, lerongyol\u00f3dva, r\u00e1d sem ismerni. Posztodern t\u00e9kozl\u00f3 gyerekek. Mint amaz orvosit, PHD-t v\u00e9gzettek, akik a londoni v\u00e9c\u00e9pucol\u00e1st\u00f3l\u00a0 \u00e9s beteggondoz\u00e1st\u00f3l megkerg\u00fclve lassan hazasziv\u00e1rognak, mert eleg\u00fck van az any\u00e1tlans\u00e1gb\u00f3l \u00e9s a nyakl\u00f3 n\u00e9lk\u00fcli szabads\u00e1gb\u00f3l. Milyen kifinomult m\u00f3dszerrel dolgozik ez a \u201eHekker\u201d. M\u00e1r a teremt\u00e9s \u00f3ta. \u201eA kert minden f\u00e1j\u00e1r\u00f3l ehettek, csak a kert k\u00f6zep\u00e9n \u00e1ll\u00f3 f\u00e1r\u00f3l nem\u201d [&#8230;] \u201eDehogy haltok meg!\u201d \u2013 mondja \u00c9v\u00e1nak. Csak kiny\u00edlik a szemetek. S megl\u00e1tj\u00e1tok milyen hatalmas az ember, ha... R\u00e9szletek"}