{"version":"1.0","provider_name":"Stuttgarti Katolikusok","provider_url":"https:\/\/stuttgarti-katolikusok.de","title":"H\u00e1rom besz\u00e1mol\u00f3 a stuttgarti katolikus farsangr\u00f3l - Stuttgarti Katolikusok","type":"rich","width":600,"height":338,"html":"<blockquote class=\"wp-embedded-content\" data-secret=\"J7NASYcn0o\"><a href=\"https:\/\/stuttgarti-katolikusok.de\/index.php\/harom-beszamolo-a-stuttgarti-katolikus-farsangrol\/\">H\u00e1rom besz\u00e1mol\u00f3 a stuttgarti katolikus farsangr\u00f3l<\/a><\/blockquote><iframe sandbox=\"allow-scripts\" security=\"restricted\" src=\"https:\/\/stuttgarti-katolikusok.de\/index.php\/harom-beszamolo-a-stuttgarti-katolikus-farsangrol\/embed\/#?secret=J7NASYcn0o\" width=\"600\" height=\"338\" title=\"&#8220;H\u00e1rom besz\u00e1mol\u00f3 a stuttgarti katolikus farsangr\u00f3l&#8221; &#8212; Stuttgarti Katolikusok\" data-secret=\"J7NASYcn0o\" frameborder=\"0\" marginwidth=\"0\" marginheight=\"0\" scrolling=\"no\" class=\"wp-embedded-content\"><\/iframe><script type=\"text\/javascript\">\n\/* <![CDATA[ *\/\n\/*! This file is auto-generated *\/\n!function(d,l){\"use strict\";l.querySelector&&d.addEventListener&&\"undefined\"!=typeof URL&&(d.wp=d.wp||{},d.wp.receiveEmbedMessage||(d.wp.receiveEmbedMessage=function(e){var t=e.data;if((t||t.secret||t.message||t.value)&&!\/[^a-zA-Z0-9]\/.test(t.secret)){for(var s,r,n,a=l.querySelectorAll('iframe[data-secret=\"'+t.secret+'\"]'),o=l.querySelectorAll('blockquote[data-secret=\"'+t.secret+'\"]'),c=new RegExp(\"^https?:$\",\"i\"),i=0;i<o.length;i++)o[i].style.display=\"none\";for(i=0;i<a.length;i++)s=a[i],e.source===s.contentWindow&&(s.removeAttribute(\"style\"),\"height\"===t.message?(1e3<(r=parseInt(t.value,10))?r=1e3:~~r<200&&(r=200),s.height=r):\"link\"===t.message&&(r=new URL(s.getAttribute(\"src\")),n=new URL(t.value),c.test(n.protocol))&&n.host===r.host&&l.activeElement===s&&(d.top.location.href=t.value))}},d.addEventListener(\"message\",d.wp.receiveEmbedMessage,!1),l.addEventListener(\"DOMContentLoaded\",function(){for(var e,t,s=l.querySelectorAll(\"iframe.wp-embedded-content\"),r=0;r<s.length;r++)(t=(e=s[r]).getAttribute(\"data-secret\"))||(t=Math.random().toString(36).substring(2,12),e.src+=\"#?secret=\"+t,e.setAttribute(\"data-secret\",t)),e.contentWindow.postMessage({message:\"ready\",secret:t},\"*\")},!1)))}(window,document);\n\/\/# sourceURL=https:\/\/stuttgarti-katolikusok.de\/wp-includes\/js\/wp-embed.min.js\n\/* ]]> *\/\n<\/script>\n","thumbnail_url":"https:\/\/stuttgarti-katolikusok.de\/wp-content\/uploads\/2020\/02\/stgtfarsang.jpg","thumbnail_width":799,"thumbnail_height":533,"description":"Farsangos \u00fcnnep &nbsp; 2020 febru\u00e1r 16. egy vas\u00e1rnap, m\u00e9gpedig a h\u00f3nap 3. vas\u00e1rnapja. Nek\u00fcnk ludwigsburgiaknak egy k\u00fcl\u00f6nleges vas\u00e1rnap: ugyanis magyar mise van a St. Josef templomban. A szentmise v\u00e9g\u00e9n Imre atya meg\u00e1ldotta kedves fiatal bar\u00e1taink janu\u00e1r 13-\u00e1n sz\u00fcletett le\u00e1nyk\u00e1j\u00e1t, a kis Leyla Ann\u00e1t. Ez ut\u00e1n a gy\u00f6ny\u00f6r\u0171 \u00e9s meghat\u00f3 esm\u00e9ny ut\u00e1n indultunk el Stuttgartba, ahol a magyar szentmis\u00e9t egy szines, tr\u00e9f\u00e1s-farsangi el\u0151ad\u00e1s k\u00f6vette. Els\u0151nek a kicsiny gyermekek el\u0151ad\u00e1s\u00e1ban gy\u00f6ny\u00f6rk\u00f6dhett\u00fcnk. Nagy lelkesed\u00e9ssel, \u00e9des \u00e1rtatlans\u00e1ggal \u00e9s szemmel l\u00e1that\u00f3an b\u00fcszk\u00e9n viselve farsangi koszt\u00fcmjeiket, adtak el\u0151 szebbn\u00e9l-szebb k\u00f6rt\u00e1ncokat. Teljesen elb\u00e1jolva figyelt\u00fck a m\u00e9g kicsit f\u00e9lszeg l\u00e9pteiket. Ezut\u00e1n a feln\u0151tt szerepl\u0151k k\u00f6vetkeztek. Sz\u00f6gedi, alf\u00f6ldi jelenetekkel. L\u00e1thattunk lovasokat zenesz\u00f3ra \u201ev\u00e1gtatni\u201c. Hatalmasakat nevett\u00fcnk a v\u00e9rbeli pec\u00e1sok komment\u00e1rjain, akik nyugalom (\u00e9s persze fog\u00e1s) rem\u00e9ny\u00e9ben \u00fcltek a vizparton\u2026 mindaddig m\u00edg meg nem jelentek a cseppet sem csendes feles\u00e9geik. J\u00f3l mulattunk a r\u00f3ka meg a farkas kalandjain, Stauder Marika mes\u00e9l\u00e9se mellett. Ez\u00faton is k\u00fcl\u00f6n elismer\u00e9s a kis Annam\u00e1ri\u00e1nak aki a r\u00f3k\u00e1t alak\u00edtotta. Azut\u00e1n k\u00f6vetkezett \u201e Pali\u201c b\u00e9g \u00e9s szerecseninasa, meg a szeg\u00e9ny ember t\u00f6rt\u00e9nete. Micsoda el\u00e1nnal, lelkesed\u00e9ssel j\u00e1tszott\u00e1k szerepeiket! Lehetlen lett volna meg\u00e1llni nevet\u00e9s n\u00e9lk\u00fcl az \u201eifj\u00fa\u201c szolga \u201epontos id\u0151\u201c k\u00f6zl\u00e9s\u00e9t meg a b\u00e9g \u00e9s a szeg\u00e9ny ember csat\u00e1roz\u00e1s\u00e1t a sz\u0151l\u0151szemek\u00e9rt. A jelmezek tervez\u00e9se \u00e9s elk\u00e9sz\u00edt\u00e9se is igazi fant\u00e1zi\u00e1t \u00e9s lelem\u00e9nyess\u00e9get ig\u00e9nyelt. \u201ePali\u201c b\u00e9g inasa, akit a 90 \u00e9ves Pint\u00e9r Ferenc szem\u00e9lyes\u00edtett meg, m\u00e9g szerecsenhez ill\u0151 fekete szint is var\u00e1zsolt az arc\u00e1ra. Csod\u00e1latos d\u00e9lut\u00e1n volt (!!!), amit k\u00f6sz\u00f6n\u00fcnk Nektek kedves tervez\u0151k, szervez\u0151k, rendez\u0151k, seg\u00edt\u0151k, szerepl\u0151k. K\u00fcl\u00f6n k\u00f6sz\u00f6net T\u00f3th M\u00e1rtinak, aki az ut\u00f3bbi hetekben ennek az el\u0151ad\u00e1snak sikeres kidolgoz\u00e1s\u00e1n f\u00e1radozott. Sok-sok \u00f3ra odaad\u00f3 munka eredm\u00e9ny\u00e9t \u00e9lvezhett\u00fck a mai d\u00e9lut\u00e1non. De k\u00f6sz\u00f6netet kell mondani a sok-sok finoms\u00e1g\u00e9rt elk\u00e9sz\u00edt\u00e9s\u00e9\u00e9rt is, ami alatt roskadoztak az asztalok. Az el\u0151ad\u00e1s ut\u00e1n a jelenlev\u0151 n\u00f3t\u00e1skedv\u0171 bar\u00e1taink \u00e9nekeltek saj\u00e1t maguk \u00e9s a t\u00f6bbiek \u00f6r\u00f6m\u00e9re. Nagyon j\u00f3 volt egy\u00fct lenni veletek!!! Besz\u00e9lgetni j\u00f3 \u00e9s kev\u00e9sb\u00e9 j\u00f3 dolgokr\u00f3l, megfeledkezni a... R\u00e9szletek"}