{"version":"1.0","provider_name":"Stuttgarti Katolikusok","provider_url":"https:\/\/stuttgarti-katolikusok.de","title":"Schutheis \u00c9va: Gy\u00f3gyult l\u00e9lekkel Isten el\u00e9be... - Stuttgarti Katolikusok","type":"rich","width":600,"height":338,"html":"<blockquote class=\"wp-embedded-content\" data-secret=\"rKo1S6hOT5\"><a href=\"https:\/\/stuttgarti-katolikusok.de\/index.php\/gyogyult-lelekkel-isten-elebe\/\">Schutheis \u00c9va: Gy\u00f3gyult l\u00e9lekkel Isten el\u00e9be&#8230;<\/a><\/blockquote><iframe sandbox=\"allow-scripts\" security=\"restricted\" src=\"https:\/\/stuttgarti-katolikusok.de\/index.php\/gyogyult-lelekkel-isten-elebe\/embed\/#?secret=rKo1S6hOT5\" width=\"600\" height=\"338\" title=\"&#8220;Schutheis \u00c9va: Gy\u00f3gyult l\u00e9lekkel Isten el\u00e9be&#8230;&#8221; &#8212; Stuttgarti Katolikusok\" data-secret=\"rKo1S6hOT5\" frameborder=\"0\" marginwidth=\"0\" marginheight=\"0\" scrolling=\"no\" class=\"wp-embedded-content\"><\/iframe><script type=\"text\/javascript\">\n\/* <![CDATA[ *\/\n\/*! This file is auto-generated *\/\n!function(d,l){\"use strict\";l.querySelector&&d.addEventListener&&\"undefined\"!=typeof URL&&(d.wp=d.wp||{},d.wp.receiveEmbedMessage||(d.wp.receiveEmbedMessage=function(e){var t=e.data;if((t||t.secret||t.message||t.value)&&!\/[^a-zA-Z0-9]\/.test(t.secret)){for(var s,r,n,a=l.querySelectorAll('iframe[data-secret=\"'+t.secret+'\"]'),o=l.querySelectorAll('blockquote[data-secret=\"'+t.secret+'\"]'),c=new RegExp(\"^https?:$\",\"i\"),i=0;i<o.length;i++)o[i].style.display=\"none\";for(i=0;i<a.length;i++)s=a[i],e.source===s.contentWindow&&(s.removeAttribute(\"style\"),\"height\"===t.message?(1e3<(r=parseInt(t.value,10))?r=1e3:~~r<200&&(r=200),s.height=r):\"link\"===t.message&&(r=new URL(s.getAttribute(\"src\")),n=new URL(t.value),c.test(n.protocol))&&n.host===r.host&&l.activeElement===s&&(d.top.location.href=t.value))}},d.addEventListener(\"message\",d.wp.receiveEmbedMessage,!1),l.addEventListener(\"DOMContentLoaded\",function(){for(var e,t,s=l.querySelectorAll(\"iframe.wp-embedded-content\"),r=0;r<s.length;r++)(t=(e=s[r]).getAttribute(\"data-secret\"))||(t=Math.random().toString(36).substring(2,12),e.src+=\"#?secret=\"+t,e.setAttribute(\"data-secret\",t)),e.contentWindow.postMessage({message:\"ready\",secret:t},\"*\")},!1)))}(window,document);\n\/\/# sourceURL=https:\/\/stuttgarti-katolikusok.de\/wp-includes\/js\/wp-embed.min.js\n\/* ]]> *\/\n<\/script>\n","description":"Gy\u00f3gyult l\u00e9lekkel Isten el\u00e9be&#8230;. Alig k\u00e9t h\u00f3nappal kar\u00e1csony ut\u00e1n, az \u00fcnnep akkori t\u00falf\u0171t\u00f6tt, patetikus pillanat\u00e1ban megfogant hovatartoz\u00e1si sz\u00e1nd\u00e9kom, a kimondott, csillog\u00f3 igenem mostanra kopottasan v\u00e1rja az \u00fajabb csod\u00e1t, amely tal\u00e1n kiz\u00f6kkentheti abb\u00f3l a letargikus \u00e1llapotb\u00f3l, amit a hossz\u00fara sikeredett t\u00e9l \u00e9s a rem\u00e9nytelen tavaszv\u00e1r\u00e1s, napi k\u00fczdelmeim, a szok\u00e1sos emberi sir\u00e1mok m\u00e1ra \u00fagy kimostak bel\u0151lem, mint a lejt\u0151kr\u0151l lezuhan\u00f3 heves \u00e1rad\u00e1sok a gy\u00f6k\u00e9rtelen f\u00e1k talaj\u00e1t. Pedig kar\u00e1csonynak k\u00f6vetkezm\u00e9nye van, melynek l\u00e9nyeg\u00e9t V\u00edzkereszt hordozza legink\u00e1bb. J\u00e9zus nyilv\u00e1nos m\u0171k\u00f6d\u00e9s\u00e9nek kezdet\u00e9n Keresztel\u0151 Szent J\u00e1nos gyakorlatilag m\u00e1r mindent elmond a Messi\u00e1sr\u00f3l. Kijelent\u00e9s\u00e9ben cs\u00facsosodik magasra az el\u0151revet\u00edtett, b\u0171n\u00f6k miatt elhordozott szenved\u00e9s, a h\u00fasv\u00e9t \u00e9s a felt\u00e1mad\u00e1s. &#8222;\u00cdme az Isten B\u00e1r\u00e1nya&#8221;, \u00edme a titok, aki \u00e1tviszi a sz\u00fclet\u00e9st a hal\u00e1lba, hogy azt\u00e1n megdics\u0151\u00fclve, az \u00e9let v\u00e9gtelens\u00e9g\u00e9t hordozva \u00faj t\u00e1vlatokat nyisson el\u0151tt\u00fcnk&#8230; L\u00e1tszatra fel sem t\u0171nik, hogy a fent elhangzott mondat a szent\u00e1ldoz\u00e1s szertart\u00e1s\u00e1nak\u00a0szerves r\u00e9sze&#8230; Mennyire el\u00e9g ez az \u00fczenet? \u00c1tmenthet-e minket napi gondjaink k\u00f6zepette egy feltehet\u0151en sokkal fontosabb \u00e9s magasabb eszme \u00e9rdek\u00e9ben? Mennyire \u0151szinte a v\u00e1laszunk, amely saj\u00e1t m\u00e9lt\u00f3s\u00e1gunkat is k\u00e9ts\u00e9gbe vonja? Mire el\u00e9g az az egyetlen sz\u00f3, amelyre \u00farfelmutat\u00e1skor t\u00e9rden \u00e1llva, lehajtott fejjel, sz\u00edvre tett k\u00e9zzel \u00e1h\u00edtozunk? Meg\u00e9rtj\u00fck-e a titkot? S ha igen, mennyire lehet\u00fcnk el\u00e9gedettek a megszerzett \u00e9letb\u00f6lcsess\u00e9ggel, a benn\u00fcnk szunnyad\u00f3 hittel, lelkiismerettel, magatart\u00e1sm\u00f3ddal? Elegend\u0151-e a rendelkez\u00e9s\u00fcnkre \u00e1ll\u00f3 id\u0151, a sz\u00e1nd\u00e9k, melynek birtok\u00e1ban sokszor csapnival\u00f3an, sokszor mesterien -legal\u00e1bb is mi \u00fagy hissz\u00fck- szervezz\u00fck az \u00e9letet? Mire van igaz\u00e1n sz\u00fcks\u00e9g? Mi\u00e9rt el\u00e9gsz\u00fcnk meg kev\u00e9ssel, ha lehetne sokkal t\u00f6bb is? S mi a t\u00f6bb? Mikor el\u00e9g az el\u00e9g? Mit \u00e9r a megszerzett boldogs\u00e1g megszenvedett t\u00f6rekv\u00e9sek t\u00fckr\u00e9ben? Elegend\u0151-e mindez? Avilai Szent Ter\u00e9z egyetlen mondata r\u00e1vil\u00e1g\u00edt a l\u00e9nyegre: Ha ti\u00e9d az Isten, ti\u00e9d minden, mert &#8222;Isten egyed\u00fcl el\u00e9g&#8221;. El\u00e9g, hogy meg\u00e9rts\u00fck \u00e9s felfedezz\u00fck magunkban a sz\u00e1nd\u00e9kot, \u00a0amely oda mer hajolni, lemeri tenni a botl\u00e1st, hib\u00e1s d\u00f6nt\u00e9st, bes\u00e1rozott m\u00faltat, amely n\u00e9hanap tal\u00e1n \u0151szint\u00e9nek is t\u0171nhet, legal\u00e1bb a Krisztussal val\u00f3 egys\u00e9g... R\u00e9szletek"}