{"version":"1.0","provider_name":"Stuttgarti Katolikusok","provider_url":"https:\/\/stuttgarti-katolikusok.de","title":"Fontos h\u00edr!!! - Stuttgarti Katolikusok","type":"rich","width":600,"height":338,"html":"<blockquote class=\"wp-embedded-content\" data-secret=\"J6FYz8S2B8\"><a href=\"https:\/\/stuttgarti-katolikusok.de\/index.php\/fontos-hir\/\">Fontos h\u00edr!!!<\/a><\/blockquote><iframe sandbox=\"allow-scripts\" security=\"restricted\" src=\"https:\/\/stuttgarti-katolikusok.de\/index.php\/fontos-hir\/embed\/#?secret=J6FYz8S2B8\" width=\"600\" height=\"338\" title=\"&#8220;Fontos h\u00edr!!!&#8221; &#8212; Stuttgarti Katolikusok\" data-secret=\"J6FYz8S2B8\" frameborder=\"0\" marginwidth=\"0\" marginheight=\"0\" scrolling=\"no\" class=\"wp-embedded-content\"><\/iframe><script type=\"text\/javascript\">\n\/* <![CDATA[ *\/\n\/*! This file is auto-generated *\/\n!function(d,l){\"use strict\";l.querySelector&&d.addEventListener&&\"undefined\"!=typeof URL&&(d.wp=d.wp||{},d.wp.receiveEmbedMessage||(d.wp.receiveEmbedMessage=function(e){var t=e.data;if((t||t.secret||t.message||t.value)&&!\/[^a-zA-Z0-9]\/.test(t.secret)){for(var s,r,n,a=l.querySelectorAll('iframe[data-secret=\"'+t.secret+'\"]'),o=l.querySelectorAll('blockquote[data-secret=\"'+t.secret+'\"]'),c=new RegExp(\"^https?:$\",\"i\"),i=0;i<o.length;i++)o[i].style.display=\"none\";for(i=0;i<a.length;i++)s=a[i],e.source===s.contentWindow&&(s.removeAttribute(\"style\"),\"height\"===t.message?(1e3<(r=parseInt(t.value,10))?r=1e3:~~r<200&&(r=200),s.height=r):\"link\"===t.message&&(r=new URL(s.getAttribute(\"src\")),n=new URL(t.value),c.test(n.protocol))&&n.host===r.host&&l.activeElement===s&&(d.top.location.href=t.value))}},d.addEventListener(\"message\",d.wp.receiveEmbedMessage,!1),l.addEventListener(\"DOMContentLoaded\",function(){for(var e,t,s=l.querySelectorAll(\"iframe.wp-embedded-content\"),r=0;r<s.length;r++)(t=(e=s[r]).getAttribute(\"data-secret\"))||(t=Math.random().toString(36).substring(2,12),e.src+=\"#?secret=\"+t,e.setAttribute(\"data-secret\",t)),e.contentWindow.postMessage({message:\"ready\",secret:t},\"*\")},!1)))}(window,document);\n\/\/# sourceURL=https:\/\/stuttgarti-katolikusok.de\/wp-includes\/js\/wp-embed.min.js\n\/* ]]> *\/\n<\/script>\n","thumbnail_url":"https:\/\/stuttgarti-katolikusok.de\/wp-content\/uploads\/2020\/03\/weingarteni-cendes-napok-2020.png","thumbnail_width":1200,"thumbnail_height":800,"description":"Kedves Testv\u00e9rek! Ezen felh\u00edv\u00e1s a Weingarteni Csendes Napokra k\u00e9sz\u00fcl\u0151 testv\u00e9reknek sz\u00f3l. \u00d6r\u00f6mmel \u00e9s izgatottan k\u00e9sz\u00fclt\u00fcnk a p\u00e9nteken kezd\u0151d\u0151 Weingarteni Csendes Napokra. Mindig j\u00f3 \u00e9rz\u00e9s t\u00f6lt el, amikor vend\u00e9g lelkip\u00e1sztor atya \u00e9rkezik hozz\u00e1nk. A gyermek nyugtalans\u00e1g\u00e1val v\u00e1rtam \u00e9n is holnapi napot. P\u00e9k S\u00e1ndor aty\u00e1t r\u00e9g\u00f3ta ismerem, j\u00f3 bar\u00e1ts\u00e1gban vagyunk. Nagyon k\u00e9sz\u00fclt hozz\u00e1nk. S ezt t\u0151le tudom, hiszen az elm\u00falt napokban t\u00f6bbsz\u00f6r is besz\u00e9lt\u00fcnk, egyeztett\u00fcnk telefonon. Ma d\u00e9lut\u00e1n viszont kellemetlen h\u00edrrel keresett meg. A koronav\u00edrus j\u00e1rv\u00e1nyra val\u00f3 tekintettel odahaza, Erd\u00e9lyben is minden nagyon k\u00e9pl\u00e9keny, v\u00e1ltoz\u00f3. A helyzet pattan\u00e1sig fesz\u00fclt. S\u00e1ndor atya p\u00fcsp\u00f6ke a mai napon megtiltotta papjainak, hogy elhagyj\u00e1k az egyh\u00e1zmegy\u00e9t \u00e9s k\u00fclf\u00f6ldre utazzanak. \u00c9rthet\u0151, hiszen ebben a bizonytalan \u00e1llapotban k\u00e9tes, hogy minden gond n\u00e9lk\u00fcl vissza is t\u00e9rhetn\u00e9nek.\u00a0 P\u00fcsp\u00f6k atya d\u00f6nt\u00e9s\u00e9t meg\u00e9rt\u00e9ssel fogadjuk. A tervezett lelkigyakorlatunkat S\u00e1ndor atya n\u00e9lk\u00fcl tartjuk meg, ugyan\u00fagy, ahogyan meghirdett\u00fck!\u00a0Im\u00e1ds\u00e1g\u00e1val k\u00eds\u00e9r benn\u00fcnket, s amint \u00fajb\u00f3l lehet\u0151s\u00e9g k\u00edn\u00e1lkozik, elj\u00f6n hozz\u00e1nk. &#8222;Mert minden \u00e9rtetek t\u00f6rt\u00e9nik, hogy min\u00e9l b\u0151vebben \u00e1radjon a kegyelem, s \u00edgy h\u00e1l\u00e1t is mind t\u00f6bben adjanak az Isten dics\u0151s\u00e9g\u00e9re&#8221; (2 Kor 4,15).\u00a0 Szent P\u00e1l apostolnak ezzel a biztat\u00f3 \u00fczenet\u00e9vel h\u00edvlak \u00e9s v\u00e1rlak benneteket! Bar\u00e1ts\u00e1ggal \u00e9s lelkip\u00e1sztori szeretettel, Tibor atya &nbsp; &nbsp; &nbsp; &nbsp; &nbsp; &nbsp;"}