{"version":"1.0","provider_name":"Stuttgarti Katolikusok","provider_url":"https:\/\/stuttgarti-katolikusok.de","title":"FFP2 maszk haszn\u00e1lata a szentmis\u00e9n! - Stuttgarti Katolikusok","type":"rich","width":600,"height":338,"html":"<blockquote class=\"wp-embedded-content\" data-secret=\"i0TEpHrJbp\"><a href=\"https:\/\/stuttgarti-katolikusok.de\/index.php\/ffp2-maszk-hasznalata-a-szentmisen\/\">FFP2 maszk haszn\u00e1lata a szentmis\u00e9n!<\/a><\/blockquote><iframe sandbox=\"allow-scripts\" security=\"restricted\" src=\"https:\/\/stuttgarti-katolikusok.de\/index.php\/ffp2-maszk-hasznalata-a-szentmisen\/embed\/#?secret=i0TEpHrJbp\" width=\"600\" height=\"338\" title=\"&#8220;FFP2 maszk haszn\u00e1lata a szentmis\u00e9n!&#8221; &#8212; Stuttgarti Katolikusok\" data-secret=\"i0TEpHrJbp\" frameborder=\"0\" marginwidth=\"0\" marginheight=\"0\" scrolling=\"no\" class=\"wp-embedded-content\"><\/iframe><script type=\"text\/javascript\">\n\/* <![CDATA[ *\/\n\/*! This file is auto-generated *\/\n!function(d,l){\"use strict\";l.querySelector&&d.addEventListener&&\"undefined\"!=typeof URL&&(d.wp=d.wp||{},d.wp.receiveEmbedMessage||(d.wp.receiveEmbedMessage=function(e){var t=e.data;if((t||t.secret||t.message||t.value)&&!\/[^a-zA-Z0-9]\/.test(t.secret)){for(var s,r,n,a=l.querySelectorAll('iframe[data-secret=\"'+t.secret+'\"]'),o=l.querySelectorAll('blockquote[data-secret=\"'+t.secret+'\"]'),c=new RegExp(\"^https?:$\",\"i\"),i=0;i<o.length;i++)o[i].style.display=\"none\";for(i=0;i<a.length;i++)s=a[i],e.source===s.contentWindow&&(s.removeAttribute(\"style\"),\"height\"===t.message?(1e3<(r=parseInt(t.value,10))?r=1e3:~~r<200&&(r=200),s.height=r):\"link\"===t.message&&(r=new URL(s.getAttribute(\"src\")),n=new URL(t.value),c.test(n.protocol))&&n.host===r.host&&l.activeElement===s&&(d.top.location.href=t.value))}},d.addEventListener(\"message\",d.wp.receiveEmbedMessage,!1),l.addEventListener(\"DOMContentLoaded\",function(){for(var e,t,s=l.querySelectorAll(\"iframe.wp-embedded-content\"),r=0;r<s.length;r++)(t=(e=s[r]).getAttribute(\"data-secret\"))||(t=Math.random().toString(36).substring(2,12),e.src+=\"#?secret=\"+t,e.setAttribute(\"data-secret\",t)),e.contentWindow.postMessage({message:\"ready\",secret:t},\"*\")},!1)))}(window,document);\n\/\/# sourceURL=https:\/\/stuttgarti-katolikusok.de\/wp-includes\/js\/wp-embed.min.js\n\/* ]]> *\/\n<\/script>\n","thumbnail_url":"https:\/\/stuttgarti-katolikusok.de\/wp-content\/uploads\/2020\/09\/corona-5174671_640.jpg","thumbnail_width":640,"thumbnail_height":427,"description":"Kedves H\u00edveim! \u00d6r\u00f6mmel \u00e9s h\u00e1l\u00e1val a sz\u00edvemben mondok k\u00f6sz\u00f6netet\u00a0 a j\u00f3 Istennek, hogy Kar\u00e1csony \u00fcnnepe alkalm\u00e1val mindenhol, \u00fagy, ahogyan terveztem, siker\u00fclt ajt\u00f3t nyitni minden kedves Testv\u00e9r sz\u00e1m\u00e1ra, hogy egyik legnagyobb \u00fcnnep\u00fcnk alkalm\u00e1val szentmis\u00e9n vehessen r\u00e9szt. Mind\u00f6ssze k\u00e9t helyen (B\u00f6blingenben \u00e9s Biberachban voltak szigor\u00fabb el\u0151\u00edr\u00e1sok). Most ellenben egy szigor\u00fabb id\u0151szak k\u00f6vetkezik. \u00c9ppen ez\u00e9rt mindenkit megk\u00e9rek, hogy ezekhez az el\u0151\u00edr\u00e1sokhoz alkalmazkodjunk. A legfontosabb, hogy a szentmis\u00e9ket tov\u00e1bbra is megtarthatjuk! A legfontosabb, hogy szentmis\u00e9inket ne kell lemondanunk! Helyileg mindig az aktu\u00e1lis befogad\u00f3 (n\u00e9met) k\u00f6z\u00f6ss\u00e9g szab\u00e1lyaihoz \u00e9s el\u0151\u00edr\u00e1saihoz kell igazodnunk. A szentmis\u00e9ken a 18 \u00e9v f\u00f6l\u00f6ttieknek FFP2 maszk haszn\u00e1lata k\u00f6telez\u0151! A 6 \u00e9s 18 \u00e9v k\u00f6z\u00f6ttiek orvosi-seb\u00e9szeti maszkot is haszn\u00e1lhatnak. A k\u00f6z\u00f6ss\u00e9gi termek \u00e9s m\u00e1s helyis\u00e9gek haszn\u00e1lat\u00e1t illet\u0151en pedig a 2G+ szab\u00e1lyoz\u00e1s van \u00e9rv\u00e9nyben! Saj\u00e1tos helyzetben vagyunk Stuttgartban. A gyermekmis\u00e9k megtart\u00e1s\u00e1t egyel\u0151re sz\u00fcneteltetj\u00fck. Itt ugyanis gondot jelent a terem szell\u0151ztet\u00e9se. Laupheimer aty\u00e1val egyeztetve \u00e9s aj\u00e1nl\u00e1s\u00e1t k\u00f6vetve hoztam meg ezen d\u00f6nt\u00e9semet. A gyermekek sz\u00fcleinek meg\u00e9rt\u00e9s\u00e9t k\u00e9rem. Ezzel az im\u00e1ds\u00e1ggal k\u00edv\u00e1nok mindannyiotoknak \u00e1ldott \u00e9s b\u00e9k\u00e9s napot: J\u00e9zusom, milyen csod\u00e1latos a Te b\u00f6lcsess\u00e9ged! M\u00e1sok hit\u00e9t l\u00e1tva megk\u00f6ny\u00f6r\u00fclsz a magatehetetlen b\u0171n\u00f6s\u00f6n is. Add, hogy felismerjem az egym\u00e1s ir\u00e1nt \u00e9rzett felel\u0151ss\u00e9g fontoss\u00e1g\u00e1t! Seg\u00edts, hogy k\u00e9pes legyek saj\u00e1t magamban is felismerni gyenges\u00e9geimet, \u00e9s k\u00e9sz legyek al\u00e1zattal m\u00e1sok seg\u00edts\u00e9g\u00e9t k\u00e9rni lelki \u00e9s ak\u00e1r testi gy\u00f3gyul\u00e1som\u00e9rt! Szeretettel, Tibor atya"}