{"version":"1.0","provider_name":"Stuttgarti Katolikusok","provider_url":"https:\/\/stuttgarti-katolikusok.de","title":"Fesz\u00edtsd sz\u00e9lnek a vitorl\u00e1dat! - Stuttgarti Katolikusok","type":"rich","width":600,"height":338,"html":"<blockquote class=\"wp-embedded-content\" data-secret=\"mz2xsAwlJJ\"><a href=\"https:\/\/stuttgarti-katolikusok.de\/index.php\/feszitsd-szelnek-a-vitorladat\/\">Fesz\u00edtsd sz\u00e9lnek a vitorl\u00e1dat!<\/a><\/blockquote><iframe sandbox=\"allow-scripts\" security=\"restricted\" src=\"https:\/\/stuttgarti-katolikusok.de\/index.php\/feszitsd-szelnek-a-vitorladat\/embed\/#?secret=mz2xsAwlJJ\" width=\"600\" height=\"338\" title=\"&#8220;Fesz\u00edtsd sz\u00e9lnek a vitorl\u00e1dat!&#8221; &#8212; Stuttgarti Katolikusok\" data-secret=\"mz2xsAwlJJ\" frameborder=\"0\" marginwidth=\"0\" marginheight=\"0\" scrolling=\"no\" class=\"wp-embedded-content\"><\/iframe><script type=\"text\/javascript\">\n\/* <![CDATA[ *\/\n\/*! This file is auto-generated *\/\n!function(d,l){\"use strict\";l.querySelector&&d.addEventListener&&\"undefined\"!=typeof URL&&(d.wp=d.wp||{},d.wp.receiveEmbedMessage||(d.wp.receiveEmbedMessage=function(e){var t=e.data;if((t||t.secret||t.message||t.value)&&!\/[^a-zA-Z0-9]\/.test(t.secret)){for(var s,r,n,a=l.querySelectorAll('iframe[data-secret=\"'+t.secret+'\"]'),o=l.querySelectorAll('blockquote[data-secret=\"'+t.secret+'\"]'),c=new RegExp(\"^https?:$\",\"i\"),i=0;i<o.length;i++)o[i].style.display=\"none\";for(i=0;i<a.length;i++)s=a[i],e.source===s.contentWindow&&(s.removeAttribute(\"style\"),\"height\"===t.message?(1e3<(r=parseInt(t.value,10))?r=1e3:~~r<200&&(r=200),s.height=r):\"link\"===t.message&&(r=new URL(s.getAttribute(\"src\")),n=new URL(t.value),c.test(n.protocol))&&n.host===r.host&&l.activeElement===s&&(d.top.location.href=t.value))}},d.addEventListener(\"message\",d.wp.receiveEmbedMessage,!1),l.addEventListener(\"DOMContentLoaded\",function(){for(var e,t,s=l.querySelectorAll(\"iframe.wp-embedded-content\"),r=0;r<s.length;r++)(t=(e=s[r]).getAttribute(\"data-secret\"))||(t=Math.random().toString(36).substring(2,12),e.src+=\"#?secret=\"+t,e.setAttribute(\"data-secret\",t)),e.contentWindow.postMessage({message:\"ready\",secret:t},\"*\")},!1)))}(window,document);\n\/\/# sourceURL=https:\/\/stuttgarti-katolikusok.de\/wp-includes\/js\/wp-embed.min.js\n\/* ]]> *\/\n<\/script>\n","description":"Fesz\u00edtsd sz\u00e9lnek a vitorl\u00e1dat! &nbsp; Hirtelen csak el\u00e9m toppant\u00e1l&#8230; R\u00e9g nem l\u00e1ttuk egym\u00e1st. Azt mondod, otthon voltatok k\u00e9t \u00e9vig, de most ism\u00e9t visszaj\u00f6ttetek egy kiss\u00e9 megalapozni anyagilag is ifj\u00fa \u00e9leteteket. Bevallod viszont, hogy f\u00e9lsz az \u00faj esztend\u0151t\u0151l. Annyi aggaszt\u00f3 dolog van m\u00e1r id\u0151k\u00f6zben itt is, hogy m\u00e1r-m\u00e1r elcs\u00fcggedtek. Most \u00e9pp \u00e1ll\u00e1st kerestek. T\u00f6bb aj\u00e1nlatot is kaptatok, de hetek \u00f3ta azon t\u00f6prengtek, hogy melyik \u00faton induljatok el? \u00c9s nem tudtok d\u00f6nteni, mert annyi megv\u00e1laszolatlan k\u00e9rd\u00e9s kapcsol\u00f3dik mindegyik lehet\u0151s\u00e9ghez&#8230; &nbsp; \u201cCsak ez a b\u00e9n\u00edt\u00f3 f\u00e9lelem ne lenne!\u201d &#8211; mondod\u2026 \u201c\u00dagye, meg\u00e9rtesz, atya?\u201d \u2013 k\u00e9rdezed. &nbsp; Igen, r\u00e9szben meg\u00e9rtelek. Meg\u00e9rtem, hogy haboztok az els\u0151 l\u00e9p\u00e9st megtenni. Nem akartok na\u00edvnak, t\u00falzottan hisz\u00e9kenynek felt\u0171nni. Ink\u00e1bb k\u00e9tszer is meggondolj\u00e1tok, hogy merre induljatok! Ez helyes! &nbsp; De azt is gondold meg: mi t\u00f6rt\u00e9nik Veletek, ha att\u00f3l val\u00f3 f\u00e9lelmedben, hogy hib\u00e1t tal\u00e1ltok elk\u00f6vetni, nem v\u00e1gtok neki egyetlen \u00fatnak sem? Hova \u00e9rkezn\u00e9tek meg? Sehova! Az \u00e9let melyik t\u00e1bor\u00e1hoz tartozn\u00e1tok? A vesztesei k\u00f6z\u00e9! Valah\u00e1nyszor ugyanis csak egy helyben toporogtok, az \u00e9let elrohan &#8211; mellettetek. Megy, halad \u2013 csak \u00e9ppen n\u00e9lk\u00fcletek. N\u00e9lk\u00fcletek, mert f\u00e9lelemb\u0151l nem meritek az els\u0151 l\u00e9p\u00e9st megtenni. Ilyen agg\u00f3d\u00f3 f\u00e9lelem m\u00e1r nem egyszer rontott meg \u00e9leteket \u00e9s sorsokat! Ilyen b\u00e9n\u00edt\u00f3 f\u00e9lelem nem egy sz\u00e9prem\u00e9ny\u0171 \u00e9letet t\u00f6rt m\u00e1r der\u00e9kba! &nbsp; Ne f\u00e9ljetek h\u00e1t! &nbsp; \u201cJ\u00f3, de mit csin\u00e1ljunk azzal a sok benn\u00fcnk \u00e1gaskod\u00f3 k\u00e9rd\u00e9ssel, ami g\u00fazsba k\u00f6ti a kez\u00fcnket?\u201d \u2013 k\u00e9rdezed agg\u00f3d\u00f3 szorong\u00e1ssal. &nbsp; Minden \u00e9let\u00fathoz egy sereg k\u00e9rd\u00e9s tartozik, amelyek foglalkoztatnak \u00e9s nyugtalann\u00e1 tesznek benn\u00fcnket. De ezek a k\u00e9rd\u00e9sek &#8211; el\u0151sz\u00f6r is &#8211; sz\u00fcks\u00e9gesek ahhoz, hogy okosan m\u00e9rj\u00fck fel k\u00e9pess\u00e9geinket, vil\u00e1gosan m\u00e9rlegelj\u00fck lehet\u0151s\u00e9geinket, \u00e9s b\u00f6lcsen osszuk be er\u0151nket. Ugyanakkor nagyon sok k\u00e9rd\u00e9s, amely most nyugtalan\u00edt minket, az \u00fat sor\u00e1n majd mag\u00e1t\u00f3l megv\u00e1laszol\u00f3dik. Sok k\u00e9rd\u00e9sre maga az \u00fat a v\u00e1lasz! Soha ne az \u00fat elej\u00e9n akarjatok minden k\u00e9rd\u00e9sre v\u00e1laszt tal\u00e1lni, hanem majd \u00fatk\u00f6zben. &nbsp; Induljatok h\u00e1t! Aki nem mer... R\u00e9szletek"}