{"version":"1.0","provider_name":"Stuttgarti Katolikusok","provider_url":"https:\/\/stuttgarti-katolikusok.de","title":"\u00c9vk\u00f6zi 8. vas\u00e1rnap \u2013 K\u00f6ny\u00f6rg\u0151nap a vil\u00e1g \u00e9hez\u0151i\u00e9rt - Stuttgarti Katolikusok","type":"rich","width":600,"height":338,"html":"<blockquote class=\"wp-embedded-content\" data-secret=\"Y6ZcueQYW0\"><a href=\"https:\/\/stuttgarti-katolikusok.de\/index.php\/evkozi-8-vasarnap-konyorgonap-a-vilag-ehezoiert\/\">\u00c9vk\u00f6zi 8. vas\u00e1rnap \u2013 K\u00f6ny\u00f6rg\u0151nap a vil\u00e1g \u00e9hez\u0151i\u00e9rt<\/a><\/blockquote><iframe sandbox=\"allow-scripts\" security=\"restricted\" src=\"https:\/\/stuttgarti-katolikusok.de\/index.php\/evkozi-8-vasarnap-konyorgonap-a-vilag-ehezoiert\/embed\/#?secret=Y6ZcueQYW0\" width=\"600\" height=\"338\" title=\"&#8220;\u00c9vk\u00f6zi 8. vas\u00e1rnap \u2013 K\u00f6ny\u00f6rg\u0151nap a vil\u00e1g \u00e9hez\u0151i\u00e9rt&#8221; &#8212; Stuttgarti Katolikusok\" data-secret=\"Y6ZcueQYW0\" frameborder=\"0\" marginwidth=\"0\" marginheight=\"0\" scrolling=\"no\" class=\"wp-embedded-content\"><\/iframe><script type=\"text\/javascript\">\n\/* <![CDATA[ *\/\n\/*! This file is auto-generated *\/\n!function(d,l){\"use strict\";l.querySelector&&d.addEventListener&&\"undefined\"!=typeof URL&&(d.wp=d.wp||{},d.wp.receiveEmbedMessage||(d.wp.receiveEmbedMessage=function(e){var t=e.data;if((t||t.secret||t.message||t.value)&&!\/[^a-zA-Z0-9]\/.test(t.secret)){for(var s,r,n,a=l.querySelectorAll('iframe[data-secret=\"'+t.secret+'\"]'),o=l.querySelectorAll('blockquote[data-secret=\"'+t.secret+'\"]'),c=new RegExp(\"^https?:$\",\"i\"),i=0;i<o.length;i++)o[i].style.display=\"none\";for(i=0;i<a.length;i++)s=a[i],e.source===s.contentWindow&&(s.removeAttribute(\"style\"),\"height\"===t.message?(1e3<(r=parseInt(t.value,10))?r=1e3:~~r<200&&(r=200),s.height=r):\"link\"===t.message&&(r=new URL(s.getAttribute(\"src\")),n=new URL(t.value),c.test(n.protocol))&&n.host===r.host&&l.activeElement===s&&(d.top.location.href=t.value))}},d.addEventListener(\"message\",d.wp.receiveEmbedMessage,!1),l.addEventListener(\"DOMContentLoaded\",function(){for(var e,t,s=l.querySelectorAll(\"iframe.wp-embedded-content\"),r=0;r<s.length;r++)(t=(e=s[r]).getAttribute(\"data-secret\"))||(t=Math.random().toString(36).substring(2,12),e.src+=\"#?secret=\"+t,e.setAttribute(\"data-secret\",t)),e.contentWindow.postMessage({message:\"ready\",secret:t},\"*\")},!1)))}(window,document);\n\/\/# sourceURL=https:\/\/stuttgarti-katolikusok.de\/wp-includes\/js\/wp-embed.min.js\n\/* ]]> *\/\n<\/script>\n","thumbnail_url":"https:\/\/stuttgarti-katolikusok.de\/wp-content\/uploads\/2025\/03\/peach-7423096-1280.jpg","thumbnail_width":1280,"thumbnail_height":856,"description":"Szeretj\u00fck mind a magunk, mind a re\u00e1nk b\u00edzottak \u00e9let\u00e9t biztons\u00e1gban tudni. Ez\u00e9rt is annyira biztat\u00f3 a zsolt\u00e1ros foh\u00e1sza: &#8222;Az \u00dar az \u00e9n oltalmam, t\u00e1gas t\u00e9rre vezetett engem, megszabad\u00edtott&#8230;&#8221; Egy olyan k\u00e9pl\u00e9keny vil\u00e1gban, mint a mostani, \u00fcd\u00edt\u0151en hat a zsolt\u00e1ros biztat\u00e1sa. Hiszem, hogy val\u00f3ban az \u00dar, az Isten \u00e9letem oltalmaz\u00f3ja. \u00c9ppen ez\u00e9rt nincs okom a f\u00e9lelemre, agg\u00f3d\u00e1sra. T\u00e1gas t\u00e9rre vezet, vagyis szabads\u00e1ggal aj\u00e1nd\u00e9koz meg. Minden bizonnyal volt m\u00e1r r\u00e9szem megtapasztalni a bez\u00e1rts\u00e1got, amikor er\u0151t vesz rajtam a szorong\u00e1s. Nem jutok leveg\u0151h\u00f6z, testemben elbizonytalanodom. Mennyire j\u00f3 \u00e9rz\u00e9s kimenni a szabadba, beleharapni a friss leveg\u0151be.\u00a0 Az olvasm\u00e1ny l\u00e9nyeg\u00e9ben b\u00f6lcs mond\u00e1sokat tartalmaz. Hagyd csak besz\u00e9lni a m\u00e1sikat, s megtudod, hogy milyen ember. Szavaink a gondolataink, \u00e9rz\u00e9seink \u00e9s bels\u0151 vil\u00e1gunk artikul\u00e1l\u00e1sa. Felel\u0151ss\u00e9ggel kell viseltetnem szavaimmal szemben. Vigy\u00e1zzak szavaim tisztas\u00e1g\u00e1ra. Meggondolatlanul kimondott szavaim helyrehozhatatlan k\u00e1rokat k\u00e9pesek okozni. T\u00f6bb ez mint hiba. Ez m\u00e1r b\u0171n! A szentlecke az \u00e1llhatatoss\u00e1g er\u00e9ny\u00e9t dics\u00e9ri. \u00c1llhatatoss\u00e1g \u00e9s kitart\u00e1s, a sikeres \u00e9s eredm\u00e9nyes \u00e9let n\u00e9lk\u00fcl\u00f6zhetetlen kell\u00e9kei. Erre van sz\u00fcks\u00e9ge a sportol\u00f3nak, hogy nagyszer\u0171 eredm\u00e9nyt \u00e9rjen el. \u00d6nmag\u00e1ban a tehets\u00e9g, a megannyi j\u00f3 tulajdons\u00e1g nem el\u00e9g. Ezt sohasem feledhetem! Az olvasm\u00e1nyhoz hasonl\u00f3an, az evang\u00e9liumban az \u00dar J\u00e9zus szint\u00e9n n\u00e9h\u00e1ny b\u00f6lcs tan\u00e1ccsal aj\u00e1nd\u00e9koz meg benn\u00fcnket. Csakis azt adhatom szavaimon \u00e9s cselekedeteimen kereszt\u00fcl, ami l\u00e9nyegem. &#8222;A sz\u00edv b\u0151s\u00e9g\u00e9b\u0151l besz\u00e9l a sz\u00e1j.&#8221; J\u00e9zus arra h\u00edv, hogy el\u0151sz\u00f6r mindig magamba n\u00e9zzek. \u00d6nmagammal szemben legyek kell\u0151 m\u00f3don kritikus \u00e9s szigor\u00fa. Ezt pedig nem lehet j\u00f3l tenni a Vele t\u00f6lt\u00f6tt id\u0151 n\u00e9lk\u00fcl. Ha csak elemezgetve n\u00e9zek magamba Isten Szentlelk\u00e9nek seg\u00edts\u00e9g\u00fcl h\u00edv\u00e1sa n\u00e9lk\u00fcl, k\u00f6nnyen f\u00e9lreismerhetem magam.\u00a0 Kezd\u0151\u00e9nek: Az \u00dar lett az \u00e9n oltalmam, t\u00e1gas t\u00e9rre vezetett ki engem, megszabad\u00edtott, mert kedv\u00e9t lelte bennem.(V\u00f6. Zsolt 17,19-20) K\u00f6ny\u00f6rg\u00e9s: Urunk, Isten\u00fcnk, ir\u00e1ny\u00edtsd a vil\u00e1g rendj\u00e9t akaratod szerint b\u00e9kess\u00e9gben. Egyh\u00e1zadnak pedig add meg, hogy odaad\u00f3 buzg\u00f3s\u00e1ggal \u00e9s zavartalan \u00f6r\u00f6mmel szolg\u00e1ljon neked. A mi Urunk, J\u00e9zus Krisztus, a te Fiad \u00e1ltal, aki veled \u00e9l \u00e9s... R\u00e9szletek"}