{"version":"1.0","provider_name":"Stuttgarti Katolikusok","provider_url":"https:\/\/stuttgarti-katolikusok.de","title":"\u00c9vk\u00f6zi 6. vas\u00e1rnap - Stuttgarti Katolikusok","type":"rich","width":600,"height":338,"html":"<blockquote class=\"wp-embedded-content\" data-secret=\"VdecmEszP1\"><a href=\"https:\/\/stuttgarti-katolikusok.de\/index.php\/evkozi-6-vasarnap\/\">\u00c9vk\u00f6zi 6. vas\u00e1rnap<\/a><\/blockquote><iframe sandbox=\"allow-scripts\" security=\"restricted\" src=\"https:\/\/stuttgarti-katolikusok.de\/index.php\/evkozi-6-vasarnap\/embed\/#?secret=VdecmEszP1\" width=\"600\" height=\"338\" title=\"&#8220;\u00c9vk\u00f6zi 6. vas\u00e1rnap&#8221; &#8212; Stuttgarti Katolikusok\" data-secret=\"VdecmEszP1\" frameborder=\"0\" marginwidth=\"0\" marginheight=\"0\" scrolling=\"no\" class=\"wp-embedded-content\"><\/iframe><script type=\"text\/javascript\">\n\/* <![CDATA[ *\/\n\/*! This file is auto-generated *\/\n!function(d,l){\"use strict\";l.querySelector&&d.addEventListener&&\"undefined\"!=typeof URL&&(d.wp=d.wp||{},d.wp.receiveEmbedMessage||(d.wp.receiveEmbedMessage=function(e){var t=e.data;if((t||t.secret||t.message||t.value)&&!\/[^a-zA-Z0-9]\/.test(t.secret)){for(var s,r,n,a=l.querySelectorAll('iframe[data-secret=\"'+t.secret+'\"]'),o=l.querySelectorAll('blockquote[data-secret=\"'+t.secret+'\"]'),c=new RegExp(\"^https?:$\",\"i\"),i=0;i<o.length;i++)o[i].style.display=\"none\";for(i=0;i<a.length;i++)s=a[i],e.source===s.contentWindow&&(s.removeAttribute(\"style\"),\"height\"===t.message?(1e3<(r=parseInt(t.value,10))?r=1e3:~~r<200&&(r=200),s.height=r):\"link\"===t.message&&(r=new URL(s.getAttribute(\"src\")),n=new URL(t.value),c.test(n.protocol))&&n.host===r.host&&l.activeElement===s&&(d.top.location.href=t.value))}},d.addEventListener(\"message\",d.wp.receiveEmbedMessage,!1),l.addEventListener(\"DOMContentLoaded\",function(){for(var e,t,s=l.querySelectorAll(\"iframe.wp-embedded-content\"),r=0;r<s.length;r++)(t=(e=s[r]).getAttribute(\"data-secret\"))||(t=Math.random().toString(36).substring(2,12),e.src+=\"#?secret=\"+t,e.setAttribute(\"data-secret\",t)),e.contentWindow.postMessage({message:\"ready\",secret:t},\"*\")},!1)))}(window,document);\n\/\/# sourceURL=https:\/\/stuttgarti-katolikusok.de\/wp-includes\/js\/wp-embed.min.js\n\/* ]]> *\/\n<\/script>\n","thumbnail_url":"https:\/\/stuttgarti-katolikusok.de\/wp-content\/uploads\/2019\/02\/nek-logo_transp_szines-1.png","thumbnail_width":812,"thumbnail_height":643,"description":"2019. FEBRU\u00c1R 17. \u00c9VK\u00d6ZI 6. VAS\u00c1RNAP Minden ember boldogs\u00e1gra v\u00e1gyik. Mi az, ami embert boldogg\u00e1 tehetne? \u2013 k\u00e9rdezi a k\u00f6lt\u0151. A v\u00e1lasza pedig ez: \u201eKincs, h\u00edr, gy\u00f6ny\u00f6r, legyen b\u00e1r mint \u00f6z\u00f6n, a telhetetlen elmer\u00fclhet benne, s nem fogja tudni, hogy van sz\u00edv-\u00f6r\u00f6m\u201d (V\u00f6r\u00f6smarty Mih\u00e1ly). A boldogs\u00e1g ugyanis maga az Isten. Ez\u00e9rt nyugtalan a mi sz\u00edv\u00fcnk, am\u00edg meg nem tal\u00e1ljuk benne boldogs\u00e1gunkat (Szent \u00c1goston). KEZD\u0150\u00c9NEK\u00a0\u00a0 \u00a0\u00a0\u00a0\u00a0\u00a0\u00a0\u00a0\u00a0\u00a0\u00a0\u00a0\u00a0\u00a0\u00a0\u00a0\u00a0\u00a0\u00a0\u00a0\u00a0\u00a0\u00a0\u00a0\u00a0\u00a0\u00a0\u00a0\u00a0\u00a0\u00a0\u00a0\u00a0\u00a0\u00a0\u00a0\u00a0\u00a0\u00a0\u00a0\u00a0\u00a0\u00a0\u00a0\u00a0\u00a0\u00a0Zsolt 30, 3\u20134 Te l\u00e9gy oltalmaz\u00f3 k\u0151szikl\u00e1m \u00e9s meger\u0151s\u00edtett h\u00e1zam, hogy megszabad\u00edts engem! Er\u0151ss\u00e9gem \u00e9s mened\u00e9kem val\u00f3ban te vagy, neved miatt vezess \u00e9s ir\u00e1ny\u00edts engem! OLVASM\u00c1NY\u00a0\u00a0\u00a0\u00a0\u00a0\u00a0\u00a0\u00a0\u00a0\u00a0\u00a0\u00a0\u00a0\u00a0\u00a0\u00a0\u00a0\u00a0\u00a0\u00a0\u00a0\u00a0\u00a0\u00a0\u00a0\u00a0\u00a0\u00a0\u00a0\u00a0\u00a0\u00a0\u00a0\u00a0\u00a0\u00a0\u00a0\u00a0\u00a0\u00a0 \u00a0\u00a0\u00a0\u00a0\u00a0\u00a0\u00a0\u00a0\u00a0\u00a0\u00a0\u00a0\u00a0\u00a0\u00a0\u00a0\u00a0Jer 17, 5\u20138 Jeremi\u00e1s pr\u00f3f\u00e9ta szem\u00e9re veti az orsz\u00e1g kir\u00e1ly\u00e1nak \u00e9s n\u00e9p\u00e9nek, hogy az vesz\u00e9ly idej\u00e9n Isten helyett emberekben b\u00edzakodtak. Aki ugyanis az emberekben b\u00edzik, csalatkozik, Isten viszony h\u0171s\u00e9ges: h\u00edv\u0151 n\u00e9pe mell\u00e9 \u00e1ll minden megpr\u00f3b\u00e1ltat\u00e1s\u00e1ban. V\u00c1LASZOS ZSOLT\u00c1R \u00a0\u00a0\u00a0\u00a0\u00a0\u00a0\u00a0\u00a0\u00a0\u00a0\u00a0\u00a0\u00a0\u00a0\u00a0\u00a0\u00a0\u00a0\u00a0\u00a0\u00a0\u00a0\u00a0\u00a0\u00a0\u00a0\u00a0\u00a0\u00a0\u00a0\u00a0\u00a0\u00a0\u00a0\u00a0\u00a0\u00a0\u00a0\u00a0\u00a01. Zsolt\u00e1r V\u00e1lasz: Boldog az az ember, * aki az \u00darban b\u00edzik.\u00a0\u00a0\u00a0\u00a0\u00a0\u00a0\u00a0\u00a0\u00a0 SZENTLECKE \u00a0\u00a0\u00a0\u00a0\u00a0\u00a0\u00a0\u00a0\u00a0\u00a0\u00a0\u00a0\u00a0\u00a0\u00a0\u00a0\u00a0\u00a0\u00a0\u00a0\u00a0\u00a0\u00a0\u00a0\u00a0\u00a0\u00a0\u00a0\u00a0\u00a0\u00a0\u00a0\u00a0\u00a0\u00a0\u00a0\u00a01 Kor 15, 12. 16\u201320 Az \u00f6r\u00f6k \u00e9letbe vetett\u00a0 hit felt\u00e9telezi a felt\u00e1mad\u00e1sr\u00f3l sz\u00f3l\u00f3 tan\u00edt\u00e1s elfogad\u00e1s\u00e1t, a mi felt\u00e1mad\u00e1sunk z\u00e1loga viszont J\u00e9zus Krisztus felt\u00e1mad\u00e1sa. A felt\u00e1mad\u00e1s az eg\u00e9sz emberi szem\u00e9ly megdics\u0151\u00fcl\u00e9se: hazatal\u00e1l\u00e1s \u00e9s az \u00e9rdemek jutalma. ALLELUJA\u00a0\u00a0\u00a0\u00a0\u00a0\u00a0\u00a0\u00a0\u00a0\u00a0\u00a0\u00a0\u00a0\u00a0\u00a0\u00a0\u00a0\u00a0\u00a0\u00a0\u00a0\u00a0\u00a0\u00a0\u00a0\u00a0\u00a0\u00a0\u00a0\u00a0\u00a0\u00a0\u00a0\u00a0\u00a0\u00a0\u00a0\u00a0\u00a0\u00a0\u00a0\u00a0\u00a0\u00a0\u00a0\u00a0\u00a0\u00a0\u00a0\u00a0\u00a0\u00a0\u00a0\u00a0\u00a0 \u00a0\u00a0\u00a0\u00a0\u00a0\u00a0\u00a0\u00a0\u00a0\u00a0Lk 6, 23ab \u00d6r\u00fcljetek \u00e9s vigadjatok, mondja a mi Urunk, * mert nagy lesz a mennyben jutalmatok. EVANG\u00c9LIUM \u00a0\u00a0\u00a0\u00a0\u00a0\u00a0\u00a0\u00a0\u00a0\u00a0\u00a0\u00a0\u00a0\u00a0\u00a0\u00a0\u00a0\u00a0\u00a0\u00a0\u00a0\u00a0\u00a0\u00a0\u00a0\u00a0\u00a0\u00a0\u00a0\u00a0\u00a0\u00a0\u00a0\u00a0\u00a0\u00a0\u00a0\u00a0\u00a0\u00a0\u00a0\u00a0Lk 6, 17. 20\u201326 Szent Luk\u00e1cs a mai evang\u00e9liumban \u2013 a boldogs\u00e1gok le\u00edr\u00e1sakor \u2013 szembe\u00e1ll\u00edtja a f\u00f6ldi \u00e9letet a mennyei \u00e9lettel. Boldognak mondja azokat, akik nagyra \u00e9rt\u00e9kelik Isten orsz\u00e1g\u00e1nak a javait, viszont jajt ki\u00e1lt azokra, akiknek minden t\u00f6rekv\u00e9se az evil\u00e1gi javak megszerz\u00e9s\u00e9re ir\u00e1nyul. AZ EUCHARISZTI\u00c1HOZ Isten mindenkit sz\u00edvesen l\u00e1t vend\u00e9g\u00fcl az asztal\u00e1n\u00e1l. Egyesek azonban kit\u00e9rnek a mgh\u00edv\u00e1s el\u0151l, mondva: nincs idej\u00fck erre. Mi sohase tartozzunk k\u00f6z\u00e9j\u00fck! \u00c1LDOZ\u00c1SI \u00c9NEK\u00a0\u00a0\u00a0\u00a0\u00a0\u00a0\u00a0\u00a0\u00a0\u00a0\u00a0\u00a0\u00a0\u00a0\u00a0\u00a0\u00a0\u00a0\u00a0\u00a0 \u00a0\u00a0\u00a0\u00a0\u00a0\u00a0\u00a0\u00a0\u00a0\u00a0\u00a0\u00a0\u00a0\u00a0\u00a0\u00a0\u00a0\u00a0\u00a0\u00a0Zsolt 77, 29\u201330 \u00a0 Ettek \u00e9s j\u00f3llaktak b\u0151s\u00e9gesen. K\u00edv\u00e1ns\u00e1gukat bet\u00f6lt\u00f6tte az \u00dar, \u00e9s nem csalatkoztak v\u00e1gyaikban. Vagy: \u00dagy szerette Isten a vil\u00e1got, hogy egysz\u00fcl\u00f6tt Fi\u00e1t adta oda, hogy aki hisz benne, az el ne vesszen, hanem \u00f6r\u00f6kk\u00e9... R\u00e9szletek"}