{"version":"1.0","provider_name":"Stuttgarti Katolikusok","provider_url":"https:\/\/stuttgarti-katolikusok.de","title":"\u00c9vk\u00f6zi 34. vas\u00e1rnap \u2013 Krisztus, a Mindens\u00e9g Kir\u00e1lya - Stuttgarti Katolikusok","type":"rich","width":600,"height":338,"html":"<blockquote class=\"wp-embedded-content\" data-secret=\"ouGFB0qGqj\"><a href=\"https:\/\/stuttgarti-katolikusok.de\/index.php\/evkozi-34-vasarnap-krisztus-a-mindenseg-kiralya\/\">\u00c9vk\u00f6zi 34. vas\u00e1rnap \u2013 Krisztus, a Mindens\u00e9g Kir\u00e1lya<\/a><\/blockquote><iframe sandbox=\"allow-scripts\" security=\"restricted\" src=\"https:\/\/stuttgarti-katolikusok.de\/index.php\/evkozi-34-vasarnap-krisztus-a-mindenseg-kiralya\/embed\/#?secret=ouGFB0qGqj\" width=\"600\" height=\"338\" title=\"&#8220;\u00c9vk\u00f6zi 34. vas\u00e1rnap \u2013 Krisztus, a Mindens\u00e9g Kir\u00e1lya&#8221; &#8212; Stuttgarti Katolikusok\" data-secret=\"ouGFB0qGqj\" frameborder=\"0\" marginwidth=\"0\" marginheight=\"0\" scrolling=\"no\" class=\"wp-embedded-content\"><\/iframe><script type=\"text\/javascript\">\n\/* <![CDATA[ *\/\n\/*! This file is auto-generated *\/\n!function(d,l){\"use strict\";l.querySelector&&d.addEventListener&&\"undefined\"!=typeof URL&&(d.wp=d.wp||{},d.wp.receiveEmbedMessage||(d.wp.receiveEmbedMessage=function(e){var t=e.data;if((t||t.secret||t.message||t.value)&&!\/[^a-zA-Z0-9]\/.test(t.secret)){for(var s,r,n,a=l.querySelectorAll('iframe[data-secret=\"'+t.secret+'\"]'),o=l.querySelectorAll('blockquote[data-secret=\"'+t.secret+'\"]'),c=new RegExp(\"^https?:$\",\"i\"),i=0;i<o.length;i++)o[i].style.display=\"none\";for(i=0;i<a.length;i++)s=a[i],e.source===s.contentWindow&&(s.removeAttribute(\"style\"),\"height\"===t.message?(1e3<(r=parseInt(t.value,10))?r=1e3:~~r<200&&(r=200),s.height=r):\"link\"===t.message&&(r=new URL(s.getAttribute(\"src\")),n=new URL(t.value),c.test(n.protocol))&&n.host===r.host&&l.activeElement===s&&(d.top.location.href=t.value))}},d.addEventListener(\"message\",d.wp.receiveEmbedMessage,!1),l.addEventListener(\"DOMContentLoaded\",function(){for(var e,t,s=l.querySelectorAll(\"iframe.wp-embedded-content\"),r=0;r<s.length;r++)(t=(e=s[r]).getAttribute(\"data-secret\"))||(t=Math.random().toString(36).substring(2,12),e.src+=\"#?secret=\"+t,e.setAttribute(\"data-secret\",t)),e.contentWindow.postMessage({message:\"ready\",secret:t},\"*\")},!1)))}(window,document);\n\/\/# sourceURL=https:\/\/stuttgarti-katolikusok.de\/wp-includes\/js\/wp-embed.min.js\n\/* ]]> *\/\n<\/script>\n","thumbnail_url":"https:\/\/stuttgarti-katolikusok.de\/wp-content\/uploads\/2020\/11\/felelosseg.jpg","thumbnail_width":640,"thumbnail_height":452,"description":"ATY\u00c1M, R\u00e1d hagyatkozom, tedd velem azt, ami neked tetszik. B\u00e1rmit teszel is velem, megk\u00f6sz\u00f6n\u00f6m, K\u00e9sz vagyok mindenre, elfogadok mindent, csak akaratod teljesedj\u00e9k bennem \u00e9s minden teremtm\u00e9nyben. Semmi m\u00e1st nem \u00f3hajtok, Istenem! Kezedbe aj\u00e1nlom lelkemet, neked adom, Istenem, sz\u00edvem eg\u00e9sz szeretet\u00e9vel, mert szeretlek t\u00e9ged, \u00e9s a szeretet s\u00fcrget, hogy eg\u00e9szen neked adjam magam, hogy fenntart\u00e1s n\u00e9lk\u00fcl kezedbe helyezzem \u00e9letemet hat\u00e1rtalan bizalommal, mert te vagy az \u00e9n Aty\u00e1m! (Charles de Foucauld) Kezd\u0151\u00e9nek: M\u00e9lt\u00f3 a B\u00e1r\u00e1ny, akit meg\u00f6ltek, hogy \u00f6v\u00e9 legyen a hatalom, az isteni m\u00e9lt\u00f3s\u00e1g, a b\u00f6lcsess\u00e9g, az er\u0151 \u00e9s a tisztelet. \u00d6v\u00e9 a dics\u0151s\u00e9g \u00e9s a hatalom \u00f6r\u00f6kk\u00f6n \u00f6r\u00f6kk\u00e9! (Jel 5,12;1,6) K\u00f6ny\u00f6rg\u00e9s: Mindenhat\u00f3 Isten\u00fcnk, te \u00f6r\u00f6kt\u0151l fogva \u00fagy hat\u00e1rozt\u00e1l, hogy szeretett Fiadban, a mindens\u00e9g Kir\u00e1ly\u00e1ban meg\u00faj\u00edtasz mindent. Add, hogy az eg\u00e9sz teremtett vil\u00e1g megszabaduljon a b\u0171n szolgas\u00e1g\u00e1t\u00f3l, F\u00f6ls\u00e9gednek h\u00f3doljon, \u00e9s sz\u00fcntelen\u00fcl dics\u0151\u00edtsen t\u00e9ged. A mi Urunk, J\u00e9zus Krisztus, a te Fiad \u00e1ltal, aki veled \u00e9l \u00e9s uralkodik a Szentl\u00e9lekkel egys\u00e9gben, Isten mind\u00f6r\u00f6kk\u00f6n \u00f6r\u00f6kk\u00e9. OLVASM\u00c1NY D\u00e1niel pr\u00f3f\u00e9ta k\u00f6nyv\u00e9b\u0151l (D\u00e1n 7,13-14) L\u00e1ttam az \u00e9jjeli l\u00e1tom\u00e1sban, hogy \u00edme, az \u00e9g felh\u0151in valaki k\u00f6zeledik. Olyan volt, mint az Emberfia. Amikor az \u0150s\u00f6reghez \u00e9rt, sz\u00edne el\u00e9 vezett\u00e9k. Hatalmat, m\u00e9lt\u00f3s\u00e1got \u00e9s kir\u00e1lys\u00e1got adott neki. Minden n\u00e9pnek, nemzetnek \u00e9s nyelvnek \u0151t kell szolg\u00e1lnia. Hatalma \u00f6r\u00f6k hatalom, amely nem eny\u00e9szik el, \u00e9s kir\u00e1lys\u00e1ga nem sz\u0171nik meg soha. Ez az Isten ig\u00e9je. V\u00c1LASZOS ZSOLT\u00c1R (Zsolt 92,1ab.1c-2.5) V\u00e1lasz:\u00a0Az \u00dar\u00a0orsz\u00e1gol, * kir\u00e1lyi\u00a0f\u00f6ls\u00e9gbe \u00f6lt\u00f6z\u00f6tt.\u00a0(5. t\u00f3nus.) El\u0151\u00e9nekes: Az \u00dar orsz\u00e1gol, kir\u00e1lyi f\u00f6ls\u00e9gbe \u00f6lt\u00f6z\u00f6tt, \u2020 az \u00dar f\u00f6ls\u00e9gbe\u00a0\u00f6lt\u00f6z\u00f6tt, * fel\u00f6vezte mag\u00e1t\u00a0hatalommal. H\u00edvek:\u00a0Az \u00dar\u00a0orsz\u00e1gol, * kir\u00e1lyi\u00a0f\u00f6ls\u00e9gbe \u00f6lt\u00f6z\u00f6tt. E: Meger\u0151s\u00edtette a f\u00f6ldet, hogy meg ne inogjon. \u2020 \u00d6r\u00f6kt\u0151l fogva vagy te,\u00a0Uram, * szil\u00e1rdan \u00e1ll tr\u00f3nod\u00a0kezdet \u00f3ta. H:\u00a0Az \u00dar\u00a0orsz\u00e1gol, * kir\u00e1lyi\u00a0f\u00f6ls\u00e9gbe \u00f6lt\u00f6z\u00f6tt. E: Bizonys\u00e1gaid val\u00f3ban igazak, \u2020 Uram, szents\u00e9g illeti\u00a0h\u00e1zadat, * most \u00e9s\u00a0mind\u00f6r\u00f6kk\u00e9. H:\u00a0Az \u00dar\u00a0orsz\u00e1gol, * kir\u00e1lyi\u00a0f\u00f6ls\u00e9gbe \u00f6lt\u00f6z\u00f6tt. SZENTLECKE a Jelen\u00e9sek k\u00f6nyv\u00e9b\u0151l Testv\u00e9reim! J\u00e9zus Krisztus h\u0171s\u00e9ges tan\u00fa, els\u0151sz\u00fcl\u00f6tt a holtak k\u00f6z\u00fcl, \u00e9s a f\u00f6ld kir\u00e1lyainak fejedelme. \u0150 szeret... R\u00e9szletek"}