{"version":"1.0","provider_name":"Stuttgarti Katolikusok","provider_url":"https:\/\/stuttgarti-katolikusok.de","title":"\u00c9vk\u00f6zi 33. vas\u00e1rnap \u2013 Szeg\u00e9nyek vil\u00e1gnapja - Stuttgarti Katolikusok","type":"rich","width":600,"height":338,"html":"<blockquote class=\"wp-embedded-content\" data-secret=\"DCtXcfezLi\"><a href=\"https:\/\/stuttgarti-katolikusok.de\/index.php\/evkozi-33-vasarnap-szegenyek-vilagnapja-3\/\">\u00c9vk\u00f6zi 33. vas\u00e1rnap \u2013 Szeg\u00e9nyek vil\u00e1gnapja<\/a><\/blockquote><iframe sandbox=\"allow-scripts\" security=\"restricted\" src=\"https:\/\/stuttgarti-katolikusok.de\/index.php\/evkozi-33-vasarnap-szegenyek-vilagnapja-3\/embed\/#?secret=DCtXcfezLi\" width=\"600\" height=\"338\" title=\"&#8220;\u00c9vk\u00f6zi 33. vas\u00e1rnap \u2013 Szeg\u00e9nyek vil\u00e1gnapja&#8221; &#8212; Stuttgarti Katolikusok\" data-secret=\"DCtXcfezLi\" frameborder=\"0\" marginwidth=\"0\" marginheight=\"0\" scrolling=\"no\" class=\"wp-embedded-content\"><\/iframe><script type=\"text\/javascript\">\n\/* <![CDATA[ *\/\n\/*! This file is auto-generated *\/\n!function(d,l){\"use strict\";l.querySelector&&d.addEventListener&&\"undefined\"!=typeof URL&&(d.wp=d.wp||{},d.wp.receiveEmbedMessage||(d.wp.receiveEmbedMessage=function(e){var t=e.data;if((t||t.secret||t.message||t.value)&&!\/[^a-zA-Z0-9]\/.test(t.secret)){for(var s,r,n,a=l.querySelectorAll('iframe[data-secret=\"'+t.secret+'\"]'),o=l.querySelectorAll('blockquote[data-secret=\"'+t.secret+'\"]'),c=new RegExp(\"^https?:$\",\"i\"),i=0;i<o.length;i++)o[i].style.display=\"none\";for(i=0;i<a.length;i++)s=a[i],e.source===s.contentWindow&&(s.removeAttribute(\"style\"),\"height\"===t.message?(1e3<(r=parseInt(t.value,10))?r=1e3:~~r<200&&(r=200),s.height=r):\"link\"===t.message&&(r=new URL(s.getAttribute(\"src\")),n=new URL(t.value),c.test(n.protocol))&&n.host===r.host&&l.activeElement===s&&(d.top.location.href=t.value))}},d.addEventListener(\"message\",d.wp.receiveEmbedMessage,!1),l.addEventListener(\"DOMContentLoaded\",function(){for(var e,t,s=l.querySelectorAll(\"iframe.wp-embedded-content\"),r=0;r<s.length;r++)(t=(e=s[r]).getAttribute(\"data-secret\"))||(t=Math.random().toString(36).substring(2,12),e.src+=\"#?secret=\"+t,e.setAttribute(\"data-secret\",t)),e.contentWindow.postMessage({message:\"ready\",secret:t},\"*\")},!1)))}(window,document);\n\/\/# sourceURL=https:\/\/stuttgarti-katolikusok.de\/wp-includes\/js\/wp-embed.min.js\n\/* ]]> *\/\n<\/script>\n","thumbnail_url":"https:\/\/stuttgarti-katolikusok.de\/wp-content\/uploads\/2023\/11\/onstagram-11-18.jpg","thumbnail_width":1064,"thumbnail_height":796,"description":"Az egyh\u00e1zi \u00e9v v\u00e9g\u00e9hez k\u00f6zeledve az \u00e9vk\u00f6zi 33. vas\u00e1rnap olvasm\u00e1nyai a v\u00e9gs\u0151 id\u0151kre ir\u00e1ny\u00edtj\u00e1k gondolatainkat. Benne kiemelt form\u00e1ban a rendelkez\u00e9s\u00fcnkre \u00e1ll\u00f3 id\u0151 fontoss\u00e1g\u00e1t, \u00e9let\u00fcnkre gyakorolt hat\u00e1s\u00e1t szeretn\u00e9 kiemelni.\u00a0\u00a0 Szent \u00c1goston az id\u0151 meghat\u00e1roz\u00e1s\u00e1val kapcsolatosan a k\u00f6vetkez\u0151 m\u00f3don fogalmaz: &#8222;Mi h\u00e1t az id\u0151? Ha senki sem k\u00e9rdezi, tudom; ha k\u00e9rdik t\u0151lem, s meg akarom magyar\u00e1zni, nem tudom.&#8221; Mindennapi \u00e9let\u00fcnkben az id\u0151 az\u00a0esem\u00e9nyek l\u00e1tsz\u00f3lag folyamatos sorrendj\u00e9nek \u00e9rz\u00e9kel\u00e9s\u00e9re utal. A szubjekt\u00edv id\u0151, az egy\u00e9n bels\u0151 id\u0151\u00e9szlel\u00e9se esem\u00e9nyekhez, t\u00f6rt\u00e9n\u00e9sekhez k\u00f6t\u0151dik. Ennek kapcs\u00e1n besz\u00e9lhet\u00fcnk az id\u0151 k\u00e9t k\u00fcl\u00f6nb\u00f6z\u0151 m\u00f3don t\u00f6rt\u00e9n\u0151 megk\u00f6zel\u00edt\u00e9s\u00e9r\u0151l. Az els\u0151 az \u00fagynevezett kronosz (t\u00f6rt\u00e9nelmi, napt\u00e1ri, mennyis\u00e9gi id\u0151) \u00e9s a kairosz (az esem\u00e9nyek k\u00f6z\u00f6tti meghat\u00e1rozatlan id\u0151pillanatok). A m\u00falt m\u00e1r elm\u00falt, a j\u00f6v\u0151 m\u00e9g nincs itt. Egyik sincs m\u00e1r birtokomban. A &#8222;m\u00e9g nem&#8221; \u00e9s &#8222;m\u00e1r nem&#8221; fesz\u00edt\u00e9s\u00e9ben ott a pillanat, a jelen, a most. Igen, ez az eny\u00e9m!\u00a0 A jelen pillanatban meg\u00e9lt id\u0151nek hamis \u00e9rtelmez\u00e9se a hedonizmus, mintha csak a jelen pillanat l\u00e9tezne. \u00c9lvezd az \u00e9letet! &#8211; harsogj\u00e1k. \u00c9ppen ez\u00e9rt mindazok, akik ezt k\u00f6vetik, nincsenek tekintettel senkire \u00e9s semmire. A teljes szabadoss\u00e1g \u00fatja ez, amely v\u00e9gs\u0151 soron \u00f6npuszt\u00edt\u00e1shoz vezet. Ezzel szemben a pillanat, a jelen meg\u00e9l\u00e9se a kairosz szellem\u00e9ben,\u00a0 eg\u00e9szen m\u00e1s megvil\u00e1g\u00edt\u00e1sba helyezi a jelen, az &#8222;\u00e9n id\u0151&#8221;\u00a0 meg\u00edt\u00e9l\u00e9s\u00e9t. Hiszen a folyamatos jelenben \u00e9l\u00e9s adja meg \u00e9letem \u00edz\u00e9rt \u00e9s \u00e9rtelm\u00e9t. Itt \u00e9s most mondhatom el a velem \u00e9l\u0151 embert\u00e1rsamnak,\u00a0 &#8211; hitvest\u00e1rs, gyermek, sz\u00fcl\u0151, rokon, bar\u00e1t, ismer\u0151s &#8211; azt, amit gondolok vele kapcsolatosan. Elmondom, hogy mennyire fontos sz\u00e1momra, szeretem, tisztelem, \u00e9rt\u00e9kelem. \u0150szint\u00e9n elmondom, mit is \u00e9rzek vele kapcsolatosan. Teszem mindezt addig, am\u00edg lehet\u0151s\u00e9gem van r\u00e1.\u00a0 Amennyiben nem teszem meg, kics\u00faszik kezemb\u0151l ez a pillanat, lehet hogy m\u00e1r sohasem lesz r\u00e1 alkalmam megtenni azt, amit megtehettem volna. \u00c9ljek h\u00e1t a jelen k\u00edn\u00e1lta lehet\u0151s\u00e9ggel.\u00a0 Egy\u00e9rtelm\u0171, most kell elmondanom, hogy szeretem, fontos sz\u00e1momra. Most kell bocs\u00e1natot k\u00e9rnem t\u0151le, \u0151szint\u00e9n szem\u00e9be n\u00e9zve, komolyan gondolva. K\u00fcl\u00f6nben magamra maradok, \u00e9rz\u00e9seimmel \u00e9s... R\u00e9szletek"}