{"version":"1.0","provider_name":"Stuttgarti Katolikusok","provider_url":"https:\/\/stuttgarti-katolikusok.de","title":"\u00c9vk\u00f6zi 31., 32. \u00e9s 33. vas\u00e1rnapra - Stuttgarti Katolikusok","type":"rich","width":600,"height":338,"html":"<blockquote class=\"wp-embedded-content\" data-secret=\"tcNhMU5Muf\"><a href=\"https:\/\/stuttgarti-katolikusok.de\/index.php\/evkozi-31-32-es-33-vasarnapra\/\">\u00c9vk\u00f6zi 31., 32. \u00e9s 33. vas\u00e1rnapra<\/a><\/blockquote><iframe sandbox=\"allow-scripts\" security=\"restricted\" src=\"https:\/\/stuttgarti-katolikusok.de\/index.php\/evkozi-31-32-es-33-vasarnapra\/embed\/#?secret=tcNhMU5Muf\" width=\"600\" height=\"338\" title=\"&#8220;\u00c9vk\u00f6zi 31., 32. \u00e9s 33. vas\u00e1rnapra&#8221; &#8212; Stuttgarti Katolikusok\" data-secret=\"tcNhMU5Muf\" frameborder=\"0\" marginwidth=\"0\" marginheight=\"0\" scrolling=\"no\" class=\"wp-embedded-content\"><\/iframe><script type=\"text\/javascript\">\n\/* <![CDATA[ *\/\n\/*! This file is auto-generated *\/\n!function(d,l){\"use strict\";l.querySelector&&d.addEventListener&&\"undefined\"!=typeof URL&&(d.wp=d.wp||{},d.wp.receiveEmbedMessage||(d.wp.receiveEmbedMessage=function(e){var t=e.data;if((t||t.secret||t.message||t.value)&&!\/[^a-zA-Z0-9]\/.test(t.secret)){for(var s,r,n,a=l.querySelectorAll('iframe[data-secret=\"'+t.secret+'\"]'),o=l.querySelectorAll('blockquote[data-secret=\"'+t.secret+'\"]'),c=new RegExp(\"^https?:$\",\"i\"),i=0;i<o.length;i++)o[i].style.display=\"none\";for(i=0;i<a.length;i++)s=a[i],e.source===s.contentWindow&&(s.removeAttribute(\"style\"),\"height\"===t.message?(1e3<(r=parseInt(t.value,10))?r=1e3:~~r<200&&(r=200),s.height=r):\"link\"===t.message&&(r=new URL(s.getAttribute(\"src\")),n=new URL(t.value),c.test(n.protocol))&&n.host===r.host&&l.activeElement===s&&(d.top.location.href=t.value))}},d.addEventListener(\"message\",d.wp.receiveEmbedMessage,!1),l.addEventListener(\"DOMContentLoaded\",function(){for(var e,t,s=l.querySelectorAll(\"iframe.wp-embedded-content\"),r=0;r<s.length;r++)(t=(e=s[r]).getAttribute(\"data-secret\"))||(t=Math.random().toString(36).substring(2,12),e.src+=\"#?secret=\"+t,e.setAttribute(\"data-secret\",t)),e.contentWindow.postMessage({message:\"ready\",secret:t},\"*\")},!1)))}(window,document);\n\/\/# sourceURL=https:\/\/stuttgarti-katolikusok.de\/wp-includes\/js\/wp-embed.min.js\n\/* ]]> *\/\n<\/script>\n","description":"2019. november 3. \u00c9VK\u00d6ZI 31. VAS\u00c1RNAP + Szent Andr\u00e1s hava + &nbsp; Minden ember r\u00e1szorul Isten irgalm\u00e1ra. Neki k\u00f6sz\u00f6nhetj\u00fck l\u00e9tez\u00e9s\u00fcnket. N\u00e9lk\u00fcle egy l\u00e9p\u00e9st sem tudn\u00e1nk tenni a t\u00f6k\u00e9letess\u00e9g \u00fatj\u00e1n. Ha pedig elest\u00fcnk, a b\u0171n \u00fatj\u00e1ra l\u00e9pt\u00fcnk, t\u0151le v\u00e1rhatjuk a megt\u00e9r\u00e9s, a kiengesztel\u0151d\u00e9s kegyelm\u00e9t. OLVASM\u00c1NY\u00a0 \u00a0\u00a0\u00a0\u00a0\u00a0\u00a0\u00a0\u00a0\u00a0\u00a0\u00a0\u00a0\u00a0\u00a0\u00a0\u00a0\u00a0\u00a0\u00a0\u00a0\u00a0\u00a0\u00a0\u00a0\u00a0\u00a0\u00a0\u00a0\u00a0\u00a0\u00a0\u00a0\u00a0\u00a0\u00a0B\u00f6lcs 11, 22 \u2013 12, 2 Isten szereti mindazt, amit alkotott. Minden teremtm\u00e9ny\u00e9nek sors\u00e1t sz\u00edv\u00e9n viseli. A gyenge sz\u00e1m\u00edthat arra, hogy felkarolja. M\u00e9g a b\u0171n\u00f6s is b\u00edzhat abban, hogy Isten gondol r\u00e1. Nem akarja ugyanis, hogy b\u0171nnel a veszt\u00e9t okozz\u00e1k. Ink\u00e1bb azt akarja, hogy megt\u00e9rjen \u00e9s \u00e9ljen. &nbsp; V\u00c1LASZOS ZSOLT\u00c1R\u00a0\u00a0\u00a0\u00a0\u00a0\u00a0 144, 1\u20132. 8\u20139. 10\u201311. 13cd\u201314 V\u00e1lasz: Istenem \u00e9s kir\u00e1lyom, magasztallak t\u00e9ged, * \u00a0\u00a0\u00a0\u00a0\u00a0\u00a0\u00a0\u00a0\u00a0\u00a0\u00a0\u00a0 szent nevedet \u00e1ldom \u00f6r\u00f6kk\u00f6n&#8211;\u00f6r\u00f6kk\u00e9. &nbsp; SZENTLECKE\u00a0 \u00a0\u00a0\u00a0\u00a0\u00a0\u00a0\u00a0\u00a0\u00a0\u00a0\u00a0\u00a0\u00a0\u00a0\u00a0\u00a0\u00a0\u00a0\u00a0\u00a0\u00a0\u00a0\u00a0\u00a0\u00a0\u00a0\u00a0\u00a0\u00a0\u00a0\u00a0\u00a0\u00a0\u00a0\u00a0\u00a0\u00a02 Tessz 1, 11 \u2013 2, 2 Sokan megalapozatlan \u00e1br\u00e1ndoz\u00e1ssal, \u00e9s egy\u00e9ni j\u00e1mborkod\u00e1ssal pr\u00f3b\u00e1lj\u00e1k leplezni az \u00e9letben val\u00f3 helyt\u00e1ll\u00e1s hi\u00e1ny\u00e1t. Az Apostol ez\u00e9rt mondja: Krisztus azt v\u00e1rja t\u0151l\u00fcnk, hogy h\u0171s\u00e9ges k\u00f6teless\u00e9gteljes\u00edt\u00e9ssel dics\u0151\u00edts\u00fck meg \u0151t. En\u00e9lk\u00fcl nem v\u00e1rhatunk t\u0151le jutalmat.. ALLELUJA\u00a0\u00a0\u00a0\u00a0\u00a0\u00a0\u00a0\u00a0\u00a0\u00a0\u00a0\u00a0\u00a0\u00a0\u00a0\u00a0\u00a0\u00a0\u00a0\u00a0\u00a0\u00a0\u00a0\u00a0\u00a0\u00a0\u00a0\u00a0\u00a0\u00a0\u00a0\u00a0\u00a0\u00a0\u00a0\u00a0\u00a0\u00a0\u00a0\u00a0\u00a0\u00a0\u00a0\u00a0\u00a0\u00a0\u00a0\u00a0\u00a0\u00a0\u00a0\u00a0\u00a0\u00a0\u00a0\u00a0\u00a0\u00a0\u00a0\u00a0\u00a0\u00a0\u00a0\u00a0\u00a0\u00a0\u00a0\u00a0\u00a0 Jn 3, 16 Isten \u00fagy szerette a vil\u00e1got, hogy egysz\u00fcl\u00f6tt Fi\u00e1t adta \u00e9rte, * hogy \u00f6r\u00f6kk\u00e9 \u00e9ljen minden \u0151benne h\u00edv\u0151. EVANG\u00c9LIUM \u00a0\u00a0\u00a0\u00a0\u00a0\u00a0\u00a0\u00a0\u00a0\u00a0\u00a0\u00a0\u00a0\u00a0\u00a0\u00a0\u00a0\u00a0\u00a0\u00a0\u00a0\u00a0\u00a0\u00a0\u00a0\u00a0\u00a0\u00a0\u00a0\u00a0\u00a0\u00a0\u00a0\u00a0\u00a0\u00a0\u00a0\u00a0\u00a0\u00a0\u00a0\u00a0\u00a0\u00a0\u00a0\u00a0\u00a0\u00a0Lk 19, 1\u201310 J\u00e9zus el\u0151legezte a bizalm\u00e1t Zakeusnak. \u0150 h\u00e1l\u00e1s volt ez\u00e9rt, \u00e9s J\u00e9zus nagylelk\u0171s\u00e9g\u00e9t megt\u00e9r\u00e9ssel viszonozta. Nek\u00fcnk is rem\u00e9nykedn\u00fcnk kell az el\u0151legezett bizalom \u00e9s nagylelk\u0171s\u00e9g hat\u00e1s\u00e1ban. Aki apostoli munk\u00e1ja k\u00f6zben nem mer kock\u00e1zatot v\u00e1llalni, az nem b\u00edzik Isten kegyelm\u00e9nek erej\u00e9ben. Pedig \u0151 az\u00e9rt j\u00f6tt, hogy megkeresse \u00e9s \u00fcdv\u00f6z\u00edtse, ami elveszett. AZ EUCHARISZTI\u00c1HOZ\u00a0 Neked k\u00f6sz\u00f6nhetj\u00fck, Urunk, hogy f\u00f6ldi zar\u00e1ndokutunkon nem f\u00e1radunk el \u00e9s nem vesz\u00edtj\u00fck el kedv\u00fcnket. ELM\u00c9LKED\u00c9S Adj nekem, Uram, \u00e9ber sz\u00edvet, amelyet k\u00f6nnyelm\u0171 gondolat nem t\u00e9r\u00edt el t\u0151led. Adj nemes sz\u00edvet, amelyet m\u00e9ltatlan szenved\u00e9ly nem tud lealacsony\u00edtani. Egyenes \u00e9s b\u00e1tor sz\u00edvet, amelyet k\u00f6z\u00f6ns\u00e9ges t\u00f6rekv\u00e9sek nem vezethetnek t\u00e9v\u00fatra. Er\u0151s sz\u00edvet, amelyet szomor\u00fas\u00e1g nem tud let\u00f6rni. Szabad sz\u00edvet, amelyet alantas \u00e9s rossz v\u00e1gyak nem k\u00f6tnek g\u00fazsba.\u00a0\u00a0\u00a0\u00a0\u00a0\u00a0\u00a0\u00a0\u00a0\u00a0\u00a0\u00a0\u00a0\u00a0\u00a0\u00a0\u00a0\u00a0\u00a0\u00a0\u00a0\u00a0\u00a0\u00a0 Aquin\u00f3i Szent Tam\u00e1s &nbsp; IM\u00c1DS\u00c1G ELHUNYT SZERETTEINK\u00c9RT November a halottak... R\u00e9szletek"}