{"version":"1.0","provider_name":"Stuttgarti Katolikusok","provider_url":"https:\/\/stuttgarti-katolikusok.de","title":"\u00c9vk\u00f6zi 30. vas\u00e1rnap - Stuttgarti Katolikusok","type":"rich","width":600,"height":338,"html":"<blockquote class=\"wp-embedded-content\" data-secret=\"0lGi3u4Dc1\"><a href=\"https:\/\/stuttgarti-katolikusok.de\/index.php\/evkozi-30-vasarnap-2\/\">\u00c9vk\u00f6zi 30. vas\u00e1rnap<\/a><\/blockquote><iframe sandbox=\"allow-scripts\" security=\"restricted\" src=\"https:\/\/stuttgarti-katolikusok.de\/index.php\/evkozi-30-vasarnap-2\/embed\/#?secret=0lGi3u4Dc1\" width=\"600\" height=\"338\" title=\"&#8220;\u00c9vk\u00f6zi 30. vas\u00e1rnap&#8221; &#8212; Stuttgarti Katolikusok\" data-secret=\"0lGi3u4Dc1\" frameborder=\"0\" marginwidth=\"0\" marginheight=\"0\" scrolling=\"no\" class=\"wp-embedded-content\"><\/iframe><script type=\"text\/javascript\">\n\/* <![CDATA[ *\/\n\/*! This file is auto-generated *\/\n!function(d,l){\"use strict\";l.querySelector&&d.addEventListener&&\"undefined\"!=typeof URL&&(d.wp=d.wp||{},d.wp.receiveEmbedMessage||(d.wp.receiveEmbedMessage=function(e){var t=e.data;if((t||t.secret||t.message||t.value)&&!\/[^a-zA-Z0-9]\/.test(t.secret)){for(var s,r,n,a=l.querySelectorAll('iframe[data-secret=\"'+t.secret+'\"]'),o=l.querySelectorAll('blockquote[data-secret=\"'+t.secret+'\"]'),c=new RegExp(\"^https?:$\",\"i\"),i=0;i<o.length;i++)o[i].style.display=\"none\";for(i=0;i<a.length;i++)s=a[i],e.source===s.contentWindow&&(s.removeAttribute(\"style\"),\"height\"===t.message?(1e3<(r=parseInt(t.value,10))?r=1e3:~~r<200&&(r=200),s.height=r):\"link\"===t.message&&(r=new URL(s.getAttribute(\"src\")),n=new URL(t.value),c.test(n.protocol))&&n.host===r.host&&l.activeElement===s&&(d.top.location.href=t.value))}},d.addEventListener(\"message\",d.wp.receiveEmbedMessage,!1),l.addEventListener(\"DOMContentLoaded\",function(){for(var e,t,s=l.querySelectorAll(\"iframe.wp-embedded-content\"),r=0;r<s.length;r++)(t=(e=s[r]).getAttribute(\"data-secret\"))||(t=Math.random().toString(36).substring(2,12),e.src+=\"#?secret=\"+t,e.setAttribute(\"data-secret\",t)),e.contentWindow.postMessage({message:\"ready\",secret:t},\"*\")},!1)))}(window,document);\n\/\/# sourceURL=https:\/\/stuttgarti-katolikusok.de\/wp-includes\/js\/wp-embed.min.js\n\/* ]]> *\/\n<\/script>\n","thumbnail_url":"https:\/\/stuttgarti-katolikusok.de\/wp-content\/uploads\/2024\/10\/ng12.jpg","thumbnail_width":2048,"thumbnail_height":1365,"description":"Az \u00e9vk\u00f6zi 30. vas\u00e1rnap kezd\u0151\u00e9neke a h\u00edv\u0151 ember \u00f6r\u00f6k feladat\u00e1r\u00f3l sz\u00f3l: keresni \u00e9s r\u00e1tal\u00e1lni Istenre. A keres\u00e9s \u00e9s r\u00e1tal\u00e1l\u00e1s ny\u00fajtotta \u00f6r\u00f6m \u00e9s boldogs\u00e1g. A szentmise els\u0151 k\u00f6ny\u00f6rg\u00e9se az alapvet\u0151 isteni er\u00e9nyek &#8211; hit, rem\u00e9ny \u00e9s szeretet &#8211; fontoss\u00e1g\u00e1t, \u00e9let\u00fcnkben bet\u00f6lt\u00f6tt fontos szerep\u00e9t emeli ki. Az olvasm\u00e1nyban Jeremi\u00e1s pr\u00f3f\u00e9ta &#8222;Izrael marad\u00e9k\u00e1nak&#8221; fontoss\u00e1g\u00e1r\u00f3l sz\u00f3l. Tan\u00edt\u00e1sa tekinthet\u0151 \u00fagy is, mint a rem\u00e9ny \u00fczenete. Alkalmazva magunk \u00e9let\u00e9re, elmondhatjuk, hogy mindennapjaink meg\u00e9l\u00e9s\u00e9nek sz\u00fcks\u00e9gszer\u0171 felt\u00e9tele a rem\u00e9ny. Ennek a rem\u00e9nynek jutalma Isten atyai szeretete. B\u00e1r jelen sorsukat meg\u00e9rdemelt b\u00fcntet\u00e9sk\u00e9nt \u00e9lik meg, m\u00e9gis r\u00e1d\u00f6bbennek \u00e9s er\u0151s\u00f6dik benn\u00fck a rem\u00e9ny, hogy hazajutnak. A 125. zsolt\u00e1r gy\u00f6ny\u00f6r\u0171en \u00e9rz\u00e9kelteti Isten v\u00e1lasztott n\u00e9pe ir\u00e1nti h\u0171s\u00e9g\u00e9t \u00e9s gondoskod\u00f3 szeretet\u00e9t. Mennyire csod\u00e1latos, hogy mi magunk is megtapasztalhatjuk Isten ir\u00e1ntunk val\u00f3 gondoskod\u00f3 szeretet\u00e9t. Ennek pedig egyetlen felt\u00e9tele van: er\u0151s\u00edteni egy\u00e9ni \u00e9let\u00fcnkben az Isten ir\u00e1nti rem\u00e9ny\u00fcnket, h\u0171s\u00e9g\u00fcnket \u00e9s szeretet\u00fcnket.\u00a0 J\u00e9zus a mi \u00f6r\u00f6k F\u0151papunk, aki meg\u00e9rt\u0151 tud lenni az emberek ir\u00e1nt. Ezt v\u00e1rja el a jelen kor papjait\u00f3l is. \u00c9rdekes ez a felismer\u00e9s annak f\u00e9ny\u00e9ben, ahogyan megrajzolj\u00e1k\u00a0 jelen\u00fcnkben egy lelkip\u00e1sztor profilj\u00e1t. Pedig a v\u00e1lasz eg\u00e9szen vil\u00e1gos \u00e9s \u00e9rthet\u0151. A lelkip\u00e1sztor alapvet\u0151 k\u00fcldet\u00e9se \u00e9s feladata Isten el\u0151tt k\u00e9pviselni a re\u00e1b\u00edzott embert\u00e1rsakat, vagyis a k\u00f6z\u00f6ss\u00e9g tagjait. Ezt szolg\u00e1lja eg\u00e9sz papi \u00e9lete! \u0150 ad sz\u00e1mot err\u0151l, nem m\u00e1sok sz\u00e1moltatj\u00e1k el. Hivat\u00e1s\u00e1t \u00e9s szolg\u00e1lat\u00e1t csakis a szeretet isteni er\u00e9ny\u00e9nek birtok\u00e1ban tudja hathat\u00f3san bet\u00f6lteni. Az evang\u00e9lium pedig a vak Bartimeus p\u00e9ld\u00e1j\u00e1n kereszt\u00fcl a hit isteni er\u00e9ny\u00e9nek fontoss\u00e1g\u00e1t szeml\u00e9lteti. Nem tudjuk, hogy vakon sz\u00fcletett, vagy pedig id\u0151vel vesz\u00edtette el szeme vil\u00e1g\u00e1t. Itt \u00e9s most mindez nem is l\u00e9nyeges. A vak Bartimeus \u00e9let\u00e9b\u0151l hi\u00e1nyzik valami nagyon l\u00e9nyeges: a l\u00e1t\u00e1s. Maga a vaks\u00e1g a l\u00e1t\u00e1s pszichol\u00f3giai vagy neurol\u00f3giai eredet\u0171 r\u00e9szleges vagy teljes hi\u00e1nya. Csakis \u00edgy \u00e9rtelmezhet\u0151 ez a t\u00f6rt\u00e9net a magam \u00e9let\u00e9ben. Vakk\u00e1 v\u00e1lhatok, s ez a hi\u00e1ny, a l\u00e1t\u00e1s k\u00e9szs\u00e9ge, ord\u00edt\u00f3 lesz \u00e9letemben. Eszm\u00e9imhez \u00e9s magam gy\u00e1rtotta ideol\u00f3gi\u00e1khoz val\u00f3 cs\u00f6k\u00f6ny\u00f6s \u00e9s g\u00f6rcs\u00f6s... R\u00e9szletek"}