{"version":"1.0","provider_name":"Stuttgarti Katolikusok","provider_url":"https:\/\/stuttgarti-katolikusok.de","title":"\u00c9vk\u00f6zi 3. vas\u00e1rnap \u2013 Isten ig\u00e9j\u00e9nek vas\u00e1rnapja - Stuttgarti Katolikusok","type":"rich","width":600,"height":338,"html":"<blockquote class=\"wp-embedded-content\" data-secret=\"kkLIMa2k0P\"><a href=\"https:\/\/stuttgarti-katolikusok.de\/index.php\/evkozi-3-vasarnap-isten-igejenek-vasarnapja-2\/\">\u00c9vk\u00f6zi 3. vas\u00e1rnap \u2013 Isten ig\u00e9j\u00e9nek vas\u00e1rnapja<\/a><\/blockquote><iframe sandbox=\"allow-scripts\" security=\"restricted\" src=\"https:\/\/stuttgarti-katolikusok.de\/index.php\/evkozi-3-vasarnap-isten-igejenek-vasarnapja-2\/embed\/#?secret=kkLIMa2k0P\" width=\"600\" height=\"338\" title=\"&#8220;\u00c9vk\u00f6zi 3. vas\u00e1rnap \u2013 Isten ig\u00e9j\u00e9nek vas\u00e1rnapja&#8221; &#8212; Stuttgarti Katolikusok\" data-secret=\"kkLIMa2k0P\" frameborder=\"0\" marginwidth=\"0\" marginheight=\"0\" scrolling=\"no\" class=\"wp-embedded-content\"><\/iframe><script type=\"text\/javascript\">\n\/* <![CDATA[ *\/\n\/*! This file is auto-generated *\/\n!function(d,l){\"use strict\";l.querySelector&&d.addEventListener&&\"undefined\"!=typeof URL&&(d.wp=d.wp||{},d.wp.receiveEmbedMessage||(d.wp.receiveEmbedMessage=function(e){var t=e.data;if((t||t.secret||t.message||t.value)&&!\/[^a-zA-Z0-9]\/.test(t.secret)){for(var s,r,n,a=l.querySelectorAll('iframe[data-secret=\"'+t.secret+'\"]'),o=l.querySelectorAll('blockquote[data-secret=\"'+t.secret+'\"]'),c=new RegExp(\"^https?:$\",\"i\"),i=0;i<o.length;i++)o[i].style.display=\"none\";for(i=0;i<a.length;i++)s=a[i],e.source===s.contentWindow&&(s.removeAttribute(\"style\"),\"height\"===t.message?(1e3<(r=parseInt(t.value,10))?r=1e3:~~r<200&&(r=200),s.height=r):\"link\"===t.message&&(r=new URL(s.getAttribute(\"src\")),n=new URL(t.value),c.test(n.protocol))&&n.host===r.host&&l.activeElement===s&&(d.top.location.href=t.value))}},d.addEventListener(\"message\",d.wp.receiveEmbedMessage,!1),l.addEventListener(\"DOMContentLoaded\",function(){for(var e,t,s=l.querySelectorAll(\"iframe.wp-embedded-content\"),r=0;r<s.length;r++)(t=(e=s[r]).getAttribute(\"data-secret\"))||(t=Math.random().toString(36).substring(2,12),e.src+=\"#?secret=\"+t,e.setAttribute(\"data-secret\",t)),e.contentWindow.postMessage({message:\"ready\",secret:t},\"*\")},!1)))}(window,document);\n\/\/# sourceURL=https:\/\/stuttgarti-katolikusok.de\/wp-includes\/js\/wp-embed.min.js\n\/* ]]> *\/\n<\/script>\n","thumbnail_url":"https:\/\/stuttgarti-katolikusok.de\/wp-content\/uploads\/2024\/01\/a-book-1936547-1280.jpg","thumbnail_width":1280,"thumbnail_height":723,"description":"Az \u00c9vk\u00f6zi 3. vas\u00e1rnap egyben az Isten ig\u00e9j\u00e9nek a vas\u00e1rnapja is.\u00a0 A szentmis\u00e9nek 2 fontos r\u00e9sze van: az Ige liturgi\u00e1ja \u00e9s az Eucharisztia liturgi\u00e1ja.\u00a0 \u00c9vk\u00f6zi 3. vas\u00e1rnapon Egyh\u00e1zunk figyelm\u00fcnk k\u00f6z\u00e9ppontj\u00e1ba \u00e1ll\u00edtja most Isten ig\u00e9j\u00e9t. Hagyjuk, hogy ma k\u00fcl\u00f6n\u00f6s form\u00e1ban is megsz\u00f3l\u00edtson az Ige.\u00a0 Ehhez egy kis szem\u00e9lyes t\u00f6rt\u00e9netet is szeretn\u00e9k csatolni. 1979-ben, a sikeres \u00e9retts\u00e9gi \u00e9s teol\u00f3giai felv\u00e9telit k\u00f6vet\u0151en katonai szolg\u00e1latra vittek el Kar\u00e1nszebesre (Caransebe\u0219). Term\u00e9szetesen az akkori id\u0151nek megfelel\u0151en benn\u00fcnket, mint leend\u0151 kispapokat k\u00fcl\u00f6n\u00f6s &#8222;b\u00e1n\u00e1sm\u00f3dban&#8221; r\u00e9szes\u00edtettek. B\u0151r\u00f6nd\u00fcnk tartalm\u00e1t, amellyel bevonultunk, alaposan \u00e1tvizsg\u00e1lt\u00e1k. Gyakorlatilag semmilyen szem\u00e9lyes dolgot nem vihett\u00fcnk magunkkal.\u00a0 A katonai szolg\u00e1latot egy\u00fctt t\u00f6lt\u00f6tt\u00fck a reform\u00e1tus teol\u00f3gi\u00e1ra jelentkezett t\u00e1rsainkkal. Ebben a csapatban volt t\u00f6bb nagyszer\u0171 t\u00e1rs is, akik reform\u00e1tus lelk\u00e9szi csal\u00e1db\u00f3l sz\u00e1rmaztak. T\u00f6bbek k\u00f6z\u00f6tt, Horv\u00e1th Levente bar\u00e1tom is. Azt csak \u0151 tudja, hogyan, de neki volt egy kis, akkorra m\u00e1r foszl\u00e1nyos kis Bibli\u00e1ja. Egy id\u0151 ut\u00e1n pedig Levente minden este \u00f6sszegy\u0171jt\u00f6tt benn\u00fcnket, lelem\u00e9nyesek voltunk, megtal\u00e1ltuk a m\u00f3dj\u00e1t, hogy\u00a0 Szent\u00edr\u00e1st olvastunk. Azt\u00e1n elmondtuk, hogyan \u00e9lt\u00fck meg a tan\u00edt\u00e1st azon napon, r\u00f6vid kis, spont\u00e1n foh\u00e1szokat mondtunk, \u00edrtunk, lelki napl\u00f3t vezett\u00fcnk.\u00a0 Szem\u00e9lyes dolgaimat rendezve, nem is olyan r\u00e9gen r\u00e1bukkantam az akkor \u00e1ltalam vezetett szem\u00e9lyes napl\u00f3ra \u00e9s arra a kis szent\u00edr\u00e1sra, amelyet akkori pl\u00e9b\u00e1nosomt\u00f3l kaptam, amikor els\u0151 alkalommal n\u00e9h\u00e1ny napra, az esk\u00fct\u00e9telt k\u00f6vet\u0151en, haza t\u00e1vozhattam. M\u00e1ra digitaliz\u00e1l\u00f3dtunk. Arra viszont van lehet\u0151s\u00e9g mindannyiunknak, hogy naponta n\u00e9h\u00e1ny perc erej\u00e9ig id\u0151t szak\u00edtsunk \u00e9s hagyjuk, hogy Isten ig\u00e9je megsz\u00f3l\u00edtson.\u00a0 Tibor atya OLVASM\u00c1NY J\u00f3n\u00e1s pr\u00f3f\u00e9ta k\u00f6nyv\u00e9b\u0151l (J\u00f3n 3,1-5.10) T\u00f6rt\u00e9nt pedig, hogy az \u00dar m\u00e1sodszor is sz\u00f3lt J\u00f3n\u00e1shoz: \u201eKelj fel, menj el Niniv\u00e9be, a nagy v\u00e1rosba, \u00e9s hirdesd azt, amit majd mondok neked!\u201d J\u00f3n\u00e1s f\u00f6lkelt \u00e9s elment Niniv\u00e9be az \u00dar parancsa szerint. Ninive nagy v\u00e1ros volt, h\u00e1rom napba telt, m\u00edg az ember v\u00e9gig ment rajta. J\u00f3n\u00e1s bement a v\u00e1rosba, megtett egynapi utat, \u00e9s hirdetni kezdte: \u201eM\u00e9g negyven nap, \u00e9s Ninive elpusztul!\u201d Ninive lak\u00f3i hittek az Istennek. B\u00f6jt\u00f6t hirdettek, nagyok... R\u00e9szletek"}