{"version":"1.0","provider_name":"Stuttgarti Katolikusok","provider_url":"https:\/\/stuttgarti-katolikusok.de","title":"\u00c9vk\u00f6zi 3. vas\u00e1rnap \u2013 Isten ig\u00e9j\u00e9nek vas\u00e1rnapja - Stuttgarti Katolikusok","type":"rich","width":600,"height":338,"html":"<blockquote class=\"wp-embedded-content\" data-secret=\"YnesrRYDbM\"><a href=\"https:\/\/stuttgarti-katolikusok.de\/index.php\/evkozi-3-vasarnap-isten-igejenek-vasarnapja\/\">\u00c9vk\u00f6zi 3. vas\u00e1rnap \u2013 Isten ig\u00e9j\u00e9nek vas\u00e1rnapja<\/a><\/blockquote><iframe sandbox=\"allow-scripts\" security=\"restricted\" src=\"https:\/\/stuttgarti-katolikusok.de\/index.php\/evkozi-3-vasarnap-isten-igejenek-vasarnapja\/embed\/#?secret=YnesrRYDbM\" width=\"600\" height=\"338\" title=\"&#8220;\u00c9vk\u00f6zi 3. vas\u00e1rnap \u2013 Isten ig\u00e9j\u00e9nek vas\u00e1rnapja&#8221; &#8212; Stuttgarti Katolikusok\" data-secret=\"YnesrRYDbM\" frameborder=\"0\" marginwidth=\"0\" marginheight=\"0\" scrolling=\"no\" class=\"wp-embedded-content\"><\/iframe><script type=\"text\/javascript\">\n\/* <![CDATA[ *\/\n\/*! This file is auto-generated *\/\n!function(d,l){\"use strict\";l.querySelector&&d.addEventListener&&\"undefined\"!=typeof URL&&(d.wp=d.wp||{},d.wp.receiveEmbedMessage||(d.wp.receiveEmbedMessage=function(e){var t=e.data;if((t||t.secret||t.message||t.value)&&!\/[^a-zA-Z0-9]\/.test(t.secret)){for(var s,r,n,a=l.querySelectorAll('iframe[data-secret=\"'+t.secret+'\"]'),o=l.querySelectorAll('blockquote[data-secret=\"'+t.secret+'\"]'),c=new RegExp(\"^https?:$\",\"i\"),i=0;i<o.length;i++)o[i].style.display=\"none\";for(i=0;i<a.length;i++)s=a[i],e.source===s.contentWindow&&(s.removeAttribute(\"style\"),\"height\"===t.message?(1e3<(r=parseInt(t.value,10))?r=1e3:~~r<200&&(r=200),s.height=r):\"link\"===t.message&&(r=new URL(s.getAttribute(\"src\")),n=new URL(t.value),c.test(n.protocol))&&n.host===r.host&&l.activeElement===s&&(d.top.location.href=t.value))}},d.addEventListener(\"message\",d.wp.receiveEmbedMessage,!1),l.addEventListener(\"DOMContentLoaded\",function(){for(var e,t,s=l.querySelectorAll(\"iframe.wp-embedded-content\"),r=0;r<s.length;r++)(t=(e=s[r]).getAttribute(\"data-secret\"))||(t=Math.random().toString(36).substring(2,12),e.src+=\"#?secret=\"+t,e.setAttribute(\"data-secret\",t)),e.contentWindow.postMessage({message:\"ready\",secret:t},\"*\")},!1)))}(window,document);\n\/\/# sourceURL=https:\/\/stuttgarti-katolikusok.de\/wp-includes\/js\/wp-embed.min.js\n\/* ]]> *\/\n<\/script>\n","thumbnail_url":"https:\/\/stuttgarti-katolikusok.de\/wp-content\/uploads\/2023\/01\/man-6342665-1280.jpg","thumbnail_width":1280,"thumbnail_height":854,"description":"Nyilv\u00e1nos m\u0171k\u00f6d\u00e9s\u00e9nek kezdet\u00e9n, err\u0151l hallhattunk az elm\u00falt vas\u00e1rnapokon, J\u00e9zus meghirdeti tan\u00edt\u00e1s\u00e1nak k\u00f6zponti \u00fczenet\u00e9t: Isten orsz\u00e1g\u00e1ba csak az l\u00e9phet be, aki b\u0171nb\u00e1natot tart \u00e9s megt\u00e9r. A megt\u00e9r\u00e9s nem egy pillanat m\u0171ve, hanem egy \u00e1lland\u00f3, \u00e9let\u00fcnket v\u00e9gig k\u00eds\u00e9r\u0151 folyamat. \u00d6nreflexi\u00f3nak is nevezhetn\u00e9m. Benne \u00fajra \u00e9rt\u00e9kelem \u00e9letemet Krisztus megh\u00edv\u00f3 szav\u00e1nak t\u00fckr\u00e9ben. Amennyiben ezt teszem, \u00fagy folyamatosan \u00e9p\u00edtem lelkemben Isten orsz\u00e1g\u00e1t. Eszk\u00f6zei: a hitb\u0151l fakad\u00f3 im\u00e1ds\u00e1g, az egyet\u00e9rt\u00e9sre t\u00f6rekv\u0151 testv\u00e9ri szeretet \u00e9s J\u00e9zus Krisztus megsz\u00f3l\u00edt\u00f3 \u00e9s h\u00edv\u00f3 szav\u00e1nak h\u0171s\u00e9ges k\u00f6vet\u00e9se. Az olvasm\u00e1nyban Izaj\u00e1s pr\u00f3f\u00e9ta, Kr. e. 732-ben vagyunk, amikoris Izrael \u00e9szaki r\u00e9sz\u00e9t elfoglalj\u00e1k az assz\u00edrok, \u00e9s a lakoss\u00e1got fogs\u00e1gba hurcolj\u00e1k, a REM\u00c9NY hangj\u00e1n sz\u00f3lal meg. B\u00e1r sorsuk, ott \u00e9s akkor, kil\u00e1t\u00e1stalannak t\u0171nik, m\u00e9gis b\u00edztatja \u0151ket: &#8222;A n\u00e9p, amely s\u00f6t\u00e9ts\u00e9gben j\u00e1r, nagy f\u00e9nyess\u00e9get l\u00e1t.&#8221; \u00dczenete az olvasm\u00e1nynak sz\u00e1momra egy\u00e9rtelm\u0171: \u0151riznem kell lelkemben a rem\u00e9nynek \u00e9letem s\u00f6t\u00e9ts\u00e9g\u00e9n is \u00e1tragyog\u00f3 erej\u00e9t \u00e9s f\u00e9ny\u00e9t. Ezt az \u00e9rz\u00e9st er\u0151s\u00edti fel a v\u00e1laszos zsolt\u00e1r visszat\u00e9r\u0151 foh\u00e1sza: &#8221; Vil\u00e1goss\u00e1gom az Isten, * \u00fcdv\u00f6z\u00edt engem.&#8221; A p\u00e1rtoskod\u00e1s \u00e9s nyom\u00e1ban jelentkez\u0151 megosztotts\u00e1g t\u00f6nkre teszi egy\u00e9nek \u00e9s k\u00f6z\u00f6ss\u00e9gek \u00e9let\u00e9t. P\u00e1l apostol tollat ragad, \u00e9s levelet \u00edr a Korintusban \u00e9l\u0151, sz\u00e1m\u00e1ra nagyon kedves h\u00edveknek. Err\u0151l hallunk a szentleck\u00e9ben. \u00c9rdemes megfigyelni, hogy J\u00e9zus Krisztus nev\u00e9re hivatkozva sz\u00f3l\u00edtja meg \u0151ket. Mit is jelent mindez? A korintusi k\u00f6z\u00f6ss\u00e9g J\u00e9zus Krisztus nev\u00e9ben sz\u00fcletett. Vagyis, amikor fel\u00fcti a fej\u00e9t a p\u00e1rtoskod\u00e1s szelleme, a korintusi k\u00f6z\u00f6ss\u00e9g tagjai c\u00e9lt t\u00e9vesztenek. Megfeledkeznek a k\u00f6z\u00f6ss\u00e9g alap\u00edt\u00f3j\u00e1r\u00f3l, szek\u00e9rt\u00e1borokat alkotnak: \u201e\u00c9n P\u00e1llal tartok, \u00e9n meg Apoll\u00f3val, \u00e9n K\u00e9f\u00e1ssal, \u00e9n meg Krisztussal!\u201d B\u00e1r n\u00e9h\u00e1nyuk sz\u00e1m\u00e1ra vil\u00e1gos, hogy Krisztushoz kell tartozniuk, a t\u00f6bbiek megoszt\u00f3 aknamunk\u00e1ja az eg\u00e9sz k\u00f6z\u00f6ss\u00e9get rombolja. C\u00e9lt t\u00e9vesztettek azok, akik P\u00e1lhoz, Apoll\u00f3hoz, vagy K\u00e9f\u00e1shoz tartoz\u00f3nak vallott\u00e1k magukat. Szem\u00e9lyhez ragaszkodni azt jelenti, hogy elvesz\u00edtem a f\u00f3kuszt, a l\u00e9nyeget. Nincs ez m\u00e1sk\u00e9nt ma sem! Itt \u00e9rdemes mindenkinek elv\u00e9gezni a maga munk\u00e1j\u00e1t&#8230; Az evang\u00e9liumban megh\u00edv\u00e1s t\u00f6rt\u00e9neteket hallunk. Saj\u00e1tos dinamik\u00e1ja van minden egy\u00e9ni megh\u00edv\u00e1snak. Elhangzik Krisztus h\u00edv\u00f3 szava. Az... R\u00e9szletek"}