{"version":"1.0","provider_name":"Stuttgarti Katolikusok","provider_url":"https:\/\/stuttgarti-katolikusok.de","title":"\u00c9vk\u00f6zi 29. vas\u00e1rnap \u2013 Misszi\u00f3s vas\u00e1rnap - Stuttgarti Katolikusok","type":"rich","width":600,"height":338,"html":"<blockquote class=\"wp-embedded-content\" data-secret=\"F9RLc6SFqd\"><a href=\"https:\/\/stuttgarti-katolikusok.de\/index.php\/evkozi-29-vasarnap-misszios-vasarnap\/\">\u00c9vk\u00f6zi 29. vas\u00e1rnap \u2013 Misszi\u00f3s vas\u00e1rnap<\/a><\/blockquote><iframe sandbox=\"allow-scripts\" security=\"restricted\" src=\"https:\/\/stuttgarti-katolikusok.de\/index.php\/evkozi-29-vasarnap-misszios-vasarnap\/embed\/#?secret=F9RLc6SFqd\" width=\"600\" height=\"338\" title=\"&#8220;\u00c9vk\u00f6zi 29. vas\u00e1rnap \u2013 Misszi\u00f3s vas\u00e1rnap&#8221; &#8212; Stuttgarti Katolikusok\" data-secret=\"F9RLc6SFqd\" frameborder=\"0\" marginwidth=\"0\" marginheight=\"0\" scrolling=\"no\" class=\"wp-embedded-content\"><\/iframe><script type=\"text\/javascript\">\n\/* <![CDATA[ *\/\n\/*! This file is auto-generated *\/\n!function(d,l){\"use strict\";l.querySelector&&d.addEventListener&&\"undefined\"!=typeof URL&&(d.wp=d.wp||{},d.wp.receiveEmbedMessage||(d.wp.receiveEmbedMessage=function(e){var t=e.data;if((t||t.secret||t.message||t.value)&&!\/[^a-zA-Z0-9]\/.test(t.secret)){for(var s,r,n,a=l.querySelectorAll('iframe[data-secret=\"'+t.secret+'\"]'),o=l.querySelectorAll('blockquote[data-secret=\"'+t.secret+'\"]'),c=new RegExp(\"^https?:$\",\"i\"),i=0;i<o.length;i++)o[i].style.display=\"none\";for(i=0;i<a.length;i++)s=a[i],e.source===s.contentWindow&&(s.removeAttribute(\"style\"),\"height\"===t.message?(1e3<(r=parseInt(t.value,10))?r=1e3:~~r<200&&(r=200),s.height=r):\"link\"===t.message&&(r=new URL(s.getAttribute(\"src\")),n=new URL(t.value),c.test(n.protocol))&&n.host===r.host&&l.activeElement===s&&(d.top.location.href=t.value))}},d.addEventListener(\"message\",d.wp.receiveEmbedMessage,!1),l.addEventListener(\"DOMContentLoaded\",function(){for(var e,t,s=l.querySelectorAll(\"iframe.wp-embedded-content\"),r=0;r<s.length;r++)(t=(e=s[r]).getAttribute(\"data-secret\"))||(t=Math.random().toString(36).substring(2,12),e.src+=\"#?secret=\"+t,e.setAttribute(\"data-secret\",t)),e.contentWindow.postMessage({message:\"ready\",secret:t},\"*\")},!1)))}(window,document);\n\/\/# sourceURL=https:\/\/stuttgarti-katolikusok.de\/wp-includes\/js\/wp-embed.min.js\n\/* ]]> *\/\n<\/script>\n","thumbnail_url":"https:\/\/stuttgarti-katolikusok.de\/wp-content\/uploads\/2020\/10\/szi-levelek.jpg","thumbnail_width":640,"thumbnail_height":426,"description":"&nbsp; Kezd\u0151\u00e9nek: Hozz\u00e1d ki\u00e1ltok, mert te meghallgatsz, Istenem, hajtsd hozz\u00e1m f\u00fcledet, hallgasd meg szavam! \u00d3vj engem, Uram, mint szemed f\u00e9ny\u00e9t, sz\u00e1rnyad \u00e1rny\u00e9k\u00e1ban oltalmazz engem! (V\u00f6. Zsolt 16,6.8) K\u00f6ny\u00f6rg\u00e9s: Mindenhat\u00f3, \u00f6r\u00f6k Isten, add, hogy mindenkor \u0151szinte sz\u00edvvel \u00e9s k\u00e9szs\u00e9ges akarattal szolg\u00e1ljunk F\u00f6ls\u00e9gednek. A mi Urunk, J\u00e9zus Krisztus, a te Fiad \u00e1ltal, aki veled \u00e9l \u00e9s uralkodik a Szentl\u00e9lekkel egys\u00e9gben, Isten mind\u00f6r\u00f6kk\u00f6n \u00f6r\u00f6kk\u00e9. OLVASM\u00c1NY Izaj\u00e1s pr\u00f3f\u00e9ta k\u00f6nyv\u00e9b\u0151l (Iz 53,10-11) A pr\u00f3f\u00e9ta ezt mondja az elj\u00f6vend\u0151 \u00dcdv\u00f6z\u00edt\u0151r\u0151l: \u00dagy tetszett az \u00darnak, hogy \u00f6sszet\u00f6ri szenved\u00e9ssel. Ha odaadja \u00e9let\u00e9t engesztel\u0151 \u00e1ldozatul: l\u00e1tni fogja ut\u00f3dait, hossz\u00fara ny\u00falik \u00e9lete, \u00e9s teljes\u00fcl \u00e1ltala az \u00dar akarata. Majd ha v\u00e9get \u00e9r lelk\u00e9nek gy\u00f6trelme, l\u00e1tni fogja a vil\u00e1goss\u00e1got \u00e9s megel\u00e9ged\u00e9s t\u00f6lti el. Igaz szolg\u00e1m sokakat igazz\u00e1 tesz tud\u00e1sa \u00e1ltal, \u00e9s gonoszs\u00e1gaikat \u0151 hordozza. Ez az Isten ig\u00e9je. V\u00c1LASZOS ZSOLT\u00c1R (Zsolt 32,4-5.18-19.20.22) V\u00e1lasz:\u00a0Kegyes szemed legyen\u00a0rajtunk, * tebenned van\u00a0bizodalmunk.\u00a0(5. t\u00f3nus.) El\u0151\u00e9nekes: Sziklaszil\u00e1rd az \u00dar\u00a0ig\u00e9je, * minden tett\u00e9t\u00a0h\u0171s\u00e9g vezeti. Az igazlelk\u0171s\u00e9get \u00e9s a t\u00f6rv\u00e9nyt\u00a0szereti, * telve van a f\u00f6ld az \u00dar\u00a0irgalm\u00e1val. H\u00edvek:\u00a0Kegyes szemed legyen\u00a0rajtunk, * tebenned van\u00a0bizodalmunk. E: Az istenf\u00e9l\u0151kre \u00fcgyel az \u00dar\u00a0szeme, * akik b\u00edznak az \u0151\u00a0irgalm\u00e1ban. Megmenti lelk\u00fcket a\u00a0hal\u00e1lt\u00f3l, * \u00e9s t\u00e1pl\u00e1lja \u0151ket\u00a0\u00e9h\u00edns\u00e9g idej\u00e9n. H:\u00a0Kegyes szemed legyen\u00a0rajtunk, * tebenned van\u00a0bizodalmunk. E: Az \u00darra hagyatkozik\u00a0lelk\u00fcnk, * \u0151 a seg\u00edt\u0151nk, \u00e9s\u00a0\u0151\u00a0a mi oltalmunk. Kegyes szemed legyen\u00a0rajtunk, * tebenned van\u00a0bizodalmunk. H:\u00a0Kegyes szemed legyen\u00a0rajtunk, * tebenned van\u00a0bizodalmunk. SZENTLECKE a Zsid\u00f3khoz \u00edrt lev\u00e9lb\u0151l (Zsid 4,14-16) Testv\u00e9reim! Mivel olyan kiv\u00e1l\u00f3 f\u0151papunk van, aki \u00e1thatolt az egeken: J\u00e9zus, az Isten Fia, \u2013 ez\u00e9rt legy\u00fcnk \u00e1llhatatosak a hitvall\u00e1sban. A mi f\u0151papunk ugyanis nem olyan, hogy ne tudna egy\u00fctt \u00e9rezni gy\u00f6nges\u00e9geinkkel, hanem olyan, aki hozz\u00e1nk hasonl\u00f3an mindenben k\u00eds\u00e9rt\u00e9st szenvedett, a b\u0171nt\u0151l azonban mentes maradt. J\u00e1ruljunk teh\u00e1t bizalommal a kegyelem tr\u00f3nj\u00e1hoz, hogy irgalmat tal\u00e1ljunk \u00e9s kegyelmet kapjunk, amikor seg\u00edts\u00e9gre szorulunk. Ez az Isten ig\u00e9je. ALLELUJA Az Emberfia az\u00e9rt j\u00f6tt, hogy szolg\u00e1ljon, * \u00e9s az \u00e9let\u00e9t sokak\u00e9rt v\u00e1lts\u00e1gul adja. (Mk 10,45 \u2013... R\u00e9szletek"}