{"version":"1.0","provider_name":"Stuttgarti Katolikusok","provider_url":"https:\/\/stuttgarti-katolikusok.de","title":"\u00c9vk\u00f6zi 29. vas\u00e1rnap \u2013 A misszi\u00f3k vas\u00e1rnapja - Stuttgarti Katolikusok","type":"rich","width":600,"height":338,"html":"<blockquote class=\"wp-embedded-content\" data-secret=\"WuJ7h5rPVb\"><a href=\"https:\/\/stuttgarti-katolikusok.de\/index.php\/evkozi-29-vasarnap-a-missziok-vasarnapja\/\">\u00c9vk\u00f6zi 29. vas\u00e1rnap \u2013 A misszi\u00f3k vas\u00e1rnapja<\/a><\/blockquote><iframe sandbox=\"allow-scripts\" security=\"restricted\" src=\"https:\/\/stuttgarti-katolikusok.de\/index.php\/evkozi-29-vasarnap-a-missziok-vasarnapja\/embed\/#?secret=WuJ7h5rPVb\" width=\"600\" height=\"338\" title=\"&#8220;\u00c9vk\u00f6zi 29. vas\u00e1rnap \u2013 A misszi\u00f3k vas\u00e1rnapja&#8221; &#8212; Stuttgarti Katolikusok\" data-secret=\"WuJ7h5rPVb\" frameborder=\"0\" marginwidth=\"0\" marginheight=\"0\" scrolling=\"no\" class=\"wp-embedded-content\"><\/iframe><script type=\"text\/javascript\">\n\/* <![CDATA[ *\/\n\/*! This file is auto-generated *\/\n!function(d,l){\"use strict\";l.querySelector&&d.addEventListener&&\"undefined\"!=typeof URL&&(d.wp=d.wp||{},d.wp.receiveEmbedMessage||(d.wp.receiveEmbedMessage=function(e){var t=e.data;if((t||t.secret||t.message||t.value)&&!\/[^a-zA-Z0-9]\/.test(t.secret)){for(var s,r,n,a=l.querySelectorAll('iframe[data-secret=\"'+t.secret+'\"]'),o=l.querySelectorAll('blockquote[data-secret=\"'+t.secret+'\"]'),c=new RegExp(\"^https?:$\",\"i\"),i=0;i<o.length;i++)o[i].style.display=\"none\";for(i=0;i<a.length;i++)s=a[i],e.source===s.contentWindow&&(s.removeAttribute(\"style\"),\"height\"===t.message?(1e3<(r=parseInt(t.value,10))?r=1e3:~~r<200&&(r=200),s.height=r):\"link\"===t.message&&(r=new URL(s.getAttribute(\"src\")),n=new URL(t.value),c.test(n.protocol))&&n.host===r.host&&l.activeElement===s&&(d.top.location.href=t.value))}},d.addEventListener(\"message\",d.wp.receiveEmbedMessage,!1),l.addEventListener(\"DOMContentLoaded\",function(){for(var e,t,s=l.querySelectorAll(\"iframe.wp-embedded-content\"),r=0;r<s.length;r++)(t=(e=s[r]).getAttribute(\"data-secret\"))||(t=Math.random().toString(36).substring(2,12),e.src+=\"#?secret=\"+t,e.setAttribute(\"data-secret\",t)),e.contentWindow.postMessage({message:\"ready\",secret:t},\"*\")},!1)))}(window,document);\n\/\/# sourceURL=https:\/\/stuttgarti-katolikusok.de\/wp-includes\/js\/wp-embed.min.js\n\/* ]]> *\/\n<\/script>\n","thumbnail_url":"https:\/\/stuttgarti-katolikusok.de\/wp-content\/uploads\/2023\/10\/munderkingen.jpg","thumbnail_width":2000,"thumbnail_height":900,"description":"Kezd\u0151\u00e9nek: Hozz\u00e1d ki\u00e1ltok, mert te meghallgatsz, Istenem, ford\u00edtsd fel\u00e9m f\u00fcledet, hallgasd meg szavam! \u00d3vj engem, Uram, mint szemed f\u00e9ny\u00e9t, sz\u00e1rnyad \u00e1rny\u00e9k\u00e1ban v\u00e9dj meg engem! (Zsolt 16,6.8) K\u00f6ny\u00f6rg\u00e9s: Mindenhat\u00f3, \u00f6r\u00f6k Isten, add, hogy mindenkor k\u00e9szs\u00e9ges akarattal \u00e9s \u0151szinte sz\u00edvvel szolg\u00e1ljunk neked. A mi Urunk, J\u00e9zus Krisztus, a te Fiad \u00e1ltal, aki veled \u00e9l \u00e9s uralkodik a Szentl\u00e9lekkel egys\u00e9gben, Isten mind\u00f6r\u00f6kk\u00f6n \u00f6r\u00f6kk\u00e9. OLVASM\u00c1NY Izaj\u00e1s pr\u00f3f\u00e9ta k\u00f6nyv\u00e9b\u0151l (Iz 45,1.4-6) Megfogtam K\u00fcrosz jobbj\u00e1t, hogy sz\u00edne el\u0151tt megh\u00f3dol\u00e1sra b\u00edrjam a nemzeteket. Az \u00dar \u00edgy sz\u00f3l f\u00f6lkentj\u00e9hez, K\u00fcroszhoz, akinek megfogja jobbj\u00e1t, hogy sz\u00edne el\u0151tt megh\u00f3dol\u00e1sra b\u00edrja a nemzeteket, \u00e9s megoldja a kir\u00e1lyok derek\u00e1n az \u00f6vet; hogy megnyissa el\u0151tte a kapukat, \u00e9s ne maradjon egyetlen kapu se z\u00e1rva: \u201eSzolg\u00e1m\u00e9rt, J\u00e1kob\u00e9rt, \u00e9s v\u00e1lasztottam\u00e9rt, Izrael\u00e9rt sz\u00f3l\u00edtottalak neveden. Dics\u0151 nevet adtam neked, b\u00e1r nem ismert\u00e9l. \u00c9n vagyok az \u00dar, \u00e9s senki m\u00e1s. Rajtam k\u00edv\u00fcl nincs m\u00e1s isten. B\u00e1r nem ismersz, m\u00e9gis fel\u00f6vezlek, hogy napkelett\u0151l napnyugatig megtudj\u00e1k: rajtam k\u00edv\u00fcl nincsen m\u00e1s. \u00c9n vagyok az \u00dar, \u00e9s senki m\u00e1s.\u201d Ez az Isten ig\u00e9je. V\u00c1LASZOS ZSOLT\u00c1R (Zsolt 95,1.3.4-5.7-8.9-10a.c) V\u00e1lasz:\u00a0Adjatok az \u00darnak dics\u0151s\u00e9get, * ismerj\u00e9tek el hatalm\u00e1t.\u00a04g. t\u00f3nus. El\u0151\u00e9nekes: \u00c9nekeljetek az \u00darnak \u00faj \u00e9neket, * minden f\u00f6ld az \u00darnak \u00e9nekeljen. Hirdess\u00e9tek dics\u0151s\u00e9g\u00e9t a nemzetek k\u00f6z\u00f6tt, * \u00e9s csodatetteit minden n\u00e9pnek. H\u00edvek: Adjatok az \u00darnak dics\u0151s\u00e9get, * ismerj\u00e9tek el hatalm\u00e1t. E: Mert nagy az \u00dar, \u00e9s minden dics\u00e9retre m\u00e9lt\u00f3, * f\u00e9lelmetesebb az \u00f6sszes istenekn\u00e9l. A n\u00e9pek minden istene csak \u00fcres semmis\u00e9g, * az \u00dar azonban az \u00e9g alkot\u00f3ja. H: Adjatok az \u00darnak dics\u0151s\u00e9get, * ismerj\u00e9tek el hatalm\u00e1t. E: N\u00e9pek csal\u00e1djai, adjatok az \u00darnak, * adjatok az \u00darnak dics\u0151s\u00e9get \u00e9s hatalmat. Ismerj\u00e9tek el az \u00dar nev\u00e9nek dics\u0151s\u00e9g\u00e9t, * \u00e1ldozatot hozva l\u00e9pjetek udvar\u00e1ba. H: Adjatok az \u00darnak dics\u0151s\u00e9get, * ismerj\u00e9tek el hatalm\u00e1t. E: Boruljatok le az \u00dar el\u0151tt, * sz\u00edne el\u0151tt rend\u00fclj\u00f6n meg az eg\u00e9sz f\u00f6ld. Mondj\u00e1tok a nemzeteknek: \u201eAz \u00dar uralkodik, * igazs\u00e1gban \u00edt\u00e9li meg a... R\u00e9szletek"}