{"version":"1.0","provider_name":"Stuttgarti Katolikusok","provider_url":"https:\/\/stuttgarti-katolikusok.de","title":"\u00c9vk\u00f6zi 28. vas\u00e1rnap - Stuttgarti Katolikusok","type":"rich","width":600,"height":338,"html":"<blockquote class=\"wp-embedded-content\" data-secret=\"PzTAJQKqju\"><a href=\"https:\/\/stuttgarti-katolikusok.de\/index.php\/evkozi-28-vasarnap-2\/\">\u00c9vk\u00f6zi 28. vas\u00e1rnap<\/a><\/blockquote><iframe sandbox=\"allow-scripts\" security=\"restricted\" src=\"https:\/\/stuttgarti-katolikusok.de\/index.php\/evkozi-28-vasarnap-2\/embed\/#?secret=PzTAJQKqju\" width=\"600\" height=\"338\" title=\"&#8220;\u00c9vk\u00f6zi 28. vas\u00e1rnap&#8221; &#8212; Stuttgarti Katolikusok\" data-secret=\"PzTAJQKqju\" frameborder=\"0\" marginwidth=\"0\" marginheight=\"0\" scrolling=\"no\" class=\"wp-embedded-content\"><\/iframe><script type=\"text\/javascript\">\n\/* <![CDATA[ *\/\n\/*! This file is auto-generated *\/\n!function(d,l){\"use strict\";l.querySelector&&d.addEventListener&&\"undefined\"!=typeof URL&&(d.wp=d.wp||{},d.wp.receiveEmbedMessage||(d.wp.receiveEmbedMessage=function(e){var t=e.data;if((t||t.secret||t.message||t.value)&&!\/[^a-zA-Z0-9]\/.test(t.secret)){for(var s,r,n,a=l.querySelectorAll('iframe[data-secret=\"'+t.secret+'\"]'),o=l.querySelectorAll('blockquote[data-secret=\"'+t.secret+'\"]'),c=new RegExp(\"^https?:$\",\"i\"),i=0;i<o.length;i++)o[i].style.display=\"none\";for(i=0;i<a.length;i++)s=a[i],e.source===s.contentWindow&&(s.removeAttribute(\"style\"),\"height\"===t.message?(1e3<(r=parseInt(t.value,10))?r=1e3:~~r<200&&(r=200),s.height=r):\"link\"===t.message&&(r=new URL(s.getAttribute(\"src\")),n=new URL(t.value),c.test(n.protocol))&&n.host===r.host&&l.activeElement===s&&(d.top.location.href=t.value))}},d.addEventListener(\"message\",d.wp.receiveEmbedMessage,!1),l.addEventListener(\"DOMContentLoaded\",function(){for(var e,t,s=l.querySelectorAll(\"iframe.wp-embedded-content\"),r=0;r<s.length;r++)(t=(e=s[r]).getAttribute(\"data-secret\"))||(t=Math.random().toString(36).substring(2,12),e.src+=\"#?secret=\"+t,e.setAttribute(\"data-secret\",t)),e.contentWindow.postMessage({message:\"ready\",secret:t},\"*\")},!1)))}(window,document);\n\/\/# sourceURL=https:\/\/stuttgarti-katolikusok.de\/wp-includes\/js\/wp-embed.min.js\n\/* ]]> *\/\n<\/script>\n","thumbnail_url":"https:\/\/stuttgarti-katolikusok.de\/wp-content\/uploads\/2022\/10\/whatsapp-kep-2022-10-18-095449.jpg","thumbnail_width":2000,"thumbnail_height":1269,"description":"Szent P\u00e1l apostol a maga tan\u00edt\u00f3 al\u00e1zat\u00e1ban \u00e9s \u0151szintes\u00e9gben \u00edgy vall \u00f6nmag\u00e1r\u00f3l: &#8222;Tan\u00edt\u00e1som \u00e9s igehirdet\u00e9sem nem a b\u00f6lcsess\u00e9g elragad\u00f3 szavaib\u00f3l \u00e1llt, hanem a l\u00e9lek \u00e9s az er\u0151 bizonys\u00e1g\u00e1b\u00f3l, hogy hiteteknek ne emberi b\u00f6lcsess\u00e9g, hanem Isten ereje legyen az alapja&#8221; (1 Kor 2, 4-5). Legnagyobb kincs\u00fcnk, ha Isten a mi b\u00f6lcsess\u00e9g\u00fcnk forr\u00e1sa. Az olvasm\u00e1nyban a megszem\u00e9lyes\u00edtett B\u00f6lcsess\u00e9gr\u0151l hallhatunk. Ma is helyt\u00e1ll\u00f3 maga az \u00fczenet, k\u00fcl\u00f6n\u00f6sen annak t\u00fckr\u00e9ben, hogy nagyon sokan boldogs\u00e1guk forr\u00e1s\u00e1t a hatalomban, er\u0151ben, gazdags\u00e1gban, eg\u00e9szs\u00e9gben, sz\u00e9ps\u00e9gben l\u00e1tj\u00e1k. Az igazi b\u00f6lcsess\u00e9g olyan, mint a soha ki nem alv\u00f3 f\u00e9ny. Mindig bevil\u00e1g\u00edtja a magunkban \u00e9s magunk k\u00f6r\u00fcl l\u00e9v\u0151 s\u00f6t\u00e9ts\u00e9get. Aki pedig birtok\u00e1ban van az igazi b\u00f6lcsess\u00e9gnek, az egyben m\u00e9rhetetlen kincsre \u00e9s gazdags\u00e1gra tesz szert. A szentlecke Isten szav\u00e1nak teremt\u0151 erej\u00e9r\u0151l sz\u00f3l. Maga a gondolat nem \u00faj, hiszen a Teremt\u00e9s k\u00f6nyve m\u00e1r megeml\u00edti Isten teremt\u0151 szav\u00e1nak erej\u00e9t. Ne feledjem, \u00e9n is rendelkezem a sz\u00f3 teremt\u0151 erej\u00e9vel. \u00c9ljek vele! Ellenben ne \u00e9ljek vissza vele! Amennyiben ezt teszem, el\u0151bb vagy ut\u00f3bb igaztalan \u00e9s puszt\u00edt\u00f3 szavaim k\u00f6vetkezm\u00e9nyeivel szembe kell n\u00e9znem. A gy\u0171l\u00f6let t\u00e1pl\u00e1lta szavak rombolnak \u00e9s \u00f6lnek.\u00a0 Kempis Tam\u00e1s &#8222;Krisztus k\u00f6vet\u00e9se&#8221; c\u00edm\u0171 m\u0171ve a kereszt\u00e9ny irodalom egyik legjelent\u0151sebb alkot\u00e1sa, amely a lelki \u00e9let \u00e9s a kereszt\u00e9ny b\u00f6lcsess\u00e9g alapvet\u0151 tan\u00edt\u00e1sait foglalja \u00f6ssze. A k\u00f6nyv n\u00e9gy f\u0151 r\u00e9szre tagol\u00f3dik: az els\u0151 r\u00e9sz a lelki \u00e9let alapjait t\u00e1rgyalja;\u00a0 a m\u00e1sodik r\u00e9sz a bels\u0151 \u00e9letre \u00f6sszpontos\u00edt; a harmadik r\u00e9sz a vigasztal\u00e1sr\u00f3l sz\u00f3l \u00e9s a negyedik r\u00e9sz az Olt\u00e1riszents\u00e9gr\u0151l \u00e9rtekezik.\u00a0Kempis Tam\u00e1s m\u0171ve teh\u00e1t a t\u00f6k\u00e9letess\u00e9g minden fok\u00e1t \u00e9s \u00fatj\u00e1t \u00e9rinti.\u00a0 Az evang\u00e9liumi jelenet, melyet M\u00e1rk evang\u00e9lista meg\u00f6r\u00f6k\u00edt egy k\u00fcl\u00f6nleges helyzetet. Egy gazdag ifj\u00far\u00f3l van sz\u00f3, akinek l\u00e1tsz\u00f3lag minden megvan, nem szenved hi\u00e1nyt semmiben sem, m\u00e9gsem boldog. S ezt az ifj\u00fat r\u00e1ad\u00e1sul J\u00e9zus meg is kedveli. \u00c9rdekes J\u00e9zus tan\u00e1csa az ifj\u00fanak: &#8222;Valami hi\u00e1nyzik m\u00e9g bel\u0151led. Menj, add el, amid van&#8230; Azt\u00e1n gyere \u00e9s k\u00f6vess engem!&#8221;\u00a0 Assisi Szent Ferenc meg\u00e9lte ezt az... R\u00e9szletek"}